{"id":2194,"date":"2017-08-06T19:24:42","date_gmt":"2017-08-06T17:24:42","guid":{"rendered":"http:\/\/heldconsulting.de\/?page_id=2194"},"modified":"2026-02-26T07:58:40","modified_gmt":"2026-02-26T06:58:40","slug":"chorchronik","status":"publish","type":"page","link":"https:\/\/maedchenchor-hannover.de\/?page_id=2194","title":{"rendered":"Chorchronik"},"content":{"rendered":"\t\t<div data-elementor-type=\"wp-post\" data-elementor-id=\"2194\" class=\"elementor elementor-2194\">\n\t\t\t\t\t\t<section class=\"elementor-section elementor-top-section elementor-element elementor-element-6d92ee0b elementor-section-boxed elementor-section-height-default elementor-section-height-default\" data-id=\"6d92ee0b\" data-element_type=\"section\" data-e-type=\"section\">\n\t\t\t\t\t\t<div class=\"elementor-container elementor-column-gap-default\">\n\t\t\t\t\t<div class=\"elementor-column elementor-col-50 elementor-top-column elementor-element elementor-element-75ae51bd\" data-id=\"75ae51bd\" data-element_type=\"column\" data-e-type=\"column\" data-settings=\"{&quot;background_background&quot;:&quot;classic&quot;}\">\n\t\t\t<div class=\"elementor-widget-wrap elementor-element-populated\">\n\t\t\t\t\t\t<div class=\"elementor-element elementor-element-18793e90 elementor-widget__width-initial elementor-widget elementor-widget-heading\" data-id=\"18793e90\" data-element_type=\"widget\" data-e-type=\"widget\" data-widget_type=\"heading.default\">\n\t\t\t\t<div class=\"elementor-widget-container\">\n\t\t\t\t\t<h4 class=\"elementor-heading-title elementor-size-default\">Konzertchor <\/h4>\t\t\t\t<\/div>\n\t\t\t\t<\/div>\n\t\t\t\t\t<\/div>\n\t\t<\/div>\n\t\t\t\t<div class=\"elementor-column elementor-col-50 elementor-top-column elementor-element elementor-element-45674375\" data-id=\"45674375\" data-element_type=\"column\" data-e-type=\"column\">\n\t\t\t<div class=\"elementor-widget-wrap elementor-element-populated\">\n\t\t\t\t\t\t<div class=\"elementor-element elementor-element-3e63cd1d elementor-widget__width-initial eael_simple_menu_hamburger_disable_selected_menu_no eael-simple-menu-hamburger-align-right eael-hamburger--tablet elementor-widget elementor-widget-eael-simple-menu\" data-id=\"3e63cd1d\" data-element_type=\"widget\" data-e-type=\"widget\" data-settings=\"{&quot;_animation&quot;:&quot;none&quot;}\" data-widget_type=\"eael-simple-menu.default\">\n\t\t\t\t<div class=\"elementor-widget-container\">\n\t\t\t\t\t<style>\n                        @media screen and (max-width: 1024px) {\n                            .eael-hamburger--tablet {\n                                .eael-simple-menu-horizontal,\n                                .eael-simple-menu-vertical {\n                                    display: none;\n                                }\n                            }\n                            .eael-hamburger--tablet {\n                                .eael-simple-menu-container .eael-simple-menu-toggle {\n                                    display: block;\n                                }\n                            }\n                        }\n                        .eael-simple-menu-container.eael-simple-menu--loading > ul {\n                            display: -webkit-box !important;\n                            display: -ms-flexbox !important;\n                            display: flex !important;\n                            list-style: none !important;\n                        }\n                        .eael-simple-menu-container.eael-simple-menu--loading li ul {\n                            visibility: hidden !important;\n                            opacity: 0 !important;\n                        }\n                    <\/style>            <div data-hamburger-icon=\"&lt;i aria-hidden=&quot;true&quot; class=&quot;fas fa-bars&quot;&gt;&lt;\/i&gt;\" data-indicator-icon=\"&lt;i aria-hidden=&quot;true&quot; class=&quot;fas fa-angle-down&quot;&gt;&lt;\/i&gt;\" data-dropdown-indicator-icon=\"&lt;i class=&quot;fas fa-angle-down&quot;&gt;&lt;\/i&gt;\" class=\"eael-simple-menu-container eael-simple-menu--loading eael-simple-menu-align-right eael-simple-menu--stretch eael-simple-menu-dropdown-align-left preset-1\" data-hamburger-breakpoints=\"{&quot;mobile&quot;:&quot;Mobil Hochformat (&gt; 767px)&quot;,&quot;tablet&quot;:&quot;Tablet Hochformat (&gt; 1024px)&quot;,&quot;desktop&quot;:&quot;Desktop (&gt; 2400px)&quot;,&quot;none&quot;:&quot;None&quot;}\" data-hamburger-device=\"tablet\">\n                <ul id=\"menu-konzertchor\" class=\"eael-simple-menu eael-simple-menu-dropdown-animate-zoom-in eael-simple-menu-indicator eael-hamburger-left eael-simple-menu-horizontal\"><li id=\"menu-item-34673\" class=\"menu-item menu-item-type-post_type menu-item-object-page menu-item-34673 sydney-dropdown-li\"><a target=\"_blank\" href=\"https:\/\/maedchenchor-hannover.de\/?page_id=23628\" class=\"sydney-dropdown-link\">Biographie<\/a><\/li>\n<li id=\"menu-item-34671\" class=\"menu-item menu-item-type-post_type menu-item-object-page menu-item-34671 sydney-dropdown-li\"><a target=\"_blank\" href=\"https:\/\/maedchenchor-hannover.de\/?page_id=23749\" class=\"sydney-dropdown-link\">Leitung<\/a><\/li>\n<li id=\"menu-item-34674\" class=\"menu-item menu-item-type-post_type menu-item-object-page menu-item-34674 sydney-dropdown-li\"><a target=\"_blank\" href=\"https:\/\/maedchenchor-hannover.de\/?page_id=23669\" class=\"sydney-dropdown-link\">Auszeichnungen<\/a><\/li>\n<li id=\"menu-item-34670\" class=\"menu-item menu-item-type-post_type menu-item-object-page menu-item-34670 sydney-dropdown-li\"><a target=\"_blank\" href=\"https:\/\/maedchenchor-hannover.de\/?page_id=23812\" class=\"sydney-dropdown-link\">Repertoire<\/a><\/li>\n<li id=\"menu-item-34669\" class=\"menu-item menu-item-type-post_type menu-item-object-page menu-item-34669 sydney-dropdown-li\"><a href=\"https:\/\/maedchenchor-hannover.de\/?page_id=165\" class=\"sydney-dropdown-link\">Reisen<\/a><\/li>\n<li id=\"menu-item-34672\" class=\"menu-item menu-item-type-post_type menu-item-object-page menu-item-34672 sydney-dropdown-li\"><a target=\"_blank\" href=\"https:\/\/maedchenchor-hannover.de\/?page_id=24771\" class=\"sydney-dropdown-link\">Ein R\u00fcckblick<\/a><\/li>\n<li id=\"menu-item-34675\" class=\"menu-item menu-item-type-post_type menu-item-object-page menu-item-34675 sydney-dropdown-li\"><a target=\"_blank\" href=\"https:\/\/maedchenchor-hannover.de\/?page_id=2194\" class=\"sydney-dropdown-link\">Chronik<\/a><\/li>\n<\/ul>                <button class=\"eael-simple-menu-toggle\">\n                    <span class=\"sr-only \">Hamburger Toggle Menu<\/span>\n                    <i aria-hidden=\"true\" class=\"fas fa-bars\"><\/i>                <\/button>\n            <\/div>\n            \t\t\t\t<\/div>\n\t\t\t\t<\/div>\n\t\t\t\t\t<\/div>\n\t\t<\/div>\n\t\t\t\t\t<\/div>\n\t\t<\/section>\n\t\t\t\t<section class=\"elementor-section elementor-top-section elementor-element elementor-element-3f1e0a6 elementor-section-boxed elementor-section-height-default elementor-section-height-default\" data-id=\"3f1e0a6\" data-element_type=\"section\" data-e-type=\"section\">\n\t\t\t\t\t\t<div class=\"elementor-container elementor-column-gap-default\">\n\t\t\t\t\t<div class=\"elementor-column elementor-col-100 elementor-top-column elementor-element elementor-element-3070098\" data-id=\"3070098\" data-element_type=\"column\" data-e-type=\"column\">\n\t\t\t<div class=\"elementor-widget-wrap elementor-element-populated\">\n\t\t\t\t\t\t<div class=\"elementor-element elementor-element-44424cf elementor-tabs-view-horizontal elementor-widget elementor-widget-tabs\" data-id=\"44424cf\" data-element_type=\"widget\" data-e-type=\"widget\" data-widget_type=\"tabs.default\">\n\t\t\t\t<div class=\"elementor-widget-container\">\n\t\t\t\t\t\t\t<div class=\"elementor-tabs\">\n\t\t\t<div class=\"elementor-tabs-wrapper\" role=\"tablist\" >\n\t\t\t\t\t\t\t\t\t<div id=\"elementor-tab-title-7151\" class=\"elementor-tab-title elementor-tab-desktop-title\" aria-selected=\"true\" data-tab=\"1\" role=\"tab\" tabindex=\"0\" aria-controls=\"elementor-tab-content-7151\" aria-expanded=\"false\">2026<\/div>\n\t\t\t\t\t\t\t\t\t<div id=\"elementor-tab-title-7152\" class=\"elementor-tab-title elementor-tab-desktop-title\" aria-selected=\"false\" data-tab=\"2\" role=\"tab\" tabindex=\"-1\" aria-controls=\"elementor-tab-content-7152\" aria-expanded=\"false\">2025<\/div>\n\t\t\t\t\t\t\t\t\t<div id=\"elementor-tab-title-7153\" class=\"elementor-tab-title elementor-tab-desktop-title\" aria-selected=\"false\" data-tab=\"3\" role=\"tab\" tabindex=\"-1\" aria-controls=\"elementor-tab-content-7153\" aria-expanded=\"false\">2024<\/div>\n\t\t\t\t\t\t\t\t\t<div id=\"elementor-tab-title-7154\" class=\"elementor-tab-title elementor-tab-desktop-title\" aria-selected=\"false\" data-tab=\"4\" role=\"tab\" tabindex=\"-1\" aria-controls=\"elementor-tab-content-7154\" aria-expanded=\"false\">2023<\/div>\n\t\t\t\t\t\t\t\t\t<div id=\"elementor-tab-title-7155\" class=\"elementor-tab-title elementor-tab-desktop-title\" aria-selected=\"false\" data-tab=\"5\" role=\"tab\" tabindex=\"-1\" aria-controls=\"elementor-tab-content-7155\" aria-expanded=\"false\">2017 - 22<\/div>\n\t\t\t\t\t\t\t\t\t<div id=\"elementor-tab-title-7156\" class=\"elementor-tab-title elementor-tab-desktop-title\" aria-selected=\"false\" data-tab=\"6\" role=\"tab\" tabindex=\"-1\" aria-controls=\"elementor-tab-content-7156\" aria-expanded=\"false\">2013 - 16<\/div>\n\t\t\t\t\t\t\t\t\t<div id=\"elementor-tab-title-7157\" class=\"elementor-tab-title elementor-tab-desktop-title\" aria-selected=\"false\" data-tab=\"7\" role=\"tab\" tabindex=\"-1\" aria-controls=\"elementor-tab-content-7157\" aria-expanded=\"false\">2007 - 12<\/div>\n\t\t\t\t\t\t\t\t\t<div id=\"elementor-tab-title-7158\" class=\"elementor-tab-title elementor-tab-desktop-title\" aria-selected=\"false\" data-tab=\"8\" role=\"tab\" tabindex=\"-1\" aria-controls=\"elementor-tab-content-7158\" aria-expanded=\"false\">2000 - 06<\/div>\n\t\t\t\t\t\t\t\t\t<div id=\"elementor-tab-title-7159\" class=\"elementor-tab-title elementor-tab-desktop-title\" aria-selected=\"false\" data-tab=\"9\" role=\"tab\" tabindex=\"-1\" aria-controls=\"elementor-tab-content-7159\" aria-expanded=\"false\">1990 - 99<\/div>\n\t\t\t\t\t\t\t\t\t<div id=\"elementor-tab-title-71510\" class=\"elementor-tab-title elementor-tab-desktop-title\" aria-selected=\"false\" data-tab=\"10\" role=\"tab\" tabindex=\"-1\" aria-controls=\"elementor-tab-content-71510\" aria-expanded=\"false\">1970 - 89<\/div>\n\t\t\t\t\t\t\t\t\t<div id=\"elementor-tab-title-71511\" class=\"elementor-tab-title elementor-tab-desktop-title\" aria-selected=\"false\" data-tab=\"11\" role=\"tab\" tabindex=\"-1\" aria-controls=\"elementor-tab-content-71511\" aria-expanded=\"false\">1952 - 69<\/div>\n\t\t\t\t\t\t\t<\/div>\n\t\t\t<div class=\"elementor-tabs-content-wrapper\" role=\"tablist\" aria-orientation=\"vertical\">\n\t\t\t\t\t\t\t\t\t<div class=\"elementor-tab-title elementor-tab-mobile-title\" aria-selected=\"true\" data-tab=\"1\" role=\"tab\" tabindex=\"0\" aria-controls=\"elementor-tab-content-7151\" aria-expanded=\"false\">2026<\/div>\n\t\t\t\t\t<div id=\"elementor-tab-content-7151\" class=\"elementor-tab-content elementor-clearfix\" data-tab=\"1\" role=\"tabpanel\" aria-labelledby=\"elementor-tab-title-7151\" tabindex=\"0\" hidden=\"false\">\n<table id=\"tablepress-369\" class=\"tablepress tablepress-id-369 tbody-has-connected-cells\">\n<tbody class=\"row-striping\">\n<tr class=\"row-1\">\n\t<td class=\"column-1\">25. Januar<\/td><td class=\"column-2\"><strong>Neujahrskonzert<\/strong><\/td><td colspan=\"3\" class=\"column-3\">Staatsoper Hannover<\/td>\n<\/tr>\n<tr class=\"row-2\">\n\t<td class=\"column-1\">30. Januar<\/td><td class=\"column-2\"><strong>Auff\u00fchrung I \u201eSuor Angelica\u201c<\/strong><\/td><td colspan=\"3\" class=\"column-3\">Hochschule f\u00fcr Musik Hannover<\/td>\n<\/tr>\n<tr class=\"row-3\">\n\t<td class=\"column-1\">31. Januar<\/td><td class=\"column-2\"><strong>Auff\u00fchrung II \u201eSuor Angelica\u201c<\/strong><\/td><td colspan=\"3\" class=\"column-3\">Hochschule f\u00fcr Musik Hannover<\/td>\n<\/tr>\n<tr class=\"row-4\">\n\t<td class=\"column-1\">02. Februar<\/td><td class=\"column-2\"><strong>Auff\u00fchrung III \u201eSuor Angelica\u201c<\/strong><\/td><td colspan=\"3\" class=\"column-3\">Hochschule f\u00fcr Musik Hannover<\/td>\n<\/tr>\n<tr class=\"row-5\">\n\t<td class=\"column-1\">02. Februar<\/td><td class=\"column-2\"><strong>Auff\u00fchrung IV \u201eSuor Angelica\u201c<\/strong><\/td><td colspan=\"3\" class=\"column-3\">Hochschule f\u00fcr Musik Hannover<\/td>\n<\/tr>\n<\/tbody>\n<\/table>\n<!-- #tablepress-369 from cache --><\/div>\n\t\t\t\t\t\t\t\t\t<div class=\"elementor-tab-title elementor-tab-mobile-title\" aria-selected=\"false\" data-tab=\"2\" role=\"tab\" tabindex=\"-1\" aria-controls=\"elementor-tab-content-7152\" aria-expanded=\"false\">2025<\/div>\n\t\t\t\t\t<div id=\"elementor-tab-content-7152\" class=\"elementor-tab-content elementor-clearfix\" data-tab=\"2\" role=\"tabpanel\" aria-labelledby=\"elementor-tab-title-7152\" tabindex=\"0\" hidden=\"hidden\">\n<table id=\"tablepress-365\" class=\"tablepress tablepress-id-365 tbody-has-connected-cells\">\n<tbody class=\"row-striping\">\n<tr class=\"row-1\">\n\t<td class=\"column-1\">18. Januar<\/td><td class=\"column-2\"><strong>Neujahrskonzert<\/strong><\/td><td colspan=\"3\" class=\"column-3\">Staatsoper Hannover<\/td>\n<\/tr>\n<tr class=\"row-2\">\n\t<td class=\"column-1\">31. Januar<\/td><td class=\"column-2\"><strong>Premiere &#8222;K\u00f6nigskinder&#8220;<\/strong><\/td><td colspan=\"3\" class=\"column-3\">Hochschule f\u00fcr Musik Hannover<\/td>\n<\/tr>\n<tr class=\"row-3\">\n\t<td class=\"column-1\">22. M\u00e4rz<\/td><td class=\"column-2\"><strong>Konzert <\/strong><\/td><td class=\"column-3\">Christuskirche Hannover<\/td><td colspan=\"2\" class=\"column-4\">mit dem Copenhagen Girls Choir<\/td>\n<\/tr>\n<tr class=\"row-4\">\n\t<td class=\"column-1\">06. April<\/td><td class=\"column-2\"><strong>Konzert <\/strong><\/td><td class=\"column-3\">Neust\u00e4dter Hof- &amp; Stadtkirche<\/td><td colspan=\"2\" class=\"column-4\">J.S. Bach &#8222;Tilge, H\u00f6chster&#8220;<\/td>\n<\/tr>\n<tr class=\"row-5\">\n\t<td class=\"column-1\">01. Mai<\/td><td class=\"column-2\"><strong>Konzert <\/strong><\/td><td class=\"column-3\">Neust\u00e4dter Hof- &amp; Stadtkirche<\/td><td colspan=\"2\" class=\"column-4\">J.S. Bach &#8222;Tilge, H\u00f6chster&#8220;<\/td>\n<\/tr>\n<tr class=\"row-6\">\n\t<td class=\"column-1\">08. Juni<\/td><td class=\"column-2\"><strong>Konzert Kunstfestspiele <br \/>\n <\/strong><\/td><td colspan=\"3\" class=\"column-3\">Kuppelsaal Hannover<\/td>\n<\/tr>\n<tr class=\"row-7\">\n\t<td class=\"column-1\">16. Juni<\/td><td class=\"column-2\"><strong>Konzert <\/strong><\/td><td class=\"column-3\">St. Nikolai Dom Greifswald<\/td><td colspan=\"2\" class=\"column-4\">im Rahmen der Greifswalder Bachwoche<\/td>\n<\/tr>\n<tr class=\"row-8\">\n\t<td class=\"column-1\">22. Juni<\/td><td class=\"column-2\"><strong>Sommerkonzert <\/strong><\/td><td colspan=\"3\" class=\"column-3\">Hannover, Sprengelmuseum <\/td>\n<\/tr>\n<tr class=\"row-9\">\n\t<td class=\"column-1\">28. Juni<\/td><td class=\"column-2\"><strong>Teilnahme am Abschlusskonzert<\/strong><\/td><td class=\"column-3\">Galerie Herrenhausen <\/td><td colspan=\"2\" class=\"column-4\">im Rahmen der Chortage Hannover<\/td>\n<\/tr>\n<tr class=\"row-10\">\n\t<td class=\"column-1\">03. &#8211; 11. August<\/td><td class=\"column-2\"><strong>Chorstudientage<\/strong><\/td><td colspan=\"3\" class=\"column-3\">Kloster Frenswegen<\/td>\n<\/tr>\n<tr class=\"row-11\">\n\t<td class=\"column-1\">04. September<\/td><td class=\"column-2\"><strong>Konzert zum Enercity-Jubil\u00e4um <\/strong><\/td><td colspan=\"3\" class=\"column-3\">Enercity, Glocksee<\/td>\n<\/tr>\n<tr class=\"row-12\">\n\t<td class=\"column-1\">13. September<\/td><td class=\"column-2\"><strong>Sommersingen<\/strong><\/td><td class=\"column-3\">Christuskirche Hannover<\/td><td colspan=\"2\" class=\"column-4\">mit den Vorgruppen des M\u00e4dchenchors<\/td>\n<\/tr>\n<tr class=\"row-13\">\n\t<td class=\"column-1\">28. September<\/td><td class=\"column-2\"><strong>Konzert <\/strong><\/td><td colspan=\"3\" class=\"column-3\">Klosterkirche Lamspringe<\/td>\n<\/tr>\n<tr class=\"row-14\">\n\t<td class=\"column-1\">12.-24.  Oktober<\/td><td colspan=\"4\" class=\"column-2\"><strong>Konzertreise Estland und Finnland<\/strong><\/td>\n<\/tr>\n<tr class=\"row-15\">\n\t<td class=\"column-1\">15. November<\/td><td class=\"column-2\"><strong>Konzert <\/strong><\/td><td class=\"column-3\">Christuskirche Hannover<\/td><td class=\"column-4\">Konzert mit dem Orchester der Staatsoper<\/td><td class=\"column-5\"><\/td>\n<\/tr>\n<tr class=\"row-16\">\n\t<td class=\"column-1\">28. und 29. November<\/td><td class=\"column-2\"><strong>Weihnachtskonzerte<\/strong><\/td><td colspan=\"3\" class=\"column-3\">Marktkirche Hannover<\/td>\n<\/tr>\n<tr class=\"row-17\">\n\t<td class=\"column-1\">30. November<\/td><td class=\"column-2\"><strong>Familienkonzert<\/strong><\/td><td colspan=\"3\" class=\"column-3\">Christuskirche Hannover<\/td>\n<\/tr>\n<tr class=\"row-18\">\n\t<td class=\"column-1\">11. und 12. Dezember<\/td><td class=\"column-2\"><strong>Weihnachtskonzerte <\/strong><\/td><td class=\"column-3\">NDR Gro\u00dfer Sendesaal<\/td><td colspan=\"2\" class=\"column-4\">mit der NDR Radiophilharmonie<\/td>\n<\/tr>\n<tr class=\"row-19\">\n\t<td class=\"column-1\">24. Dezember<\/td><td class=\"column-2\"><strong>Teilnahme Festgottesdienst<\/strong><\/td><td colspan=\"3\" class=\"column-3\">Marktkirche Hannover<\/td>\n<\/tr>\n<\/tbody>\n<\/table>\n<!-- #tablepress-365 from cache --><\/div>\n\t\t\t\t\t\t\t\t\t<div class=\"elementor-tab-title elementor-tab-mobile-title\" aria-selected=\"false\" data-tab=\"3\" role=\"tab\" tabindex=\"-1\" aria-controls=\"elementor-tab-content-7153\" aria-expanded=\"false\">2024<\/div>\n\t\t\t\t\t<div id=\"elementor-tab-content-7153\" class=\"elementor-tab-content elementor-clearfix\" data-tab=\"3\" role=\"tabpanel\" aria-labelledby=\"elementor-tab-title-7153\" tabindex=\"0\" hidden=\"hidden\">\n<table id=\"tablepress-364\" class=\"tablepress tablepress-id-364 tbody-has-connected-cells\">\n<tbody class=\"row-striping\">\n<tr class=\"row-1\">\n\t<td class=\"column-1\">21. Januar<\/td><td class=\"column-2\"><strong>Neujahrskonzert<\/strong><\/td><td colspan=\"3\" class=\"column-3\">Staatsoper Hannover<\/td>\n<\/tr>\n<tr class=\"row-2\">\n\t<td class=\"column-1\">24. Februar<\/td><td class=\"column-2\"><strong>Konzert NDR Vokalensemble mit M\u00e4dchenchor Hannover<\/strong><\/td><td colspan=\"3\" class=\"column-3\">Christuskirche Hannover<\/td>\n<\/tr>\n<tr class=\"row-3\">\n\t<td class=\"column-1\">13. April<\/td><td class=\"column-2\"><strong>Konzert mit Z\u00fcrcher Sing-Akademie<\/strong><\/td><td class=\"column-3\">Marktkirche Hannover<\/td><td colspan=\"2\" class=\"column-4\"><\/td>\n<\/tr>\n<tr class=\"row-4\">\n\t<td class=\"column-1\">08. Mai<\/td><td class=\"column-2\"><strong>Int. Kinder- und Jugendchor-Festival<br \/>\n <\/strong><\/td><td class=\"column-3\">Kuppelsaal Hannover<\/td><td colspan=\"2\" class=\"column-4\">Er\u00f6ffnungskonzert<\/td>\n<\/tr>\n<tr class=\"row-5\">\n\t<td class=\"column-1\">10. Mai<\/td><td class=\"column-2\"><strong>Int. Kinder- und Jugendchor-Festival<br \/>\n <\/strong><\/td><td class=\"column-3\">Markuskirche Hannover<\/td><td colspan=\"2\" class=\"column-4\">Lunchkonzert<\/td>\n<\/tr>\n<tr class=\"row-6\">\n\t<td class=\"column-1\">12. Mai<\/td><td class=\"column-2\"><strong>Int. Kinder- und Jugendchor-Festival<br \/>\n <\/strong><\/td><td class=\"column-3\">Kuppelsaal Hannover<\/td><td colspan=\"2\" class=\"column-4\">Schlusskonzert<\/td>\n<\/tr>\n<tr class=\"row-7\">\n\t<td class=\"column-1\">26. Mai<\/td><td class=\"column-2\"><strong>Konzert Kunstfestspiele <br \/>\n <\/strong><\/td><td colspan=\"3\" class=\"column-3\">Kuppelsaal Hannover<\/td>\n<\/tr>\n<tr class=\"row-8\">\n\t<td class=\"column-1\">22. Juni<\/td><td class=\"column-2\"><strong>Konzert <\/strong><\/td><td class=\"column-3\">Galerie Herrenhausen<\/td><td colspan=\"2\" class=\"column-4\">im Rahmen der Chortage Hannover<\/td>\n<\/tr>\n<tr class=\"row-9\">\n\t<td class=\"column-1\">05. Juli<\/td><td class=\"column-2\"><strong>Teilnahme an Gedenkkonzert f\u00fcr Alfred Koerppen <br \/>\n <\/strong><\/td><td colspan=\"3\" class=\"column-3\">Marktkirche Hannover<\/td>\n<\/tr>\n<tr class=\"row-10\">\n\t<td class=\"column-1\">25. Juli &#8211; 02. August<\/td><td class=\"column-2\"><strong>Chorstudientage<\/strong><\/td><td colspan=\"3\" class=\"column-3\">Kloster Frenswegen<\/td>\n<\/tr>\n<tr class=\"row-11\">\n\t<td class=\"column-1\">24. August<\/td><td class=\"column-2\"><strong>Sommerkonzert<\/strong><\/td><td class=\"column-3\">Christuskirche Hannover<\/td><td colspan=\"2\" class=\"column-4\"> UA Martin Smolka &#8222;Amanita Preclara&#8220;<\/td>\n<\/tr>\n<tr class=\"row-12\">\n\t<td class=\"column-1\">31. August<\/td><td class=\"column-2\"><strong>Sommersingen<\/strong><\/td><td class=\"column-3\">Christuskirche Hannover<\/td><td colspan=\"2\" class=\"column-4\">Konzert der Vorgruppen des M\u00e4dchenchors<\/td>\n<\/tr>\n<tr class=\"row-13\">\n\t<td class=\"column-1\">01. September<\/td><td class=\"column-2\"><strong>\u201eBegegnungskonzert <\/strong><\/td><td class=\"column-3\">Christuskirche Hannover<\/td><td colspan=\"2\" class=\"column-4\">mit UN Boys and Girls Choir Korea\t<\/td>\n<\/tr>\n<tr class=\"row-14\">\n\t<td class=\"column-1\">06. September<\/td><td class=\"column-2\"><strong>Konzert <\/strong><\/td><td class=\"column-3\">Galerie Herrenhausen<\/td><td colspan=\"2\" class=\"column-4\">mit dem Polizeiorchester Hannnover<\/td>\n<\/tr>\n<tr class=\"row-15\">\n\t<td class=\"column-1\">26. September<\/td><td class=\"column-2\"><strong>Konzert <\/strong><\/td><td class=\"column-3\">Galerie Herrenhausen<\/td><td colspan=\"2\" class=\"column-4\">im Rahmen der chor.com<\/td>\n<\/tr>\n<tr class=\"row-16\">\n\t<td class=\"column-1\">07.-28.  Oktober<\/td><td class=\"column-2\"><strong>Konzertreise USA<\/strong><\/td><td colspan=\"3\" class=\"column-3\"><\/td>\n<\/tr>\n<tr class=\"row-17\">\n\t<td class=\"column-1\">03. Dezember<\/td><td class=\"column-2\"><strong>Weihnachtskonzert<\/strong><\/td><td colspan=\"3\" class=\"column-3\">Kulturhof Isernhagen<\/td>\n<\/tr>\n<tr class=\"row-18\">\n\t<td class=\"column-1\">06. und 07. Dezember<\/td><td class=\"column-2\"><strong>Weihnachtskonzerte<\/strong><\/td><td colspan=\"3\" class=\"column-3\">Marktkirche Hannover<\/td>\n<\/tr>\n<tr class=\"row-19\">\n\t<td class=\"column-1\">08. Dezember<\/td><td class=\"column-2\"><strong>Familienkonzert<\/strong><\/td><td colspan=\"3\" class=\"column-3\">Marktkirche Hannover<\/td>\n<\/tr>\n<tr class=\"row-20\">\n\t<td class=\"column-1\">14. Dezember<\/td><td class=\"column-2\"><strong>Adventskonzert<\/strong><\/td><td class=\"column-3\">St. Johanniskirche<\/td><td colspan=\"2\" class=\"column-4\">Dannenberg<\/td>\n<\/tr>\n<tr class=\"row-21\">\n\t<td class=\"column-1\">15. Dezember<\/td><td class=\"column-2\"><strong>Weihnachtskonzert<\/strong><\/td><td colspan=\"3\" class=\"column-3\">Kulturhof Isernhagen<\/td>\n<\/tr>\n<tr class=\"row-22\">\n\t<td class=\"column-1\">24. Dezember<\/td><td class=\"column-2\"><strong>Teilnahme Festgottesdienst<\/strong><\/td><td colspan=\"3\" class=\"column-3\">Marktkirche Hannover<\/td>\n<\/tr>\n<\/tbody>\n<\/table>\n<!-- #tablepress-364 from cache --><\/div>\n\t\t\t\t\t\t\t\t\t<div class=\"elementor-tab-title elementor-tab-mobile-title\" aria-selected=\"false\" data-tab=\"4\" role=\"tab\" tabindex=\"-1\" aria-controls=\"elementor-tab-content-7154\" aria-expanded=\"false\">2023<\/div>\n\t\t\t\t\t<div id=\"elementor-tab-content-7154\" class=\"elementor-tab-content elementor-clearfix\" data-tab=\"4\" role=\"tabpanel\" aria-labelledby=\"elementor-tab-title-7154\" tabindex=\"0\" hidden=\"hidden\">\n<table id=\"tablepress-357\" class=\"tablepress tablepress-id-357 tbody-has-connected-cells\">\n<tbody class=\"row-striping\">\n<tr class=\"row-1\">\n\t<td class=\"column-1\">22. Januar<\/td><td class=\"column-2\"><strong>Neujahrskonzert<\/strong><\/td><td class=\"column-3\">Staatsoper Hannover<\/td><td colspan=\"2\" class=\"column-4\"><a href=\"https:\/\/maedchenchor-hannover.de\/?page_id=35998\" class=\"rueckschau-link foto1\" target=\"_blank\" rel=\"noopener noreferrer\"><\/a><\/td>\n<\/tr>\n<tr class=\"row-2\">\n\t<td class=\"column-1\">12. M\u00e4rz<\/td><td class=\"column-2\"><strong>Aufnahmepr\u00fcfungen<\/strong><\/td><td colspan=\"3\" class=\"column-3\">Christuskirche Hannover<\/td>\n<\/tr>\n<tr class=\"row-3\">\n\t<td class=\"column-1\">15. April<\/td><td class=\"column-2\"><strong>Konzert mit Bremer Kantoreichor <\/strong><\/td><td class=\"column-3\">Christuskirche Hannover<\/td><td colspan=\"2\" class=\"column-4\"><a href=\"https:\/\/maedchenchor-hannover.de\/?page_id=35998\" class=\"rueckschau-link foto1\" target=\"_blank\" rel=\"noopener noreferrer\"><\/a><\/td>\n<\/tr>\n<tr class=\"row-4\">\n\t<td class=\"column-1\">30. April<\/td><td class=\"column-2\"><strong>Mitwirkung Gottesdienst<\/strong><\/td><td colspan=\"3\" class=\"column-3\">Marktkirche Hannover<\/td>\n<\/tr>\n<tr class=\"row-5\">\n\t<td class=\"column-1\">03. Mai<\/td><td class=\"column-2\"><strong>St\u00e4dtoskoop \u2013 Singen in der Bubble<br \/>\n <\/strong><\/td><td colspan=\"3\" class=\"column-3\">Hannover-Wettbergen <\/td>\n<\/tr>\n<tr class=\"row-6\">\n\t<td class=\"column-1\">21. Mai<\/td><td class=\"column-2\"><strong>Konzert Kunstfestspiele Mahler 8.<br \/>\n <\/strong><\/td><td class=\"column-3\">Kuppelsaal Hannover<\/td><td colspan=\"2\" class=\"column-4\"><a href=\"https:\/\/maedchenchor-hannover.de\/?page_id=35998\" class=\"rueckschau-link foto1\" target=\"_blank\" rel=\"noopener noreferrer\"><\/a><\/td>\n<\/tr>\n<tr class=\"row-7\">\n\t<td class=\"column-1\">25. Mai<\/td><td class=\"column-2\"><strong>Festkonzert 200 Jahre Sparkasse Hannover<br \/>\n <\/strong><\/td><td colspan=\"3\" class=\"column-3\">Schloss Herrenhausen<\/td>\n<\/tr>\n<tr class=\"row-8\">\n\t<td class=\"column-1\">09. Juni<\/td><td class=\"column-2\"><strong>Mitwirkung Konzert \u201eRing Barock\u201c <\/strong><\/td><td colspan=\"3\" class=\"column-3\">NDR Gro\u00dfer Sendesaal Hannover<\/td>\n<\/tr>\n<tr class=\"row-9\">\n\t<td class=\"column-1\">18. Juni<\/td><td class=\"column-2\"><strong>Konzert Vokalensemble M\u00e4dchenchor <br \/>\n <\/strong><\/td><td colspan=\"3\" class=\"column-3\">Christuskirche Hannover, Gudrun-Schr\u00f6fel-Saal<\/td>\n<\/tr>\n<tr class=\"row-10\">\n\t<td class=\"column-1\">24. und 25. Juni<\/td><td class=\"column-2\"><strong>CD-Aufnahmen <br \/>\n <\/strong><\/td><td class=\"column-3\">Stephansstift Hannover<\/td><td colspan=\"2\" class=\"column-4\">Teil 1 von 2<\/td>\n<\/tr>\n<tr class=\"row-11\">\n\t<td class=\"column-1\">24. Juni<\/td><td class=\"column-2\"><strong>Sommer-Singen <br \/>\n <\/strong><\/td><td class=\"column-3\">Christuskirche Hannover<\/td><td colspan=\"2\" class=\"column-4\">mit den Vorgruppen des M\u00e4dchenchors<\/td>\n<\/tr>\n<tr class=\"row-12\">\n\t<td class=\"column-1\">05. Juli<\/td><td class=\"column-2\"><strong>Teilnahme an Gedenkkonzert f\u00fcr Alfred Koerppen <br \/>\n <\/strong><\/td><td colspan=\"3\" class=\"column-3\">Marktkirche Hannover<\/td>\n<\/tr>\n<tr class=\"row-13\">\n\t<td class=\"column-1\">06. &#8211; 14. August<\/td><td class=\"column-2\"><strong>Chorstudientage<\/strong><\/td><td colspan=\"3\" class=\"column-3\">Kloster Frenswegen<\/td>\n<\/tr>\n<tr class=\"row-14\">\n\t<td class=\"column-1\">26. August<\/td><td class=\"column-2\"><strong>Teilnahme Gemeinsames Singen<\/strong><\/td><td class=\"column-3\">Opernplatz Hannover<\/td><td colspan=\"2\" class=\"column-4\">Festaktion der Sparkasse Hannover<\/td>\n<\/tr>\n<tr class=\"row-15\">\n\t<td class=\"column-1\">27. August<\/td><td class=\"column-2\"><strong>Konzerte<\/strong><\/td><td class=\"column-3\">Oldenburg-Land<\/td><td colspan=\"2\" class=\"column-4\">im Rahmen der 3. Musikalischen Fahrradpromenade<\/td>\n<\/tr>\n<tr class=\"row-16\">\n\t<td class=\"column-1\">16. September<\/td><td class=\"column-2\"><strong>UA \u201eLianen\u201c (J. M\u00fcller-Wieland) <\/strong><\/td><td class=\"column-3\">Christuskirche Hannover<\/td><td colspan=\"2\" class=\"column-4\"><a href=\"https:\/\/maedchenchor-hannover.de\/?page_id=35998\" class=\"rueckschau-link foto1\" target=\"_blank\" rel=\"noopener noreferrer\"><\/a><\/td>\n<\/tr>\n<tr class=\"row-17\">\n\t<td class=\"column-1\">17. September<\/td><td class=\"column-2\"><strong>\u201eLianen\u201c (J. M\u00fcller-Wieland) <\/strong><\/td><td class=\"column-3\">Christuskirche Hannover<\/td><td colspan=\"2\" class=\"column-4\">Wiederholungskonzert<\/td>\n<\/tr>\n<tr class=\"row-18\">\n\t<td class=\"column-1\">24. September<\/td><td class=\"column-2\"><strong>Teilnahme an &#8222;Nachtklang&#8220; <\/strong><\/td><td class=\"column-3\">Orangerie Herrenhausen<\/td><td colspan=\"2\" class=\"column-4\">Kinder u. Jugendchorfestival <\/td>\n<\/tr>\n<tr class=\"row-19\">\n\t<td class=\"column-1\">06. &#8211; 08. Oktober<\/td><td class=\"column-2\"><strong>CD-Aufnahmen <br \/>\n <\/strong><\/td><td class=\"column-3\">Stephansstift Hannover<\/td><td colspan=\"2\" class=\"column-4\">Teil 2 von 2<\/td>\n<\/tr>\n<tr class=\"row-20\">\n\t<td class=\"column-1\">13.-22.  Oktober<\/td><td class=\"column-2\"><strong>Konzertreise Schweiz<\/strong><\/td><td class=\"column-3\"><\/td><td colspan=\"2\" class=\"column-4\"><a href=\"https:\/\/maedchenchor-hannover.de\/?page_id=35998\" class=\"rueckschau-link foto1\" target=\"_blank\" rel=\"noopener noreferrer\"><\/a><\/td>\n<\/tr>\n<tr class=\"row-21\">\n\t<td class=\"column-1\">31. Oktober &#8211; 05. November<\/td><td class=\"column-2\"><strong>Konzertreise Spanien<\/strong><\/td><td class=\"column-3\">Teilnahme am 54. Internationalen Chorwettbewerb Tolosa<\/td><td colspan=\"2\" class=\"column-4\"><\/td>\n<\/tr>\n<tr class=\"row-22\">\n\t<td class=\"column-1\">03. Dezember<\/td><td class=\"column-2\"><strong>Weihnachtskonzert<\/strong><\/td><td class=\"column-3\">Kulturhof Isernhagen<\/td><td colspan=\"2\" class=\"column-4\"><\/td>\n<\/tr>\n<tr class=\"row-23\">\n\t<td class=\"column-1\">15. und 16. Dezember<\/td><td class=\"column-2\"><strong>Weihnachtskonzerte<\/strong><\/td><td class=\"column-3\">Marktkirche Hannover<\/td><td colspan=\"2\" class=\"column-4\"><a href=\"https:\/\/maedchenchor-hannover.de\/?page_id=35998\" class=\"rueckschau-link foto1\" target=\"_blank\" rel=\"noopener noreferrer\"><\/a><\/td>\n<\/tr>\n<tr class=\"row-24\">\n\t<td class=\"column-1\">17. Dezember<\/td><td class=\"column-2\"><strong>Familienkonzert<\/strong><\/td><td class=\"column-3\">Marktkirche Hannover<\/td><td colspan=\"2\" class=\"column-4\"><\/td>\n<\/tr>\n<tr class=\"row-25\">\n\t<td class=\"column-1\">24. Dezember<\/td><td class=\"column-2\"><strong>Teilnahme Festgottesdienst<\/strong><\/td><td class=\"column-3\">Marktkirche Hannover<\/td><td colspan=\"2\" class=\"column-4\"><\/td>\n<\/tr>\n<\/tbody>\n<\/table>\n<!-- #tablepress-357 from cache --><\/div>\n\t\t\t\t\t\t\t\t\t<div class=\"elementor-tab-title elementor-tab-mobile-title\" aria-selected=\"false\" data-tab=\"5\" role=\"tab\" tabindex=\"-1\" aria-controls=\"elementor-tab-content-7155\" aria-expanded=\"false\">2017 - 22<\/div>\n\t\t\t\t\t<div id=\"elementor-tab-content-7155\" class=\"elementor-tab-content elementor-clearfix\" data-tab=\"5\" role=\"tabpanel\" aria-labelledby=\"elementor-tab-title-7155\" tabindex=\"0\" hidden=\"hidden\"><h6>Konzertjahr 2022<\/h6>\n<table id=\"tablepress-356\" class=\"tablepress tablepress-id-356 tbody-has-connected-cells\">\n<tbody class=\"row-striping\">\n<tr class=\"row-1\">\n\t<td class=\"column-1\">17. Januar<\/td><td class=\"column-2\"><strong>Pressekonferenz<\/strong><\/td><td class=\"column-3\">Christuskirche Hannover<\/td><td colspan=\"2\" class=\"column-4\">70 Jahre M\u00e4dchenchor Hannover<\/td>\n<\/tr>\n<tr class=\"row-2\">\n\t<td class=\"column-1\">23. Januar<\/td><td class=\"column-2\"><strong>Neujahrskonzert<\/strong><\/td><td class=\"column-3\">Staatsoper Hannover<\/td><td colspan=\"2\" class=\"column-4\"><a href=\"https:\/\/maedchenchor-hannover.de\/?page_id=35739\" class=\"rueckschau-link foto1\" target=\"_blank\" rel=\"noopener noreferrer\"><\/a><\/td>\n<\/tr>\n<tr class=\"row-3\">\n\t<td class=\"column-1\">27. Februar <\/td><td class=\"column-2\"><strong>Aufnahmepr\u00fcfungen<\/strong><\/td><td colspan=\"3\" class=\"column-3\">Christuskirche Hannover<\/td>\n<\/tr>\n<tr class=\"row-4\">\n\t<td class=\"column-1\">12. M\u00e4rz<\/td><td class=\"column-2\"><strong>Klosterkonzert<\/strong><\/td><td class=\"column-3\">St. Nichaelis, L\u00fcneburg<\/td><td colspan=\"2\" class=\"column-4\"><a href=\"https:\/\/maedchenchor-hannover.de\/?page_id=35739\" class=\"rueckschau-link foto1\" target=\"_blank\" rel=\"noopener noreferrer\"><\/a><\/td>\n<\/tr>\n<tr class=\"row-5\">\n\t<td class=\"column-1\">28. April<\/td><td class=\"column-2\"><strong>F\u00fchlingskonzert<\/strong><\/td><td colspan=\"3\" class=\"column-3\">Medizinische Hochschule Hannover<\/td>\n<\/tr>\n<tr class=\"row-6\">\n\t<td class=\"column-1\">15. Mai<\/td><td class=\"column-2\"><strong>Mitwirkung Urauff\u00fchrung \u201erwh 1-4\u201c<br \/>\n <\/strong><\/td><td class=\"column-3\">Kuppelsaal Hannover<\/td><td colspan=\"2\" class=\"column-4\">im Rahmen der KunstFestSpiele Herrenhausen<\/td>\n<\/tr>\n<tr class=\"row-7\">\n\t<td class=\"column-1\">27. Mai<\/td><td class=\"column-2\"><strong>Mitwirkung Konzert \u201erwh 1-4\u201c<br \/>\n <\/strong><\/td><td colspan=\"3\" class=\"column-3\">Elbphilharmonie Hamburg<\/td>\n<\/tr>\n<tr class=\"row-8\">\n\t<td class=\"column-1\">19. Juni<\/td><td class=\"column-2\"><strong>Mitwirkung Gottesdienst<\/strong><\/td><td colspan=\"3\" class=\"column-3\">Marktkirche Hannover<\/td>\n<\/tr>\n<tr class=\"row-9\">\n\t<td class=\"column-1\">22. Juni<\/td><td class=\"column-2\"><strong>Chortage Hannover: Festkonzert <br \/>\n <\/strong><\/td><td colspan=\"3\" class=\"column-3\">Galerie Herrenhausen, Hannover<\/td>\n<\/tr>\n<tr class=\"row-10\">\n\t<td class=\"column-1\">29. Juni<\/td><td class=\"column-2\"><strong>Liederabend<br \/>\n <\/strong><\/td><td class=\"column-3\">Chorsaal Christuskirche Hannover<\/td><td colspan=\"2\" class=\"column-4\"> mit Sara Zwingmann &amp; Nicolai Kr\u00fcgel<\/td>\n<\/tr>\n<tr class=\"row-11\">\n\t<td class=\"column-1\">03. Juli<\/td><td class=\"column-2\"><strong>Festkonzert 70 Jahre M\u00e4dchenchor<br \/>\n <\/strong><\/td><td class=\"column-3\">NDR Gro\u00dfer Sendesaal Hannover<\/td><td colspan=\"2\" class=\"column-4\"><a href=\"https:\/\/maedchenchor-hannover.de\/?page_id=35739\" class=\"rueckschau-link foto1\" target=\"_blank\" rel=\"noopener noreferrer\"><\/a><\/td>\n<\/tr>\n<tr class=\"row-12\">\n\t<td class=\"column-1\">07. Juli<\/td><td class=\"column-2\"><strong>Fest zum Jubil\u00e4um<br \/>\n <\/strong><\/td><td class=\"column-3\">Christuskirche Hannover und Messehallen Hannover<\/td><td colspan=\"2\" class=\"column-4\">mit Konzerten der ehemaligen und aktiven S\u00e4ngerinnen des M\u00e4dchenchors<\/td>\n<\/tr>\n<tr class=\"row-13\">\n\t<td class=\"column-1\">12. Juli<\/td><td class=\"column-2\"><strong>Konzert mit Schweizer Jugendchor <br \/>\n <\/strong><\/td><td colspan=\"3\" class=\"column-3\">Christuskirche Hannover<\/td>\n<\/tr>\n<tr class=\"row-14\">\n\t<td class=\"column-1\">14. &#8211; 22. August<\/td><td class=\"column-2\"><strong>Chorstudientage<\/strong><\/td><td colspan=\"3\" class=\"column-3\">Kloster Frenswegen<\/td>\n<\/tr>\n<tr class=\"row-15\">\n\t<td class=\"column-1\">16. September<\/td><td class=\"column-2\"><strong>Mitwirkung am NachtKlang Konzert <\/strong><\/td><td class=\"column-3\">Christuskirche Hannover<\/td><td colspan=\"2\" class=\"column-4\">veranstaltet vom Internationalen Kinder- und Jugendchorzentrum<\/td>\n<\/tr>\n<tr class=\"row-16\">\n\t<td class=\"column-1\">24. u. 25. September<\/td><td class=\"column-2\"><strong>Didos Geheimnis <\/strong><\/td><td class=\"column-3\">Christuskirche Hannover<\/td><td colspan=\"2\" class=\"column-4\"><a href=\"https:\/\/maedchenchor-hannover.de\/?page_id=35739\" class=\"rueckschau-link foto1\" target=\"_blank\" rel=\"noopener noreferrer\"><\/a><\/td>\n<\/tr>\n<tr class=\"row-17\">\n\t<td class=\"column-1\">22. &#8211; 28. Oktober<\/td><td class=\"column-2\"><strong>Konzertreise <\/strong><\/td><td class=\"column-3\">Deutschland und D\u00e4nemark<\/td><td colspan=\"2\" class=\"column-4\"><a href=\"https:\/\/maedchenchor-hannover.de\/?page_id=35739\" class=\"rueckschau-link foto1\" target=\"_blank\" rel=\"noopener noreferrer\"><\/a><\/td>\n<\/tr>\n<tr class=\"row-18\">\n\t<td class=\"column-1\">06. November<\/td><td class=\"column-2\"><strong>Mitwirkung Gottesdienst<\/strong><\/td><td colspan=\"3\" class=\"column-3\">Marktkirche Hannover<\/td>\n<\/tr>\n<tr class=\"row-19\">\n\t<td class=\"column-1\">19. November<\/td><td class=\"column-2\"><strong>Konzert KC und NDR Vokalensemble <\/strong><\/td><td colspan=\"3\" class=\"column-3\">Christuskirche Hannover<\/td>\n<\/tr>\n<tr class=\"row-20\">\n\t<td class=\"column-1\">02. &#8211; 04. Dezember<\/td><td class=\"column-2\"><strong>Adventskonzerte <\/strong><\/td><td class=\"column-3\">Marktkirche Hannover<\/td><td colspan=\"2\" class=\"column-4\"><a href=\"https:\/\/maedchenchor-hannover.de\/?page_id=35739\" class=\"rueckschau-link foto1\" target=\"_blank\" rel=\"noopener noreferrer\"><\/a><\/td>\n<\/tr>\n<tr class=\"row-21\">\n\t<td class=\"column-1\">24. Dezember<\/td><td class=\"column-2\"><strong>Festgottesdienst<\/strong><\/td><td colspan=\"3\" class=\"column-3\">Marktkirche, Hannover<\/td>\n<\/tr>\n<\/tbody>\n<\/table>\n<!-- #tablepress-356 from cache --><hr \/><h6>Konzertjahr 2021<\/h6>\n<table id=\"tablepress-352\" class=\"tablepress tablepress-id-352 tbody-has-connected-cells\">\n<tbody class=\"row-striping\">\n<tr class=\"row-1\">\n\t<td class=\"column-1\"><\/td><td colspan=\"4\" class=\"column-2\"><i>(Wegen geltender Coronaverordnungen keine Veranstaltungen im ersten Halbjahr 2021)<\/><\/td>\n<\/tr>\n<tr class=\"row-2\">\n\t<td class=\"column-1\">02. Juli <\/td><td class=\"column-2\"><strong>Spontankonzert<\/strong><\/td><td class=\"column-3\">Kloster Walsrode<\/td><td colspan=\"2\" class=\"column-4\"><a href=\"https:\/\/maedchenchor-hannover.de\/?page_id=35542\" class=\"rueckschau-link foto1\" target=\"_blank\" rel=\"noopener noreferrer\"><\/a><\/td>\n<\/tr>\n<tr class=\"row-3\">\n\t<td class=\"column-1\">10. Juli <\/td><td class=\"column-2\"><strong>1. Hybridkonzert MCH<\/strong><\/td><td class=\"column-3\">Messe Hannover<\/td><td colspan=\"2\" class=\"column-4\"><a href=\"https:\/\/maedchenchor-hannover.de\/?page_id=35542\" class=\"rueckschau-link foto1\" target=\"_blank\" rel=\"noopener noreferrer\"><\/a><\/td>\n<\/tr>\n<tr class=\"row-4\">\n\t<td class=\"column-1\">12. September <\/td><td class=\"column-2\"><strong>Klosterkonzert Verden<\/strong><\/td><td class=\"column-3\">Dom zu Verden <\/td><td colspan=\"2\" class=\"column-4\"><a href=\"https:\/\/maedchenchor-hannover.de\/?page_id=35542\" class=\"rueckschau-link foto1\" target=\"_blank\" rel=\"noopener noreferrer\"><\/a><\/td>\n<\/tr>\n<tr class=\"row-5\">\n\t<td class=\"column-1\">18. September<\/td><td class=\"column-2\"><strong>Konzert f\u00fcrs Klima<\/strong><\/td><td class=\"column-3\">Christuskirche, Hannover<\/td><td colspan=\"2\" class=\"column-4\"><a href=\"https:\/\/maedchenchor-hannover.de\/?page_id=35542\" class=\"rueckschau-link foto1\" target=\"_blank\" rel=\"noopener noreferrer\"><\/a><\/td>\n<\/tr>\n<tr class=\"row-6\">\n\t<td class=\"column-1\">03. Oktober<\/td><td class=\"column-2\"><strong>Chorkonzert Laatzen<br \/>\n <\/strong><\/td><td colspan=\"3\" class=\"column-3\">Immanuelkirche Laatzen<\/td>\n<\/tr>\n<tr class=\"row-7\">\n\t<td class=\"column-1\">10. Oktober<\/td><td class=\"column-2\"><strong>Klosterkonzert Einbeck<br \/>\n <\/strong><\/td><td class=\"column-3\">M\u00fcnsterkirche Einbeck<\/td><td colspan=\"2\" class=\"column-4\"><a href=\"https:\/\/maedchenchor-hannover.de\/?page_id=35542\" class=\"rueckschau-link foto1\" target=\"_blank\" rel=\"noopener noreferrer\"><\/a><\/td>\n<\/tr>\n<tr class=\"row-8\">\n\t<td class=\"column-1\">13. November<\/td><td class=\"column-2\"><strong>NDR Vokalensemble und M\u00e4dchenchor Hannover<br \/>\n <\/strong><\/td><td colspan=\"3\" class=\"column-3\">Christuskirche, Hannover<\/td>\n<\/tr>\n<tr class=\"row-9\">\n\t<td class=\"column-1\">10. &#8211; 12. Dezember<\/td><td class=\"column-2\"><strong>Adventskonzerte <\/strong><\/td><td class=\"column-3\">Marktkirche, Hannover<\/td><td colspan=\"2\" class=\"column-4\"><a href=\"https:\/\/maedchenchor-hannover.de\/?page_id=35542\" class=\"rueckschau-link foto1\" target=\"_blank\" rel=\"noopener noreferrer\"><\/a><\/td>\n<\/tr>\n<tr class=\"row-10\">\n\t<td class=\"column-1\">19. Dezember<\/td><td class=\"column-2\"><strong>Feierstunde<\/strong><\/td><td class=\"column-3\">zum 100. Geburtstag von Ludwig Rutt<\/td><td colspan=\"2\" class=\"column-4\"><a #colspan#<\/td>\n<\/tr>\n<tr class=\"row-11\">\n\t<td class=\"column-1\">24. Dezember<\/td><td class=\"column-2\"><strong>Festgottesdienst<\/strong><\/td><td colspan=\"3\" class=\"column-3\">Marktkirche, Hannover<\/td>\n<\/tr>\n<\/tbody>\n<\/table>\n<!-- #tablepress-352 from cache --><hr \/><h6>Konzertjahr 2020<\/h6>\n<table id=\"tablepress-347\" class=\"tablepress tablepress-id-347 tbody-has-connected-cells\">\n<tbody class=\"row-striping\">\n<tr class=\"row-1\">\n\t<td colspan=\"3\" class=\"column-1\"><\/td><td colspan=\"4\" class=\"column-4\"><\/td>\n<\/tr>\n<tr class=\"row-2\">\n\t<td class=\"column-1\">12. Januar <\/td><td class=\"column-2\"><strong>Neujahrskonzert<\/strong><\/td><td class=\"column-3\">Staatsoper, Hannover<\/td><td colspan=\"4\" class=\"column-4\"><a href=\"https:\/\/maedchenchor-hannover.de\/?page_id=5834\" class=\"rueckschau-link foto1\" target=\"_blank\" rel=\"noopener noreferrer\"><\/a><\/td>\n<\/tr>\n<tr class=\"row-3\">\n\t<td colspan=\"3\" class=\"column-1\"><\/td><td colspan=\"4\" class=\"column-4\"><\/td>\n<\/tr>\n<tr class=\"row-4\">\n\t<td colspan=\"3\" class=\"column-1\"><\/td><td colspan=\"4\" class=\"column-4\"><\/td>\n<\/tr>\n<tr class=\"row-5\">\n\t<td colspan=\"2\" class=\"column-1\"><\/td><td class=\"column-3\"><i>(Wegen Corona-Verordnungen konnten 2020 keine weiteren Veranstaltungen stattfinden)<\/i><\/td><td colspan=\"4\" class=\"column-4\"><\/td>\n<\/tr>\n<\/tbody>\n<\/table>\n<!-- #tablepress-347 from cache --><hr \/><h6>Konzertjahr 2019<\/h6>\n<table id=\"tablepress-300\" class=\"tablepress tablepress-id-300 tbody-has-connected-cells\">\n<tbody class=\"row-striping\">\n<tr class=\"row-1\">\n\t<td class=\"column-1\">05. Januar<\/td><td class=\"column-2\"><strong>Konzert &#8222;Inter missas: Zoo&#8220;<\/strong><\/td><td class=\"column-3\">Elbphilharmonie, Hamburg<\/td><td colspan=\"4\" class=\"column-4\"><a href=\"https:\/\/maedchenchor-hannover.de\/?page_id=12696#elphi2019\" class=\"rueckschau-link foto1\" target=\"_blank\" rel=\"noopener noreferrer\"><\/a><\/td>\n<\/tr>\n<tr class=\"row-2\">\n\t<td class=\"column-1\">20. Januar <\/td><td class=\"column-2\"><strong>Neujahrskonzert<\/strong><\/td><td class=\"column-3\">Staatsoper, Hannover<\/td><td colspan=\"4\" class=\"column-4\"><a href=\"https:\/\/maedchenchor-hannover.de\/?page_id=12696#njk2019\" class=\"rueckschau-link foto1\" target=\"_blank\" rel=\"noopener noreferrer\"><\/a><\/td>\n<\/tr>\n<tr class=\"row-3\">\n\t<td class=\"column-1\">04. Februar <\/td><td class=\"column-2\"><strong>Benefizkonzert<\/strong><\/td><td class=\"column-3\">Marktkirche, Hannover<\/td><td class=\"column-4\">anl\u00e4sslich Weltkrebstag <\/td><td colspan=\"3\" class=\"column-5\"><a href=\"https:\/\/maedchenchor-hannover.de\/wp-content\/uploads\/NDSK-Programm-Benefizkonzert-MarktkircheFeb2019.pdf\" class=\"programm-link foto-programm\" rel=\"noopener noreferrer\" target=\"_blank\"><\/a><\/td>\n<\/tr>\n<tr class=\"row-4\">\n\t<td class=\"column-1\">26. Februar <\/td><td class=\"column-2\"><strong>Khara-Chor Konzert<\/strong><\/td><td class=\"column-3\">Christuskirche, Hannover<\/td><td colspan=\"4\" class=\"column-4\"><a href=\"https:\/\/maedchenchor-hannover.de\/?page_id=12696#kharachor\" class=\"rueckschau-link foto1\" target=\"_blank\" rel=\"noopener noreferrer\"><\/a><\/td>\n<\/tr>\n<tr class=\"row-5\">\n\t<td class=\"column-1\">27. 02 bis 03. 03.<\/td><td class=\"column-2\"><strong>CD-Aufnahme <\/strong><\/td><td class=\"column-3\">Christuskirche, Hannover<\/td><td class=\"column-4\">CD &#8222;Romantische Chormusik&#8220;<\/td><td colspan=\"3\" class=\"column-5\"><a href=\"https:\/\/maedchenchor-hannover.de\/?page_id=1952\/#cdweihnachten2018\" class=\"mehrinfo-link foto2\" rel=\"noopener noreferrer\" target=\"_blank\"><\/a><\/td>\n<\/tr>\n<tr class=\"row-6\">\n\t<td class=\"column-1\">24. M\u00e4rz <\/td><td class=\"column-2\"><strong>Rezital<\/strong><\/td><td class=\"column-3\">Christuskirche, Hannover<\/td><td class=\"column-4\">mit jungen Hannoveraner Gesangstalenten<\/td><td colspan=\"3\" class=\"column-5\"><a href=\"https:\/\/maedchenchor-hannover.de\/wp-content\/uploads\/Rezital190324Plakat.jpg\" class=\"mehrinfo-link foto2\" rel=\"noopener noreferrer\" target=\"_blank\"><\/a><\/td>\n<\/tr>\n<tr class=\"row-7\">\n\t<td class=\"column-1\">19. Mai <\/td><td class=\"column-2\"><strong>Symposium<\/strong><\/td><td class=\"column-3\">HMTM Hannover<\/td><td colspan=\"4\" class=\"column-4\">unter Mitwirkung des M\u00e4dchenchors<\/td>\n<\/tr>\n<tr class=\"row-8\">\n\t<td class=\"column-1\">25. Juni <\/td><td class=\"column-2\"><strong>Sommerserenade<\/strong><\/td><td class=\"column-3\">Christuskirche, Hannover<\/td><td colspan=\"4\" class=\"column-4\"><a href=\"https:\/\/maedchenchor-hannover.de\/?page_id=12696#serenade2019\" class=\"rueckschau-link foto1\" target=\"_blank\" rel=\"noopener noreferrer\"><\/a><\/td>\n<\/tr>\n<tr class=\"row-9\">\n\t<td class=\"column-1\">29. Juni<\/td><td class=\"column-2\"><strong>Konzert anl\u00e4sslich der Chortage Hannover<\/strong><\/td><td colspan=\"5\" class=\"column-3\">Galerie Herrenhausen, Hannover<\/td>\n<\/tr>\n<tr class=\"row-10\">\n\t<td class=\"column-1\">11. und 13. Juli<\/td><td class=\"column-2\"><strong>NDR Klassik Open Air Konzert<\/strong><\/td><td class=\"column-3\">Hannover Maschpark<\/td><td colspan=\"4\" class=\"column-4\">Cavalleria Rusticana \/ Der Bajazzo<\/td>\n<\/tr>\n<tr class=\"row-11\">\n\t<td class=\"column-1\">03. August <\/td><td class=\"column-2\"><strong>Konzert \u201eSommerliche Musiktage Hitzacker\u201c<\/strong><\/td><td colspan=\"5\" class=\"column-3\">VERDO Konzertsaal, Hitzacker<\/td>\n<\/tr>\n<tr class=\"row-12\">\n\t<td class=\"column-1\">03. &#8211; 12. August <\/td><td class=\"column-2\"><strong>Chorstudienwoche<\/strong><\/td><td colspan=\"5\" class=\"column-3\">Frenswegen<\/td>\n<\/tr>\n<tr class=\"row-13\">\n\t<td class=\"column-1\">16. August<\/td><td class=\"column-2\"><strong>Frankfurter Domkonzert<\/strong><\/td><td colspan=\"5\" class=\"column-3\">Kaiserdom, Frankfurt<\/td>\n<\/tr>\n<tr class=\"row-14\">\n\t<td class=\"column-1\">13. &#8211; 14. September<\/td><td class=\"column-2\"><strong>Workshops mit Ensemble Voces8<\/strong><\/td><td class=\"column-3\">Congress Center, Hannover<\/td><td colspan=\"4\" class=\"column-4\">im Rahmen des chor.com Festivals<\/td>\n<\/tr>\n<tr class=\"row-15\">\n\t<td class=\"column-1\">14. September<\/td><td class=\"column-2\"><strong>Konzert<\/strong><\/td><td class=\"column-3\">Christuskirche, Hannover<\/td><td colspan=\"4\" class=\"column-4\">im Rahmen des chor.com Festivals<\/td>\n<\/tr>\n<tr class=\"row-16\">\n\t<td class=\"column-1\">28. September<\/td><td class=\"column-2\"><strong>Elternkonzert<\/strong><\/td><td class=\"column-3\">Christuskirche, Hannover<\/td><td colspan=\"4\" class=\"column-4\"><a href=\"https:\/\/maedchenchor-hannover.de\/wp-content\/uploads\/190928_ElternkonzertProgramm.pdf\" class=\"mehrinfo-link foto2\" rel=\"noopener noreferrer\" target=\"_blank\"><\/a><\/td>\n<\/tr>\n<tr class=\"row-17\">\n\t<td class=\"column-1\">08. &#8211; 18. Oktober<\/td><td class=\"column-2\"><strong>Konzertreise nach S\u00fcdkorea<br \/>\n <\/strong><\/td><td class=\"column-3\">S\u00fcdkorea<\/td><td colspan=\"4\" class=\"column-4\"><a href=\"https:\/\/maedchenchor-hannover.de\/?page_id=165#rueckschaukorea2019\" class=\"rueckschau-link foto1\" target=\"_blank\" rel=\"noopener noreferrer\"><\/a><\/td>\n<\/tr>\n<tr class=\"row-18\">\n\t<td class=\"column-1\">08. &#8211; 18. Oktober<\/td><td class=\"column-2\"><strong>Adventskonzerte <\/strong><\/td><td class=\"column-3\">Marktkirche, Hannover<\/td><td colspan=\"4\" class=\"column-4\"><a href=\"https:\/\/maedchenchor-hannover.de\/?page_id=12696#advent2019\" class=\"rueckschau-link foto1\" target=\"_blank\" rel=\"noopener noreferrer\"><\/a><\/td>\n<\/tr>\n<tr class=\"row-19\">\n\t<td class=\"column-1\">03. Dezember<\/td><td class=\"column-2\"><strong>Verabschiedung Georg  (Schorse) Sch\u00f6nw\u00e4lder<\/strong><\/td><td colspan=\"5\" class=\"column-3\">Christuskirche, Hannover<\/td>\n<\/tr>\n<tr class=\"row-20\">\n\t<td class=\"column-1\">08. Dezember<\/td><td class=\"column-2\"><strong>Familienkonzert<\/strong><\/td><td class=\"column-3\">Marktkirche, Hannover<\/td><td colspan=\"4\" class=\"column-4\"><a href=\"https:\/\/maedchenchor-hannover.de\/?page_id=12696#advent2019\" class=\"rueckschau-link foto1\" target=\"_blank\" rel=\"noopener noreferrer\"><\/a><\/td>\n<\/tr>\n<tr class=\"row-21\">\n\t<td class=\"column-1\">14. und 15. Dezember<\/td><td class=\"column-2\"><strong>Konzerte mit den N\u00fcrnberger Symphonikern<\/strong><\/td><td class=\"column-3\">Meistersingerhalle,  N\u00fcrnberg<\/td><td colspan=\"4\" class=\"column-4\"><a href=\"https:\/\/maedchenchor-hannover.de\/?p=12195\" class=\"mehrinfo-link foto2\" target=\"_blank\" rel=\"noopener noreferrer\"><\/a><\/td>\n<\/tr>\n<tr class=\"row-22\">\n\t<td class=\"column-1\">20. Dezember<\/td><td class=\"column-2\"><strong>Konzert Stunde der Kirchenmusik <\/strong><\/td><td class=\"column-3\">Stiftskirche, Stuttgart<\/td><td colspan=\"4\" class=\"column-4\"><a href=\"https:\/\/www.youtube.com\/watch?v=axBx0lz2Y2E\" class=\"mehrinfo-link foto2\" rel=\"noopener noreferrer\" target=\"_blank\"><\/a><\/td>\n<\/tr>\n<tr class=\"row-23\">\n\t<td class=\"column-1\">24. Dezember<\/td><td class=\"column-2\"><strong>Festgottesdienst<\/strong><\/td><td colspan=\"5\" class=\"column-3\">Marktkirche, Hannover<\/td>\n<\/tr>\n<\/tbody>\n<\/table>\n<!-- #tablepress-300 from cache --><hr \/><h6>Konzertjahr 2018<\/h6>\n<table id=\"tablepress-301\" class=\"tablepress tablepress-id-301 tbody-has-connected-cells\">\n<tbody class=\"row-striping\">\n<tr class=\"row-1\">\n\t<td class=\"column-1\">14. Januar <\/td><td class=\"column-2\"><strong>Neujahrskonzert<\/strong><\/td><td class=\"column-3\">Staatsoper, Hannover<\/td><td colspan=\"4\" class=\"column-4\"><a href=\"https:\/\/maedchenchor-hannover.de\/?page_id=12326#njk2018\" class=\"rueckschau-link foto1\" target=\"_blank\" rel=\"noopener noreferrer\"><\/a><\/td>\n<\/tr>\n<tr class=\"row-2\">\n\t<td class=\"column-1\">Spielzeit 2018<\/td><td class=\"column-2\"><strong>Zauberfl\u00f6te<\/strong><\/td><td class=\"column-3\">Staatsoper, Hannover<\/td><td class=\"column-4\"><a href=\"https:\/\/maedchenchor-hannover.de\/wp-content\/uploads\/Zauberfloete2018.pdf\" class=\"notizen-link foto-notizen\" rel=\"noopener noreferrer\" target=\"_blank\"><\/a><\/td><td colspan=\"3\" class=\"column-5\"><a href=\"https:\/\/maedchenchor-hannover.de\/?page_id=12326#zauberfloete\" class=\"rueckschau-link foto1\" target=\"_blank\" rel=\"noopener noreferrer\"><\/a><\/td>\n<\/tr>\n<tr class=\"row-3\">\n\t<td class=\"column-1\">25. &#8211; 28. Januar<\/td><td class=\"column-2\"><strong>Amadeus Live<\/strong><\/td><td class=\"column-3\">NDR Sendesaal, Hannover<\/td><td colspan=\"4\" class=\"column-4\"><a href=\"https:\/\/maedchenchor-hannover.de\/?page_id=12326#amadeus2018\" class=\"mehrinfo-link foto2\" rel=\"noopener noreferrer\" target=\"_blank\"> <\/a><\/td>\n<\/tr>\n<tr class=\"row-4\">\n\t<td class=\"column-1\">25. Februar<\/td><td class=\"column-2\"><strong>Aufnahmepr\u00fcfung<\/strong><\/td><td colspan=\"5\" class=\"column-3\">Christuskirche, Hannover<\/td>\n<\/tr>\n<tr class=\"row-5\">\n\t<td class=\"column-1\">28. Feburar<\/td><td class=\"column-2\"><strong>Konzert zur Jahresversammlung Unternehmerverb\u00e4nde<\/strong><\/td><td colspan=\"5\" class=\"column-3\">Christuskirche, Hannover<\/td>\n<\/tr>\n<tr class=\"row-6\">\n\t<td class=\"column-1\">26. Februar &#8211; 01. M\u00e4rz<\/td><td class=\"column-2\"><strong>CD-Aufnahme<\/strong><\/td><td class=\"column-3\">Stephansstift, Hannover<\/td><td colspan=\"4\" class=\"column-4\">Holst, Savitri \/ Tarkmann, Inkakantate<\/td>\n<\/tr>\n<tr class=\"row-7\">\n\t<td class=\"column-1\">16. M\u00e4rz<\/td><td class=\"column-2\"><strong>Kammerkonzert<\/strong><\/td><td class=\"column-3\">Christuskirche, Hannover<\/td><td colspan=\"4\" class=\"column-4\"><a href=\"https:\/\/maedchenchor-hannover.de\/wp-content\/uploads\/ProgrammheftKammerkonzert16Marz2018.pdf\" class=\"programm-link foto-programm\" target=\"_blank\" rel=\"noopener noreferrer\"><\/a><\/td>\n<\/tr>\n<tr class=\"row-8\">\n\t<td class=\"column-1\">26. April<\/td><td class=\"column-2\"><strong>Konzert mit NDR Radiophilharmonie<\/strong><\/td><td class=\"column-3\">Gro\u00dfer Sendesaal, NDR Hannover<\/td><td colspan=\"4\" class=\"column-4\">Mendelssohn- &#8222;Ein Sommernachtstraum\u201c<\/td>\n<\/tr>\n<tr class=\"row-9\">\n\t<td class=\"column-1\">27. April<\/td><td class=\"column-2\"><strong>Konzert mit NDR Radiophilharmonie<\/strong><\/td><td class=\"column-3\">Theater, Wolfsburg<\/td><td colspan=\"4\" class=\"column-4\">Mendelssohn- &#8222;Ein Sommernachtstraum\u201c<\/td>\n<\/tr>\n<tr class=\"row-10\">\n\t<td class=\"column-1\">29. April<\/td><td class=\"column-2\"><strong>Konzert mit NDR Radiophilharmonie<\/strong><\/td><td class=\"column-3\">Gro\u00dfer Sendesaal, NDR Hannover<\/td><td colspan=\"4\" class=\"column-4\">Mendelssohn- &#8222;Ein Sommernachtstraum\u201c<\/td>\n<\/tr>\n<tr class=\"row-11\">\n\t<td class=\"column-1\">06 Mai<\/td><td class=\"column-2\"><strong>Er\u00f6ffnungskonzert Deutscher Chorwettbewerb <\/strong><\/td><td class=\"column-3\">Freiburg<\/td><td colspan=\"4\" class=\"column-4\"><a href=\"https:\/\/maedchenchor-hannover.de\/wp-content\/uploads\/M\u00e4dchenchorHannoverProgrammFreiburg.pdf\" class=\"programm-link foto-programm\" target=\"_blank\" rel=\"noopener noreferrer\"><\/a><\/td>\n<\/tr>\n<tr class=\"row-12\">\n\t<td class=\"column-1\">08. Mai<\/td><td class=\"column-2\"><strong>Konzert zum Festakt Klosterkammer<\/strong><\/td><td class=\"column-3\">Marktkirche, Hannover<\/td><td colspan=\"4\" class=\"column-4\"><a href=\"https:\/\/maedchenchor-hannover.de\/?page_id=8486\" class=\"mehrinfo-link foto2\" rel=\"noopener noreferrer\" target=\"_blank\"> <\/a><\/td>\n<\/tr>\n<tr class=\"row-13\">\n\t<td class=\"column-1\">27. Mai<\/td><td class=\"column-2\"><strong>Kunstfestspiele Hannover<\/strong><\/td><td class=\"column-3\">Kuppelsaal, Hannover<\/td><td colspan=\"4\" class=\"column-4\"><a href=\"https:\/\/maedchenchor-hannover.de\/?page_id=12326#berlioz2018\" class=\"rueckschau-link foto1\" target=\"_blank\" rel=\"noopener noreferrer\"><\/a><\/td>\n<\/tr>\n<tr class=\"row-14\">\n\t<td class=\"column-1\">03. Juni<\/td><td class=\"column-2\"><strong>Rezital<\/strong><\/td><td class=\"column-3\">Christuskirche, Hannover<\/td><td colspan=\"4\" class=\"column-4\"><a href=\"https:\/\/maedchenchor-hannover.de\/wp-content\/uploads\/Programm_Rezital_03Juni2018.jpg\" class=\"mehrinfo-link foto2\" rel=\"noopener noreferrer\" target=\"_blank\"><\/a><\/td>\n<\/tr>\n<tr class=\"row-15\">\n\t<td class=\"column-1\">05. Juni<\/td><td class=\"column-2\"><strong>Konzert mit Pigekor Copenhagen Girls Choir<\/strong><\/td><td class=\"column-3\">Christuskirche, Hannover<\/td><td colspan=\"4\" class=\"column-4\"><a href=\"https:\/\/maedchenchor-hannover.de\/?page_id=12326#pigekor\" class=\"rueckschau-link foto1\" target=\"_blank\" rel=\"noopener noreferrer\"><\/a><\/td>\n<\/tr>\n<tr class=\"row-16\">\n\t<td class=\"column-1\">15. Juni<\/td><td class=\"column-2\"><strong>Mitwirkung bei Madsack Festakt<\/strong><\/td><td class=\"column-3\">Staatsoper, Hannover<\/td><td colspan=\"4\" class=\"column-4\"><a href=\"https:\/\/maedchenchor-hannover.de\/?page_id=9053\" class=\"mehrinfo-link foto2\" rel=\"noopener noreferrer\" target=\"_blank\"> <\/a><\/td>\n<\/tr>\n<tr class=\"row-17\">\n\t<td class=\"column-1\">16. Juni<\/td><td class=\"column-2\"><strong>Konzert im Rahmen der Chortage Hannover<\/strong><\/td><td class=\"column-3\">Galerie Herrenhausen, Hannover<\/td><td colspan=\"4\" class=\"column-4\"><a href=\"https:\/\/maedchenchor-hannover.de\/?page_id=12326#chortage2018\" class=\"rueckschau-link foto1\" target=\"_blank\" rel=\"noopener noreferrer\"><\/a><\/td>\n<\/tr>\n<tr class=\"row-18\">\n\t<td class=\"column-1\">18. Juni<\/td><td class=\"column-2\"><strong>Konzert mit Piedmont East Bay Choir<\/strong><\/td><td class=\"column-3\">Christuskirche, Hannover<\/td><td colspan=\"4\" class=\"column-4\"><a href=\"https:\/\/maedchenchor-hannover.de\/?page_id=12437#piedmont2018\" class=\"rueckschau-link foto1\" target=\"_blank\" rel=\"noopener noreferrer\"><\/a><\/td>\n<\/tr>\n<tr class=\"row-19\">\n\t<td class=\"column-1\">23. Juni<\/td><td class=\"column-2\"><strong>Konzert  Christuskirche Hannover<\/strong><\/td><td class=\"column-3\">Christuskirche, Hannover<\/td><td class=\"column-4\">im Rahmen des Sandstr\u00f6m Projekts <br \/>\nder HMTMH<\/td><td class=\"column-5\"><a href=\"https:\/\/maedchenchor-hannover.de\/wp-content\/uploads\/projektsandstroem23Juni2018.jpg\" class=\"mehrinfo-link foto2\" rel=\"noopener noreferrer\" target=\"_blank\"> <\/a><\/td><td colspan=\"2\" class=\"column-6\"><\/td>\n<\/tr>\n<tr class=\"row-20\">\n\t<td class=\"column-1\">29. Juli &#8211; 06. August<\/td><td class=\"column-2\"><strong>Chorstudientage<\/strong><\/td><td colspan=\"5\" class=\"column-3\">Frenswegen<\/td>\n<\/tr>\n<tr class=\"row-21\">\n\t<td class=\"column-1\">30. August<\/td><td class=\"column-2\"><strong>Konzert f\u00fcr die &#8222;Heimkehr&#8220;-Gesellschaft<\/strong><\/td><td colspan=\"5\" class=\"column-3\">Hannover<\/td>\n<\/tr>\n<tr class=\"row-22\">\n\t<td class=\"column-1\">01. September<\/td><td class=\"column-2\"><strong>Benefizgala-Konzert<\/strong><\/td><td class=\"column-3\"> BMW Hannover <\/td><td colspan=\"4\" class=\"column-4\"><a href=\"https:\/\/maedchenchor-hannover.de\/wp-content\/uploads\/2018sep.png\" class=\"konzerte2018sep-link foto-konzerte2018sep\" rel=\"noopener noreferrer\" target=\"_blank\"> <\/a><\/td>\n<\/tr>\n<tr class=\"row-23\">\n\t<td class=\"column-1\">08. September<\/td><td class=\"column-2\"><strong>Hannover PROMS, mit NDR-Radiophilharmonie<\/strong><\/td><td class=\"column-3\">Kuppelsaal, Hannover<\/td><td colspan=\"4\" class=\"column-4\"><a href=\"https:\/\/maedchenchor-hannover.de\/?page_id=12437#proms2018\" class=\"rueckschau-link foto1\" target=\"_blank\" rel=\"noopener noreferrer\"><\/a><\/td>\n<\/tr>\n<tr class=\"row-24\">\n\t<td class=\"column-1\">15. September<\/td><td class=\"column-2\"><strong>Urauff\u00fchrung &#8222;Bartleby&#8220;, Nieders\u00e4chsische Musiktage<\/strong><\/td><td class=\"column-3\">Orangerie, Hannover<\/td><td colspan=\"4\" class=\"column-4\"><a href=\"https:\/\/maedchenchor-hannover.de\/?page_id=12437#bartleby2018\" class=\"rueckschau-link foto1\" target=\"_blank\" rel=\"noopener noreferrer\"><\/a><\/td>\n<\/tr>\n<tr class=\"row-25\">\n\t<td class=\"column-1\">16. September<\/td><td class=\"column-2\"><strong>&#8222;Bartleby&#8220;, Nieders\u00e4chsische Musiktage<\/strong><\/td><td colspan=\"5\" class=\"column-3\">Gut Wieneb\u00fcttel, L\u00fcneburg<\/td>\n<\/tr>\n<tr class=\"row-26\">\n\t<td class=\"column-1\">20. September<\/td><td class=\"column-2\"><strong>Ansprache Probe Konzertchor<\/strong><\/td><td class=\"column-3\">Christuskirche, Hannover<\/td><td colspan=\"4\" class=\"column-4\"><a href=\"https:\/\/maedchenchor-hannover.de\/wp-content\/uploads\/Ansprache-an-die-Konzertchor20Sep2018.pdf\" class=\"mehrinfo-link foto2\" rel=\"noopener noreferrer\" target=\"_blank\"> <\/a><\/td>\n<\/tr>\n<tr class=\"row-27\">\n\t<td class=\"column-1\">29. September<\/td><td class=\"column-2\"><strong>Konzert &#8222;Europ\u00e4ische Chormusik&#8220;<\/strong><\/td><td colspan=\"5\" class=\"column-3\">Basilika St. Clemens, Hannover<\/td>\n<\/tr>\n<tr class=\"row-28\">\n\t<td class=\"column-1\">05. &#8211; 14. Oktober<\/td><td class=\"column-2\"><strong>Konzertreise Spanien<\/strong><\/td><td class=\"column-3\"><br \/>\n<\/td><td class=\"column-4\"><a href=\"https:\/\/maedchenchor-hannover.de\/wp-content\/uploads\/2018sp.png\" class=\"konzerte2018sp-link foto-konzerte2018sp\" rel=\"noopener noreferrer\" target=\"_blank\"> <\/a><\/td><td class=\"column-5\"><a href=\"https:\/\/maedchenchor-hannover.de\/?page_id=165#konzertreisespanien2018\" class=\"rueckschau-link foto1\" target=\"_blank\" rel=\"noopener noreferrer\"> <\/a><\/td><td colspan=\"2\" class=\"column-6\"><\/td>\n<\/tr>\n<tr class=\"row-29\">\n\t<td class=\"column-1\">03. November<\/td><td class=\"column-2\"><strong>War Requiem mit NDR Radiophilharmonie<\/strong><\/td><td class=\"column-3\">Kuppelsaal, Hannover <\/td><td colspan=\"4\" class=\"column-4\"><a href=\"https:\/\/maedchenchor-hannover.de\/?page_id=12437#warrequiem2018\" class=\"rueckschau-link foto1\" target=\"_blank\" rel=\"noopener noreferrer\"><\/a><\/td>\n<\/tr>\n<tr class=\"row-30\">\n\t<td class=\"column-1\">09. &#8211; 11. November<\/td><td class=\"column-2\"><strong>Konzertreise England 100 Jahre Remembrance Day<\/strong><\/td><td class=\"column-3\"> England<\/td><td class=\"column-4\">mit Konzerten in Halifax und Ripon<\/td><td colspan=\"3\" class=\"column-5\"><a href=\"https:\/\/maedchenchor-hannover.de\/?page_id=165#konzertreiseengland2018\" class=\"rueckschau-link foto1\" target=\"_blank\" rel=\"noopener noreferrer\"> <\/a><\/td>\n<\/tr>\n<tr class=\"row-31\">\n\t<td class=\"column-1\">24. November<\/td><td class=\"column-2\"><strong>Salonfestival mit Andrew Manze<\/strong><\/td><td class=\"column-3\">Christuskirche, Hannover<\/td><td colspan=\"4\" class=\"column-4\"><a href=\"https:\/\/maedchenchor-hannover.de\/?page_id=10145\" class=\"mehrinfo-link foto2\" target=\"_blank\" rel=\"noopener noreferrer\"> <\/a><\/td>\n<\/tr>\n<tr class=\"row-32\">\n\t<td class=\"column-1\">04. Dezember<\/td><td class=\"column-2\"><strong>Weihnachtskonzert<\/strong><\/td><td class=\"column-3\">Nieders\u00e4chsische <br \/>\nLandesvertretung, Berlin<\/td><td class=\"column-4\"><a href=\"https:\/\/maedchenchor-hannover.de\/wp-content\/uploads\/Weihnachtskonzert2018_Programm_05.pdf\" class=\"programm-link foto-programm\" target=\"_blank\" rel=\"noopener noreferrer\"><\/a><\/td><td colspan=\"3\" class=\"column-5\"><a href=\"https:\/\/maedchenchor-hannover.de\/?page_id=10232\" class=\"mehrinfo-link foto2\" target=\"_blank\" rel=\"noopener noreferrer\"> <\/a><\/td>\n<\/tr>\n<tr class=\"row-33\">\n\t<td class=\"column-1\">06. und 07. Dezember<\/td><td class=\"column-2\"><strong>Weihnachtskonzerte<\/strong><\/td><td class=\"column-3\">Marktkirche, Hannover<\/td><td colspan=\"4\" class=\"column-4\"><a href=\"https:\/\/maedchenchor-hannover.de\/?page_id=12437#adventskonzerte2018\" class=\"rueckschau-link foto1\" target=\"_blank\" rel=\"noopener noreferrer\"><\/a><\/td>\n<\/tr>\n<tr class=\"row-34\">\n\t<td class=\"column-1\">08. Dezember<\/td><td class=\"column-2\"><strong>Familienkonzert<\/strong><\/td><td colspan=\"5\" class=\"column-3\">Marktkirche, Hannover<\/td>\n<\/tr>\n<tr class=\"row-35\">\n\t<td class=\"column-1\">11. Dezember<\/td><td class=\"column-2\"><strong>Weihnachtskonzert mit NDR<\/strong><\/td><td colspan=\"5\" class=\"column-3\">NDR Kl. Sendesaal, Hannover<\/td>\n<\/tr>\n<\/tbody>\n<\/table>\n<!-- #tablepress-301 from cache --><hr \/><h6>Konzertjahr 2017<\/h6>\n<table id=\"tablepress-302\" class=\"tablepress tablepress-id-302 tbody-has-connected-cells\">\n<tbody class=\"row-striping\">\n<tr class=\"row-1\">\n\t<td class=\"column-1\">15. Januar<\/td><td class=\"column-2\"><strong>Neujahrskonzert<\/strong><\/td><td class=\"column-3\">Staatsoper, Hannover<\/td><td colspan=\"4\" class=\"column-4\"><a href=\"https:\/\/maedchenchor-hannover.de\/?page_id=3443#njk2017\" class=\"rueckschau-link foto1\" target=\"_blank\" rel=\"noopener noreferrer\">  <\/a><\/td>\n<\/tr>\n<tr class=\"row-2\">\n\t<td class=\"column-1\">25. Januar<\/td><td class=\"column-2\"><strong>Auszeichnung<\/strong><\/td><td class=\"column-3\">Rathaus, Hannover<\/td><td class=\"column-4\">Verleihung des Titels Kulturbotschafter<br \/>\n der Unesco City of Music <\/td><td colspan=\"3\" class=\"column-5\"><a href=\"https:\/\/maedchenchor-hannover.de\/?p=22\" class=\"mehrinfo-link foto2\" rel=\"noopener noreferrer\" target=\"_blank\"><\/a><br \/>\n<\/td>\n<\/tr>\n<tr class=\"row-3\">\n\t<td class=\"column-1\">26. Februar<\/td><td class=\"column-2\"><strong>Aufnahmepr\u00fcfung<\/strong><\/td><td colspan=\"5\" class=\"column-3\">Christuskirche, Hannover<\/td>\n<\/tr>\n<tr class=\"row-4\">\n\t<td class=\"column-1\">05. M\u00e4rz<\/td><td class=\"column-2\"><strong>Klosterkonzert<\/strong><\/td><td colspan=\"5\" class=\"column-3\">Kloster Walsrode<\/td>\n<\/tr>\n<tr class=\"row-5\">\n\t<td class=\"column-1\">25. M\u00e4rz<\/td><td class=\"column-2\"><strong>Konzert &#8222;HeimaTen&#8220; mit Simon Halsey<\/strong><\/td><td class=\"column-3\">Christuskirche, Hannover<\/td><td colspan=\"4\" class=\"column-4\"><a href=\"https:\/\/maedchenchor-hannover.de\/?page_id=3443#heimaten17\" class=\"rueckschau-link foto1\" target=\"_blank\" rel=\"noopener noreferrer\">  <\/a><\/td>\n<\/tr>\n<tr class=\"row-6\">\n\t<td class=\"column-1\">26. M\u00e4rz<\/td><td class=\"column-2\"><strong>Matine\u00e9 &#8222;KREUZ und QUER&#8220;<\/strong><\/td><td colspan=\"5\" class=\"column-3\">Christuskirche, Hannover<\/td>\n<\/tr>\n<tr class=\"row-7\">\n\t<td class=\"column-1\">02. April<\/td><td class=\"column-2\"><strong>Klosterkonzert<\/strong><\/td><td colspan=\"5\" class=\"column-3\"> Stift Obernkirchen<\/td>\n<\/tr>\n<tr class=\"row-8\">\n\t<td class=\"column-1\">30. April<\/td><td class=\"column-2\"><strong>Rezital &#8222;Hannoveraner Gesangtalente&#8220;<\/strong><\/td><td class=\"column-3\">Christuskirche, Hannover<\/td><td colspan=\"4\" class=\"column-4\">23 Chorm\u00e4dchen singen  Sololieder<br \/>\n und Arien aus Oper und Oratorium<\/td>\n<\/tr>\n<tr class=\"row-9\">\n\t<td class=\"column-1\">05. Mai<\/td><td class=\"column-2\"><strong>Ring Barock Konzert<\/strong><\/td><td class=\"column-3\">NDR Gr. Sendesaal, Hannover<\/td><td class=\"column-4\">mit NDR Radiophilharmonie <br \/>\nund David Stern<\/td><td colspan=\"3\" class=\"column-5\"><a href=\"https:\/\/maedchenchor-hannover.de\/?page_id=3443#ringbarock17\" class=\"rueckschau-link foto1\" target=\"_blank\" rel=\"noopener noreferrer\">  <\/a><\/td>\n<\/tr>\n<tr class=\"row-10\">\n\t<td class=\"column-1\">06. Mai<\/td><td class=\"column-2\"><strong>Ring Barock Konzert<\/strong><\/td><td colspan=\"5\" class=\"column-3\">St. Georgenkirche,  Wismar<\/td>\n<\/tr>\n<tr class=\"row-11\">\n\t<td class=\"column-1\">14. Mai <\/td><td class=\"column-2\"><strong>Johannes Brahms Lieder-Abend<\/strong><\/td><td class=\"column-3\">Christuskirche, Hannover<\/td><td colspan=\"4\" class=\"column-4\">mit dem Johannes-Brahms-Chor<\/td>\n<\/tr>\n<tr class=\"row-12\">\n\t<td class=\"column-1\">21. Mai<\/td><td class=\"column-2\"><strong>Festgottesdienst<\/strong><\/td><td colspan=\"5\" class=\"column-3\">Marktkirche, Hannover<\/td>\n<\/tr>\n<tr class=\"row-13\">\n\t<td class=\"column-1\">10. Juni<\/td><td class=\"column-2\"><strong>Musikfest des NDR<\/strong><\/td><td colspan=\"5\" class=\"column-3\">Marktkirche, Hannover<\/td>\n<\/tr>\n<tr class=\"row-14\">\n\t<td class=\"column-1\">14. Juni<\/td><td class=\"column-2\"><strong>Konzert, Chortage Hannover<\/strong><\/td><td class=\"column-3\">Galerie Herrenh\u00e4user G\u00e4rten<\/td><td colspan=\"4\" class=\"column-4\"><a href=\"https:\/\/maedchenchor-hannover.de\/?page_id=3443#chortage17\" class=\"rueckschau-link foto1\" target=\"_blank\" rel=\"noopener noreferrer\">  <\/a><\/td>\n<\/tr>\n<tr class=\"row-15\">\n\t<td class=\"column-1\">14. Juni<\/td><td class=\"column-2\"><strong>Konzert zum INI-Kongress<\/strong><\/td><td colspan=\"5\" class=\"column-3\">Theater am Aegi, Hannover<\/td>\n<\/tr>\n<tr class=\"row-16\">\n\t<td class=\"column-1\">23. &#8211; 31. Juli<\/td><td class=\"column-2\"><strong>Chorstudientage<\/strong><\/td><td colspan=\"5\" class=\"column-3\">Frenswegen<\/td>\n<\/tr>\n<tr class=\"row-17\">\n\t<td class=\"column-1\">13. August<\/td><td class=\"column-2\"><strong>Gottesdienst Marktkirche Hannover<\/strong><\/td><td colspan=\"5\" class=\"column-3\">Marktkirche, Hannover<\/td>\n<\/tr>\n<tr class=\"row-18\">\n\t<td class=\"column-1\">18. &#8211; 21. August<\/td><td class=\"column-2\"><strong>Konzert beim Sion-Festival<\/strong><\/td><td class=\"column-3\">Sion, Schweiz<\/td><td colspan=\"4\" class=\"column-4\"><a href=\"https:\/\/maedchenchor-hannover.de\/?page_id=3443#Sionfestival\" class=\"rueckschau-link foto1\" target=\"_blank\" rel=\"noopener noreferrer\">  <\/a><\/td>\n<\/tr>\n<tr class=\"row-19\">\n\t<td class=\"column-1\">26. August<\/td><td class=\"column-2\"><strong>Auftritt bei &#8222;Ein Fest f\u00fcr Alle&#8220;<\/strong><\/td><td class=\"column-3\">Marktkirche Hannover<\/td><td colspan=\"4\" class=\"column-4\"><a href=\"https:\/\/maedchenchor-hannover.de\/?page_id=3443#einfestfueralle2017\" class=\"rueckschau-link foto1\" target=\"_blank\" rel=\"noopener noreferrer\">  <\/a><\/td>\n<\/tr>\n<tr class=\"row-20\">\n\t<td class=\"column-1\">02. September<\/td><td class=\"column-2\"><strong>Benefizgala<\/strong><\/td><td class=\"column-3\">Hannover<\/td><td colspan=\"4\" class=\"column-4\"><a href=\"https:\/\/maedchenchor-hannover.de\/wp-content\/uploads\/2017g.png\" class=\"konzerte2017g-link foto-konzerte2017g\" rel=\"noopener noreferrer\" target=\"_blank\"> <\/a><\/td>\n<\/tr>\n<tr class=\"row-21\">\n\t<td class=\"column-1\">09. September<\/td><td class=\"column-2\"><strong>&#8222;Night of the Proms<\/strong><\/td><td class=\"column-3\">Congress Centrum, Hannover<\/td><td class=\"column-4\">mit NDR-Radiophilharmonie <br \/>\nund Andrew Menze<\/td><td class=\"column-5\"><a href=\"https:\/\/maedchenchor-hannover.de\/?page_id=5834#hannoverproms2017\" class=\"rueckschau-link foto1\" target=\"_blank\" rel=\"noopener noreferrer\">  <\/a><\/td><td colspan=\"2\" class=\"column-6\"><\/td>\n<\/tr>\n<tr class=\"row-22\">\n\t<td class=\"column-1\">15. &#8211; 16. September<\/td><td class=\"column-2\"><strong>Konzert und Workshop bei &#8222;Chor.com&#8220;<\/strong><\/td><td class=\"column-3\">St. Reinoldi-Kirche <br \/>\n&amp; Westfalenhalle, Dortmund <\/td><td colspan=\"4\" class=\"column-4\"><a href=\"https:\/\/www.youtube.com\/watch?v=d_4LEMIreWU\" class=\"mehrinfo-link foto2\" rel=\"noopener noreferrer\" target=\"_blank\"><\/a><br \/>\n<\/td>\n<\/tr>\n<tr class=\"row-23\">\n\t<td class=\"column-1\">30. September<\/td><td class=\"column-2\"><strong>Klosterkonzert <\/strong><\/td><td class=\"column-3\">Klosterkirche Barsinghausen<\/td><td colspan=\"4\" class=\"column-4\"><a href=\"https:\/\/maedchenchor-hannover.de\/?page_id=5834#barsinghausen2017\" class=\"rueckschau-link foto1\" target=\"_blank\" rel=\"noopener noreferrer\">  <\/a><\/td>\n<\/tr>\n<tr class=\"row-24\">\n\t<td class=\"column-1\">04. &#8211; 15. Oktober<\/td><td class=\"column-2\"><strong>Konzertreise nach Japan<\/strong><\/td><td class=\"column-3\">Japan<\/td><td class=\"column-4\">Konzerte in Hamamatsu, <br \/>\nIchinomiya, Hiroshima <br \/>\nund Tokushima<\/td><td colspan=\"3\" class=\"column-5\"><a href=\"https:\/\/maedchenchor-hannover.de\/?page_id=5834#japan2017\" class=\"rueckschau-link foto1\" target=\"_blank\" rel=\"noopener noreferrer\">  <\/a><\/td>\n<\/tr>\n<tr class=\"row-25\">\n\t<td class=\"column-1\">22. Oktober<\/td><td class=\"column-2\"><strong>Klosterkonzert<\/strong><\/td><td class=\"column-3\">Kloster L\u00fcne, L\u00fcneburg<\/td><td colspan=\"4\" class=\"column-4\"><a href=\"https:\/\/maedchenchor-hannover.de\/?page_id=5834#luene2017\" class=\"rueckschau-link foto1\" target=\"_blank\" rel=\"noopener noreferrer\">  <\/a><\/td>\n<\/tr>\n<tr class=\"row-26\">\n\t<td class=\"column-1\">15. November<\/td><td class=\"column-2\"><strong>Festakt Malteser Migranten Medizin<\/strong><\/td><td colspan=\"5\" class=\"column-3\">Basilika St. Clemens<\/td>\n<\/tr>\n<tr class=\"row-27\">\n\t<td class=\"column-1\">26. November<\/td><td class=\"column-2\"><strong>Vicky Leandros und der  M\u00e4dchenchor<\/strong><\/td><td class=\"column-3\">Christuskirche, Hannover<\/td><td colspan=\"4\" class=\"column-4\">Benefizkonzert<\/td>\n<\/tr>\n<tr class=\"row-28\">\n\t<td class=\"column-1\">03. Dezember<\/td><td class=\"column-2\"><strong>Adventskonzert <\/strong><\/td><td class=\"column-3\">St. Vitus Kirche, Wilkenburg<\/td><td colspan=\"4\" class=\"column-4\"><a href=\"https:\/\/maedchenchor-hannover.de\/?p=6910\" class=\"mehrinfo-link foto2\" target=\"_blank\" rel=\"noopener noreferrer\"> <\/a><\/td>\n<\/tr>\n<tr class=\"row-29\">\n\t<td class=\"column-1\">03. Dezember<\/td><td class=\"column-2\"><strong>Erstausstrahlung &#8222;Die Stimme der M\u00e4dchen&#8220; <\/strong><\/td><td class=\"column-3\">NDR-Fernsehen<\/td><td class=\"column-4\"><a href=\"https:\/\/maedchenchor-hannover.de\/wp-content\/uploads\/2017f.png\" class=\"konzerte2017f-link foto-konzerte2017f\" rel=\"noopener noreferrer\" target=\"_blank\"> <\/a><\/td><td colspan=\"3\" class=\"column-5\"><a href=\"https:\/\/maedchenchor-hannover.de\/?p=6889\" class=\"mehrinfo-link foto2\" target=\"_blank\" rel=\"noopener noreferrer\"><\/a><\/td>\n<\/tr>\n<tr class=\"row-30\">\n\t<td class=\"column-1\">07. Dezember<\/td><td class=\"column-2\"><strong>Liederfest Brahms<\/strong><\/td><td class=\"column-3\">HMTMH<\/td><td colspan=\"4\" class=\"column-4\"><a href=\"https:\/\/maedchenchor-hannover.de\/wp-content\/uploads\/Liederfest-Brams-Programm-2017.pdf\" class=\"programm-link foto-programm\" target=\"_blank\" rel=\"noopener noreferrer\"><\/a><\/td>\n<\/tr>\n<tr class=\"row-31\">\n\t<td class=\"column-1\">15. und 16.  Dezember<\/td><td class=\"column-2\"><strong>Weihnachtskonzerte <\/strong><\/td><td class=\"column-3\">Marktkirche, Hannover<\/td><td colspan=\"4\" class=\"column-4\"><a href=\"https:\/\/maedchenchor-hannover.de\/?page_id=5834#weihnachten2017\" class=\"rueckschau-link foto1\" target=\"_blank\" rel=\"noopener noreferrer\">  <\/a><\/td>\n<\/tr>\n<tr class=\"row-32\">\n\t<td class=\"column-1\">17. Dezember<\/td><td class=\"column-2\"><strong>Familienkonzert <\/strong><\/td><td colspan=\"5\" class=\"column-3\">Marktkirche, Hannover<\/td>\n<\/tr>\n<\/tbody>\n<\/table>\n<!-- #tablepress-302 from cache --><\/div>\n\t\t\t\t\t\t\t\t\t<div class=\"elementor-tab-title elementor-tab-mobile-title\" aria-selected=\"false\" data-tab=\"6\" role=\"tab\" tabindex=\"-1\" aria-controls=\"elementor-tab-content-7156\" aria-expanded=\"false\">2013 - 16<\/div>\n\t\t\t\t\t<div id=\"elementor-tab-content-7156\" class=\"elementor-tab-content elementor-clearfix\" data-tab=\"6\" role=\"tabpanel\" aria-labelledby=\"elementor-tab-title-7156\" tabindex=\"0\" hidden=\"hidden\"><h6>Konzertjahr 2016<\/h6>\n<table id=\"tablepress-303\" class=\"tablepress tablepress-id-303 tbody-has-connected-cells\">\n<tbody class=\"row-striping\">\n<tr class=\"row-1\">\n\t<td class=\"column-1\">15. Januar<\/td><td class=\"column-2\"><strong>Workshop mit \u201eThe King\u2019s Singers\u201c <\/strong><\/td><td colspan=\"5\" class=\"column-3\">Christuskirche, Hannover<\/td>\n<\/tr>\n<tr class=\"row-2\">\n\t<td class=\"column-1\">16. Januar<\/td><td class=\"column-2\"><strong>Konzert \u201eThe King\u2019s Singers\u201c und M\u00e4dchenchor Hannover<\/strong><\/td><td colspan=\"5\" class=\"column-3\">Christuskirche, Hannover<\/td>\n<\/tr>\n<tr class=\"row-3\">\n\t<td class=\"column-1\">17. Januar<\/td><td class=\"column-2\"><strong>Neujahrskonzert mit \u201eThe King\u2019s Singers\u201c<\/strong><\/td><td class=\"column-3\">Staatsoper, Hannover<\/td><td colspan=\"4\" class=\"column-4\"><a href=\"https:\/\/maedchenchor-hannover.de\/?page_id=3687\/#njk2016\" class=\"rueckschau-link foto1\" target=\"_blank\" rel=\"noopener noreferrer\"> <\/a><\/td>\n<\/tr>\n<tr class=\"row-4\">\n\t<td class=\"column-1\">20. &#8211; 21. Feburar<\/td><td class=\"column-2\"><strong>CD-Aufnahme \u201eTilge, H\u00f6chster meine S\u00fcnden\u201c<\/strong><\/td><td colspan=\"5\" class=\"column-3\">Pauluskirche, Hannover<\/td>\n<\/tr>\n<tr class=\"row-5\">\n\t<td class=\"column-1\">21. Feburar<\/td><td class=\"column-2\"><strong>Dankeskonzert<\/strong><\/td><td class=\"column-3\">Christuskirche, Hannover<\/td><td colspan=\"4\" class=\"column-4\">f\u00fcr die F\u00f6rderer des M\u00e4dchenchors<\/td>\n<\/tr>\n<tr class=\"row-6\">\n\t<td class=\"column-1\">28. Feburar<\/td><td class=\"column-2\"><strong>Aufnahmepr\u00fcfung<\/strong><\/td><td colspan=\"5\" class=\"column-3\">Christuskirche, Hannover<\/td>\n<\/tr>\n<tr class=\"row-7\">\n\t<td class=\"column-1\">13. M\u00e4rz<\/td><td class=\"column-2\"><strong>Benefizkonzert \u201eAbenteuer Erste Liebe\u201c<\/strong><\/td><td colspan=\"5\" class=\"column-3\">Christuskirche, Hannover<\/td>\n<\/tr>\n<tr class=\"row-8\">\n\t<td class=\"column-1\">20. M\u00e4rz<\/td><td class=\"column-2\"><strong>Mitwirkung bei der Matth\u00e4us-Passion <\/strong><\/td><td class=\"column-3\">Pauluskirche, Hannover<\/td><td colspan=\"4\" class=\"column-4\">im Rahmen von BachHEUTE<\/td>\n<\/tr>\n<tr class=\"row-9\">\n\t<td class=\"column-1\">25. M\u00e4rz<\/td><td class=\"column-2\"><strong>Gottesdienst mit Bachs \u201eTilge, H\u00f6chster meine S\u00fcnden<\/strong><\/td><td class=\"column-3\">Pauluskirche, Hannover<\/td><td colspan=\"4\" class=\"column-4\">im Rahmen von BachHEUTE <\/td>\n<\/tr>\n<tr class=\"row-10\">\n\t<td class=\"column-1\">28. M\u00e4rz<\/td><td class=\"column-2\"><strong>Begegnungskonzert<\/strong><\/td><td class=\"column-3\">Christuskirche, Hannover<\/td><td colspan=\"4\" class=\"column-4\">mit dem japanischen NHK Kinderchor<\/td>\n<\/tr>\n<tr class=\"row-11\">\n\t<td class=\"column-1\">09. April<\/td><td class=\"column-2\"><strong>Konzert beim Jahreskongress des BDG<\/strong><\/td><td class=\"column-3\">HMTM Hannover<\/td><td colspan=\"4\" class=\"column-4\">Bundesverband Deutscher Gesangsp\u00e4dagogen<\/td>\n<\/tr>\n<tr class=\"row-12\">\n\t<td class=\"column-1\">28. &#8211; 30. April, 01. Mai<\/td><td class=\"column-2\"><strong>Mitwirkung am NDR-Filmprojekt \u201eDas Parf\u00fcm\u201c<\/strong><\/td><td colspan=\"5\" class=\"column-3\">Gro\u00dfer Sendesaal des NDR, Hannover<\/td>\n<\/tr>\n<tr class=\"row-13\">\n\t<td class=\"column-1\">07. Mai<\/td><td class=\"column-2\"><strong>Workshop mit \u201eThe King\u2019s Singers\u201c und M\u00e4dchenchor<\/strong><\/td><td class=\"column-3\">Christuskirche, Hannover<\/td><td class=\"column-4\">im Rahmen der Internationalen A cappella Woche Hannover<\/td><td colspan=\"3\" class=\"column-5\"><a href=\"https:\/\/maedchenchor-hannover.de\/?page_id=17236#galerie2016\"\" class=\"fotos-link foto-fotos\" rel=\"noopener noreferrer\" target=\"_blank\"><\/a><\/td>\n<\/tr>\n<tr class=\"row-14\">\n\t<td class=\"column-1\">08. Mai<\/td><td class=\"column-2\"><strong>Konzert bei den Musikwochen Weserbergland<\/strong><\/td><td class=\"column-3\">Klosterkirche Amelungsborn<\/td><td colspan=\"4\" class=\"column-4\"><a href=\"https:\/\/maedchenchor-hannover.de\/wp-content\/uploads\/Konzertprogramm_Musikwochen_Weserbergland_08.05.16.pdf\" class=\"programm-link foto-programm\" target=\"_blank\" rel=\"noopener noreferrer\"><\/a><\/td>\n<\/tr>\n<tr class=\"row-15\">\n\t<td class=\"column-1\">15. Mai<\/td><td class=\"column-2\"><strong>Er\u00f6ffnungskonzert<\/strong><\/td><td class=\"column-3\">Kuppelsaal, Hannover<\/td><td class=\"column-4\">KunstFestSpiele Hannover<br \/>\nArnold Sch\u00f6nberg, Gurrelieder<\/td><td colspan=\"3\" class=\"column-5\"><a href=\"https:\/\/maedchenchor-hannover.de\/?page_id=17236#galerie2016\" class=\"fotos-link foto-fotos\" rel=\"noopener noreferrer\" target=\"_blank\"><\/a><\/td>\n<\/tr>\n<tr class=\"row-16\">\n\t<td class=\"column-1\">29. Mai<\/td><td class=\"column-2\"><strong>Rezital II<\/strong><\/td><td class=\"column-3\">Christuskirche, Hannover<\/td><td colspan=\"4\" class=\"column-4\"><a href=\"https:\/\/maedchenchor-hannover.de\/wp-content\/uploads\/Programm_Rezital-II_160529.pdf\" class=\"programm-link foto-programm\" target=\"_blank\" rel=\"noopener noreferrer\"><\/a><\/td>\n<\/tr>\n<tr class=\"row-17\">\n\t<td class=\"column-1\">05. Juni<\/td><td class=\"column-2\"><strong>Ensemble-Konzert beim Empfang des D\u00e4nischen Konsulates<\/strong><\/td><td class=\"column-3\">Hannover<\/td><td class=\"column-4\">mit der Tubaklasse (10 Tubisten) von Prof. Jens Bj\u00f6rn-Larsen<\/td><td colspan=\"3\" class=\"column-5\"><a href=\"https:\/\/maedchenchor-hannover.de\/?page_id=17236#galerie2016\" class=\"fotos-link foto-fotos\" rel=\"noopener noreferrer\" target=\"_blank\"><\/a><\/td>\n<\/tr>\n<tr class=\"row-18\">\n\t<td class=\"column-1\">08. Juni<\/td><td class=\"column-2\"><strong>Konzert, Chortage Hannover<\/strong><\/td><td class=\"column-3\"> Galerie Herrenh\u00e4user G\u00e4rten, Hannover<\/td><td colspan=\"4\" class=\"column-4\"><a href=\"https:\/\/maedchenchor-hannover.de\/?page_id=3687\/#chortage2016\" class=\"rueckschau-link foto1\" target=\"_blank\" rel=\"noopener noreferrer\"> <\/a><\/td>\n<\/tr>\n<tr class=\"row-19\">\n\t<td class=\"column-1\">19. Juni<\/td><td class=\"column-2\"><strong>Rezital  Auf Fl\u00fcgeln des Gesanges<\/strong><\/td><td class=\"column-3\">Christuskirche, Hannover<\/td><td colspan=\"4\" class=\"column-4\"><a href=\"https:\/\/maedchenchor-hannover.de\/?page_id=3687\/#rezital2016\" class=\"rueckschau-link foto1\" target=\"_blank\" rel=\"noopener noreferrer\"> <\/a><\/td>\n<\/tr>\n<tr class=\"row-20\">\n\t<td class=\"column-1\">23. Juli<\/td><td class=\"column-2\"><strong>Mitwirkung bei \u201cLa Traviata\u201d<\/strong><\/td><td class=\"column-3\">Maschpark, Hannover<\/td><td class=\"column-4\">im Rahmen der NDR Klassik Open Air<\/td><td class=\"column-5\">Ltg.: Keri Lynn Wilson<\/td><td colspan=\"2\" class=\"column-6\"><a href=\"https:\/\/maedchenchor-hannover.de\/wp-content\/uploads\/La-Traviata_160723.pdf\" class=\"programm-link foto-programm\" target=\"_blank\" rel=\"noopener noreferrer\"><\/a><\/td>\n<\/tr>\n<tr class=\"row-21\">\n\t<td class=\"column-1\">24. Juli-1. August<\/td><td class=\"column-2\"><strong>Chorstudienwoche<\/strong><\/td><td colspan=\"5\" class=\"column-3\">Frenswegen<\/td>\n<\/tr>\n<tr class=\"row-22\">\n\t<td class=\"column-1\">10. September<\/td><td class=\"column-2\"><strong>Mitwirkung bei \u201eHannover Proms\u201d<\/strong><\/td><td colspan=\"5\" class=\"column-3\">Kuppelsaal, Hannover<\/td>\n<\/tr>\n<tr class=\"row-23\">\n\t<td class=\"column-1\">25. September<\/td><td class=\"column-2\"><strong>Urauff\u00fchrung von Andreas N. Tarkmanns \u201eInka-Kantate\u201c<\/strong><\/td><td class=\"column-3\">Christuskirche, Hannover<\/td><td colspan=\"4\" class=\"column-4\"><a href=\"https:\/\/maedchenchor-hannover.de\/?page_id=3687\/#inka2016\" class=\"rueckschau-link foto1\" target=\"_blank\" rel=\"noopener noreferrer\"> <\/a><\/td>\n<\/tr>\n<tr class=\"row-24\">\n\t<td class=\"column-1\">30. September<\/td><td class=\"column-2\"><strong>Auftritt beim Empfang anl\u00e4sslich des chinesischen Nationalfeiertags<\/strong><\/td><td colspan=\"5\" class=\"column-3\">Chinesische Botschaft, Berlin<\/td>\n<\/tr>\n<tr class=\"row-25\">\n\t<td class=\"column-1\">01. &#8211; 12. Oktober<\/td><td class=\"column-2\"><strong>Konzertreise China<\/strong><\/td><td class=\"column-3\">Volksrepublik China<\/td><td colspan=\"4\" class=\"column-4\"><a href=\"https:\/\/maedchenchor-hannover.de\/?page_id=165\/#konzertreisechina2016\" class=\"mehrinfo-link foto2\" rel=\"noopener noreferrer\" target=\"_blank\"><\/a><\/td>\n<\/tr>\n<tr class=\"row-26\">\n\t<td class=\"column-1\">30. Oktober<\/td><td class=\"column-2\"><strong>Mitwirkung beim \u201eFestkonzert\u201c des Nieders\u00e4chsischen Chorverbandes<\/strong><\/td><td class=\"column-3\">Christuskirche, Hannover<\/td><td colspan=\"4\" class=\"column-4\"><a href=\"https:\/\/maedchenchor-hannover.de\/?page_id=17236'#galerie2016\" class=\"fotos-link foto-fotos\" rel=\"noopener noreferrer\" target=\"_blank\"><\/a><\/td>\n<\/tr>\n<tr class=\"row-27\">\n\t<td class=\"column-1\">06. November<\/td><td class=\"column-2\"><strong>Rezital III<\/strong><\/td><td class=\"column-3\">Christuskirche, Hannover<\/td><td colspan=\"4\" class=\"column-4\">mit Juliane Dennert und Johanna Hennig<\/td>\n<\/tr>\n<tr class=\"row-28\">\n\t<td class=\"column-1\">02. und 03. Dezember<\/td><td class=\"column-2\"><strong>Adventskonzerte<\/strong><\/td><td class=\"column-3\">Marktkirche, Hannover<\/td><td colspan=\"4\" class=\"column-4\"><a href=\"https:\/\/maedchenchor-hannover.de\/?page_id=3687\/#weihnachten2016\" class=\"rueckschau-link foto1\" target=\"_blank\" rel=\"noopener noreferrer\"> <\/a><\/td>\n<\/tr>\n<tr class=\"row-29\">\n\t<td class=\"column-1\">04. Dezember<\/td><td class=\"column-2\"><strong>Familienkonzert <\/strong><\/td><td colspan=\"5\" class=\"column-3\">Marktkirche, Hannover<\/td>\n<\/tr>\n<tr class=\"row-30\">\n\t<td class=\"column-1\">09. &#8211;  11. Dezember<\/td><td class=\"column-2\"><strong>Weihnachtskonzerte mit den N\u00fcrnberger Symphonikern<\/strong><\/td><td class=\"column-3\">Meistersingerhalle, N\u00fcrnberg<\/td><td class=\"column-4\">3 Weihnachtskonzerte<\/td><td colspan=\"3\" class=\"column-5\"><a href=\"https:\/\/maedchenchor-hannover.de\/wp-content\/uploads\/Nuernberger-Symphoniker_161210.pdf\" class=\"programm-link foto-programm\" target=\"_blank\" rel=\"noopener noreferrer\"><\/a><\/td>\n<\/tr>\n<tr class=\"row-31\">\n\t<td class=\"column-1\">24. Dezember<\/td><td class=\"column-2\"><strong>Festgottesdienst<\/strong><\/td><td colspan=\"5\" class=\"column-3\">Marktkirche, Hannover<\/td>\n<\/tr>\n<\/tbody>\n<\/table>\n<!-- #tablepress-303 from cache --><hr \/><h6>Konzertjahr 2015<\/h6>\n<table id=\"tablepress-304\" class=\"tablepress tablepress-id-304 tbody-has-connected-cells\">\n<tbody class=\"row-striping\">\n<tr class=\"row-1\">\n\t<td class=\"column-1\">11. Januar<\/td><td class=\"column-2\"><strong>Neujahrskonzert<\/strong><\/td><td class=\"column-3\">Staatsoper, Hannover<\/td><td class=\"column-4\"><a href=\"https:\/\/maedchenchor-hannover.de\/?page_id=17236#galerie2015\"\" class=\"fotos-link foto-fotos\" rel=\"noopener noreferrer\" target=\"_blank\"><\/a><\/td><td class=\"column-5\"><a href=\"https:\/\/maedchenchor-hannover.de\/wp-content\/uploads\/njk2015-Programmheft-1.pdf\" class=\"programm-link foto-programm\" target=\"_blank\" rel=\"noopener noreferrer\"><\/a><\/td><td colspan=\"2\" class=\"column-6\"><a href=\"https:\/\/maedchenchor-hannover.de\/wp-content\/uploads\/njk2015-Plakat.jpg\" class=\"mehrinfo-link foto2\" rel=\"noopener noreferrer\" target=\"_blank\"><\/a><\/td>\n<\/tr>\n<tr class=\"row-2\">\n\t<td class=\"column-1\">01. M\u00e4rz<\/td><td class=\"column-2\"><strong>Aufnahmepr\u00fcfung<\/strong><\/td><td colspan=\"5\" class=\"column-3\">Christuskirche, Hannover<\/td>\n<\/tr>\n<tr class=\"row-3\">\n\t<td class=\"column-1\">15. M\u00e4rz<\/td><td class=\"column-2\"><strong>Konzert, Tage der Chor- und Orchestermusik<\/strong><\/td><td class=\"column-3\">Celle<\/td><td class=\"column-4\"><a href=\"https:\/\/maedchenchor-hannover.de\/?page_id=17236#galerie2015\"\" class=\"fotos-link foto-fotos\" rel=\"noopener noreferrer\" target=\"_blank\"><\/a><\/td><td colspan=\"3\" class=\"column-5\"><a href=\"https:\/\/maedchenchor-hannover.de\/wp-content\/uploads\/20150316_Celler-Zeitung_Gauck-stolz-auf-Musikkultur.pdf\" class=\"presse-link foto-presse\" rel=\"noopener noreferrer\" target=\"_blank\"> <\/a><\/td>\n<\/tr>\n<tr class=\"row-4\">\n\t<td class=\"column-1\">21. -24. April<\/td><td class=\"column-2\"><strong>Chorbegegnung mit dem slowenischen Chor \u201eSt. Stanislav\u201c<\/strong><\/td><td colspan=\"5\" class=\"column-3\">Hannover<\/td>\n<\/tr>\n<tr class=\"row-5\">\n\t<td class=\"column-1\">22. April<\/td><td class=\"column-2\"><strong>Begegnungskonzert<\/strong><\/td><td class=\"column-3\">Christuskirche, Hannover<\/td><td colspan=\"4\" class=\"column-4\">mit dem slowenischen Chor \u201eSt. Stanislav\u201c und \u201eQuilisma\u201c<\/td>\n<\/tr>\n<tr class=\"row-6\">\n\t<td class=\"column-1\">23. April<\/td><td class=\"column-2\"><strong>Konzert zum 15-j\u00e4hrigen Jubil\u00e4um der NordLB<\/strong><\/td><td colspan=\"5\" class=\"column-3\">Expowal, Hannover<\/td>\n<\/tr>\n<tr class=\"row-7\">\n\t<td class=\"column-1\">01. Mai<\/td><td class=\"column-2\"><strong>Konzert, \u201eChildren\u2019s Crusade\u201c<\/strong><\/td><td class=\"column-3\">Gro\u00dfer Sendesaal des NDR, Hannover<\/td><td colspan=\"4\" class=\"column-4\"><a href=\"https:\/\/maedchenchor-hannover.de\/wp-content\/uploads\/Eroeffnungskonzert_Planet-Messiaen_150501.pdf\" class=\"programm-link foto-programm\" target=\"_blank\" rel=\"noopener noreferrer\"><\/a><\/td>\n<\/tr>\n<tr class=\"row-8\">\n\t<td class=\"column-1\">02. Mai<\/td><td class=\"column-2\"><strong>CD-Aufnahme von Britten\u2019s \u201eChildren\u2019s Crusade\u201c<\/strong><\/td><td class=\"column-3\">Hochschule f\u00fcr Musik, Theater und Medien Hannover<\/td><td class=\"column-4\"><a href=\"https:\/\/maedchenchor-hannover.de\/?page_id=17236#galerie2015\"\" class=\"fotos-link foto-fotos\" rel=\"noopener noreferrer\" target=\"_blank\"><\/a><\/td><td colspan=\"3\" class=\"column-5\"><a href=\"https:\/\/maedchenchor-hannover.de\/wp-content\/uploads\/20151119_HAZ_Schattenmusik.jpg\" class=\"presse-link foto-presse\" rel=\"noopener noreferrer\" target=\"_blank\"> <\/a><\/td>\n<\/tr>\n<tr class=\"row-9\">\n\t<td class=\"column-1\">17. Mai<\/td><td class=\"column-2\"><strong>Konzert f\u00fcr die Goethe-Gesellschaft<\/strong><\/td><td colspan=\"5\" class=\"column-3\">Christuskirche, Hannover<\/td>\n<\/tr>\n<tr class=\"row-10\">\n\t<td class=\"column-1\">05. Juni<\/td><td class=\"column-2\"><strong>Konzert<\/strong><\/td><td class=\"column-3\">Orangerie, Hannover<\/td><td class=\"column-4\">im Rahmen der KunstFestSpiele Hannover<\/td><td class=\"column-5\">Projekt mit David Moss<\/td><td class=\"column-6\"><a href=\"https:\/\/maedchenchor-hannover.de\/wp-content\/uploads\/Kunstfestspiele_150529.pdf\" class=\"programm-link foto-programm\" target=\"_blank\" rel=\"noopener noreferrer\"><\/a><\/td><td class=\"column-7\"><a href=\"https:\/\/maedchenchor-hannover.de\/wp-content\/uploads\/20150606_HAZ_Zur\u00fcck-in-die-Zukunft.jpg\" class=\"presse-link foto-presse\" rel=\"noopener noreferrer\" target=\"_blank\"> <\/a><\/td>\n<\/tr>\n<tr class=\"row-11\">\n\t<td class=\"column-1\">13. Juni<\/td><td class=\"column-2\"><strong>Mitwirkung beim Salonfestival \u2013 Denkm\u00e4ler in Deutschland<\/strong><\/td><td colspan=\"5\" class=\"column-3\">Hopfenspeicher Isernhagen<\/td>\n<\/tr>\n<tr class=\"row-12\">\n\t<td class=\"column-1\">17. Juni<\/td><td class=\"column-2\"><strong>Konzert f\u00fcr BMW<\/strong><\/td><td colspan=\"5\" class=\"column-3\">Expopark, Hannover<\/td>\n<\/tr>\n<tr class=\"row-13\">\n\t<td class=\"column-1\">21. Juni<\/td><td class=\"column-2\"><strong>Konzert, Chortage Hannover<\/strong><\/td><td class=\"column-3\">Christuskirche, Hannover<\/td><td colspan=\"4\" class=\"column-4\"><a href=\"https:\/\/maedchenchor-hannover.de\/wp-content\/uploads\/20150622_HAZ_Samtig-bis-herb.jpg\" class=\"presse-link foto-presse\" rel=\"noopener noreferrer\" target=\"_blank\"> <\/a><\/td>\n<\/tr>\n<tr class=\"row-14\">\n\t<td class=\"column-1\">27. Juni<\/td><td class=\"column-2\"><strong>Konzert, NDR Musikfest<\/strong><\/td><td colspan=\"5\" class=\"column-3\">Marktkirche, Hannover<\/td>\n<\/tr>\n<tr class=\"row-15\">\n\t<td class=\"column-1\">17. Juli<\/td><td class=\"column-2\"><strong>Mitwirkung bei der Gala der NDR Radiophilharmonie <\/strong><\/td><td class=\"column-3\">Maschpark, Hannover<\/td><td colspan=\"4\" class=\"column-4\"><a href=\"https:\/\/maedchenchor-hannover.de\/wp-content\/uploads\/20150718_HAZ_Stars-unter-Sternen.jpg\" class=\"presse-link foto-presse\" rel=\"noopener noreferrer\" target=\"_blank\"> <\/a><\/td>\n<\/tr>\n<tr class=\"row-16\">\n\t<td class=\"column-1\">18. Juli<\/td><td class=\"column-2\"><strong>Mitwirkung bei La Boh\u00e8me mit der  NDR Radiophilharmonie <\/strong><\/td><td class=\"column-3\">Maschpark, Hannover<\/td><td class=\"column-4\">Leitung: Keri Lynn Wilson<br \/>\nGiacomo Puccini, La Boh\u00e8me\u2026\u2026im Maschpark<\/td><td colspan=\"3\" class=\"column-5\"><a href=\"https:\/\/maedchenchor-hannover.de\/wp-content\/uploads\/20150720_HAZ_Neue-Liebe.jpg\" class=\"presse-link foto-presse\" rel=\"noopener noreferrer\" target=\"_blank\"> <\/a><\/td>\n<\/tr>\n<tr class=\"row-17\">\n\t<td class=\"column-1\">22. &#8211; 30. August<\/td><td class=\"column-2\"><strong>Chorstudientage<\/strong><\/td><td colspan=\"5\" class=\"column-3\">Frenswegen<\/td>\n<\/tr>\n<tr class=\"row-18\">\n\t<td class=\"column-1\">10., 11., 12. September<\/td><td class=\"column-2\"><strong>Mitwirkung bei den Er\u00f6ffnungskonzerten der NDR Radiophilharmonie<\/strong><\/td><td class=\"column-3\">Gro\u00dfer Sendesaal des NDR, Hannover<\/td><td class=\"column-4\"><a href=\"https:\/\/maedchenchor-hannover.de\/wp-content\/uploads\/2015sep.png\" class=\"konzerte2015sep-link foto-konzerte2015sep\" rel=\"noopener noreferrer\" target=\"_blank\"> <\/a><\/td><td colspan=\"3\" class=\"column-5\"><a href=\"https:\/\/maedchenchor-hannover.de\/wp-content\/uploads\/NDR-Radiophilharmonie_Konzertsaison-2015-und2016.pdf\" class=\"programm-link foto-programm\" target=\"_blank\" rel=\"noopener noreferrer\"><\/a><\/td>\n<\/tr>\n<tr class=\"row-19\">\n\t<td class=\"column-1\">12. September<\/td><td class=\"column-2\"><strong>Konzert, Nieders\u00e4chsische Musiktage<\/strong><\/td><td class=\"column-3\">Kloster Mariensee<\/td><td colspan=\"4\" class=\"column-4\"><a href=\"https:\/\/maedchenchor-hannover.de\/wp-content\/uploads\/20150914_HAZ_Von-Sehnsucht-und-Wehmut.jpg\" class=\"presse-link foto-presse\" rel=\"noopener noreferrer\" target=\"_blank\"> <\/a><\/td>\n<\/tr>\n<tr class=\"row-20\">\n\t<td class=\"column-1\">13. September<\/td><td class=\"column-2\"><strong>Mitwirkung beim Er\u00f6ffnungskonzert der NDR Radiophilharmonie<\/strong><\/td><td colspan=\"5\" class=\"column-3\">Stadthalle, Braunschweig<\/td>\n<\/tr>\n<tr class=\"row-21\">\n\t<td class=\"column-1\">20. September<\/td><td class=\"column-2\"><strong>Auftritt beim Aegidien-Empfang<\/strong><\/td><td colspan=\"5\" class=\"column-3\">Christuskirche, Hannover<\/td>\n<\/tr>\n<tr class=\"row-22\">\n\t<td class=\"column-1\">20. September<\/td><td class=\"column-2\"><strong>Rezital<\/strong><\/td><td class=\"column-3\">Christuskirche, Hannover<\/td><td colspan=\"4\" class=\"column-4\"><a href=\"https:\/\/maedchenchor-hannover.de\/wp-content\/uploads\/Rezital_150920.pdf\" class=\"programm-link foto-programm\" target=\"_blank\" rel=\"noopener noreferrer\"><\/a><\/td>\n<\/tr>\n<tr class=\"row-23\">\n\t<td class=\"column-1\">26. September<\/td><td class=\"column-2\"><strong>Konzert, Nieders\u00e4chsische Musiktage<\/strong><\/td><td colspan=\"5\" class=\"column-3\">St. Viti-Kirche, Zeven<\/td>\n<\/tr>\n<tr class=\"row-24\">\n\t<td class=\"column-1\">10. Oktober<\/td><td class=\"column-2\"><strong>Konzert<\/strong><\/td><td colspan=\"5\" class=\"column-3\">Kloster Loccum<\/td>\n<\/tr>\n<tr class=\"row-25\">\n\t<td class=\"column-1\">11. Oktober<\/td><td class=\"column-2\"><strong>CD-Aufnahme von Gabriel Faur\u00e9s \u201eMesse des p\u00eacheurs de Villerville\u201c<\/strong><\/td><td colspan=\"5\" class=\"column-3\">Pauluskirche, Hannover<\/td>\n<\/tr>\n<tr class=\"row-26\">\n\t<td class=\"column-1\">16. &#8211; 27. Oktober<\/td><td class=\"column-2\"><strong>Konzertreise nach Italien<\/strong><\/td><td class=\"column-3\">Italien<\/td><td class=\"column-4\">mit Konzerten in Venedig, Bozen, Bologna, Rom<\/td><td class=\"column-5\"><a href=\"https:\/\/maedchenchor-hannover.de\/?page_id=165#konzertreiseitalien2015\" class=\"rueckschau-link foto1\" target=\"_blank\" rel=\"noopener noreferrer\"><\/a><\/td><td colspan=\"2\" class=\"column-6\"><a href=\"https:\/\/maedchenchor-hannover.de\/wp-content\/uploads\/151025-KonzertprogrammRom.pdf\" class=\"programm-link foto-programm\" target=\"_blank\" rel=\"noopener noreferrer\"><\/a><\/td>\n<\/tr>\n<tr class=\"row-27\">\n\t<td class=\"column-1\">10. Dezember<\/td><td class=\"column-2\"><strong>Konzert f\u00fcr Haus- und Grundeigentum<\/strong><\/td><td colspan=\"5\" class=\"column-3\">Kastens Hotel Luisenhof, Hannover<\/td>\n<\/tr>\n<tr class=\"row-28\">\n\t<td class=\"column-1\">11. und 12. Dezember <\/td><td class=\"column-2\"><strong>Weihnachtskonzerte<\/strong><\/td><td class=\"column-3\">Marktkirche, Hannover<\/td><td class=\"column-4\"><a href=\"https:\/\/maedchenchor-hannover.de\/wp-content\/uploads\/151211-Weihnachtskonzerte-Programmheft.pdf\" class=\"programm-link foto-programm\" target=\"_blank\" rel=\"noopener noreferrer\"><\/a><\/td><td class=\"column-5\"><a href=\"https:\/\/maedchenchor-hannover.de\/?page_id=17236#galerie2015\"\" class=\"fotos-link foto-fotos\" rel=\"noopener noreferrer\" target=\"_blank\"><\/a><\/td><td colspan=\"2\" class=\"column-6\"><a href=\"https:\/\/maedchenchor-hannover.de\/wp-content\/uploads\/20151215_HAZ_Strahlender-Advent.jpg\" class=\"presse-link foto-presse\" rel=\"noopener noreferrer\" target=\"_blank\"> <\/a><\/td>\n<\/tr>\n<tr class=\"row-29\">\n\t<td class=\"column-1\">17. und 18. Dezember<\/td><td class=\"column-2\"><strong>Mitwirkung bei den Weihnachtskonzerten der NDR Radiophilharmonie<\/strong><\/td><td class=\"column-3\">Gro\u00dfer Sendesaal des NDR, Hannover<\/td><td class=\"column-4\"><a href=\"https:\/\/maedchenchor-hannover.de\/wp-content\/uploads\/NDR-Radiophilharmonie_festliche-Weihnachtskonzerte-2015und2016.pdf\" class=\"programm-link foto-programm\" target=\"_blank\" rel=\"noopener noreferrer\"><\/a><\/td><td colspan=\"3\" class=\"column-5\"><a href=\"https:\/\/maedchenchor-hannover.de\/wp-content\/uploads\/20151219_HAZ_Musikalische-Schlittenfahrt.jpg\" class=\"presse-link foto-presse\" rel=\"noopener noreferrer\" target=\"_blank\"> <\/a><\/td>\n<\/tr>\n<tr class=\"row-30\">\n\t<td class=\"column-1\">24. Dezember<\/td><td class=\"column-2\"><strong>Festgottesdienst<\/strong><\/td><td colspan=\"5\" class=\"column-3\">Marktkirche, Hannover<\/td>\n<\/tr>\n<\/tbody>\n<\/table>\n<!-- #tablepress-304 from cache --><hr \/><h6>Konzertjahr 2014<\/h6>\n<table id=\"tablepress-305\" class=\"tablepress tablepress-id-305 tbody-has-connected-cells\">\n<tbody class=\"row-striping\">\n<tr class=\"row-1\">\n\t<td class=\"column-1\">18. Januar<\/td><td class=\"column-2\"><strong>Mitwirkung Festakt 20 Jahre Stiftung Neurobionik<\/strong><\/td><td colspan=\"5\" class=\"column-3\">Theater am Aegi, Hannover<\/td>\n<\/tr>\n<tr class=\"row-2\">\n\t<td class=\"column-1\">26. Januar<\/td><td class=\"column-2\"><strong>Neujahrskonzert<\/strong><\/td><td class=\"column-3\">Staatsoper, Hannover<\/td><td colspan=\"4\" class=\"column-4\"><a href=\"https:\/\/maedchenchor-hannover.de\/wp-content\/uploads\/MCH_Neujahrskonzert2014.pdf\" class=\"programm-link foto-programm\" target=\"_blank\" rel=\"noopener noreferrer\"><\/a><\/td>\n<\/tr>\n<tr class=\"row-3\">\n\t<td class=\"column-1\">03. Februar<\/td><td class=\"column-2\"><strong>Auszeichnung<\/strong><\/td><td class=\"column-3\">Hannover<\/td><td class=\"column-4\">Verleihung Nieders\u00e4chsischer Staatspreis an Gudrun Schr\u00f6fel<\/td><td colspan=\"3\" class=\"column-5\"><a href=\"https:\/\/maedchenchor-hannover.de\/wp-content\/uploads\/2014_HAZ_Ein-Klangerlebnis-der-besonderen-Art-scaled.jpg\" class=\"presse-link foto-presse\" rel=\"noopener noreferrer\" target=\"_blank\"> <\/a><\/td>\n<\/tr>\n<tr class=\"row-4\">\n\t<td class=\"column-1\">09. Februar<\/td><td class=\"column-2\"><strong>Mitwirkung Liederfest der HMTMH<\/strong><\/td><td colspan=\"5\" class=\"column-3\">Kl. Sendesaal des NDR, Hannover<\/td>\n<\/tr>\n<tr class=\"row-5\">\n\t<td class=\"column-1\">17. April<\/td><td class=\"column-2\"><strong>Mitwirkung beim 70. Geburtstag von Altbundeskanzler Gerhard Schr\u00f6der<\/strong><\/td><td colspan=\"5\" class=\"column-3\">Neues Rathaus, Hannover<\/td>\n<\/tr>\n<tr class=\"row-6\">\n\t<td class=\"column-1\">21. &#8211; 24. Mai<\/td><td class=\"column-2\"><strong>Teilnahme am 9. Deutschen Chorwettbewerb<\/strong><\/td><td class=\"column-3\">Weimar<\/td><td class=\"column-4\">1. Preis f\u00fcr den M\u00e4dchenchor Hannover<\/td><td colspan=\"3\" class=\"column-5\"><a href=\"https:\/\/maedchenchor-hannover.de\/wp-content\/uploads\/2014_Deutscher_Chorwettbewerb2014_Weimar.pdf\" class=\"programm-link foto-programm\" target=\"_blank\" rel=\"noopener noreferrer\"><\/a><\/td>\n<\/tr>\n<tr class=\"row-7\">\n\t<td class=\"column-1\"> 24. Mai  &#8211; 01. Juni<\/td><td class=\"column-2\"><strong>Mitwirkung beim Europ\u00e4ischen Jugendchor Festival, Basel<\/strong><\/td><td colspan=\"5\" class=\"column-3\">Basel, Schweiz<\/td>\n<\/tr>\n<tr class=\"row-8\">\n\t<td class=\"column-1\">22. Juni<\/td><td class=\"column-2\"><strong>Konzert<\/strong><\/td><td colspan=\"5\" class=\"column-3\">Bad Nenndorf<\/td>\n<\/tr>\n<tr class=\"row-9\">\n\t<td class=\"column-1\">28. Juni<\/td><td class=\"column-2\"><strong>Mitwirkung bei den KunstFestSpielen Hannover<\/strong><\/td><td class=\"column-3\">Herrenh\u00e4user G\u00e4rten, Hannover<\/td><td colspan=\"4\" class=\"column-4\">Romantische Chormusik von Schubert und Brahms<\/td>\n<\/tr>\n<tr class=\"row-10\">\n\t<td class=\"column-1\">19. und 20. Juli<\/td><td class=\"column-2\"><strong>Mitwirkung bei Tosca mit NDR Radiophilharmonie<\/strong><\/td><td class=\"column-3\">Maschpark Hannover und L\u00fcbeck<\/td><td class=\"column-4\">Ltg.: Eyvind Nullberg-Jensen<\/td><td colspan=\"3\" class=\"column-5\"><a href=\"https:\/\/maedchenchor-hannover.de\/wp-content\/uploads\/20140719-HAZ.jpg\" class=\"presse-link foto-presse\" rel=\"noopener noreferrer\" target=\"_blank\"> <\/a><\/td>\n<\/tr>\n<tr class=\"row-11\">\n\t<td class=\"column-1\">13. September<\/td><td class=\"column-2\"><strong>Mitwirkung bei Night of the Proms mit NDR Radiophilharmonie<\/strong><\/td><td class=\"column-3\">Kuppelsaal, Hannover<\/td><td class=\"column-4\">Ltg.: Andrew Manze<\/td><td colspan=\"3\" class=\"column-5\"><a href=\"https:\/\/maedchenchor-hannover.de\/wp-content\/uploads\/20140915_NP_Die-Briten-des-Nordens-scaled.jpg\" class=\"presse-link foto-presse\" rel=\"noopener noreferrer\" target=\"_blank\"> <\/a><\/td>\n<\/tr>\n<tr class=\"row-12\">\n\t<td class=\"column-1\">20. und 21. September<\/td><td class=\"column-2\"><strong>Auff\u00fchrung von H. Purcells King Arthur<\/strong><\/td><td class=\"column-3\">Christuskirche, Hannover<\/td><td class=\"column-4\"><a href=\"https:\/\/maedchenchor-hannover.de\/wp-content\/uploads\/2014sep.png\" class=\"konzerte2014sep-link foto-konzerte2014sep\" rel=\"noopener noreferrer\" target=\"_blank\"> <\/a><\/td><td class=\"column-5\"><a href=\"https:\/\/maedchenchor-hannover.de\/wp-content\/uploads\/Programm_King-Arthur.pdf\" class=\"programm-link foto-programm\" target=\"_blank\" rel=\"noopener noreferrer\"><\/a><\/td><td colspan=\"2\" class=\"column-6\"><a href=\"https:\/\/maedchenchor-hannover.de\/wp-content\/uploads\/20140922_HAZ_Raum-f\u00fcr-Gesang-scaled.jpg\" class=\"presse-link foto-presse\" rel=\"noopener noreferrer\" target=\"_blank\"> <\/a><\/td>\n<\/tr>\n<tr class=\"row-13\">\n\t<td class=\"column-1\">29. September<\/td><td class=\"column-2\"><strong>Dankeskonzert<\/strong><\/td><td class=\"column-3\">Christuskirche, Hannover<\/td><td class=\"column-4\"><a href=\"https:\/\/maedchenchor-hannover.de\/wp-content\/uploads\/140929-Konzertprogramm.pdf\" class=\"programm-link foto-programm\" target=\"_blank\" rel=\"noopener noreferrer\"><\/a><\/td><td colspan=\"3\" class=\"column-5\"><a href=\"https:\/\/maedchenchor-hannover.de\/wp-content\/uploads\/141001-HAZ-Konzertkritik.pdf\" class=\"presse-link foto-presse\" rel=\"noopener noreferrer\" target=\"_blank\"> <\/a><\/td>\n<\/tr>\n<tr class=\"row-14\">\n\t<td class=\"column-1\">03. Oktober<\/td><td class=\"column-2\"><strong>Mitwirkung bei der offiz. Feier zum Tag der Dt. Einheit<\/strong><\/td><td colspan=\"5\" class=\"column-3\">Kuppelsaal, Hannover<\/td>\n<\/tr>\n<tr class=\"row-15\">\n\t<td class=\"column-1\">09. &#8211; 12. Oktober<\/td><td class=\"column-2\"><strong>Mitwirkung bei \u201eHerr der Ringe \u2013 Die Gef\u00e4hrten\u201c mit NDR-Radiophilharmonie<\/strong><\/td><td class=\"column-3\">NDR Gro\u00dfer Sendesaal, Hannover<\/td><td colspan=\"4\" class=\"column-4\"><a href=\"https:\/\/maedchenchor-hannover.de\/wp-content\/uploads\/NDR-Radiophilharmonie_Der-Herr-der-Ringe.pdf\" class=\"programm-link foto-programm\" target=\"_blank\" rel=\"noopener noreferrer\"><\/a><\/td>\n<\/tr>\n<tr class=\"row-16\">\n\t<td class=\"column-1\">21. Oktober<\/td><td class=\"column-2\"><strong>Konzert<\/strong><\/td><td class=\"column-3\">M\u00f6belhaus Steinhoff, Hannover<\/td><td colspan=\"4\" class=\"column-4\"><a href=\"https:\/\/maedchenchor-hannover.de\/wp-content\/uploads\/Einladung_Concept-Concert_141021.pdf\" class=\"mehrinfo-link foto2\" rel=\"noopener noreferrer\" target=\"_blank\"><\/a><br \/>\n<\/td>\n<\/tr>\n<tr class=\"row-17\">\n\t<td class=\"column-1\">28. Oktober &#8211; 05. November<\/td><td class=\"column-2\"><strong>Konzertreise <\/strong><\/td><td class=\"column-3\">England<\/td><td class=\"column-4\">Konzerte in  London, Oxford, Bristol, Cambridge und Gloucester<\/td><td colspan=\"3\" class=\"column-5\"><a href=\"https:\/\/maedchenchor-hannover.de\/wp-content\/uploads\/Reisebericht_Konzertreise_England_2014.pdf\" class=\"reisebericht-link foto-reisebericht\" rel=\"noopener noreferrer\" target=\"_blank\"><\/a><\/td>\n<\/tr>\n<tr class=\"row-18\">\n\t<td class=\"column-1\">09. November<\/td><td class=\"column-2\"><strong>Konzert mit den King\u2019s Singers<\/strong><\/td><td class=\"column-3\">Christuskirche, Hannover<\/td><td class=\"column-4\"><a href=\"https:\/\/maedchenchor-hannover.de\/wp-content\/uploads\/141109-KonzertMitKingsSingers.pdf\" class=\"programm-link foto-programm\" target=\"_blank\" rel=\"noopener noreferrer\"><\/a><\/td><td colspan=\"3\" class=\"column-5\"><a href=\"https:\/\/maedchenchor-hannover.de\/wp-content\/uploads\/20141111_HAZ_Perfekte-Partner_Scan-scaled.jpg\" class=\"presse-link foto-presse\" rel=\"noopener noreferrer\" target=\"_blank\"> <\/a><\/td>\n<\/tr>\n<tr class=\"row-19\">\n\t<td class=\"column-1\">05. und 06. Dezember<\/td><td class=\"column-2\"><strong>Weihnachtskonzerte<\/strong><\/td><td class=\"column-3\">Marktkirche, Hannover<\/td><td class=\"column-4\"><a href=\"https:\/\/maedchenchor-hannover.de\/wp-content\/uploads\/Flyer_O-Magnum-Mysterium_141205-1.pdf\" class=\"mehrinfo-link foto2\" rel=\"noopener noreferrer\" target=\"_blank\"><\/a><\/td><td colspan=\"3\" class=\"column-5\"><a href=\"https:\/\/maedchenchor-hannover.de\/wp-content\/uploads\/20141208_HAZ_Ein-Paradest\u00fcck-f\u00fcr-Sch\u00f6nklang-scaled.jpg\" class=\"presse-link foto-presse\" rel=\"noopener noreferrer\" target=\"_blank\"> <\/a><\/td>\n<\/tr>\n<tr class=\"row-20\">\n\t<td class=\"column-1\">08. Dezember<\/td><td class=\"column-2\"><strong>Benefizkonzert f\u00fcr MLP zugunsten der HAZ-Weihnachtshilfe<\/strong><\/td><td class=\"column-3\">Neust\u00e4dter Kirche, Hannover<\/td><td colspan=\"4\" class=\"column-4\"><a href=\"https:\/\/maedchenchor-hannover.de\/wp-content\/uploads\/20141211_HAZ_M\u00e4dchenchor-sorgt-f\u00fcr-Spendenrekord.jpg\" class=\"presse-link foto-presse\" rel=\"noopener noreferrer\" target=\"_blank\"> <\/a><\/td>\n<\/tr>\n<\/tbody>\n<\/table>\n<!-- #tablepress-305 from cache --><hr \/><h6>Konzertjahr 2013<\/h6>\n<table id=\"tablepress-306\" class=\"tablepress tablepress-id-306 tbody-has-connected-cells\">\n<tbody class=\"row-striping\">\n<tr class=\"row-1\">\n\t<td class=\"column-1\">18. Januar<\/td><td class=\"column-2\"><strong>Mitwirkung bei der Schlosser\u00f6ffnung, Herrenhausen<\/strong><\/td><td colspan=\"5\" class=\"column-3\">Herrenhausen, Hannover<\/td>\n<\/tr>\n<tr class=\"row-2\">\n\t<td class=\"column-1\">20. Januar<\/td><td class=\"column-2\"><strong>Neujahrskonzert<\/strong><\/td><td class=\"column-3\">Staatsoper, Hannover<\/td><td class=\"column-4\"><a href=\"https:\/\/maedchenchor-hannover.de\/wp-content\/uploads\/2013njk.png\" class=\"konzerte2013njk-link foto-konzerte2013njk\" rel=\"noopener noreferrer\" target=\"_blank\"> <\/a><\/td><td colspan=\"3\" class=\"column-5\"><a href=\"https:\/\/maedchenchor-hannover.de\/wp-content\/uploads\/njk2013Programm.pdf\" class=\"programm-link foto-programm\" target=\"_blank\" rel=\"noopener noreferrer\"><\/a><\/td>\n<\/tr>\n<tr class=\"row-3\">\n\t<td class=\"column-1\">22. Januar<\/td><td class=\"column-2\"><strong>Mitwirkung bei der NP-Sportgala<\/strong><\/td><td class=\"column-3\">Theater am Aegi, Hannover<\/td><td colspan=\"4\" class=\"column-4\">mit Klaus Meine<\/td>\n<\/tr>\n<tr class=\"row-4\">\n\t<td class=\"column-1\">28. Januar<\/td><td class=\"column-2\"><strong>Konzert bei der Lambertz Monday Night<\/strong><\/td><td class=\"column-3\">K\u00f6ln<\/td><td colspan=\"4\" class=\"column-4\">mit Klaus Meine<\/td>\n<\/tr>\n<tr class=\"row-5\">\n\t<td class=\"column-1\">02. April<\/td><td class=\"column-2\"><strong>CD-Aufnahme I<\/strong><\/td><td class=\"column-3\">Marktkirche, Hannover<\/td><td class=\"column-4\">Haydn\/K\u00f6sler, Messen f\u00fcr Frauenchor<\/td><td colspan=\"3\" class=\"column-5\"><a href=\"https:\/\/maedchenchor-hannover.de\/?page_id=1952\/#messencd\" class=\"mehrinfo-link foto2\" rel=\"noopener noreferrer\" target=\"_blank\"><\/a><\/td>\n<\/tr>\n<tr class=\"row-6\">\n\t<td class=\"column-1\">24. April<\/td><td class=\"column-2\"><strong>Konzert im Essener Dom<\/strong><\/td><td colspan=\"5\" class=\"column-3\">Essen<\/td>\n<\/tr>\n<tr class=\"row-7\">\n\t<td class=\"column-1\">08. &#8211; 10. Mai<\/td><td class=\"column-2\"><strong>CD-Aufnahme II<\/strong><\/td><td class=\"column-3\">Marktkirche, Hannover<\/td><td class=\"column-4\">Haydn \/K\u00f6sler, Messen f\u00fcr Frauenchor<\/td><td colspan=\"3\" class=\"column-5\"><a href=\"https:\/\/maedchenchor-hannover.de\/?page_id=1952\/#messencd\" class=\"mehrinfo-link foto2\" rel=\"noopener noreferrer\" target=\"_blank\"><\/a><\/td>\n<\/tr>\n<tr class=\"row-8\">\n\t<td class=\"column-1\">31. Mai<\/td><td class=\"column-2\"><strong>Mitwirkung War Requiem von B. Britten, mit NDR-Radiophilharmonie<\/strong><\/td><td class=\"column-3\">Kuppelsaal, Hannover<\/td><td class=\"column-4\">mit City of Birmingham Symphony Chorus and Orchestra <\/td><td class=\"column-5\">Leitung Andris Nelsons<\/td><td colspan=\"2\" class=\"column-6\"><a href=\"https:\/\/maedchenchor-hannover.de\/wp-content\/uploads\/130603-HAZ-WarRequiem.jpg\" class=\"presse-link foto-presse\" rel=\"noopener noreferrer\" target=\"_blank\"> <\/a><\/td>\n<\/tr>\n<tr class=\"row-9\">\n\t<td class=\"column-1\">01. Juni<\/td><td class=\"column-2\"><strong>War Requiem mit NDR-Radiophilharmonie<\/strong><\/td><td colspan=\"5\" class=\"column-3\">Frauenkirche, Dresden<\/td>\n<\/tr>\n<tr class=\"row-10\">\n\t<td class=\"column-1\">11. Juni<\/td><td class=\"column-2\"><strong>Konzert bei den KunstFestSpielen Herrenhausen<\/strong><\/td><td class=\"column-3\">Herrenhausen, Hannover<\/td><td class=\"column-4\"><a href=\"https:\/\/maedchenchor-hannover.de\/wp-content\/uploads\/KFS-2013-ProgrammMCH.pdf\" class=\"programm-link foto-programm\" target=\"_blank\" rel=\"noopener noreferrer\"><\/a><\/td><td colspan=\"3\" class=\"column-5\"><a href=\"https:\/\/maedchenchor-hannover.de\/wp-content\/uploads\/Kunstfestspiele_130611.pdf\" class=\"mehrinfo-link foto2\" rel=\"noopener noreferrer\" target=\"_blank\"><\/a><\/td>\n<\/tr>\n<tr class=\"row-11\">\n\t<td class=\"column-1\">16. Juni<\/td><td class=\"column-2\"><strong>Konzert zur 850-Jahr-Feier Kloster Loccum<\/strong><\/td><td class=\"column-3\">Kloster Loccum<\/td><td class=\"column-4\">im Rahmen der Kantatenreihe<\/td><td class=\"column-5\">mit ARTE Ensemble<\/td><td colspan=\"2\" class=\"column-6\"><a href=\"https:\/\/maedchenchor-hannover.de\/wp-content\/uploads\/20130623_LoccumKritik-scaled.jpg\" class=\"presse-link foto-presse\" rel=\"noopener noreferrer\" target=\"_blank\"> <\/a><\/td>\n<\/tr>\n<tr class=\"row-12\">\n\t<td class=\"column-1\">20. Juni<\/td><td class=\"column-2\"><strong>Konzert<\/strong><\/td><td class=\"column-3\">Neues Rathaus, Hannover<\/td><td colspan=\"4\" class=\"column-4\">Feier &#8222;100 Jahre Neues Rathaus&#8220;<\/td>\n<\/tr>\n<tr class=\"row-13\">\n\t<td class=\"column-1\">21. September<\/td><td class=\"column-2\"><strong>Konzert<\/strong><\/td><td class=\"column-3\">Neust\u00e4dter Hof- und Stadtkirche<\/td><td colspan=\"4\" class=\"column-4\"><a href=\"https:\/\/maedchenchor-hannover.de\/wp-content\/uploads\/Viva-Voce_130921.pdf\" class=\"programm-link foto-programm\" target=\"_blank\" rel=\"noopener noreferrer\"><\/a><\/td>\n<\/tr>\n<tr class=\"row-14\">\n\t<td class=\"column-1\">22. September<\/td><td class=\"column-2\"><strong>Mitwirkung Der Fliegende Holl\u00e4nder von R. Wagner<\/strong><\/td><td colspan=\"5\" class=\"column-3\">Kuppelsaal, Hannover<\/td>\n<\/tr>\n<tr class=\"row-15\">\n\t<td class=\"column-1\">29. September<\/td><td class=\"column-2\"><strong>Teilnahme am Nds. Chorwettbewerb<\/strong><\/td><td colspan=\"5\" class=\"column-3\">Wolfenb\u00fcttel<\/td>\n<\/tr>\n<tr class=\"row-16\">\n\t<td class=\"column-1\">07. &#8211; 15. Oktober<\/td><td class=\"column-2\"><strong>Konzertreise<\/strong><\/td><td class=\"column-3\">Slowenien<\/td><td class=\"column-4\">Ljubljana (2 Konzerte), Skofja Loka, Brezije, Slowind Festival<\/td><td class=\"column-5\"><a href=\"https:\/\/maedchenchor-hannover.de\/wp-content\/uploads\/EINLADUNG-NACH-SLOWENIEN.pdf\" class=\"mehrinfo-link foto2\" rel=\"noopener noreferrer\" target=\"_blank\"><\/a><br \/>\n<\/td><td class=\"column-6\"><a href=\"https:\/\/maedchenchor-hannover.de\/wp-content\/uploads\/Slowind2013-Review-Notizen.pdf\" class=\"presse-link foto-presse\" rel=\"noopener noreferrer\" target=\"_blank\"> <\/a><\/td><td class=\"column-7\"><a href=\"https:\/\/maedchenchor-hannover.de\/wp-content\/uploads\/Reisebericht_Slowenien.pdf\" class=\"rueckschau-link foto1\" target=\"_blank\" rel=\"noopener noreferrer\"><\/a><\/td>\n<\/tr>\n<tr class=\"row-17\">\n\t<td class=\"column-1\">20. Oktober<\/td><td class=\"column-2\"><strong>Mitwirkung beim Richard-Wagner-Fest mit NDR-Radiophilharmonie<\/strong><\/td><td colspan=\"5\" class=\"column-3\">Gr. Sendesaal des NDR, Hannover<\/td>\n<\/tr>\n<tr class=\"row-18\">\n\t<td class=\"column-1\">09. November<\/td><td class=\"column-2\"><strong>Konzert f\u00fcr den Blinden- und Sehbehindertenverband Nds.<\/strong><\/td><td colspan=\"5\" class=\"column-3\">Gr. Sendesaal des NDR, Hannover<\/td>\n<\/tr>\n<tr class=\"row-19\">\n\t<td class=\"column-1\">05. und 06. Dezember<\/td><td class=\"column-2\"><strong>Mitwirkung beim Festlichen Konzert des NDR<\/strong><\/td><td class=\"column-3\">Gr. Sendesaal des NDR, Hannover<\/td><td class=\"column-4\"><a href=\"https:\/\/maedchenchor-hannover.de\/wp-content\/uploads\/HAZ_NDRWeihnachtskonzert5122013-1-scaled.jpg\" class=\"presse-link foto-presse\" rel=\"noopener noreferrer\" target=\"_blank\"> <\/a><\/td><td colspan=\"3\" class=\"column-5\"><a href=\"https:\/\/maedchenchor-hannover.de\/wp-content\/uploads\/131206-NDR-Weihnachtskonzert2-MCH-1-5.pdf\" class=\"fotos-link foto-fotos\" rel=\"noopener noreferrer\" target=\"_blank\"><\/a><\/td>\n<\/tr>\n<tr class=\"row-20\">\n\t<td class=\"column-1\">13. und 14. Dezember<\/td><td class=\"column-2\"><strong>Weihnachtskonzerte<\/strong><\/td><td class=\"column-3\">Marktkirche, Hannover<\/td><td colspan=\"4\" class=\"column-4\"><a href=\"https:\/\/maedchenchor-hannover.de\/wp-content\/uploads\/131216_HAZ_Echte-Entdeckung.jpg\" class=\"presse-link foto-presse\" rel=\"noopener noreferrer\" target=\"_blank\"> <\/a><\/td>\n<\/tr>\n<tr class=\"row-21\">\n\t<td class=\"column-1\">25. Dezember<\/td><td class=\"column-2\"><strong>NDR-Radiogottesdienst<\/strong><\/td><td colspan=\"5\" class=\"column-3\">Neust\u00e4dter Kirche<\/td>\n<\/tr>\n<\/tbody>\n<\/table>\n<!-- #tablepress-306 from cache --><\/div>\n\t\t\t\t\t\t\t\t\t<div class=\"elementor-tab-title elementor-tab-mobile-title\" aria-selected=\"false\" data-tab=\"7\" role=\"tab\" tabindex=\"-1\" aria-controls=\"elementor-tab-content-7157\" aria-expanded=\"false\">2007 - 12<\/div>\n\t\t\t\t\t<div id=\"elementor-tab-content-7157\" class=\"elementor-tab-content elementor-clearfix\" data-tab=\"7\" role=\"tabpanel\" aria-labelledby=\"elementor-tab-title-7157\" tabindex=\"0\" hidden=\"hidden\"><h6>Konzertjahr 2012<\/h6>\n<table id=\"tablepress-307\" class=\"tablepress tablepress-id-307 tbody-has-connected-cells\">\n<tbody class=\"row-striping\">\n<tr class=\"row-1\">\n\t<td class=\"column-1\">15. Januar<\/td><td class=\"column-2\"><strong>Neujahrskonzert<\/strong><\/td><td class=\"column-3\">Staatsoper, Hannover<\/td><td class=\"column-4\">unter Schirmherrschaft  von Ministerpr\u00e4sident David McAllister<\/td><td class=\"column-5\">mit Stockholm Chamber Brass<\/td><td colspan=\"2\" class=\"column-6\"><a href=\"https:\/\/maedchenchor-hannover.de\/wp-content\/uploads\/Kaleidoskop_120115.pdf\" class=\"programm-link foto-programm\" target=\"_blank\" rel=\"noopener noreferrer\"><\/a><\/td>\n<\/tr>\n<tr class=\"row-2\">\n\t<td class=\"column-1\">04. M\u00e4rz<\/td><td class=\"column-2\"><strong>Konzert<\/strong><\/td><td colspan=\"5\" class=\"column-3\">St. Johannis, Hannover Bemerode<\/td>\n<\/tr>\n<tr class=\"row-3\">\n\t<td class=\"column-1\">21. April<\/td><td class=\"column-2\"><strong>Masterclass der King\u2019s Singers mit dem M\u00e4dchenchor <\/strong><\/td><td colspan=\"5\" class=\"column-3\">Kammermusiksaal Plathnerstra\u00dfe<\/td>\n<\/tr>\n<tr class=\"row-4\">\n\t<td class=\"column-1\">21. April<\/td><td class=\"column-2\"><strong>Konzert <\/strong><\/td><td colspan=\"5\" class=\"column-3\">Stift Fischbeck, Hess. Oldendorf<\/td>\n<\/tr>\n<tr class=\"row-5\">\n\t<td class=\"column-1\">28. und 29. April<\/td><td class=\"column-2\"><strong>Konzertmitwirkung bei den Chortagen Herrenhausen<\/strong><\/td><td colspan=\"5\" class=\"column-3\">Galeriegeb\u00e4ude Herrenhausen<\/td>\n<\/tr>\n<tr class=\"row-6\">\n\t<td class=\"column-1\">19. Mai<\/td><td class=\"column-2\"><strong>Konzert im Rahmen des Musiktages NDR<\/strong><\/td><td class=\"column-3\">Pauluskirche, Hannover<\/td><td colspan=\"4\" class=\"column-4\">Auff\u00fchrung Alfred Koerppen, Gebete aus der Arche mit <br \/>\nKammerensemble und Rezitation des Komponisten<\/td>\n<\/tr>\n<tr class=\"row-7\">\n\t<td class=\"column-1\">14. Juni<\/td><td class=\"column-2\"><strong>Choroper Didos Geheimnis<\/strong><\/td><td class=\"column-3\">Herrenhausen, Hannover<\/td><td colspan=\"4\" class=\"column-4\"><a href=\"https:\/\/maedchenchor-hannover.de\/wp-content\/uploads\/2012j.png\" class=\"konzerte2012j-link foto-konzerte2012j\" rel=\"noopener noreferrer\" target=\"_blank\"> <\/a><\/td>\n<\/tr>\n<tr class=\"row-8\">\n\t<td class=\"column-1\">15. Juli<\/td><td class=\"column-2\"><strong>Benefizkonzert Auf Fl\u00fcgeln des Gesanges<\/strong><\/td><td class=\"column-3\">Kl. Sendesaal des NDR, Hannover<\/td><td colspan=\"4\" class=\"column-4\"><a href=\"https:\/\/maedchenchor-hannover.de\/wp-content\/uploads\/Benefizkonzert15Juli2012.pdf\" class=\"notizen-link foto-notizen\" rel=\"noopener noreferrer\" target=\"_blank\"><\/a><\/td>\n<\/tr>\n<tr class=\"row-9\">\n\t<td class=\"column-1\">08. September<\/td><td class=\"column-2\"><strong>Nachwuchschor des M\u00e4dchenchor Hannover zu Gast bei den Nieders\u00e4chsischen Musiktagen<\/strong><\/td><td colspan=\"5\" class=\"column-3\"> Vogelpark Walsrode<\/td>\n<\/tr>\n<tr class=\"row-10\">\n\t<td class=\"column-1\">09. September<\/td><td class=\"column-2\"><strong>Baustellenkonzert<\/strong><\/td><td colspan=\"5\" class=\"column-3\">Christuskirche, Hannover<\/td>\n<\/tr>\n<tr class=\"row-11\">\n\t<td class=\"column-1\">13. und 14.. September<\/td><td class=\"column-2\"><strong>Mitwirkung Sinfonie Nr.2  c-Moll von G. Mahler<\/strong><\/td><td colspan=\"5\" class=\"column-3\">Landesfunkhaus Niedersachsen,<br \/>\nGrosser Sendesaal,<br \/>\n<\/td>\n<\/tr>\n<tr class=\"row-12\">\n\t<td class=\"column-1\">23. September<\/td><td class=\"column-2\"><strong>Festkonzert<\/strong><\/td><td class=\"column-3\">Landesfunkhaus Niedersachsen,<br \/>\nGrosser Sendesaal<\/td><td class=\"column-4\">mit Carola Guber, Katja Pieweck, Ania Vegry<br \/>\nGesamtleitung Gudrun Schr\u00f6fel<br \/>\n<\/td><td colspan=\"3\" class=\"column-5\"><a href=\"https:\/\/maedchenchor-hannover.de\/wp-content\/uploads\/Festkonzert_60-Jahre-Maedchenchor-Hannover.pdf\" class=\"programm-link foto-programm\" target=\"_blank\" rel=\"noopener noreferrer\"><\/a><\/td>\n<\/tr>\n<tr class=\"row-13\">\n\t<td class=\"column-1\">20. Oktober &#8211; 03. November<\/td><td class=\"column-2\"><strong>Konzertreise<\/strong><\/td><td class=\"column-3\">USA<\/td><td class=\"column-4\"><a href=\"https:\/\/maedchenchor-hannover.de\/wp-content\/uploads\/USA2012-Notizen.pdf\" class=\"notizen-link foto-notizen\" rel=\"noopener noreferrer\" target=\"_blank\"><\/a><\/td><td class=\"column-5\"><a href=\"https:\/\/maedchenchor-hannover.de\/wp-content\/uploads\/Programm-USA-Reise2012.pdf\" class=\"programm-link foto-programm\" target=\"_blank\" rel=\"noopener noreferrer\"><\/a><\/td><td colspan=\"2\" class=\"column-6\"><a href=\"https:\/\/maedchenchor-hannover.de\/wp-content\/uploads\/USA_2012_MaedchenchorHannover-Reisetagebuch.pdf\" class=\"reisebericht-link foto-reisebericht\" rel=\"noopener noreferrer\" target=\"_blank\"><\/a><\/td>\n<\/tr>\n<tr class=\"row-14\">\n\t<td class=\"column-1\">07. und 08. Dezember<\/td><td class=\"column-2\"><strong>Weihnachtskonzerte<\/strong><\/td><td class=\"column-3\">Marktkirche, Hannover<\/td><td class=\"column-4\">Schirmherrschaft  Christiane Iven    <br \/>\n<br \/>\n<\/td><td class=\"column-5\"><a href=\"https:\/\/maedchenchor-hannover.de\/wp-content\/uploads\/121207-Weihnachtskonzerte.pdf\" class=\"programm-link foto-programm\" target=\"_blank\" rel=\"noopener noreferrer\"><\/a><\/td><td colspan=\"2\" class=\"column-6\"><a href=\"https:\/\/maedchenchor-hannover.de\/wp-content\/uploads\/haz2012Weihnachtskonzert.jpg\" class=\"presse-link foto-presse\" rel=\"noopener noreferrer\" target=\"_blank\"> <\/a><\/td>\n<\/tr>\n<tr class=\"row-15\">\n\t<td class=\"column-1\">15. Dezember<\/td><td class=\"column-2\"><strong>Konzert mit den King\u2019s Singers<\/strong><\/td><td class=\"column-3\">Gr. Sendesaal des NDR, Hannover<\/td><td class=\"column-4\"><a href=\"https:\/\/maedchenchor-hannover.de\/wp-content\/uploads\/121215The-king\u00b4s-singer-Maedchenchor-Hannover.pdf\" class=\"programm-link foto-programm\" target=\"_blank\" rel=\"noopener noreferrer\"><\/a><\/td><td colspan=\"3\" class=\"column-5\"><a href=\"https:\/\/maedchenchor-hannover.de\/wp-content\/uploads\/Anzeige_Kings_Singers15Dez2012.jpg\" class=\"mehrinfo-link foto2\" rel=\"noopener noreferrer\" target=\"_blank\"><\/a><\/td>\n<\/tr>\n<\/tbody>\n<\/table>\n<!-- #tablepress-307 from cache --><hr \/><h6>Konzertjahr 2011<\/h6>\n<table id=\"tablepress-308\" class=\"tablepress tablepress-id-308 tbody-has-connected-cells\">\n<tbody class=\"row-striping\">\n<tr class=\"row-1\">\n\t<td class=\"column-1\">16. Januar<\/td><td class=\"column-2\"><strong>Neujahrskonzert<\/strong><\/td><td class=\"column-3\">Staatsoper, Hannover<\/td><td colspan=\"4\" class=\"column-4\"><a href=\"https:\/\/maedchenchor-hannover.de\/wp-content\/uploads\/2011JanNJKtext.png\" class=\"konzerte2011-link foto-konzerte2011\" rel=\"noopener noreferrer\" target=\"_blank\"> <\/a><\/td>\n<\/tr>\n<tr class=\"row-2\">\n\t<td class=\"column-1\">10. &#8211; 12. Feburar<\/td><td class=\"column-2\"><strong>Mitwirkung 3. Sinfonie von Gustav Mahler<\/strong><\/td><td class=\"column-3\">Gr. Sendesaal des NDR, Hannover<\/td><td colspan=\"4\" class=\"column-4\"><a href=\"https:\/\/maedchenchor-hannover.de\/wp-content\/uploads\/Konzertank\u00fcndigungMahlerFebruar2011.pdf\" class=\"notizen-link foto-notizen\" rel=\"noopener noreferrer\" target=\"_blank\"><\/a><\/td>\n<\/tr>\n<tr class=\"row-3\">\n\t<td class=\"column-1\">22. M\u00e4rz<\/td><td class=\"column-2\"><strong>Mitwirkung beim Benefizkonzert f\u00fcr Japan<\/strong><\/td><td colspan=\"5\" class=\"column-3\">Gr. Sendesaal des NDR, Hannover<\/td>\n<\/tr>\n<tr class=\"row-4\">\n\t<td class=\"column-1\">24. April<\/td><td class=\"column-2\"><strong>Osterspaziergang mit dem M\u00e4dchenchor<\/strong><\/td><td colspan=\"5\" class=\"column-3\">Herrenhausen, Hannover<\/td>\n<\/tr>\n<tr class=\"row-5\">\n\t<td class=\"column-1\">20. Mai<\/td><td class=\"column-2\"><strong>Mitwirkung bei Con Voce<\/strong><\/td><td colspan=\"5\" class=\"column-3\">Kl. Sendesaal des NDR, Hannover<\/td>\n<\/tr>\n<tr class=\"row-6\">\n\t<td class=\"column-1\">22. Mai<\/td><td class=\"column-2\"><strong>Rezital<\/strong><\/td><td class=\"column-3\">K\u00fcnstlerhaus Hannover<\/td><td colspan=\"4\" class=\"column-4\"><a href=\"https:\/\/maedchenchor-hannover.de\/wp-content\/uploads\/Auf-Fl\u00fcgeln-des-Gesanges_Rezital22Mai2011.pdf\" class=\"programm-link foto-programm\" target=\"_blank\" rel=\"noopener noreferrer\"><\/a><\/td>\n<\/tr>\n<tr class=\"row-7\">\n\t<td class=\"column-1\">01. Juli<\/td><td class=\"column-2\"><strong>Konzert des Nachwuchschores <br \/>\ndes M\u00e4dchenchors Hannover<\/strong><\/td><td colspan=\"5\" class=\"column-3\">Markuskirche, Hannover<\/td>\n<\/tr>\n<tr class=\"row-8\">\n\t<td class=\"column-1\">20. Juli<\/td><td class=\"column-2\"><strong>Konzert &#8222;Zwischenmusiken&#8220;<\/strong><\/td><td class=\"column-3\">Neust\u00e4dter Kirche, Hannover<\/td><td colspan=\"4\" class=\"column-4\"><a href=\"https:\/\/maedchenchor-hannover.de\/wp-content\/uploads\/110720-Konzertprogramm.pdf\" class=\"programm-link foto-programm\" target=\"_blank\" rel=\"noopener noreferrer\"><\/a><\/td>\n<\/tr>\n<tr class=\"row-9\">\n\t<td class=\"column-1\">19. August<\/td><td class=\"column-2\"><strong>Mitwirkung beim Musik 21 Festival<\/strong><\/td><td colspan=\"5\" class=\"column-3\">Sprengelmuseum, Hannover<\/td>\n<\/tr>\n<tr class=\"row-10\">\n\t<td class=\"column-1\">03. und 04. September<\/td><td class=\"column-2\"><strong>Urauff\u00fchrung Didos Geheimnis<\/strong><\/td><td class=\"column-3\">Galeriegeb\u00e4ude Herrenhausen, Hannover<\/td><td class=\"column-4\">Kammeroper von Andreas N. Tarkmann<\/td><td class=\"column-5\"><a href=\"https:\/\/maedchenchor-hannover.de\/wp-content\/uploads\/Didos-Geheimnis_110903.pdf\" class=\"programm-link foto-programm\" target=\"_blank\" rel=\"noopener noreferrer\"><\/a><\/td><td colspan=\"2\" class=\"column-6\"><a href=\"https:\/\/maedchenchor-hannover.de\/wp-content\/uploads\/Opernnetz-Zeitschrift-fuer-Musiktheater-und-Oper-2011.pdf\" class=\"mehrinfo-link foto2\" rel=\"noopener noreferrer\" target=\"_blank\"><\/a><\/td>\n<\/tr>\n<tr class=\"row-11\">\n\t<td class=\"column-1\">30. September<\/td><td class=\"column-2\"><strong>Konzert im Rahmen des<br \/>\nInternationalen Heinrich-Sch\u00fctz-Fests<\/strong><\/td><td class=\"column-3\">Neust\u00e4dter Hof- und Stadtkirche<\/td><td colspan=\"4\" class=\"column-4\"><a href=\"https:\/\/maedchenchor-hannover.de\/wp-content\/uploads\/30Sep2011-SchuetzFestKonzert.pdf\" class=\"programm-link foto-programm\" target=\"_blank\" rel=\"noopener noreferrer\"><\/a><\/td>\n<\/tr>\n<tr class=\"row-12\">\n\t<td class=\"column-1\">14. &#8211; 27. Oktober<\/td><td class=\"column-2\"><strong>Konzertreise<\/strong><\/td><td class=\"column-3\">Belgien und Frankreich<\/td><td colspan=\"4\" class=\"column-4\"><a href=\"https:\/\/maedchenchor-hannover.de\/wp-content\/uploads\/2011reise.png\" class=\"konzerte2011reise-link foto-konzerte2011reise\" rel=\"noopener noreferrer\" target=\"_blank\"> <\/a><\/td>\n<\/tr>\n<tr class=\"row-13\">\n\t<td class=\"column-1\">09. und 10. Dezember<\/td><td class=\"column-2\"><strong>Weihnachtskonzerte<\/strong><\/td><td class=\"column-3\">Marktkirche, Hannover<\/td><td colspan=\"4\" class=\"column-4\"><a href=\"https:\/\/maedchenchor-hannover.de\/wp-content\/uploads\/MCH_Programm_Weihnacht_2011.pdf\" class=\"programm-link foto-programm\" target=\"_blank\" rel=\"noopener noreferrer\"><\/a><\/td>\n<\/tr>\n<tr class=\"row-14\">\n\t<td class=\"column-1\">15., 16. und 18. Dezember<\/td><td class=\"column-2\"><strong>Weihnachtskonzerte<\/strong><\/td><td colspan=\"5\" class=\"column-3\">Gr. Sendesaal des NDR, Hannover<\/td>\n<\/tr>\n<\/tbody>\n<\/table>\n<!-- #tablepress-308 from cache --><hr \/><h6>Konzertjahr 2010<\/h6>\n<table id=\"tablepress-309\" class=\"tablepress tablepress-id-309 tbody-has-connected-cells\">\n<tbody class=\"row-striping\">\n<tr class=\"row-1\">\n\t<td class=\"column-1\">24. Januar<\/td><td class=\"column-2\"><strong>Neujahrskonzert<\/strong><\/td><td class=\"column-3\">Staatsoper, Hannover<\/td><td class=\"column-4\">mit Ania Vegry, Mareike Morr, Nicholas Rimmer und Jazztrompeter Uli Beckerhoff<\/td><td colspan=\"3\" class=\"column-5\"><a href=\"https:\/\/maedchenchor-hannover.de\/wp-content\/uploads\/Chorizonte_100124.pdf\" class=\"programm-link foto-programm\" target=\"_blank\" rel=\"noopener noreferrer\"><\/a><\/td>\n<\/tr>\n<tr class=\"row-2\">\n\t<td class=\"column-1\">24. M\u00e4rz<\/td><td class=\"column-2\"><strong>Benefizkonzert des Bundespr\u00e4sidenten<\/strong><\/td><td colspan=\"5\" class=\"column-3\">Marktkirche, Hannover<\/td>\n<\/tr>\n<tr class=\"row-3\">\n\t<td class=\"column-1\">19. April<\/td><td class=\"column-2\"><strong>Festkonzert 150 Jahre Henriettenstiftung<\/strong><\/td><td colspan=\"5\" class=\"column-3\">Hannover<\/td>\n<\/tr>\n<tr class=\"row-4\">\n\t<td class=\"column-1\">12. Mai<\/td><td class=\"column-2\"><strong>Er\u00f6ffnungskonzert des Deutschen Chorwettbewerbs 2010<\/strong><\/td><td colspan=\"5\" class=\"column-3\">Dortmund<\/td>\n<\/tr>\n<tr class=\"row-5\">\n\t<td class=\"column-1\">19. Juni<\/td><td class=\"column-2\"><strong>Konzert im Rahmen der KunstFestSpiele Herrenhausen<\/strong><\/td><td colspan=\"5\" class=\"column-3\">Hannover<\/td>\n<\/tr>\n<tr class=\"row-6\">\n\t<td class=\"column-1\">01. August<\/td><td class=\"column-2\"><strong>Mitwirkung Nachwuchschor bei der <br \/>\nCD-Produktion Musikalische Streiche<\/strong><\/td><td class=\"column-3\">Hannover<\/td><td colspan=\"4\" class=\"column-4\">mit dem Duo <i>pianoworte<\/i><\/td>\n<\/tr>\n<tr class=\"row-7\">\n\t<td class=\"column-1\">15. August<\/td><td class=\"column-2\"><strong>Konzert<\/strong><\/td><td colspan=\"5\" class=\"column-3\">Kloster Wennigsen<\/td>\n<\/tr>\n<tr class=\"row-8\">\n\t<td class=\"column-1\">01. September<\/td><td class=\"column-2\"><strong>Ver\u00f6ffentlichung der CD Geliebte Seele<\/strong><\/td><td class=\"column-3\">Hannover<\/td><td colspan=\"4\" class=\"column-4\"><a href=\"https:\/\/maedchenchor-hannover.de\/?page_id=1952\/#geliebteseelecd\" class=\"mehrinfo-link foto2\" rel=\"noopener noreferrer\" target=\"_blank\"><\/a><\/td>\n<\/tr>\n<tr class=\"row-9\">\n\t<td class=\"column-1\">19. September<\/td><td class=\"column-2\"><strong>Konzerte<\/strong><\/td><td colspan=\"5\" class=\"column-3\">Gro\u00dfburgwedel und  Burgdorf<\/td>\n<\/tr>\n<tr class=\"row-10\">\n\t<td class=\"column-1\">02. &#8211; 03. Oktober<\/td><td class=\"column-2\"><strong>Konzertmitwirkung Kinderkonzert<\/strong><\/td><td class=\"column-3\">Kl. Sendesaal des NDR, Hannover<\/td><td colspan=\"4\" class=\"column-4\">&#8222;Eine Reise mit Fanny und Felix&#8220; (Mendelssohn)<\/td>\n<\/tr>\n<tr class=\"row-11\">\n\t<td class=\"column-1\">11. &#8211; 23. Oktober<\/td><td class=\"column-2\"><strong>Konzertreise<\/strong><\/td><td class=\"column-3\">Estland<\/td><td colspan=\"4\" class=\"column-4\">mit Konzerten in Tallinn, P\u00e4rnu und Tartu<\/td>\n<\/tr>\n<tr class=\"row-12\">\n\t<td class=\"column-1\">17. Oktober<\/td><td class=\"column-2\"><strong>Verleihung des Echo Klassik 2010 f\u00fcr die CD Glaubenslieder<\/strong><\/td><td colspan=\"5\" class=\"column-3\">Hannover<\/td>\n<\/tr>\n<tr class=\"row-13\">\n\t<td class=\"column-1\">31. Oktober<\/td><td class=\"column-2\"><strong>Konzertmitwirkung Chormusik in Herrenhausen <\/strong><\/td><td colspan=\"5\" class=\"column-3\">Orangerie, Hannover<\/td>\n<\/tr>\n<tr class=\"row-14\">\n\t<td class=\"column-1\">10. November<\/td><td class=\"column-2\"><strong>Konzertmitwirkung beim Schumann-Liederfest<\/strong><\/td><td colspan=\"5\" class=\"column-3\">Hochschule f\u00fcr Musik, Theater und Medien, Hannover<\/td>\n<\/tr>\n<tr class=\"row-15\">\n\t<td class=\"column-1\">03. und 04. Dezember<\/td><td class=\"column-2\"><strong>Weihnachtskonzerte<\/strong><\/td><td class=\"column-3\">Marktkirche, Hannover<\/td><td colspan=\"4\" class=\"column-4\"><a href=\"https:\/\/maedchenchor-hannover.de\/wp-content\/uploads\/Haz-101206-Caplet.jpg\" class=\"presse-link foto-presse\" rel=\"noopener noreferrer\" target=\"_blank\"> <\/a><\/td>\n<\/tr>\n<tr class=\"row-16\">\n\t<td class=\"column-1\">09. und 10. Dezember<\/td><td class=\"column-2\"><strong>Konzerte <\/strong><\/td><td colspan=\"5\" class=\"column-3\">Br\u00fcssel und  Montabaur<\/td>\n<\/tr>\n<\/tbody>\n<\/table>\n<!-- #tablepress-309 from cache --><hr \/><h6>Konzertjahr 2009<\/h6>\n<table id=\"tablepress-310\" class=\"tablepress tablepress-id-310 tbody-has-connected-cells\">\n<tbody class=\"row-striping\">\n<tr class=\"row-1\">\n\t<td class=\"column-1\">18. Janua<\/td><td class=\"column-2\"><strong>Neujahrskonzert<\/strong><\/td><td colspan=\"5\" class=\"column-3\">Staatsoper, Hannover<\/td>\n<\/tr>\n<tr class=\"row-2\">\n\t<td class=\"column-1\">24. Januar<\/td><td class=\"column-2\"><strong>Konzert Willkommen, Bienvenue!<\/strong><\/td><td colspan=\"5\" class=\"column-3\">Bad M\u00fcnder<\/td>\n<\/tr>\n<tr class=\"row-3\">\n\t<td class=\"column-1\">19. M\u00e4rz<\/td><td class=\"column-2\"><strong>Rotary-Benefiz-Konzert<\/strong><\/td><td colspan=\"5\" class=\"column-3\">Neust\u00e4dter Hof- und Stadtkirche<\/td>\n<\/tr>\n<tr class=\"row-4\">\n\t<td class=\"column-1\">21. und 22. M\u00e4rz<\/td><td class=\"column-2\"><strong>Konzerte im Rahmen der Tage <br \/>\nder Chor- und Orchestermusik<\/strong><\/td><td colspan=\"5\" class=\"column-3\">Osnabr\u00fcck<\/td>\n<\/tr>\n<tr class=\"row-5\">\n\t<td class=\"column-1\">08. Mai<\/td><td class=\"column-2\"><strong>Gottesdienst im Rahmen des Deutschen Stiftungs Tags<\/strong><\/td><td colspan=\"5\" class=\"column-3\">Marktkirche, Hannover<\/td>\n<\/tr>\n<tr class=\"row-6\">\n\t<td class=\"column-1\">15. Mai<\/td><td class=\"column-2\"><strong>Konzert im Rahmen der <br \/>\nGartenregion Hannover 2009<\/strong><\/td><td colspan=\"5\" class=\"column-3\">Nds. Landesmuseum, Hannover<\/td>\n<\/tr>\n<tr class=\"row-7\">\n\t<td class=\"column-1\">14. Juni<\/td><td class=\"column-2\"><strong>Konzert im Rahmen des Tages <br \/>\nder Musik<\/strong><\/td><td colspan=\"5\" class=\"column-3\">Barockkirche Schloss Ricklingen<\/td>\n<\/tr>\n<tr class=\"row-8\">\n\t<td class=\"column-1\">20. Juni<\/td><td class=\"column-2\"><strong>Mitwirkung beim Abschluss-Diner <br \/>\nder Festwochen Herrenhausen<\/strong><\/td><td colspan=\"5\" class=\"column-3\">Galeriegeb\u00e4ude, Hannover<\/td>\n<\/tr>\n<tr class=\"row-9\">\n\t<td class=\"column-1\">26. Juli &#8211; 03. August<\/td><td class=\"column-2\"><strong>Chorstudientage<\/strong><\/td><td colspan=\"5\" class=\"column-3\">Kloster Frenswegen, Nordhorn<\/td>\n<\/tr>\n<tr class=\"row-10\">\n\t<td class=\"column-1\">08. August<\/td><td class=\"column-2\"><strong>Mitwirkung bei der Er\u00f6ffnung der<br \/>\n Landesmusikakademie Niedersachsen<\/strong><\/td><td colspan=\"5\" class=\"column-3\">Wolfenb\u00fcttel<\/td>\n<\/tr>\n<tr class=\"row-11\">\n\t<td class=\"column-1\">13. August<\/td><td class=\"column-2\"><strong>Mitwirkung beim Projekt Farben \u2013 G\u00e4rten<br \/>\n \u2013 Neue Musik<\/strong><\/td><td colspan=\"5\" class=\"column-3\">Kl. Sendesaal des NDR, Hannover<\/td>\n<\/tr>\n<tr class=\"row-12\">\n\t<td class=\"column-1\">30. August<\/td><td class=\"column-2\"><strong>Rezital<\/strong><\/td><td colspan=\"5\" class=\"column-3\">Fachwerkhaus Lehrte<\/td>\n<\/tr>\n<tr class=\"row-13\">\n\t<td class=\"column-1\">12. September<\/td><td class=\"column-2\"><strong>Konzert im Rahmen der <br \/>\nNieders\u00e4chsischen Musiktage<\/strong><\/td><td colspan=\"2\" class=\"column-3\">St.Sixti, Northeim<\/td><td colspan=\"3\" class=\"column-5\">mit dem Knabenchor Hannover und der Jugendkantorei St. Sixti<\/td>\n<\/tr>\n<tr class=\"row-14\">\n\t<td class=\"column-1\">22. September<\/td><td class=\"column-2\"><strong>Konzert im Rahmen der <br \/>\nNieders\u00e4chsischen Musiktage<\/strong><\/td><td colspan=\"2\" class=\"column-3\">Celle<\/td><td colspan=\"3\" class=\"column-5\"><a href=\"https:\/\/maedchenchor-hannover.de\/wp-content\/uploads\/2009konzerttext.png\" class=\"konzerte2009-link foto-konzerte2009\" rel=\"noopener noreferrer\" target=\"_blank\"> <\/a><br \/>\n<\/td>\n<\/tr>\n<tr class=\"row-15\">\n\t<td class=\"column-1\">19. September<\/td><td class=\"column-2\"><strong>Konzerte<\/strong><\/td><td colspan=\"5\" class=\"column-3\">Gro\u00dfburgwedel und  Burgdorf<\/td>\n<\/tr>\n<tr class=\"row-16\">\n\t<td class=\"column-1\">25. September<\/td><td class=\"column-2\"><strong>Konzert im Rahmen des Nieders\u00e4chsischen Chorwettbewerbs<\/strong><\/td><td colspan=\"5\" class=\"column-3\">L\u00fcneburg<\/td>\n<\/tr>\n<tr class=\"row-17\">\n\t<td class=\"column-1\">02. Oktober<\/td><td class=\"column-2\"><strong>Konzert im Rahmen der Nieders\u00e4chsischen Musiktage<\/strong><\/td><td colspan=\"2\" class=\"column-3\">Verden, Stadthalle<\/td><td colspan=\"3\" class=\"column-5\">mit der NDR Radiophilharmonie<\/td>\n<\/tr>\n<tr class=\"row-18\">\n\t<td class=\"column-1\">03. &#8211; 09. Oktober<\/td><td class=\"column-2\"><strong>Konzertreise<\/strong><\/td><td colspan=\"2\" class=\"column-3\">Polen<\/td><td colspan=\"3\" class=\"column-5\"><a href=\"https:\/\/maedchenchor-hannover.de\/wp-content\/uploads\/Polen-Programm_MCH_2009.pdf\" class=\"programm-link foto-programm\" target=\"_blank\" rel=\"noopener noreferrer\"><\/a><\/td>\n<\/tr>\n<tr class=\"row-19\">\n\t<td class=\"column-1\">06. November<\/td><td class=\"column-2\"><strong>Konzert<\/strong><\/td><td colspan=\"2\" class=\"column-3\">Galeriegeb\u00e4ude, Hannover<\/td><td colspan=\"3\" class=\"column-5\">Winter-Festival Herrenhausen<\/td>\n<\/tr>\n<tr class=\"row-20\">\n\t<td class=\"column-1\">11. und 12. Dezember<\/td><td class=\"column-2\"><strong>Weihnachtskonzerte<\/strong><\/td><td colspan=\"2\" class=\"column-3\">Marktkirche, Hannover<\/td><td colspan=\"3\" class=\"column-5\">mit dem Titel &#8222;Zwischen zwei Messen&#8220;<\/td>\n<\/tr>\n<\/tbody>\n<\/table>\n<!-- #tablepress-310 from cache --><hr \/><h6>Konzertjahr 2008<\/h6>\n<table id=\"tablepress-311\" class=\"tablepress tablepress-id-311 tbody-has-connected-cells\">\n<tbody class=\"row-striping\">\n<tr class=\"row-1\">\n\t<td class=\"column-1\">27. Januar<\/td><td class=\"column-2\"><strong>Neujahrskonzert<\/strong><\/td><td colspan=\"5\" class=\"column-3\">Staatsoper, Hannover<\/td>\n<\/tr>\n<tr class=\"row-2\">\n\t<td class=\"column-1\">04. M\u00e4rz<\/td><td class=\"column-2\"><strong>Konzert<\/strong><\/td><td colspan=\"5\" class=\"column-3\">Landesmuseum, Hannover<\/td>\n<\/tr>\n<tr class=\"row-3\">\n\t<td class=\"column-1\">09. M\u00e4rz<\/td><td class=\"column-2\"><strong>Rezital<\/strong><\/td><td colspan=\"5\" class=\"column-3\">Gehrden<\/td>\n<\/tr>\n<tr class=\"row-4\">\n\t<td class=\"column-1\">10., 11. und 13. April<\/td><td class=\"column-2\"><strong>Mitwirkung Die Planeten v. G. Holst<\/strong><\/td><td colspan=\"5\" class=\"column-3\">Gr. Sendesaal des NDR, Hannover<\/td>\n<\/tr>\n<tr class=\"row-5\">\n\t<td class=\"column-1\">04. Mai<\/td><td class=\"column-2\"><strong>Konzert in der Reihe Gaude plaude<\/strong><\/td><td colspan=\"5\" class=\"column-3\">Kloster Walsrode<\/td>\n<\/tr>\n<tr class=\"row-6\">\n\t<td class=\"column-1\">17. Mai<\/td><td class=\"column-2\"><strong>Carmina Burana als Abschlu\u00dfkonzert <br \/>\ndes NDR Musiktages <\/strong><\/td><td class=\"column-3\">Gr. Sendesaal des NDR, Hannover<\/td><td colspan=\"4\" class=\"column-4\">mit der NDR-Radiophilharmonie<\/td>\n<\/tr>\n<tr class=\"row-7\">\n\t<td class=\"column-1\">22. &#8211; 24. Mai<\/td><td class=\"column-2\"><strong>Kleine Konzertreise<\/strong><\/td><td class=\"column-3\">Bremen und Oldenburg<\/td><td colspan=\"4\" class=\"column-4\"><a href=\"https:\/\/maedchenchor-hannover.de\/wp-content\/uploads\/2008-2.png\" class=\"konzerte20082-link foto-konzerte20082\" rel=\"noopener noreferrer\" target=\"_blank\"> <\/a><\/td>\n<\/tr>\n<tr class=\"row-8\">\n\t<td class=\"column-1\">01. Juni<\/td><td class=\"column-2\"><strong>Konzert in der Reihe Gaude plaude<\/strong><\/td><td colspan=\"5\" class=\"column-3\">Kloster Mariensee<\/td>\n<\/tr>\n<tr class=\"row-9\">\n\t<td class=\"column-1\">05. Juni<\/td><td class=\"column-2\"><strong>Konzert in der Reihe Gaude plaude<\/strong><\/td><td colspan=\"5\" class=\"column-3\"> Kloster Wennigsen<\/td>\n<\/tr>\n<tr class=\"row-10\">\n\t<td class=\"column-1\">05. Juni<\/td><td class=\"column-2\"><strong>Zauberfl\u00f6te 3 Knaben<\/strong><\/td><td class=\"column-3\">Staatsoper, Hannover<\/td><td colspan=\"4\" class=\"column-4\"><a href=\"https:\/\/maedchenchor-hannover.de\/wp-content\/uploads\/Zauberfl\u00f6teSpielzeit2008.pdf\" class=\"notizen-link foto-notizen\" rel=\"noopener noreferrer\" target=\"_blank\"><\/a><\/td>\n<\/tr>\n<tr class=\"row-11\">\n\t<td class=\"column-1\">15. Juni 2008<\/td><td class=\"column-2\"><strong>Konzert in der Reihe Gaude plaude<\/strong><\/td><td colspan=\"5\" class=\"column-3\"> Kloster L\u00fcne<\/td>\n<\/tr>\n<tr class=\"row-12\">\n\t<td class=\"column-1\">10. &#8211; 18. August<\/td><td class=\"column-2\"><strong>Chorstudientage<\/strong><\/td><td colspan=\"5\" class=\"column-3\">Kloster Frenswegen, Nordhorn<\/td>\n<\/tr>\n<tr class=\"row-13\">\n\t<td class=\"column-1\">01. September<\/td><td class=\"column-2\"><strong>Ver\u00f6ffentlichung der CD Gaude, Plaude!<\/strong><\/td><td class=\"column-3\">Hannover<\/td><td colspan=\"4\" class=\"column-4\"><a href=\"https:\/\/maedchenchor-hannover.de\/?page_id=1952\/#gaudeplaudecd\" class=\"mehrinfo-link foto2\" rel=\"noopener noreferrer\" target=\"_blank\"><\/a><\/td>\n<\/tr>\n<tr class=\"row-14\">\n\t<td class=\"column-1\">12. September<\/td><td class=\"column-2\"><strong>Rezital Traumberuf Primadonna<\/strong><\/td><td class=\"column-3\">Hochschule f. Musik u. Theater, Hannover<\/td><td colspan=\"4\" class=\"column-4\"><a href=\"https:\/\/maedchenchor-hannover.de\/wp-content\/uploads\/Traumberuf-Primadonna_080912-1.pdf\" class=\"mehrinfo-link foto2\" rel=\"noopener noreferrer\" target=\"_blank\"><\/a><br \/>\n<\/td>\n<\/tr>\n<tr class=\"row-15\">\n\t<td class=\"column-1\">14. September<\/td><td class=\"column-2\"><strong>Konzert in der Reihe Gaude plaude<\/strong><\/td><td colspan=\"5\" class=\"column-3\">Kloster Marienwerder<\/td>\n<\/tr>\n<tr class=\"row-16\">\n\t<td class=\"column-1\">02. Oktober<\/td><td class=\"column-2\"><strong>Konzert<\/strong><\/td><td colspan=\"5\" class=\"column-3\">Dom, Hildesheim<\/td>\n<\/tr>\n<tr class=\"row-17\">\n\t<td class=\"column-1\">11. &#8211; 25. Oktober<\/td><td class=\"column-2\"><strong>Konzertreise<\/strong><\/td><td colspan=\"5\" class=\"column-3\">China<\/td>\n<\/tr>\n<tr class=\"row-18\">\n\t<td class=\"column-1\">31. Oktober<\/td><td class=\"column-2\"><strong>St. Andreaskirche Hildesheim<\/strong><\/td><td colspan=\"5\" class=\"column-3\">Galeriegeb\u00e4ude, Hannover<\/td>\n<\/tr>\n<tr class=\"row-19\">\n\t<td class=\"column-1\">01. November<\/td><td class=\"column-2\"><strong>Ver\u00f6ffentlichung der CD Carmina Burana<\/strong><\/td><td class=\"column-3\">Hannover<\/td><td class=\"column-4\">mit M\u00e4dchenchor Hannover, Knabenchor Hannover<br \/>\nund NDR-Radiophilharmonie<\/td><td colspan=\"3\" class=\"column-5\"><a href=\"https:\/\/maedchenchor-hannover.de\/?page_id=1952\/#orffcd\" class=\"mehrinfo-link foto2\" rel=\"noopener noreferrer\" target=\"_blank\"><\/a><\/td>\n<\/tr>\n<tr class=\"row-20\">\n\t<td class=\"column-1\">05. und 06. Dezember<\/td><td class=\"column-2\"><strong>Weihnachtskonzerte<\/strong><\/td><td colspan=\"5\" class=\"column-3\">Marktkirche, Hannover<\/td>\n<\/tr>\n<tr class=\"row-21\">\n\t<td class=\"column-1\">13. Dezember<\/td><td class=\"column-2\"><strong>Winterkonzert, Festwochen Herrenhausen<\/strong><\/td><td colspan=\"5\" class=\"column-3\">Herrenhausen, Hannover<\/td>\n<\/tr>\n<\/tbody>\n<\/table>\n<!-- #tablepress-311 from cache --><hr \/><h6>Konzertjahr 2007<\/h6>\n<table id=\"tablepress-312\" class=\"tablepress tablepress-id-312 tbody-has-connected-cells\">\n<tbody class=\"row-striping\">\n<tr class=\"row-1\">\n\t<td class=\"column-1\">21. Januar<\/td><td class=\"column-2\"><strong>Neujahrskonzert<\/strong><\/td><td colspan=\"5\" class=\"column-3\">Staatsoper, Hannover<\/td>\n<\/tr>\n<tr class=\"row-2\">\n\t<td class=\"column-1\">14. Februar<\/td><td class=\"column-2\"><strong>Konzert 60 Jahre Nieders\u00e4chsischer Landtag<\/strong><\/td><td colspan=\"5\" class=\"column-3\">Hannover<\/td>\n<\/tr>\n<tr class=\"row-3\">\n\t<td class=\"column-1\">15. Mai<\/td><td class=\"column-2\"><strong>Musikalische Umrahmung <\/strong><\/td><td colspan=\"5\" class=\"column-3\">Europa(Rat)haus, Hannover<br \/>\nund Europ. Ministertreffen, Bad Pyrmont<\/td>\n<\/tr>\n<tr class=\"row-4\">\n\t<td class=\"column-1\">24. &#8211; 29. Mai<\/td><td class=\"column-2\"><strong>Konzertreise<\/strong><\/td><td colspan=\"5\" class=\"column-3\">Minsk, Wei\u00dfrussland<\/td>\n<\/tr>\n<tr class=\"row-5\">\n\t<td class=\"column-1\">08. Juni<\/td><td class=\"column-2\"><strong>Konzert<\/strong><\/td><td colspan=\"5\" class=\"column-3\">Stiftskirche, Stuttgart<\/td>\n<\/tr>\n<tr class=\"row-6\">\n\t<td class=\"column-1\">09. Juni<\/td><td class=\"column-2\"><strong>Konzert<\/strong><\/td><td colspan=\"5\" class=\"column-3\">Bischofskirche, T\u00fcbingen<\/td>\n<\/tr>\n<tr class=\"row-7\">\n\t<td class=\"column-1\">14. Juni<\/td><td class=\"column-2\"><strong>Opening Ceremony Global Summit of Women<\/strong><\/td><td colspan=\"5\" class=\"column-3\">Berlin<\/td>\n<\/tr>\n<tr class=\"row-8\">\n\t<td class=\"column-1\">23. Juni<\/td><td class=\"column-2\"><strong>Sommerfest<\/strong><\/td><td colspan=\"5\" class=\"column-3\">Hannover<\/td>\n<\/tr>\n<tr class=\"row-9\">\n\t<td class=\"column-1\">01. Juli<\/td><td class=\"column-2\"><strong>Rezital<\/strong><\/td><td colspan=\"5\" class=\"column-3\">Pelikansaal, Hannover<\/td>\n<\/tr>\n<tr class=\"row-10\">\n\t<td class=\"column-1\">15. Juli<\/td><td class=\"column-2\"><strong>Konzert<\/strong><\/td><td colspan=\"5\" class=\"column-3\">Niedernst\u00f6cken<\/td>\n<\/tr>\n<tr class=\"row-11\">\n\t<td class=\"column-1\">17. &#8211; 25. August<\/td><td class=\"column-2\"><strong>Chorstudientage<\/strong><\/td><td colspan=\"5\" class=\"column-3\">Kloster Frenswegen, Nordhorn<\/td>\n<\/tr>\n<tr class=\"row-12\">\n\t<td class=\"column-1\">29. August<\/td><td class=\"column-2\"><strong>Konzert &#8222;M\u00e4dchenChor verzaubert&#8220;<\/strong><\/td><td class=\"column-3\">Herrenhausen, Hannover<\/td><td class=\"column-4\">Abschlusskonzert der Festwochen Herrenhausen<\/td><td colspan=\"3\" class=\"column-5\"><a href=\"https:\/\/maedchenchor-hannover.de\/wp-content\/uploads\/20070829txt.png\" class=\"konzerte2007-link foto-konzerte2007\" rel=\"noopener noreferrer\" target=\"_blank\"> <\/a><\/td>\n<\/tr>\n<tr class=\"row-13\">\n\t<td class=\"column-1\">01. September<\/td><td class=\"column-2\"><strong>Konzert <\/strong><\/td><td class=\"column-3\">Garbsen<\/td><td colspan=\"4\" class=\"column-4\">anl\u00e4\u00dflich des Kultursommers <br \/>\nder Region Hannover<\/td>\n<\/tr>\n<tr class=\"row-14\">\n\t<td class=\"column-1\">16. September<\/td><td class=\"column-2\"><strong>Konzert<\/strong><\/td><td colspan=\"5\" class=\"column-3\">Dom, Hildesheim<\/td>\n<\/tr>\n<tr class=\"row-15\">\n\t<td class=\"column-1\">28. September<\/td><td class=\"column-2\"><strong>Er\u00f6ffnungskonzert Nds. Chortage <\/strong><\/td><td colspan=\"5\" class=\"column-3\">Neust\u00e4dter Hof- und Stadtkirche<\/td>\n<\/tr>\n<tr class=\"row-16\">\n\t<td class=\"column-1\">19. Oktober<\/td><td class=\"column-2\"><strong>Benefizkonzert Kulturstiftung<\/strong><\/td><td colspan=\"5\" class=\"column-3\">Marktkirche, Hannover<\/td>\n<\/tr>\n<tr class=\"row-17\">\n\t<td class=\"column-1\">24. Oktober &#8211; 01. November<\/td><td class=\"column-2\"><strong>Konzertreise<\/strong><\/td><td colspan=\"5\" class=\"column-3\">Finnland<\/td>\n<\/tr>\n<tr class=\"row-18\">\n\t<td class=\"column-1\">18. November<\/td><td class=\"column-2\"><strong>Er\u00f6ffnungskonzert Musikzentrum 21<\/strong><\/td><td colspan=\"5\" class=\"column-3\">Hannover<\/td>\n<\/tr>\n<tr class=\"row-19\">\n\t<td class=\"column-1\">10. Dezember<\/td><td class=\"column-2\"><strong>Weihnachtsfeier<\/strong><\/td><td colspan=\"5\" class=\"column-3\">Kultusministerium, Hannover<\/td>\n<\/tr>\n<tr class=\"row-20\">\n\t<td class=\"column-1\">14. und 15. Dezember<\/td><td class=\"column-2\"><strong>Weihnachtskonzerte<\/strong><\/td><td class=\"column-3\">Marktkirche, Hannover<\/td><td colspan=\"4\" class=\"column-4\">mit Stockholm Chambers Brass<\/td>\n<\/tr>\n<tr class=\"row-21\">\n\t<td class=\"column-1\">24. Dezember<\/td><td class=\"column-2\"><strong>Weihnachtsgottesdienst<\/strong><\/td><td colspan=\"5\" class=\"column-3\">Marktkirche, Hannover<\/td>\n<\/tr>\n<\/tbody>\n<\/table>\n<!-- #tablepress-312 from cache --><\/div>\n\t\t\t\t\t\t\t\t\t<div class=\"elementor-tab-title elementor-tab-mobile-title\" aria-selected=\"false\" data-tab=\"8\" role=\"tab\" tabindex=\"-1\" aria-controls=\"elementor-tab-content-7158\" aria-expanded=\"false\">2000 - 06<\/div>\n\t\t\t\t\t<div id=\"elementor-tab-content-7158\" class=\"elementor-tab-content elementor-clearfix\" data-tab=\"8\" role=\"tabpanel\" aria-labelledby=\"elementor-tab-title-7158\" tabindex=\"0\" hidden=\"hidden\"><h6>Konzertjahr 2006<\/h6>\n<table id=\"tablepress-313\" class=\"tablepress tablepress-id-313 tbody-has-connected-cells\">\n<tbody class=\"row-striping\">\n<tr class=\"row-1\">\n\t<td class=\"column-1\">15. Januar<\/td><td class=\"column-2\"><strong>Neujahrskonzert<\/strong><\/td><td class=\"column-3\">Staatsoper, Hannover<\/td><td class=\"column-4\">mit Stockholm Chamber Brass<\/td><td class=\"column-5\">Vorstellung des \u201cEDUCATION\u201d PROGRAMMS<\/td><td class=\"column-6\"><a href=\"https:\/\/maedchenchor-hannover.de\/wp-content\/uploads\/Einfuehrungstext_EducationProgramm2006.pdf\" class=\"mehrinfo-link foto2\" rel=\"noopener noreferrer\" target=\"_blank\"><\/a><\/td><td class=\"column-7\"><a href=\"https:\/\/maedchenchor-hannover.de\/wp-content\/uploads\/060116-HAZ-Konzertkritik.pdf\" class=\"presse-link foto-presse\" rel=\"noopener noreferrer\" target=\"_blank\"> <\/a><\/td>\n<\/tr>\n<tr class=\"row-2\">\n\t<td class=\"column-1\">14. Feburar<\/td><td class=\"column-2\"><strong>Konzert Jubil\u00e4um Niedersachen<\/strong><\/td><td colspan=\"5\" class=\"column-3\">Landtag, Hannover<\/td>\n<\/tr>\n<tr class=\"row-3\">\n\t<td class=\"column-1\">16. Feburar<\/td><td class=\"column-2\"><strong>Zauberfl\u00f6te<\/strong><\/td><td class=\"column-3\">Staatsoper, Hannover<\/td><td colspan=\"4\" class=\"column-4\">3 &#8222;Knaben&#8220; Vorstellung 16.02. \/ <br \/>\n17.03.\/ 09.06.2006<\/td>\n<\/tr>\n<tr class=\"row-4\">\n\t<td class=\"column-1\">18. Feburar<\/td><td class=\"column-2\"><strong>Workshop<\/strong><\/td><td colspan=\"5\" class=\"column-3\">KWRG, Hannover<\/td>\n<\/tr>\n<tr class=\"row-5\">\n\t<td class=\"column-1\">21. M\u00e4rz<\/td><td class=\"column-2\"><strong>Veranstaltung \u201eStiften, F\u00f6rdern, Gestalten\u201c<\/strong><\/td><td colspan=\"5\" class=\"column-3\">Musikalische Er\u00f6ffnung<\/td>\n<\/tr>\n<tr class=\"row-6\">\n\t<td class=\"column-1\">09. und 10. April<\/td><td class=\"column-2\"><strong>Mitwirkung 6. Sinfoniekonzert der Staatsoper<\/strong><\/td><td class=\"column-3\">Staatsoper, Hannover<\/td><td class=\"column-4\">mit dem Nieders\u00e4chsischen <br \/>\nStaatsopernorchester unter <br \/>\nLeitung von Christof Prick<\/td><td colspan=\"3\" class=\"column-5\"><a href=\"https:\/\/maedchenchor-hannover.de\/wp-content\/uploads\/060411-HAZ-Konzertkritik.pdf\" class=\"presse-link foto-presse\" rel=\"noopener noreferrer\" target=\"_blank\"> <\/a><\/td>\n<\/tr>\n<tr class=\"row-7\">\n\t<td class=\"column-1\">18. April<\/td><td class=\"column-2\"><strong>Empfang im Rathaus<\/strong><\/td><td class=\"column-3\">Neues Rathaus, Hannover<\/td><td colspan=\"4\" class=\"column-4\">Auff\u00fchrung Koerppen, <i>Gebete aus <br \/>\nder Arche<\/i> mit Kammerensemble <br \/>\nund Rezitation des Komponisten<\/td>\n<\/tr>\n<tr class=\"row-8\">\n\t<td class=\"column-1\">16. Mai<\/td><td class=\"column-2\"><strong>Benefizkonzert f\u00fcr UNICEF<\/strong><\/td><td colspan=\"5\" class=\"column-3\">Lister Matth\u00e4uskirche<\/td>\n<\/tr>\n<tr class=\"row-9\">\n\t<td class=\"column-1\">20. Mai<\/td><td class=\"column-2\"><strong>Konzert zum Music Day<\/strong><\/td><td class=\"column-3\">Foyer des NDR, Hannover<\/td><td colspan=\"4\" class=\"column-4\">Auff\u00fchrung Koerppen, <i>Gebete aus <br \/>\nder Arche<\/i> mit Kammerensemble <br \/>\nund Rezitation des Komponisten<\/td>\n<\/tr>\n<tr class=\"row-10\">\n\t<td class=\"column-1\">24. &#8211; 27. Mai<\/td><td class=\"column-2\"><strong>Teilnahme am Deutschen Chorwettbewerb<\/strong><\/td><td class=\"column-3\">Kiel<\/td><td class=\"column-4\">1. Preis<\/td><td colspan=\"3\" class=\"column-5\"><a href=\"https:\/\/maedchenchor-hannover.de\/?page_id=2763#pressespiegel2006\" class=\"presse-link foto-presse\" rel=\"noopener noreferrer\" target=\"_blank\"> <\/a><\/td>\n<\/tr>\n<tr class=\"row-11\">\n\t<td class=\"column-1\">24. Juni<\/td><td class=\"column-2\"><strong>Konzert zum Jubil\u00e4um 100 Jahre Herrenh\u00e4user Kirche<\/strong><\/td><td colspan=\"5\" class=\"column-3\">Herrenhausen, Hannover<\/td>\n<\/tr>\n<tr class=\"row-12\">\n\t<td class=\"column-1\">29. Juni<\/td><td class=\"column-2\"><strong>Konzert zum Kongress Ital. Komponistinnen<\/strong><\/td><td class=\"column-3\">Neust\u00e4dter Hof- und Stadtkirche<\/td><td colspan=\"4\" class=\"column-4\"><a href=\"https:\/\/maedchenchor-hannover.de\/wp-content\/uploads\/060629-Programmheft.pdf\" class=\"programm-link foto-programm\" target=\"_blank\" rel=\"noopener noreferrer\"><\/a><\/td>\n<\/tr>\n<tr class=\"row-13\">\n\t<td class=\"column-1\">07. Juli<\/td><td class=\"column-2\"><strong>Konzert zum Tag der Niedersachsen<\/strong><\/td><td colspan=\"5\" class=\"column-3\">Melle<\/td>\n<\/tr>\n<tr class=\"row-14\">\n\t<td class=\"column-1\">20. &#8211; 28. August<\/td><td class=\"column-2\"><strong>Chorstudientage<\/strong><\/td><td colspan=\"5\" class=\"column-3\">Frenswegen<\/td>\n<\/tr>\n<tr class=\"row-15\">\n\t<td class=\"column-1\">09. und 10. September<\/td><td class=\"column-2\"><strong>Konzert Carmina Burana, Marienburg<\/strong><\/td><td colspan=\"5\" class=\"column-3\">Marienburg<\/td>\n<\/tr>\n<tr class=\"row-16\">\n\t<td class=\"column-1\">14. September<\/td><td class=\"column-2\"><strong>Kulturtage: Wandelkonzert<\/strong><\/td><td colspan=\"5\" class=\"column-3\">Hochschule f. Musik u. Theater, Hannover<\/td>\n<\/tr>\n<tr class=\"row-17\">\n\t<td class=\"column-1\">15. September<\/td><td class=\"column-2\"><strong>Kulturtage: Rezital<\/strong><\/td><td colspan=\"5\" class=\"column-3\">Pelikansaal, Hannover<\/td>\n<\/tr>\n<tr class=\"row-18\">\n\t<td class=\"column-1\">16. September<\/td><td class=\"column-2\"><strong>Kulturtage: Konzert Carmina Burana<\/strong><\/td><td colspan=\"5\" class=\"column-3\">Gr. Sendesaal des NDR, Hannover<\/td>\n<\/tr>\n<tr class=\"row-19\">\n\t<td class=\"column-1\">14. &#8211; 27. Oktober<\/td><td class=\"column-2\"><strong>Konzertreise<\/strong><\/td><td class=\"column-3\">Italien<\/td><td colspan=\"4\" class=\"column-4\"><a href=\"https:\/\/maedchenchor-hannover.de\/wp-content\/uploads\/2006r.png\" class=\"konzerte2006r-link foto-konzerte2006r\" rel=\"noopener noreferrer\" target=\"_blank\"> <\/a><\/td>\n<\/tr>\n<tr class=\"row-20\">\n\t<td class=\"column-1\">03. Dezember<\/td><td class=\"column-2\"><strong>Konzert<\/strong><\/td><td colspan=\"5\" class=\"column-3\">Klosterkirche, Loccum<\/td>\n<\/tr>\n<tr class=\"row-21\">\n\t<td class=\"column-1\">08. und 09. Dezember<\/td><td class=\"column-2\"><strong>Weihnachtskonzerte<\/strong><\/td><td colspan=\"5\" class=\"column-3\">Marktkirche, Hannover<\/td>\n<\/tr>\n<tr class=\"row-22\">\n\t<td class=\"column-1\">19. Dezember<\/td><td class=\"column-2\"><strong>Konzert zum 80. Geburtstag von Alfred Koerppen<\/strong><\/td><td colspan=\"5\" class=\"column-3\">Marktkirche, Hannover<\/td>\n<\/tr>\n<tr class=\"row-23\">\n\t<td class=\"column-1\">24. Dezember<\/td><td class=\"column-2\"><strong>Weihnachtsgottesdienst<\/strong><\/td><td colspan=\"5\" class=\"column-3\">Marktkirche, Hannover<\/td>\n<\/tr>\n<\/tbody>\n<\/table>\n<!-- #tablepress-313 from cache --><hr \/><h6>Konzertjahr 2005<\/h6>\n<table id=\"tablepress-314\" class=\"tablepress tablepress-id-314 tbody-has-connected-cells\">\n<tbody class=\"row-striping\">\n<tr class=\"row-1\">\n\t<td class=\"column-1\">07. Januar<\/td><td class=\"column-2\"><strong>Zauberfl\u00f6te<\/strong><\/td><td class=\"column-3\">Staatsoper, Hannover<\/td><td colspan=\"4\" class=\"column-4\"><a href=\"https:\/\/maedchenchor-hannover.de\/wp-content\/uploads\/2005njk.png\" class=\"konzerte2005njk-link foto-konzerte2005njk\" rel=\"noopener noreferrer\" target=\"_blank\"> <\/a><\/td>\n<\/tr>\n<tr class=\"row-2\">\n\t<td class=\"column-1\">16. Januar<\/td><td class=\"column-2\"><strong>Neujahrskonzert<\/strong><\/td><td class=\"column-3\">Staatsoper, Hannover<\/td><td class=\"column-4\">mit Stockholm Chambers Brass, Ania Wegrzyn und vielen Chorsolistinnen<\/td><td colspan=\"3\" class=\"column-5\"><a href=\"https:\/\/maedchenchor-hannover.de\/wp-content\/uploads\/njk2005-Notizen.pdf\" class=\"presse-link foto-presse\" rel=\"noopener noreferrer\" target=\"_blank\"> <\/a><br \/>\n<\/td>\n<\/tr>\n<tr class=\"row-3\">\n\t<td class=\"column-1\">27. Feburar<\/td><td class=\"column-2\"><strong>Konzert anl\u00e4sslich der Finissage Bronzetti-Veneziani<\/strong><\/td><td colspan=\"5\" class=\"column-3\">Forum des Nds. Landesmuseums, Hannover<\/td>\n<\/tr>\n<tr class=\"row-4\">\n\t<td class=\"column-1\">06. M\u00e4rz<\/td><td class=\"column-2\"><strong>Festakt anl\u00e4ssl. des Geburtstags des Rotaryclubs<\/strong><\/td><td colspan=\"5\" class=\"column-3\">Opernhaus, Hannover<\/td>\n<\/tr>\n<tr class=\"row-5\">\n\t<td class=\"column-1\">12. M\u00e4rz<\/td><td class=\"column-2\"><strong>Konzert im Rahmen Tage Neuer Chormusik<\/strong><\/td><td colspan=\"5\" class=\"column-3\">Kaisersaal, Erfurt<\/td>\n<\/tr>\n<tr class=\"row-6\">\n\t<td class=\"column-1\">07. April<\/td><td class=\"column-2\"><strong>Konzert zum Tag der Landesgeschichte<\/strong><\/td><td colspan=\"5\" class=\"column-3\">Nds. Landtag, Hannover<\/td>\n<\/tr>\n<tr class=\"row-7\">\n\t<td class=\"column-1\">20. und 21. Mai<\/td><td class=\"column-2\"><strong>Mitwirkung Die Planeten v. Gustav Holst<\/strong><\/td><td class=\"column-3\">Hochschule f. Musik u. Theater, Hannover<\/td><td colspan=\"4\" class=\"column-4\">Ltg. Eiji Oue<\/td>\n<\/tr>\n<tr class=\"row-8\">\n\t<td class=\"column-1\">25. &#8211; 28. Mai<\/td><td class=\"column-2\"><strong>Deutscher evangelischer Kirchentag<\/strong><\/td><td colspan=\"5\" class=\"column-3\">Hannover<\/td>\n<\/tr>\n<tr class=\"row-9\">\n\t<td class=\"column-1\">25.  Mai<\/td><td class=\"column-2\"><strong>Mitwirkung Er\u00f6ffnungsveranstaltung<\/strong><\/td><td class=\"column-3\">Marktkirche, Hannover<\/td><td colspan=\"4\" class=\"column-4\">Herwig Rutt: Hannover-Rap<\/td>\n<\/tr>\n<tr class=\"row-10\">\n\t<td class=\"column-1\">26. Mai<\/td><td class=\"column-2\"><strong>Urauff\u00fchrung Drei geistliche Ges\u00e4nge<\/strong><\/td><td class=\"column-3\">Marktkirche, Hannover<\/td><td colspan=\"4\" class=\"column-4\">von Manfred Trojahn<\/td>\n<\/tr>\n<tr class=\"row-11\">\n\t<td class=\"column-1\">28. Mai<\/td><td class=\"column-2\"><strong>Virgilius \u2013 Konzert<\/strong><\/td><td class=\"column-3\">Messegel\u00e4nde, Hannover<\/td><td colspan=\"4\" class=\"column-4\">Wiederaufnahme der Zauberoper <br \/>\n\u201cVirgilius der Magier von Rom&#8220;,<br \/>\nvon Alfred Koerppen<\/td>\n<\/tr>\n<tr class=\"row-12\">\n\t<td class=\"column-1\">30. Mai<\/td><td class=\"column-2\"><strong>Trauerfeier<\/strong><\/td><td class=\"column-3\">Hannover<\/td><td colspan=\"4\" class=\"column-4\">zum Tode von Gudrun Rutt<\/td>\n<\/tr>\n<tr class=\"row-13\">\n\t<td class=\"column-1\">22. Juni<\/td><td class=\"column-2\"><strong>Rezital<\/strong><\/td><td colspan=\"5\" class=\"column-3\">Kapelle Oststadtkrankenhaus, Hannover<\/td>\n<\/tr>\n<tr class=\"row-14\">\n\t<td class=\"column-1\">14. &#8211; 22. August<\/td><td class=\"column-2\"><strong>Chorstudientage<\/strong><\/td><td colspan=\"5\" class=\"column-3\">Frenswegen<\/td>\n<\/tr>\n<tr class=\"row-15\">\n\t<td class=\"column-1\">03. September<\/td><td class=\"column-2\"><strong>Konzert<\/strong><\/td><td colspan=\"5\" class=\"column-3\">St. Marien, Minden<\/td>\n<\/tr>\n<tr class=\"row-16\">\n\t<td class=\"column-1\">06. September<\/td><td class=\"column-2\"><strong>Konzert in der Reihe Nordstadtkonzerte<\/strong><\/td><td colspan=\"5\" class=\"column-3\">Lutherschule, Hannover<\/td>\n<\/tr>\n<tr class=\"row-17\">\n\t<td class=\"column-1\">07. &#8211; 09. Oktober<\/td><td class=\"column-2\"><strong>Nds. Chorwettbewerb<\/strong><\/td><td colspan=\"5\" class=\"column-3\">Wolfenb\u00fcttel<\/td>\n<\/tr>\n<tr class=\"row-18\">\n\t<td class=\"column-1\">11. Oktober<\/td><td class=\"column-2\"><strong>Pr\u00e4sentation Kulturprogramm<br \/>\nzur Fu\u00dfball WM<\/strong><\/td><td colspan=\"5\" class=\"column-3\">Neues Rathaus, Hannover<\/td>\n<\/tr>\n<tr class=\"row-19\">\n\t<td class=\"column-1\">15. &#8211; 17. Oktober<\/td><td class=\"column-2\"><strong>Finale Let the Peoples Sing<\/strong><\/td><td colspan=\"5\" class=\"column-3\">WDR \/ K\u00f6ln<\/td>\n<\/tr>\n<tr class=\"row-20\">\n\t<td class=\"column-1\">09. und 10. Dezember<\/td><td class=\"column-2\"><strong>Weihnachtskonzerte<\/strong><\/td><td colspan=\"5\" class=\"column-3\">Marktkirche, Hannover<\/td>\n<\/tr>\n<tr class=\"row-21\">\n\t<td class=\"column-1\">24. Dezember<\/td><td class=\"column-2\"><strong>Weihnachtsgottesdienst<\/strong><\/td><td colspan=\"5\" class=\"column-3\">Marktkirche, Hannover<\/td>\n<\/tr>\n<\/tbody>\n<\/table>\n<!-- #tablepress-314 from cache --><hr \/><h6>Konzertjahr 2004<\/h6>\n<table id=\"tablepress-315\" class=\"tablepress tablepress-id-315 tbody-has-connected-cells\">\n<tbody class=\"row-striping\">\n<tr class=\"row-1\">\n\t<td class=\"column-1\">11. Januar<\/td><td class=\"column-2\"><strong>Neujahrskonzert<\/strong><\/td><td colspan=\"5\" class=\"column-3\">Staatsoper, Hannover<\/td>\n<\/tr>\n<tr class=\"row-2\">\n\t<td class=\"column-1\">08. Feburar<\/td><td class=\"column-2\"><strong>Liedmatinee<\/strong><\/td><td class=\"column-3\">Pelikansaal, Hannover<\/td><td colspan=\"4\" class=\"column-4\">mit Katharina Peetz &amp; Justus Zeyen<\/td>\n<\/tr>\n<tr class=\"row-3\">\n\t<td class=\"column-1\">14. Februar<\/td><td class=\"column-2\"><strong>Konzert im Rahmen der Chortage<\/strong><\/td><td colspan=\"5\" class=\"column-3\">Immanuelskirche Wuppertal<\/td>\n<\/tr>\n<tr class=\"row-4\">\n\t<td class=\"column-1\">08. und 09. April<\/td><td class=\"column-2\"><strong>Mitwirkung Matth\u00e4uspassion<\/strong><\/td><td colspan=\"5\" class=\"column-3\">Marktkirche, Hannover<\/td>\n<\/tr>\n<tr class=\"row-5\">\n\t<td class=\"column-1\">16. April<\/td><td class=\"column-2\"><strong>Geburtstagsst\u00e4ndchen f\u00fcr<br \/>\nBundeskanzler Gerhard Schr\u00f6der<\/strong><\/td><td colspan=\"5\" class=\"column-3\">Theater am Aegi, Hannover<\/td>\n<\/tr>\n<tr class=\"row-6\">\n\t<td class=\"column-1\">25. April<\/td><td class=\"column-2\"><strong>Liedmatinee Alla Kravchuk<\/strong><\/td><td colspan=\"5\" class=\"column-3\">Hannover<\/td>\n<\/tr>\n<tr class=\"row-7\">\n\t<td class=\"column-1\">30. April<\/td><td class=\"column-2\"><strong>Mitwirkung bei der Europ\u00e4ischen Nacht<\/strong><\/td><td colspan=\"5\" class=\"column-3\">Opernhaus, Hannover<\/td>\n<\/tr>\n<tr class=\"row-8\">\n\t<td class=\"column-1\">07.  Mai<\/td><td class=\"column-2\"><strong>Konzert<\/strong><\/td><td colspan=\"5\" class=\"column-3\">Celle<\/td>\n<\/tr>\n<tr class=\"row-9\">\n\t<td class=\"column-1\">09. Mai<\/td><td class=\"column-2\"><strong>Benefizkonzert<\/strong><\/td><td colspan=\"5\" class=\"column-3\">Marktkirche, Hannover<\/td>\n<\/tr>\n<tr class=\"row-10\">\n\t<td class=\"column-1\">15. Mai<\/td><td class=\"column-2\"><strong>Konzert zum Music Day<\/strong><\/td><td colspan=\"5\" class=\"column-3\">Foyer des NDR, Hannover<\/td>\n<\/tr>\n<tr class=\"row-11\">\n\t<td class=\"column-1\">11. Juni<\/td><td class=\"column-2\"><strong>Konzert NONO<\/strong><\/td><td class=\"column-3\">Hannover<\/td><td colspan=\"4\" class=\"column-4\"><a href=\"https:\/\/maedchenchor-hannover.de\/wp-content\/uploads\/NoNo_2004.pdf\" class=\"notizen-link foto-notizen\" rel=\"noopener noreferrer\" target=\"_blank\"><\/a><\/td>\n<\/tr>\n<tr class=\"row-12\">\n\t<td class=\"column-1\">04. Juli<\/td><td class=\"column-2\"><strong>Liedmatinee<\/strong><\/td><td class=\"column-3\">Pelikansaal, Hannover<\/td><td class=\"column-4\"><a href=\"https:\/\/maedchenchor-hannover.de\/wp-content\/uploads\/2004rezital.png\" class=\"konzerte2004rezital-link foto-konzerte2004rezital\" rel=\"noopener noreferrer\" target=\"_blank\"> <\/a><\/td><td colspan=\"3\" class=\"column-5\">Programm von Purcell bis Berg<\/td>\n<\/tr>\n<tr class=\"row-13\">\n\t<td class=\"column-1\">08. &#8211; 16. August<\/td><td class=\"column-2\"><strong>Chorstudientage<\/strong><\/td><td colspan=\"5\" class=\"column-3\">Frenswegen<\/td>\n<\/tr>\n<tr class=\"row-14\">\n\t<td class=\"column-1\">04. und 05. September<\/td><td class=\"column-2\"><strong>Auff\u00fchrung Virgilius, der Magier von Rom<\/strong><\/td><td colspan=\"5\" class=\"column-3\">Galeriegeb\u00e4ude Herrenhausen, Hannover<\/td>\n<\/tr>\n<tr class=\"row-15\">\n\t<td class=\"column-1\">08. September<\/td><td colspan=\"6\" class=\"column-2\"><strong>Er\u00f6ffnungskonzert Bundesschulmusikwoche<\/strong><\/td>\n<\/tr>\n<tr class=\"row-16\">\n\t<td class=\"column-1\">19. September<\/td><td class=\"column-2\"><strong>Mitwirkung Requiem v. M. Durufl\u00e9 <br \/>\n<\/strong><\/td><td class=\"column-3\">Melle<\/td><td colspan=\"4\" class=\"column-4\">im Rahmen der Nds. Musiktage<\/td>\n<\/tr>\n<tr class=\"row-17\">\n\t<td class=\"column-1\">25. September<\/td><td class=\"column-2\"><strong>Benefizkonzert f.d. Kinderschutzbund<\/strong><\/td><td colspan=\"5\" class=\"column-3\">KWRG, Hannover<\/td>\n<\/tr>\n<tr class=\"row-18\">\n\t<td class=\"column-1\">10. &#8211; 20. Oktober<\/td><td class=\"column-2\"><strong>Konzertreise<\/strong><\/td><td class=\"column-3\">Italien<\/td><td class=\"column-4\">mit Konzerten in Savona,  Genova, Livorno, Rom  <\/td><td colspan=\"3\" class=\"column-5\"><a href=\"https:\/\/maedchenchor-hannover.de\/wp-content\/uploads\/KonzertankuendigungItalien2004.jpg\" class=\"presse-link foto-presse\" rel=\"noopener noreferrer\" target=\"_blank\"> <\/a><\/td>\n<\/tr>\n<tr class=\"row-19\">\n\t<td class=\"column-1\">12. und 13. November<\/td><td class=\"column-2\"><strong>Mitwirkung War Requiem<\/strong><\/td><td colspan=\"5\" class=\"column-3\">Marktkirche, Hannover<\/td>\n<\/tr>\n<tr class=\"row-20\">\n\t<td class=\"column-1\">03. und 04. Dezember<\/td><td class=\"column-2\"><strong>Weihnachtskonzerte<\/strong><\/td><td colspan=\"5\" class=\"column-3\">Marktkirche, Hannover<\/td>\n<\/tr>\n<tr class=\"row-21\">\n\t<td class=\"column-1\">14. Dezember<\/td><td class=\"column-2\"><strong>Konzert<\/strong><\/td><td colspan=\"5\" class=\"column-3\">St. Michaelis Kirche (Michel), Hamburg<\/td>\n<\/tr>\n<tr class=\"row-22\">\n\t<td class=\"column-1\">15. Dezember<\/td><td class=\"column-2\"><strong>Konzert<\/strong><\/td><td colspan=\"5\" class=\"column-3\">Nds. Landesvertretung, Berlin<\/td>\n<\/tr>\n<tr class=\"row-23\">\n\t<td class=\"column-1\">17. Dezember<\/td><td class=\"column-2\"><strong>Jubil\u00e4umsveranstaltung der Nds. Lottostiftung<\/strong><\/td><td colspan=\"5\" class=\"column-3\">Ballhof, Hannover<\/td>\n<\/tr>\n<tr class=\"row-24\">\n\t<td class=\"column-1\">24. Dezember<\/td><td class=\"column-2\"><strong>Weihnachtsgottesdienst<\/strong><\/td><td colspan=\"5\" class=\"column-3\">Marktkirche, Hannover<\/td>\n<\/tr>\n<\/tbody>\n<\/table>\n<!-- #tablepress-315 from cache --><hr \/><h6>Konzertjahr 2003<\/h6>\n<table id=\"tablepress-316\" class=\"tablepress tablepress-id-316 tbody-has-connected-cells\">\n<tbody class=\"row-striping\">\n<tr class=\"row-1\">\n\t<td class=\"column-1\">26. Januar<\/td><td class=\"column-2\"><strong>Konzert zur Ausstellung Skandinavisches Intermezzo<\/strong><\/td><td colspan=\"5\" class=\"column-3\">Landesmuseum, Hannover<\/td>\n<\/tr>\n<tr class=\"row-2\">\n\t<td class=\"column-1\">29. Januar<\/td><td class=\"column-2\"><strong>Rezital<\/strong><\/td><td colspan=\"5\" class=\"column-3\">Kapelle Oststadtkrankenhaus, Hannover<\/td>\n<\/tr>\n<tr class=\"row-3\">\n\t<td class=\"column-1\">29. M\u00e4rz<\/td><td class=\"column-2\"><strong>Benefizkonzert<\/strong><\/td><td colspan=\"5\" class=\"column-3\">St. Augustinus, Hannover<\/td>\n<\/tr>\n<tr class=\"row-4\">\n\t<td class=\"column-1\">27. April<\/td><td class=\"column-2\"><strong>Rezital<\/strong><\/td><td colspan=\"5\" class=\"column-3\">Fachwerkhaus Lehrte<\/td>\n<\/tr>\n<tr class=\"row-5\">\n\t<td class=\"column-1\">05. &#8211; 11. Juni<\/td><td class=\"column-2\"><strong>Teilnahme Intern. Kammerchorwettbewerb<\/strong><\/td><td colspan=\"5\" class=\"column-3\">Marktoberdorf<\/td>\n<\/tr>\n<tr class=\"row-6\">\n\t<td class=\"column-1\">20.-21. Juni<\/td><td class=\"column-2\"><strong>Chorfest<\/strong><\/td><td colspan=\"5\" class=\"column-3\">Berlin<\/td>\n<\/tr>\n<tr class=\"row-7\">\n\t<td class=\"column-1\">11. Juli<\/td><td class=\"column-2\"><strong>Konzert Carmina Burana, im Rahmen von Klassik in der Altstadt<\/strong><\/td><td colspan=\"5\" class=\"column-3\">Marktkirche, Hannover<\/td>\n<\/tr>\n<tr class=\"row-8\">\n\t<td class=\"column-1\">07.  September<\/td><td class=\"column-2\"><strong>Er\u00f6ffnungskonzert Nds.Musiktage<\/strong><\/td><td colspan=\"5\" class=\"column-3\">Gr. Sendesaal des NDR, Hannover<\/td>\n<\/tr>\n<tr class=\"row-9\">\n\t<td class=\"column-1\">19.  September<\/td><td class=\"column-2\"><strong>Konzert mit der Radiophilharmonie Hannover<\/strong><\/td><td colspan=\"5\" class=\"column-3\">Gr. Sendesaal des NDR, Hannover<\/td>\n<\/tr>\n<tr class=\"row-10\">\n\t<td class=\"column-1\">31. Oktober &#8211; 02. November<\/td><td class=\"column-2\"><strong>Tage der Neuen Chormusik<\/strong><\/td><td colspan=\"5\" class=\"column-3\">Aschaffenburg<\/td>\n<\/tr>\n<tr class=\"row-11\">\n\t<td class=\"column-1\">09. November<\/td><td class=\"column-2\"><strong>Kunst-Gottesdienst<\/strong><\/td><td colspan=\"5\" class=\"column-3\">Sprengelmuseum, Hannover<\/td>\n<\/tr>\n<tr class=\"row-12\">\n\t<td class=\"column-1\">15. November<\/td><td class=\"column-2\"><strong>Konzert Mandelsloh<\/strong><\/td><td colspan=\"5\" class=\"column-3\">St. Osdag<\/td>\n<\/tr>\n<tr class=\"row-13\">\n\t<td class=\"column-1\">07. Dezember<\/td><td class=\"column-2\"><strong>Mitwirkung. 3. Sinfonie v. G. Mahler<\/strong><\/td><td colspan=\"5\" class=\"column-3\">Kuppelsaal, Hannover<\/td>\n<\/tr>\n<tr class=\"row-14\">\n\t<td class=\"column-1\">12. und 13. Dezember<\/td><td class=\"column-2\"><strong>Weihnachtskonzerte<\/strong><\/td><td colspan=\"5\" class=\"column-3\">Marktkirche, Hannover<\/td>\n<\/tr>\n<tr class=\"row-15\">\n\t<td class=\"column-1\">14. Dezember<\/td><td class=\"column-2\"><strong>Konzert<\/strong><\/td><td colspan=\"5\" class=\"column-3\">Stiftskirche, Kaufungen<\/td>\n<\/tr>\n<tr class=\"row-16\">\n\t<td class=\"column-1\">20. Dezember<\/td><td class=\"column-2\"><strong>Konzert<\/strong><\/td><td colspan=\"5\" class=\"column-3\">Kaiserpfalz, Goslar<\/td>\n<\/tr>\n<tr class=\"row-17\">\n\t<td class=\"column-1\">24. Dezember<\/td><td class=\"column-2\"><strong>Weihnachtsgottesdienst<\/strong><\/td><td colspan=\"5\" class=\"column-3\">Marktkirche, Hannover<\/td>\n<\/tr>\n<\/tbody>\n<\/table>\n<!-- #tablepress-316 from cache --><hr \/><h6>Konzertjahr 2002<\/h6>\n<table id=\"tablepress-317\" class=\"tablepress tablepress-id-317 tbody-has-connected-cells\">\n<tbody class=\"row-striping\">\n<tr class=\"row-1\">\n\t<td class=\"column-1\">13. Januar<\/td><td class=\"column-2\"><span style=\"col-width: 50%;\"><strong>Konzert<\/strong><\/span><\/td><td colspan=\"5\" class=\"column-3\">B\u00fcrgersaal Gehrden<\/td>\n<\/tr>\n<tr class=\"row-2\">\n\t<td class=\"column-1\">16. Februar<\/td><td class=\"column-2\"><strong>Drei Knaben\/Zauberfl\u00f6te<\/strong><\/td><td class=\"column-3\">Schauspielhaus, Hannover<\/td><td class=\"column-4\">Beginn der Knabenbesetzung durch den MCH<\/td><td colspan=\"3\" class=\"column-5\"><a href=\"https:\/\/maedchenchor-hannover.de\/wp-content\/uploads\/BeginnZauberfl\u00f6te2002.pdf\" class=\"notizen-link foto-notizen\" rel=\"noopener noreferrer\" target=\"_blank\"><\/a><\/td>\n<\/tr>\n<tr class=\"row-3\">\n\t<td class=\"column-1\">24. Februar<\/td><td class=\"column-2\"><strong>Workshop CHORIZONTE<\/strong><\/td><td colspan=\"5\" class=\"column-3\">Schauspielhaus, Hannover<\/td>\n<\/tr>\n<tr class=\"row-4\">\n\t<td class=\"column-1\">15. April<\/td><td class=\"column-2\"><strong>Pressekonferenz, Buchvorstellung, Pr\u00e4sentation <br \/>\nder Ausstellung <i>Die Stimme der M\u00e4dchen<\/i><\/strong><\/td><td colspan=\"5\" class=\"column-3\">Altes Rathaus, Hannover<\/td>\n<\/tr>\n<tr class=\"row-5\">\n\t<td class=\"column-1\">16. April<\/td><td class=\"column-2\"><strong>Mitwirkung Brunnenfest<\/strong><\/td><td colspan=\"5\" class=\"column-3\">Sparda-Bank, Hannover<\/td>\n<\/tr>\n<tr class=\"row-6\">\n\t<td class=\"column-1\">17. April &#8211; 31. Mai<\/td><td class=\"column-2\"><strong>Ausstellung <i>Die Stimme der M\u00e4dchen \u2013 <br \/>\n50 Jahre M\u00e4dchenchor Hannover<\/i><\/strong><\/td><td colspan=\"5\" class=\"column-3\"> Altes Rathaus<\/td>\n<\/tr>\n<tr class=\"row-7\">\n\t<td class=\"column-1\">20. April<\/td><td class=\"column-2\"><strong>Konzert Rotary Club<\/strong><\/td><td colspan=\"5\" class=\"column-3\">Gartensaal Neues Rathaus, Hannover<\/td>\n<\/tr>\n<tr class=\"row-8\">\n\t<td class=\"column-1\">21. April<\/td><td class=\"column-2\"><strong>Auf Fl\u00fcgeln des Gesanges \u2013 LiedMatinee I<\/strong><\/td><td class=\"column-3\">Beethovensaal \/ Stadthalle, Hannover<\/td><td colspan=\"4\" class=\"column-4\">mit Christiane Iven und Justus Zeyen<\/td>\n<\/tr>\n<tr class=\"row-9\">\n\t<td class=\"column-1\">12. Mai<\/td><td class=\"column-2\"><strong>Festakt 50 Jahre M\u00e4dchenchor<\/strong><\/td><td class=\"column-3\">Staatsoper, Hannover<\/td><td class=\"column-4\"><a href=\"https:\/\/maedchenchor-hannover.de\/wp-content\/uploads\/50JahreMCH-Notizen.pdf\" class=\"notizen-link foto-notizen\" rel=\"noopener noreferrer\" target=\"_blank\"><\/a><\/td><td colspan=\"3\" class=\"column-5\"><a href=\"https:\/\/maedchenchor-hannover.de\/wp-content\/uploads\/020511-HAZ-JubilaeumMCH.pdf\" class=\"presse-link foto-presse\" rel=\"noopener noreferrer\" target=\"_blank\"> <\/a><\/td>\n<\/tr>\n<tr class=\"row-10\">\n\t<td class=\"column-1\">07. Juni<\/td><td class=\"column-2\"><strong>Er\u00f6ffnungskonzert Nds. Chortage<\/strong><\/td><td colspan=\"5\" class=\"column-3\">Marktkirche, Goslar<\/td>\n<\/tr>\n<tr class=\"row-11\">\n\t<td class=\"column-1\">08. Juni<\/td><td class=\"column-2\"><strong>Konzert zum Music Day<\/strong><\/td><td colspan=\"5\" class=\"column-3\">Sprengelmuseum, Hannover<\/td>\n<\/tr>\n<tr class=\"row-12\">\n\t<td class=\"column-1\">16. Juni<\/td><td class=\"column-2\"><strong>Auf Fl\u00fcgeln des Gesanges \u2013 LiedMatinee II<\/strong><\/td><td class=\"column-3\">Ballhof, Hannover<\/td><td colspan=\"4\" class=\"column-4\">mit Katja Pieweck und Andrea Schnaus-Jantzen<\/td>\n<\/tr>\n<tr class=\"row-13\">\n\t<td class=\"column-1\">20. &#8211; 29. Juli<\/td><td class=\"column-2\"><strong>Chorstudientage<\/strong><\/td><td colspan=\"5\" class=\"column-3\">Frenswegen<\/td>\n<\/tr>\n<tr class=\"row-14\">\n\t<td class=\"column-1\">17. und 18. August<\/td><td class=\"column-2\"><strong>Konzertante Auff\u00fchrung Dido &amp; Aeneas v. H. Purcell<\/strong><\/td><td class=\"column-3\">Galeriegeb\u00e4ude Herrenhausen<\/td><td class=\"column-4\"><a href=\"https:\/\/maedchenchor-hannover.de\/wp-content\/uploads\/2002august.png\" class=\"konzerte2002august-link foto-konzerte2002august\" rel=\"noopener noreferrer\" target=\"_blank\"> <\/a><\/td><td colspan=\"3\" class=\"column-5\"><a href=\"https:\/\/maedchenchor-hannover.de\/wp-content\/uploads\/020819-NP-Konzertkritik.pdf\" class=\"presse-link foto-presse\" rel=\"noopener noreferrer\" target=\"_blank\"> <\/a><\/td>\n<\/tr>\n<tr class=\"row-15\">\n\t<td class=\"column-1\">12. und 13. September<\/td><td class=\"column-2\"><strong>Konzert Choral Hymns for the Rig Veda <br \/>\nv. G. Holst<\/strong><\/td><td class=\"column-3\">Gr. Sendesaal des NDR, Hannover<\/td><td colspan=\"4\" class=\"column-4\">mit der NDR Radiophilharmonie<\/td>\n<\/tr>\n<tr class=\"row-16\">\n\t<td class=\"column-1\">28. September<\/td><td class=\"column-2\"><strong>Festkonzert zum Jubil\u00e4umsjahr<\/strong><\/td><td class=\"column-3\">Gr. Sendesaal des NDR, Hannover<\/td><td colspan=\"4\" class=\"column-4\"><a href=\"https:\/\/maedchenchor-hannover.de\/wp-content\/uploads\/020930-HAZ-Konzertkritik.pdf\" class=\"presse-link foto-presse\" rel=\"noopener noreferrer\" target=\"_blank\"> <\/a><\/td>\n<\/tr>\n<tr class=\"row-17\">\n\t<td class=\"column-1\">01. &#8211; 09. Oktober<\/td><td class=\"column-2\"><strong>Deutschlandreise<\/strong><\/td><td colspan=\"5\" class=\"column-3\"><a href=\"https:\/\/maedchenchor-hannover.de\/wp-content\/uploads\/021008-Konzertrezension-ProfManz.pdf\" class=\"presse-link foto-presse\" rel=\"noopener noreferrer\" target=\"_blank\"> <\/a><\/td>\n<\/tr>\n<tr class=\"row-18\">\n\t<td class=\"column-1\">27. Oktober<\/td><td class=\"column-2\"><strong>Auf Fl\u00fcgeln des Gesanges \u2013 LiedMatinee III<\/strong><\/td><td class=\"column-3\">Ballhof, Hannover<\/td><td colspan=\"4\" class=\"column-4\"> mit Carola Guber und Justus Zeyen<\/td>\n<\/tr>\n<tr class=\"row-19\">\n\t<td class=\"column-1\">15. und 16. November<\/td><td class=\"column-2\"><strong>Mitwirkung Jeanne d\u00b4arc au b\u00fbcher<\/strong><\/td><td class=\"column-3\">Marktkirche, Hannover<\/td><td colspan=\"4\" class=\"column-4\">v. A. Honnegger<\/td>\n<\/tr>\n<tr class=\"row-20\">\n\t<td class=\"column-1\">24. November<\/td><td class=\"column-2\"><strong>Auf Fl\u00fcgeln des Gesanges \u2013 LiedMatinee IV<\/strong><\/td><td class=\"column-3\">Ballhof, Hannover<\/td><td colspan=\"4\" class=\"column-4\">mit Solistinnen des M\u00e4dchenchores und Andrea Schnaus-Jantzen<\/td>\n<\/tr>\n<tr class=\"row-21\">\n\t<td class=\"column-1\">01. Dezember<\/td><td class=\"column-2\"><strong>Konzert<\/strong><\/td><td class=\"column-3\">Herrenhausen, Hannover<\/td><td colspan=\"4\" class=\"column-4\">Aufzeichnung mit dem NDR-Fernsehen<\/td>\n<\/tr>\n<tr class=\"row-22\">\n\t<td class=\"column-1\">20. und 21. Dezember<\/td><td class=\"column-2\"><strong>Weihnachtskonzerte<\/strong><\/td><td class=\"column-3\">Marktkirche, Hannover<\/td><td colspan=\"4\" class=\"column-4\"><a href=\"https:\/\/maedchenchor-hannover.de\/wp-content\/uploads\/021223-HAZ-Konzertkritik.pdf\" class=\"presse-link foto-presse\" rel=\"noopener noreferrer\" target=\"_blank\"> <\/a><\/td>\n<\/tr>\n<tr class=\"row-23\">\n\t<td class=\"column-1\">25. Dezember<\/td><td class=\"column-2\"><strong>Weihnachtsgottesdienst<\/strong><\/td><td colspan=\"5\" class=\"column-3\">Marktkirche, Hannover<\/td>\n<\/tr>\n<\/tbody>\n<\/table>\n<!-- #tablepress-317 from cache --><hr \/><h6>Konzertjahr 2001<\/h6>\n<table id=\"tablepress-318\" class=\"tablepress tablepress-id-318 tbody-has-connected-cells\">\n<tbody class=\"row-striping\">\n<tr class=\"row-1\">\n\t<td class=\"column-1\">15. Februar<\/td><td class=\"column-2\"><strong>Konzert beim Kongress Kinder &amp; Musik im 21.Jahrhundert<\/strong><\/td><td colspan=\"5\" class=\"column-3\">Hochschule f. Musik u. Theater, Hannover<\/td>\n<\/tr>\n<tr class=\"row-2\">\n\t<td class=\"column-1\">07. M\u00e4rz<\/td><td class=\"column-2\"><strong>Rezital<\/strong><\/td><td colspan=\"5\" class=\"column-3\">Kapelle Oststadtkrankenhaus, Hannover<\/td>\n<\/tr>\n<tr class=\"row-3\">\n\t<td class=\"column-1\">25. M\u00e4rz<\/td><td class=\"column-2\"><strong>Verleihung der Zelterplakette, Singen \u201evorm Bundespr\u00e4sidenten\u201c<\/strong><\/td><td class=\"column-3\">Lindenhalle, Wolfenb\u00fcttel<\/td><td colspan=\"4\" class=\"column-4\">in Anwesenheit von Bundespr\u00e4sident<br \/>\nJohannes Rau<br \/>\n<\/td>\n<\/tr>\n<tr class=\"row-4\">\n\t<td class=\"column-1\">12. und 13. April<\/td><td class=\"column-2\"><strong>Mitwirkung Matth\u00e4uspassion<\/strong><\/td><td class=\"column-3\">Marktkirche, Hannover<\/td><td colspan=\"4\" class=\"column-4\">Leitung: J\u00f6rg Straube<\/td>\n<\/tr>\n<tr class=\"row-5\">\n\t<td class=\"column-1\">06. Mai<\/td><td class=\"column-2\"><strong>Konzert<\/strong><\/td><td colspan=\"5\" class=\"column-3\">Garbsen<\/td>\n<\/tr>\n<tr class=\"row-6\">\n\t<td class=\"column-1\">31. Mai<\/td><td class=\"column-2\"><strong>Er\u00f6ffnung Int. Kammerchorwettbewerb<\/strong><\/td><td colspan=\"5\" class=\"column-3\">Marktoberdorf<\/td>\n<\/tr>\n<tr class=\"row-7\">\n\t<td class=\"column-1\">01. Juni<\/td><td class=\"column-2\"><strong>Konzert<\/strong><\/td><td colspan=\"5\" class=\"column-3\">Musikakademie Hammelburg<\/td>\n<\/tr>\n<tr class=\"row-8\">\n\t<td class=\"column-1\">20. Juni<\/td><td class=\"column-2\"><strong>Feierumrahmung f\u00fcr Industrieclub<\/strong><\/td><td colspan=\"5\" class=\"column-3\">Landesmuseum, Hannover<\/td>\n<\/tr>\n<tr class=\"row-9\">\n\t<td class=\"column-1\">24. Juni<\/td><td class=\"column-2\"><strong>Konzert<\/strong><\/td><td colspan=\"5\" class=\"column-3\">Neust\u00e4dter Hof- und Stadtkirche<\/td>\n<\/tr>\n<tr class=\"row-10\">\n\t<td class=\"column-1\">28. Juli<\/td><td class=\"column-2\"><strong>Konzert Int. Steno Kongress-Er\u00f6ffnung<\/strong><\/td><td colspan=\"5\" class=\"column-3\">Kuppelsaal, Hannover<\/td>\n<\/tr>\n<tr class=\"row-11\">\n\t<td class=\"column-1\">03. September<\/td><td class=\"column-2\"><strong>Umrahmung Klosterkammertag, Mariensee<\/strong><\/td><td colspan=\"5\" class=\"column-3\">Neustadt a. Rbg.<\/td>\n<\/tr>\n<tr class=\"row-12\">\n\t<td class=\"column-1\">12. September <\/td><td class=\"column-2\"><strong>Konzert<\/strong><\/td><td colspan=\"5\" class=\"column-3\">Basilika St .Clemens, Hannover<\/td>\n<\/tr>\n<tr class=\"row-13\">\n\t<td class=\"column-1\">15. September<\/td><td class=\"column-2\"><strong>Konzert<\/strong><\/td><td colspan=\"5\" class=\"column-3\">Stabkirche Hahnenklee<\/td>\n<\/tr>\n<tr class=\"row-14\">\n\t<td class=\"column-1\">28. September &#8211; 14. Oktober<\/td><td class=\"column-2\"><strong>Konzertreise<\/strong><\/td><td class=\"column-3\">Kanada<\/td><td colspan=\"4\" class=\"column-4\"><a href=\"https:\/\/maedchenchor-hannover.de\/wp-content\/uploads\/2001kanada.png\" class=\"konzerte2001kanada-link foto-konzerte2001kanada\" rel=\"noopener noreferrer\" target=\"_blank\"> <\/a><\/td>\n<\/tr>\n<tr class=\"row-15\">\n\t<td class=\"column-1\">21. Oktober<\/td><td class=\"column-2\"><strong>Konzert Lionsclub<\/strong><\/td><td colspan=\"5\" class=\"column-3\">G\u00f6ttingen<\/td>\n<\/tr>\n<tr class=\"row-16\">\n\t<td class=\"column-1\">05. Dezember<\/td><td class=\"column-2\"><strong>Konzert<\/strong><\/td><td colspan=\"5\" class=\"column-3\">Neust\u00e4dter Hof- und Stadtkirche<\/td>\n<\/tr>\n<tr class=\"row-17\">\n\t<td class=\"column-1\">14. und 15. Dezember<\/td><td class=\"column-2\"><strong>Weihnachtskonzerte<\/strong><\/td><td colspan=\"5\" class=\"column-3\">Marktkirche, Hannover<\/td>\n<\/tr>\n<tr class=\"row-18\">\n\t<td class=\"column-1\">22. Dezember<\/td><td class=\"column-2\"><strong>Konzert bei Lied und Text<\/strong><\/td><td colspan=\"5\" class=\"column-3\">Landesmuseum, Hannover<\/td>\n<\/tr>\n<tr class=\"row-19\">\n\t<td class=\"column-1\">23. Dezember<\/td><td class=\"column-2\"><strong>Konzert<\/strong><\/td><td colspan=\"5\" class=\"column-3\">Schloss Ricklingen<\/td>\n<\/tr>\n<tr class=\"row-20\">\n\t<td class=\"column-1\">25. Dezember<\/td><td class=\"column-2\"><strong>Weihnachtsgottesdienst<\/strong><\/td><td colspan=\"5\" class=\"column-3\">Marktkirche, Hannover<\/td>\n<\/tr>\n<\/tbody>\n<\/table>\n<!-- #tablepress-318 from cache --><hr \/><h6>Konzertjahr 2000<\/h6>\n<table id=\"tablepress-319\" class=\"tablepress tablepress-id-319 tbody-has-connected-cells\">\n<tbody class=\"row-striping\">\n<tr class=\"row-1\">\n\t<td class=\"column-1\">09. Februar<\/td><td class=\"column-2\"><strong> Konzert<\/strong><\/td><td colspan=\"5\" class=\"column-3\">Neues Rathaus, Hannover<\/td>\n<\/tr>\n<tr class=\"row-2\">\n\t<td class=\"column-1\">13. Februar<\/td><td class=\"column-2\"><strong>Konzert<\/strong><\/td><td colspan=\"5\" class=\"column-3\">St. Augustinuskirche, Hannover<\/td>\n<\/tr>\n<tr class=\"row-3\">\n\t<td class=\"column-1\">16. &#8211; 22. Februar<\/td><td class=\"column-2\"><strong>Konzertreise zum Chorfestival nach Israel<\/strong><\/td><td colspan=\"5\" class=\"column-3\">Israel<\/td>\n<\/tr>\n<tr class=\"row-4\">\n\t<td class=\"column-1\">01. M\u00e4rz<\/td><td class=\"column-2\"><strong>Konzert<\/strong><\/td><td colspan=\"5\" class=\"column-3\">Kapelle Oststadtkrankenhaus, Hannover<\/td>\n<\/tr>\n<tr class=\"row-5\">\n\t<td class=\"column-1\">19. M\u00e4rz<\/td><td class=\"column-2\"><strong>Rezital I<\/strong><\/td><td colspan=\"5\" class=\"column-3\">Philippuskirche Isernhagen<\/td>\n<\/tr>\n<tr class=\"row-6\">\n\t<td class=\"column-1\">08. April<\/td><td class=\"column-2\"><strong>Konzert<\/strong><\/td><td colspan=\"5\" class=\"column-3\">Landesmuseum, Hannover<\/td>\n<\/tr>\n<tr class=\"row-7\">\n\t<td class=\"column-1\">02. &#8211; 04. Juni<\/td><td class=\"column-2\"><strong>Konzerte KulturKaleidoskop<\/strong><\/td><td colspan=\"5\" class=\"column-3\">Rittergut Stemmen<\/td>\n<\/tr>\n<tr class=\"row-8\">\n\t<td class=\"column-1\">24. Juni<\/td><td class=\"column-2\"><strong>Konzert<\/strong><\/td><td colspan=\"5\" class=\"column-3\">Markuskirche, Hannover<\/td>\n<\/tr>\n<tr class=\"row-9\">\n\t<td class=\"column-1\">02. Juli<\/td><td class=\"column-2\"><strong>Konzert Ch\u00f6re zur EXPO<\/strong><\/td><td colspan=\"5\" class=\"column-3\">Kuppelsaal, Hannover<\/td>\n<\/tr>\n<tr class=\"row-10\">\n\t<td class=\"column-1\">10. Juli<\/td><td class=\"column-2\"><strong>Rezital II<\/strong><\/td><td colspan=\"5\" class=\"column-3\">Marschnersaal, Hannover<\/td>\n<\/tr>\n<tr class=\"row-11\">\n\t<td class=\"column-1\">23. Juli<\/td><td class=\"column-2\"><strong>Matin\u00e9e Helen Donath<\/strong><\/td><td colspan=\"5\" class=\"column-3\">Opernhaus, Hannover<\/td>\n<\/tr>\n<tr class=\"row-12\">\n\t<td class=\"column-1\">13. &#8211; 21. August<\/td><td class=\"column-2\"><strong>Chorstudientage<\/strong><\/td><td colspan=\"5\" class=\"column-3\">Frenswegen<\/td>\n<\/tr>\n<tr class=\"row-13\">\n\t<td class=\"column-1\">20. August<\/td><td class=\"column-2\"><strong>Konzert<\/strong><\/td><td colspan=\"5\" class=\"column-3\">Frenswegen<\/td>\n<\/tr>\n<tr class=\"row-14\">\n\t<td class=\"column-1\">02. September<\/td><td class=\"column-2\"><strong>Konzert<\/strong><\/td><td class=\"column-3\">EXPO-Gel\u00e4nde, Hannover<\/td><td colspan=\"4\" class=\"column-4\">mit Little Singers of Tokyo (Japan)<\/td>\n<\/tr>\n<tr class=\"row-15\">\n\t<td class=\"column-1\">03. September<\/td><td class=\"column-2\"><strong>Konzert<\/strong><\/td><td class=\"column-3\">EXPO-Gel\u00e4nde, Hannover<\/td><td class=\"column-4\">mit Concentus (Norwegen)<\/td><td colspan=\"3\" class=\"column-5\"><a href=\"https:\/\/maedchenchor-hannover.de\/wp-content\/uploads\/Haz_20000905UrauffuehrungenMCH.pdf\" class=\"presse-link foto-presse\" rel=\"noopener noreferrer\" target=\"_blank\"> <\/a><\/td>\n<\/tr>\n<tr class=\"row-16\">\n\t<td class=\"column-1\">04. Oktober<\/td><td class=\"column-2\"><strong>Konzert<\/strong><\/td><td colspan=\"5\" class=\"column-3\">Theatersaal Langenhagen<\/td>\n<\/tr>\n<tr class=\"row-17\">\n\t<td class=\"column-1\">15. Oktober<\/td><td class=\"column-2\"><strong>Rezital III<\/strong><\/td><td colspan=\"5\" class=\"column-3\">Lutherschule, Hannover<\/td>\n<\/tr>\n<tr class=\"row-18\">\n\t<td class=\"column-1\">19.  &#8211; 28. Oktober<\/td><td class=\"column-2\"><strong>Konzertreise<\/strong><\/td><td colspan=\"5\" class=\"column-3\">Norwegen<\/td>\n<\/tr>\n<tr class=\"row-19\">\n\t<td class=\"column-1\">05. November<\/td><td class=\"column-2\"><strong>Konzert zur Charterfeier Soroptimist International Club<\/strong><\/td><td colspan=\"5\" class=\"column-3\">Rathaus, Hannover<\/td>\n<\/tr>\n<tr class=\"row-20\">\n\t<td class=\"column-1\">01. und 02. Dezember<\/td><td class=\"column-2\"><strong>Weihnachtskonzerte<\/strong><\/td><td colspan=\"5\" class=\"column-3\">Marktkirche, Hannover<\/td>\n<\/tr>\n<tr class=\"row-21\">\n\t<td class=\"column-1\">05. Dezember<\/td><td class=\"column-2\"><strong> Konzert<\/strong><\/td><td colspan=\"5\" class=\"column-3\">Petrikirche, Hannover<\/td>\n<\/tr>\n<tr class=\"row-22\">\n\t<td class=\"column-1\">16. Dezember<\/td><td class=\"column-2\"><strong>Konzert Weihnacht in Lied und Wort,<\/strong><\/td><td colspan=\"5\" class=\"column-3\">Landesmuseum, Hannover<\/td>\n<\/tr>\n<tr class=\"row-23\">\n\t<td class=\"column-1\">25. Dezember<\/td><td class=\"column-2\"><strong>Weihnachtsgottesdienst<\/strong><\/td><td colspan=\"5\" class=\"column-3\">Marktkirche, Hannover<\/td>\n<\/tr>\n<\/tbody>\n<\/table>\n<!-- #tablepress-319 from cache --><\/div>\n\t\t\t\t\t\t\t\t\t<div class=\"elementor-tab-title elementor-tab-mobile-title\" aria-selected=\"false\" data-tab=\"9\" role=\"tab\" tabindex=\"-1\" aria-controls=\"elementor-tab-content-7159\" aria-expanded=\"false\">1990 - 99<\/div>\n\t\t\t\t\t<div id=\"elementor-tab-content-7159\" class=\"elementor-tab-content elementor-clearfix\" data-tab=\"9\" role=\"tabpanel\" aria-labelledby=\"elementor-tab-title-7159\" tabindex=\"0\" hidden=\"hidden\"><h6>Konzertjahr 1999<\/h6>\n<table id=\"tablepress-283\" class=\"tablepress tablepress-id-283 tbody-has-connected-cells\">\n<tbody class=\"row-striping\">\n<tr class=\"row-1\">\n\t<td class=\"column-1\"><\/td><td class=\"column-2\"><\/td><td class=\"column-3\"><\/td><td class=\"column-4\"><\/td><td class=\"column-5\"><\/td><td class=\"column-6\"><\/td><td class=\"column-7\"><\/td>\n<\/tr>\n<tr class=\"row-2\">\n\t<td class=\"column-1\">31. Januar<\/td><td class=\"column-2\"><strong>Festakt<\/strong><\/td><td class=\"column-3\">Staatsoper, Hannover<\/td><td class=\"column-4\">Verabschiedung von Ludwig Rutt nach 47j\u00e4hriger Leitung des M\u00e4dchenchor Hannover<\/td><td class=\"column-5\">Frau Professor Schr\u00f6fel \u00fcbernimmt die Leitung des M\u00e4dchenchores<\/td><td colspan=\"2\" class=\"column-6\"><a href=\"https:\/\/maedchenchor-hannover.de\/wp-content\/uploads\/50-Jahre_Ludwig-Rutt.pdf\" class=\"mehrinfo-link foto2\" rel=\"noopener noreferrer\" target=\"_blank\"><\/a><\/td>\n<\/tr>\n<tr class=\"row-3\">\n\t<td class=\"column-1\">Mai<\/td><td class=\"column-2\"><strong>Konzertreise<\/strong><\/td><td class=\"column-3\">Tschechien<\/td><td class=\"column-4\">mit Konzerten in Prag und Liberec<\/td><td colspan=\"3\" class=\"column-5\">auf Einladung von Petr Eben beim Festival TERRA CANTAT in Sumperk<\/td>\n<\/tr>\n<tr class=\"row-4\">\n\t<td class=\"column-1\">Juni<\/td><td class=\"column-2\"><strong>Mitwirkung Engel in Flammen<br \/>\nv. Isang Yun<\/strong><\/td><td class=\"column-3\">Hannover<\/td><td colspan=\"4\" class=\"column-4\">im Rahmen der BIENNALE NDR<\/td>\n<\/tr>\n<tr class=\"row-5\">\n\t<td class=\"column-1\">August<\/td><td class=\"column-2\"><strong>Konzert im K\u00f6lner Dom<\/strong><\/td><td colspan=\"5\" class=\"column-3\">K\u00f6ln<\/td>\n<\/tr>\n<tr class=\"row-6\">\n\t<td class=\"column-1\">September<\/td><td class=\"column-2\"><strong>Konzert<\/strong><\/td><td colspan=\"5\" class=\"column-3\">Neust\u00e4dter Hof- und Stadtkirche<\/td>\n<\/tr>\n<tr class=\"row-7\">\n\t<td class=\"column-1\">September<\/td><td class=\"column-2\"><strong>Auszeichnungen<\/strong><\/td><td class=\"column-3\">Sieben Chormitglieder erhalten erste Preise im Landeswettbewerb Jugend Musiziert<br \/>\n<\/td><td colspan=\"4\" class=\"column-4\">Drei Chormitglieder erhalten Preise<br \/>\nim Bundeswettbewerb<\/td>\n<\/tr>\n<tr class=\"row-8\">\n\t<td class=\"column-1\">Oktober<\/td><td class=\"column-2\"><strong>Konzertreise<\/strong><\/td><td class=\"column-3\">Polen<\/td><td colspan=\"4\" class=\"column-4\">Konzerte in Trebnica, Lenica, Polancia, Klodzko, Wroclaw und Jelania Gora<\/td>\n<\/tr>\n<\/tbody>\n<\/table>\n<!-- #tablepress-283 from cache --><h6>Konzertjahr 1998<\/h6>\n<table id=\"tablepress-284\" class=\"tablepress tablepress-id-284 tbody-has-connected-cells\">\n<tbody class=\"row-striping\">\n<tr class=\"row-1\">\n\t<td class=\"column-1\"><\/td><td colspan=\"6\" class=\"column-2\"><\/td>\n<\/tr>\n<tr class=\"row-2\">\n\t<td class=\"column-1\">22. M\u00e4rz<\/td><td class=\"column-2\"><strong>Rezital<\/strong><\/td><td colspan=\"5\" class=\"column-3\">Kanapee, Hannover<\/td>\n<\/tr>\n<tr class=\"row-3\">\n\t<td class=\"column-1\">10. April<\/td><td class=\"column-2\"><strong>Mitwirkung Bach Matth\u00e4uspassion<\/strong><\/td><td class=\"column-3\">Hannover<\/td><td colspan=\"4\" class=\"column-4\">mit Bachchor<br \/>\nLtg. J\u00f6rg Straube<\/td>\n<\/tr>\n<tr class=\"row-4\">\n\t<td class=\"column-1\">10. Mai<\/td><td class=\"column-2\"><strong>Mitwirkung Gershwin Konzert<\/strong><\/td><td colspan=\"5\" class=\"column-3\">Kuppelsaal, Hannover<\/td>\n<\/tr>\n<tr class=\"row-5\">\n\t<td class=\"column-1\">20. &#8211; 24. Mai<\/td><td class=\"column-2\"><strong>Konzertreise<\/strong><\/td><td colspan=\"5\" class=\"column-3\">Saarland<\/td>\n<\/tr>\n<tr class=\"row-6\">\n\t<td class=\"column-1\">21. Mai<\/td><td class=\"column-2\"><strong>Er\u00f6ffnungskonzert der <br \/>\nFrauenchortage des DSB<\/strong><\/td><td colspan=\"5\" class=\"column-3\">Saarlouis <\/td>\n<\/tr>\n<tr class=\"row-7\">\n\t<td class=\"column-1\">22. Mai<\/td><td class=\"column-2\"><strong>Konzert<\/strong><\/td><td colspan=\"5\" class=\"column-3\">Konzert Abtei Tholey<\/td>\n<\/tr>\n<tr class=\"row-8\">\n\t<td class=\"column-1\">23. Mai <\/td><td class=\"column-2\"><strong>Konzert<\/strong><\/td><td colspan=\"5\" class=\"column-3\">St. Joseph Homburg-Kirkel<\/td>\n<\/tr>\n<tr class=\"row-9\">\n\t<td class=\"column-1\">24. Mai<\/td><td class=\"column-2\"><strong>Festhochamt Saarlouis<\/strong><\/td><td colspan=\"5\" class=\"column-3\">Saarlouis<\/td>\n<\/tr>\n<tr class=\"row-10\">\n\t<td class=\"column-1\">13. und 14. Juni <\/td><td class=\"column-2\"><strong>Rundfunkaufnahmen beim NDR<\/strong><\/td><td colspan=\"5\" class=\"column-3\">Funkhaus Hannover<\/td>\n<\/tr>\n<tr class=\"row-11\">\n\t<td class=\"column-1\">03. Juli<\/td><td class=\"column-2\"><strong>Konzert<\/strong><\/td><td colspan=\"5\" class=\"column-3\">NDR Gro\u00dfer Sendesaal, Hannover<\/td>\n<\/tr>\n<tr class=\"row-12\">\n\t<td class=\"column-1\">04.\/05. Juli<\/td><td class=\"column-2\"><strong>Besuch des Seattle Girls\u2019 Choir <\/strong><\/td><td colspan=\"5\" class=\"column-3\">Hannover<\/td>\n<\/tr>\n<tr class=\"row-13\">\n\t<td class=\"column-1\">11. Juli<\/td><td class=\"column-2\"><strong>Spenden-Konzert<\/strong><\/td><td colspan=\"5\" class=\"column-3\">im Hause Lorenz, Hannover<\/td>\n<\/tr>\n<tr class=\"row-14\">\n\t<td class=\"column-1\">13. &#8211; 17. Juli<\/td><td class=\"column-2\"><strong>Internationales Chorleiterseminar<\/strong><\/td><td class=\"column-3\">Marktoberdorf<\/td><td class=\"column-4\">mit 24 M\u00e4dchen Atelierchor<\/td><td colspan=\"3\" class=\"column-5\">Zusammenarbeit mit Volker Hempfling<\/td>\n<\/tr>\n<tr class=\"row-15\">\n\t<td class=\"column-1\">August<\/td><td class=\"column-2\"><strong>Chorleiterseminar<\/strong><\/td><td class=\"column-3\">Zimrya \/ Israel<\/td><td colspan=\"4\" class=\"column-4\">Zusammenarbeit mit Timothy Brown, Frieder Bernius, Robert Sund<\/td>\n<\/tr>\n<tr class=\"row-16\">\n\t<td class=\"column-1\">12. September<\/td><td class=\"column-2\"><strong>Kod\u00e0lychor Budapest Konzert<\/strong><\/td><td colspan=\"5\" class=\"column-3\">Gartenkirche, Hannover<\/td>\n<\/tr>\n<tr class=\"row-17\">\n\t<td class=\"column-1\">20. September<\/td><td class=\"column-2\"><strong>Kod\u00e0lychor Budapest<\/strong><\/td><td colspan=\"5\" class=\"column-3\">Neustadt<\/td>\n<\/tr>\n<tr class=\"row-18\">\n\t<td class=\"column-1\">19. &#8211; 29. Oktober<\/td><td class=\"column-2\"><strong>Konzertreise<\/strong><\/td><td class=\"column-3\">Ungarn<\/td><td colspan=\"4\" class=\"column-4\"><a href=\"https:\/\/maedchenchor-hannover.de\/wp-content\/uploads\/Ungarn1998-Bericht.pdf\" class=\"mehrinfo-link foto2\" rel=\"noopener noreferrer\" target=\"_blank\"><\/a><\/td>\n<\/tr>\n<tr class=\"row-19\">\n\t<td class=\"column-1\">01. Oktober<\/td><td class=\"column-2\"><strong>Auszeichnung<\/strong><\/td><td class=\"column-3\">Hannover<\/td><td colspan=\"4\" class=\"column-4\">Ludwig Rutt erh\u00e4lt <br \/>\ndas Verdienstkreuz 1. Klasse des<br \/>\nNieders\u00e4chsischen Verdienstordens<\/td>\n<\/tr>\n<tr class=\"row-20\">\n\t<td class=\"column-1\">19. November<\/td><td class=\"column-2\"><strong>Auszeichnung<\/strong><\/td><td class=\"column-3\">Hannover<\/td><td class=\"column-4\">Verleihung des Nieders\u00e4chsischen Kunstpreises f\u00fcr Musik an Gudrun Schr\u00f6fel<\/td><td colspan=\"3\" class=\"column-5\"><a href=\"https:\/\/maedchenchor-hannover.de\/wp-content\/uploads\/1998-preis.png\" class=\"konzerte1998p-link foto-konzerte1998p\" rel=\"noopener noreferrer\" target=\"_blank\"> <\/a><br \/>\n<\/td>\n<\/tr>\n<tr class=\"row-21\">\n\t<td class=\"column-1\">22. November<\/td><td class=\"column-2\"><strong>Konzert<\/strong><\/td><td colspan=\"5\" class=\"column-3\">Pohlheim (Gie\u00dfen)<\/td>\n<\/tr>\n<tr class=\"row-22\">\n\t<td class=\"column-1\">29. November<\/td><td class=\"column-2\"><strong>Konzert <\/strong><\/td><td class=\"column-3\">Opernhaus, Hannover<\/td><td colspan=\"4\" class=\"column-4\">Woodbury-Liederb\u00fcchlein v. H. Eisler, <br \/>\nmit Chor-Choreographie von Milos Zilic<\/td>\n<\/tr>\n<tr class=\"row-23\">\n\t<td class=\"column-1\">04. Dezember<\/td><td class=\"column-2\"><strong>Konzert &#8222;Heitlinger Herbst\u201d<\/strong><\/td><td colspan=\"5\" class=\"column-3\"><\/td>\n<\/tr>\n<tr class=\"row-24\">\n\t<td class=\"column-1\">06. Dezember<\/td><td class=\"column-2\"><strong>Mitwirkung beim Konzert des <br \/>\nJohann-Strau\u00df-Orchesters<\/strong><\/td><td colspan=\"5\" class=\"column-3\">Hannover<\/td>\n<\/tr>\n<tr class=\"row-25\">\n\t<td class=\"column-1\">11. und 12. Dezember<\/td><td class=\"column-2\"><strong>Weihnachtskonzerte<\/strong><\/td><td class=\"column-3\">Marktkirche, Hannover<\/td><td class=\"column-4\">Musik im Raum<\/td><td colspan=\"3\" class=\"column-5\"><a href=\"https:\/\/maedchenchor-hannover.de\/wp-content\/uploads\/Programm_Musik-im-Raum_981211-1.pdf\" class=\"programm-link foto-programm\" target=\"_blank\" rel=\"noopener noreferrer\"><\/a><\/td>\n<\/tr>\n<tr class=\"row-26\">\n\t<td class=\"column-1\">19. Dezember<\/td><td class=\"column-2\"><strong>Mitwirkung beim Konzert des Harfenensembles<\/strong><\/td><td colspan=\"5\" class=\"column-3\">Hannover<\/td>\n<\/tr>\n<\/tbody>\n<\/table>\n<!-- #tablepress-284 from cache --><h6>Konzertjahr 1997<\/h6>\n<table id=\"tablepress-285\" class=\"tablepress tablepress-id-285 tbody-has-connected-cells\">\n<tbody class=\"row-striping\">\n<tr class=\"row-1\">\n\t<td colspan=\"7\" class=\"column-1\"><\/td>\n<\/tr>\n<tr class=\"row-2\">\n\t<td class=\"column-1\">1997<\/td><td class=\"column-2\"><strong>Planung f\u00fcr die EXPO 2000<\/strong><\/td><td colspan=\"5\" class=\"column-3\">Kompositionsauftr\u00e4ge an Arvo P\u00e4rt, Alfred Koerppen, Velo Tormis, Petr Eben, Knut Nystedt, Einojuhani Rautavaara und Herwig Rutt<\/td>\n<\/tr>\n<tr class=\"row-3\">\n\t<td class=\"column-1\">26. Januar<\/td><td class=\"column-2\"><strong>Mitwirkung Matinee Veranstaltung<\/strong><\/td><td class=\"column-3\">Staatsoper Hannover<\/td><td colspan=\"4\" class=\"column-4\">z. 50j\u00e4hrigen Bestehen des DAS<\/td>\n<\/tr>\n<tr class=\"row-4\">\n\t<td class=\"column-1\">16. Februar<\/td><td class=\"column-2\"><strong>Mitwirkung Junge Musiker im Opernhaus<\/strong><\/td><td colspan=\"5\" class=\"column-3\">Staatsoper Hannover<\/td>\n<\/tr>\n<tr class=\"row-5\">\n\t<td class=\"column-1\">02. M\u00e4rz<\/td><td class=\"column-2\"><strong>Aufnahmepr\u00fcfungen<\/strong><\/td><td colspan=\"5\" class=\"column-3\">Kaiser-Wilhelm-Gymnasium, Hannover<\/td>\n<\/tr>\n<tr class=\"row-6\">\n\t<td class=\"column-1\">19. und 20. April<\/td><td class=\"column-2\"><strong>Teilnahme Johannes-Brahms-Wettbewerb<\/strong><\/td><td class=\"column-3\">Hamburg<\/td><td colspan=\"4\" class=\"column-4\">1. Preis<\/td>\n<\/tr>\n<tr class=\"row-7\">\n\t<td class=\"column-1\">27. April<\/td><td class=\"column-2\"><strong>Konzert<\/strong><\/td><td class=\"column-3\">St. Philippus Kirche, Hannover<\/td><td colspan=\"4\" class=\"column-4\">z. Jahresfest des Henriettenstifts<\/td>\n<\/tr>\n<tr class=\"row-8\">\n\t<td class=\"column-1\">02. Mai<\/td><td class=\"column-2\"><strong>Mitwirkung bei &#8222;Music in Town&#8220;<\/strong><\/td><td colspan=\"5\" class=\"column-3\">Opernhaus, Marschnersaal<\/td>\n<\/tr>\n<tr class=\"row-9\">\n\t<td class=\"column-1\">10. Mai<\/td><td class=\"column-2\"><strong>Konzert<\/strong><\/td><td colspan=\"5\" class=\"column-3\">Sehnde<\/td>\n<\/tr>\n<tr class=\"row-10\">\n\t<td class=\"column-1\">24. Mai<\/td><td class=\"column-2\"><strong>Mitwirkung &#8222;Hiroshima Requiem&#8220;, NDR Orchesterkonzert<\/strong><\/td><td colspan=\"5\" class=\"column-3\">NDR, Gr. Sendesaal, Hannover<\/td>\n<\/tr>\n<tr class=\"row-11\">\n\t<td class=\"column-1\">01. Juni<\/td><td class=\"column-2\"><strong>Singen im Gottesdienst<\/strong><\/td><td colspan=\"5\" class=\"column-3\">Marktkirche, Hannover<\/td>\n<\/tr>\n<tr class=\"row-12\">\n\t<td class=\"column-1\">10. Juni<\/td><td class=\"column-2\"><strong>Konzert<\/strong><\/td><td colspan=\"5\" class=\"column-3\">Garbsen<\/td>\n<\/tr>\n<tr class=\"row-13\">\n\t<td class=\"column-1\">29. Juni<\/td><td class=\"column-2\"><strong>Konzert<\/strong><\/td><td class=\"column-3\">Neust\u00e4dter Kirche<\/td><td colspan=\"4\" class=\"column-4\"><a href=\"https:\/\/maedchenchor-hannover.de\/wp-content\/uploads\/970629_KonzertPlakat.jpg\" class=\"mehrinfo-link foto2\" rel=\"noopener noreferrer\" target=\"_blank\"><\/a><\/td>\n<\/tr>\n<tr class=\"row-14\">\n\t<td class=\"column-1\">06. Juli<\/td><td class=\"column-2\"><strong>Konzert<\/td><td class=\"column-3\">Stadthalle Weilburg (Hessen)<\/td><td class=\"column-4\">Chorfestival<\/td><td colspan=\"3\" class=\"column-5\"><a href=\"https:\/\/maedchenchor-hannover.de\/wp-content\/uploads\/RfRundschaufJuli1997.jpg\" class=\"presse-link foto-presse\" rel=\"noopener noreferrer\" target=\"_blank\"> <\/a><\/td>\n<\/tr>\n<tr class=\"row-15\">\n\t<td class=\"column-1\">12. Juli<\/td><td class=\"column-2\"><strong>Konzert-Mitwirkung<\/strong><\/td><td colspan=\"5\" class=\"column-3\">NDR Veranstaltung<\/td>\n<\/tr>\n<tr class=\"row-16\">\n\t<td class=\"column-1\">17. &#8211; 25. August<\/td><td class=\"column-2\"><strong>Chorfreizeit<\/strong><\/td><td colspan=\"5\" class=\"column-3\">Kloster Frenswegen<\/td>\n<\/tr>\n<tr class=\"row-17\">\n\t<td class=\"column-1\">07. September<\/td><td class=\"column-2\"><strong>Workshop<\/strong><\/td><td colspan=\"5\" class=\"column-3\">Philippus-Kirche<\/td>\n<\/tr>\n<tr class=\"row-18\">\n\t<td class=\"column-1\">11. &#8211; 14. September<\/td><td class=\"column-2\"><strong>Teilnahme am EUROTREFF<\/strong><\/td><td colspan=\"5\" class=\"column-3\">Wolfenb\u00fcttel<\/td>\n<\/tr>\n<tr class=\"row-19\">\n\t<td class=\"column-1\">19. &#8211; 21. September<\/td><td class=\"column-2\"><strong>Er\u00f6ffnungskonzert<\/strong><\/td><td class=\"column-3\">Montabaur<\/td><td colspan=\"4\" class=\"column-4\">anl\u00e4\u00dflich Mendelssohn Chorfestival<\/td>\n<\/tr>\n<tr class=\"row-20\">\n\t<td class=\"column-1\">27. September<\/td><td class=\"column-2\"><strong>Konzert<\/strong><\/td><td colspan=\"5\" class=\"column-3\">Nordhorn<\/td>\n<\/tr>\n<tr class=\"row-21\">\n\t<td class=\"column-1\">28. September<\/td><td class=\"column-2\"><strong>Singen im Gottesdienst<\/strong><\/td><td colspan=\"5\" class=\"column-3\">Marktkirche, Hannover<\/td>\n<\/tr>\n<tr class=\"row-22\">\n\t<td class=\"column-1\">17. &#8211; 27. Oktober<\/td><td class=\"column-2\"><strong>Konzertreise<\/strong><\/td><td class=\"column-3\">Schweden<\/td><td class=\"column-4\">Konzerte in Stockholm, Uppsala, V\u00e4xj\u00f6 und Lund<\/td><td class=\"column-5\"><a href=\"https:\/\/maedchenchor-hannover.de\/wp-content\/uploads\/971019-Konzertprogramm-Stockholm-Schweden.pdf\" class=\"programm-link foto-programm\" target=\"_blank\" rel=\"noopener noreferrer\"><\/a><\/td><td class=\"column-6\"><a href=\"https:\/\/maedchenchor-hannover.de\/wp-content\/uploads\/971018-Konzertprogramm-Uppsala-Schweden-1.pdf\" class=\"programm-link foto-programm\" target=\"_blank\" rel=\"noopener noreferrer\"><\/a><\/td><td class=\"column-7\"><a href=\"https:\/\/maedchenchor-hannover.de\/wp-content\/uploads\/Schwedenreise1997-Bericht.jpg\" class=\"mehrinfo-link foto2\" rel=\"noopener noreferrer\" target=\"_blank\"><\/a><\/td>\n<\/tr>\n<tr class=\"row-23\">\n\t<td class=\"column-1\">05. November<\/td><td class=\"column-2\"><strong>Konzert mit Brahms-Chor<\/strong><\/td><td class=\"column-3\">Neust\u00e4dter Kirche, Hannover<\/td><td colspan=\"4\" class=\"column-4\">anl\u00e4\u00dflich Mendelssohn Chorfestival<\/td>\n<\/tr>\n<tr class=\"row-24\">\n\t<td class=\"column-1\">12. und 13. Dezember<\/td><td class=\"column-2\"><strong>Adventskonzerte<\/strong><\/td><td colspan=\"5\" class=\"column-3\">Marktkirche, Hannover<\/td>\n<\/tr>\n<tr class=\"row-25\">\n\t<td class=\"column-1\">25. Dezember<\/td><td class=\"column-2\"><strong>Singen im Gottesdienst<\/strong><\/td><td colspan=\"5\" class=\"column-3\">Marktkirche, Hannover<\/td>\n<\/tr>\n<\/tbody>\n<\/table>\n<!-- #tablepress-285 from cache --><h6>Konzertjahr 1996<\/h6>\n<table id=\"tablepress-286\" class=\"tablepress tablepress-id-286 tbody-has-connected-cells\">\n<tbody class=\"row-striping\">\n<tr class=\"row-1\">\n\t<td colspan=\"7\" class=\"column-1\"><\/td>\n<\/tr>\n<tr class=\"row-2\">\n\t<td class=\"column-1\">03. M\u00e4rz<\/td><td class=\"column-2\"><strong>Gedenkfeier<\/strong><\/td><td class=\"column-3\">Schauspielhaus, Hannover<\/td><td colspan=\"4\" class=\"column-4\">Singen bei der Gedenkfeier Karl-Hermann Schl\u00fcter<\/td>\n<\/tr>\n<tr class=\"row-3\">\n\t<td class=\"column-1\">10. \/11. M\u00e4rz<\/td><td class=\"column-2\"><strong>Aufnahmepr\u00fcfung<\/strong><\/td><td class=\"column-3\">Kaiser-Wilhelm-Gymnasium, Hannover<\/td><td colspan=\"4\" class=\"column-4\">Singen bei der Gedenkfeier Karl-Hermann Schl\u00fcter<\/td>\n<\/tr>\n<tr class=\"row-4\">\n\t<td class=\"column-1\">24. M\u00e4rz &#8211; 08. April<\/td><td class=\"column-2\"><strong>Konzertreise<\/strong><\/td><td class=\"column-3\">Japan, mit Konzert in der Suntory Hall in Tokio<\/td><td class=\"column-4\"><a href=\"https:\/\/maedchenchor-hannover.de\/wp-content\/uploads\/1996j.png\" class=\"konzerte1996j-link foto-konzerte1996j\" rel=\"noopener noreferrer\" target=\"_blank\"> <\/a><\/td><td class=\"column-5\"><a href=\"https:\/\/maedchenchor-hannover.de\/wp-content\/uploads\/ProgrammheftSantoryHall_1996.pdf\" class=\"programm-link foto-programm\" target=\"_blank\" rel=\"noopener noreferrer\"><\/a><\/td><td class=\"column-6\"><a href=\"https:\/\/maedchenchor-hannover.de\/wp-content\/uploads\/Willkommensschrift_Konzert_Maedchenchor_27Maerz1996_.pdf\" class=\"presse-link foto-presse\" rel=\"noopener noreferrer\" target=\"_blank\"> <\/a><\/td><td class=\"column-7\"><a href=\"https:\/\/maedchenchor-hannover.de\/wp-content\/uploads\/HAZ-am-20April1996.jpg\" class=\"presse-link foto-presse\" rel=\"noopener noreferrer\" target=\"_blank\"> <\/a><\/td>\n<\/tr>\n<tr class=\"row-5\">\n\t<td class=\"column-1\">12. April<\/td><td class=\"column-2\"><strong>Jubil\u00e4umsfeier<\/strong><\/td><td class=\"column-3\">Kuppelsaal, Hannover<\/td><td colspan=\"4\" class=\"column-4\">Singen bei der 100-Jahr-Feier von Hannover 96<\/td>\n<\/tr>\n<tr class=\"row-6\">\n\t<td class=\"column-1\">1.\/2. u. 8.\/9. Juni<\/td><td class=\"column-2\"><strong>CD-Aufnahme<\/strong><\/td><td class=\"column-3\">Funkhaus Hannover<\/td><td colspan=\"4\" class=\"column-4\">Folk Songs of The Four Seasons<\/td>\n<\/tr>\n<tr class=\"row-7\">\n\t<td class=\"column-1\">23. Juni<\/td><td class=\"column-2\"><strong>Konzert<\/strong><\/td><td class=\"column-3\">Funkhaus Hannover<\/td><td colspan=\"4\" class=\"column-4\"><a href=\"https:\/\/maedchenchor-hannover.de\/wp-content\/uploads\/FunkhausKonzert-HAZ_960625.jpg\" class=\"presse-link foto-presse\" rel=\"noopener noreferrer\" target=\"_blank\"> <\/a><\/td>\n<\/tr>\n<tr class=\"row-8\">\n\t<td class=\"column-1\">28. &#8211; 30. Juni<\/td><td class=\"column-2\"><strong>Konzertreise<\/strong><\/td><td class=\"column-3\">Tschechien<\/td><td colspan=\"4\" class=\"column-4\"><a href=\"https:\/\/maedchenchor-hannover.de\/wp-content\/uploads\/1996t.png\" class=\"konzerte1996t-link foto-konzerte1996t\" rel=\"noopener noreferrer\" target=\"_blank\"> <\/a><\/td>\n<\/tr>\n<tr class=\"row-9\">\n\t<td class=\"column-1\">28. Juli -06. August<\/td><td class=\"column-2\"><strong>Chorfreizeit<\/strong><\/td><td colspan=\"5\" class=\"column-3\">Kloster Frenswegen<\/td>\n<\/tr>\n<tr class=\"row-10\">\n\t<td class=\"column-1\">24. August<\/td><td class=\"column-2\"><strong>Konzert<\/strong><\/td><td class=\"column-3\">Gr. Sendesaal NDR Hannover<\/td><td class=\"column-4\">Mitwirkung im Konzert des NDR Orchesters<\/td><td colspan=\"3\" class=\"column-5\">Johann A. Hasse, Miserere d-moll<\/td>\n<\/tr>\n<tr class=\"row-11\">\n\t<td class=\"column-1\">08. September<\/td><td class=\"column-2\"><strong>Konzert<\/strong><\/td><td class=\"column-3\">Kuppelsaal, Hannover<\/td><td colspan=\"4\" class=\"column-4\">Singen bei der Philatelisten-Tagung<\/td>\n<\/tr>\n<tr class=\"row-12\">\n\t<td class=\"column-1\">29. September<\/td><td class=\"column-2\"><strong>Konzert<\/strong><\/td><td class=\"column-3\">Gr. Sendesaal NDR Hannover<\/td><td class=\"column-4\">in Zusammenarbeit mit NDR 1 \u201cVolkslieder\u201d, Moderation Rudolf Krieger<\/td><td class=\"column-5\"><a href=\"https:\/\/maedchenchor-hannover.de\/wp-content\/uploads\/Programm_960929.pdf\" class=\"programm-link foto-programm\" target=\"_blank\" rel=\"noopener noreferrer\"><\/a><\/td><td colspan=\"2\" class=\"column-6\"><a href=\"https:\/\/maedchenchor-hannover.de\/wp-content\/uploads\/961001-HAZ-Konzertkritik.jpg\" class=\"presse-link foto-presse\" rel=\"noopener noreferrer\" target=\"_blank\"> <\/a><\/td>\n<\/tr>\n<tr class=\"row-13\">\n\t<td class=\"column-1\">02. &#8211; 07. Oktober<\/td><td class=\"column-2\"><strong>Konzertreise<\/strong><\/td><td class=\"column-3\">S\u00fcddeutschland<\/td><td colspan=\"4\" class=\"column-4\"><a href=\"https:\/\/maedchenchor-hannover.de\/wp-content\/uploads\/1996s.png\" class=\"konzerte1996s-link foto-konzerte1996s\" rel=\"noopener noreferrer\" target=\"_blank\"> <\/a><\/td>\n<\/tr>\n<tr class=\"row-14\">\n\t<td class=\"column-1\">13. Oktober<\/td><td class=\"column-2\"><strong>Masterclass u. Konzert<\/strong><\/td><td class=\"column-3\">Christuskirche, Hannover<\/td><td colspan=\"4\" class=\"column-4\">Masterclass mit Chorleitern der 4 St\u00e4dte<\/td>\n<\/tr>\n<tr class=\"row-15\">\n\t<td class=\"column-1\">26. Oktober<\/td><td class=\"column-2\"><strong>Konzert<\/strong><\/td><td colspan=\"5\" class=\"column-3\">Immanuelkirche, Laatzen<\/td>\n<\/tr>\n<tr class=\"row-16\">\n\t<td class=\"column-1\">09. November<\/td><td class=\"column-2\"><strong>Konzert<\/strong><\/td><td colspan=\"5\" class=\"column-3\">W\u00fcrzburg, Dom<\/td>\n<\/tr>\n<tr class=\"row-17\">\n\t<td class=\"column-1\">10. November<\/td><td class=\"column-2\"><strong>Konzert<\/strong><\/td><td colspan=\"5\" class=\"column-3\">Winsen\/Luhe<\/td>\n<\/tr>\n<tr class=\"row-18\">\n\t<td class=\"column-1\">29. u. 30. November<\/td><td class=\"column-2\"><strong>Adventskonzerte<\/strong><\/td><td class=\"column-3\">Marktkirche, Hannover<\/td><td class=\"column-4\"><a href=\"https:\/\/maedchenchor-hannover.de\/wp-content\/uploads\/961129-Konzertprogramm.pdf\" class=\"programm-link foto-programm\" target=\"_blank\" rel=\"noopener noreferrer\"><\/a><\/td><td colspan=\"3\" class=\"column-5\"><a href=\"https:\/\/maedchenchor-hannover.de\/wp-content\/uploads\/961202-HAZ-Konzertkritik.pdf\" class=\"presse-link foto-presse\" rel=\"noopener noreferrer\" target=\"_blank\"> <\/a><\/td>\n<\/tr>\n<tr class=\"row-19\">\n\t<td class=\"column-1\">01. Dezember<\/td><td class=\"column-2\"><strong>Adventskonzerte<\/strong><\/td><td colspan=\"5\" class=\"column-3\">Braunschweiger Dom<\/td>\n<\/tr>\n<tr class=\"row-20\">\n\t<td class=\"column-1\">04. Dezember<\/td><td class=\"column-2\"><strong>Adventskonzert<\/strong><\/td><td colspan=\"5\" class=\"column-3\">Petrikirche, Hannover<\/td>\n<\/tr>\n<tr class=\"row-21\">\n\t<td class=\"column-1\">07. Dezember<\/td><td class=\"column-2\"><strong>Konzert<\/strong><\/td><td colspan=\"5\" class=\"column-3\">K\u00f6nigslutter<\/td>\n<\/tr>\n<tr class=\"row-22\">\n\t<td class=\"column-1\">15. Dezember<\/td><td class=\"column-2\"><strong>Konzert<\/strong><\/td><td class=\"column-3\">Neust\u00e4dter Kirche<\/td><td colspan=\"4\" class=\"column-4\">Mitwirkung am Konzert unter Leitung von Herrn Mohn<\/td>\n<\/tr>\n<tr class=\"row-23\">\n\t<td class=\"column-1\">17. Dezember<\/td><td class=\"column-2\"><strong>Konzert<\/strong><\/td><td colspan=\"5\" class=\"column-3\">Gifhorn<\/td>\n<\/tr>\n<tr class=\"row-24\">\n\t<td class=\"column-1\">18. Dezember<\/td><td class=\"column-2\"><strong>Konzert<\/strong><\/td><td class=\"column-3\">Hannover<\/td><td colspan=\"4\" class=\"column-4\">Mitwirkung Konzert z. Geburtstag von Alfred Koerppen<\/td>\n<\/tr>\n<tr class=\"row-25\">\n\t<td class=\"column-1\">25. Dezember<\/td><td class=\"column-2\"><strong>Gottesdienst<\/strong><\/td><td colspan=\"5\" class=\"column-3\">Marktkirche, Hannover<\/td>\n<\/tr>\n<\/tbody>\n<\/table>\n<!-- #tablepress-286 from cache --><h6>Konzertjahr 1995<\/h6>\n<table id=\"tablepress-287\" class=\"tablepress tablepress-id-287 tbody-has-connected-cells\">\n<tbody class=\"row-striping\">\n<tr class=\"row-1\">\n\t<td colspan=\"7\" class=\"column-1\"><\/td>\n<\/tr>\n<tr class=\"row-2\">\n\t<td class=\"column-1\">28. Januar<\/td><td class=\"column-2\"><strong>Konzert<\/strong><\/td><td class=\"column-3\">Abensen<\/td><td colspan=\"4\" class=\"column-4\">alle Chorgruppen<\/td>\n<\/tr>\n<tr class=\"row-3\">\n\t<td class=\"column-1\">04. M\u00e4rz<\/td><td class=\"column-2\"><strong>Workshop<\/strong><\/td><td class=\"column-3\">Kaiser-Wilhelm-Gymnasium, Hannover<\/td><td colspan=\"4\" class=\"column-4\">alle Chorgruppen<\/td>\n<\/tr>\n<tr class=\"row-4\">\n\t<td class=\"column-1\">12. u. 13. M\u00e4rz<\/td><td class=\"column-2\"><strong>Aufnahmepr\u00fcfungen<\/strong><\/td><td colspan=\"5\" class=\"column-3\">Kaiser-Wilhelm-Gymnasium, Hannover<\/td>\n<\/tr>\n<tr class=\"row-5\">\n\t<td class=\"column-1\">16. M\u00e4rz<\/td><td class=\"column-2\"><strong>Konzert<\/strong><\/td><td colspan=\"5\" class=\"column-3\">Stolzenau<\/td>\n<\/tr>\n<tr class=\"row-6\">\n\t<td class=\"column-1\">23. &#8211; 31. Juli<\/td><td class=\"column-2\"><strong>Singfreizeit<\/strong><\/td><td colspan=\"5\" class=\"column-3\">Kloster Frenswegen<\/td>\n<\/tr>\n<tr class=\"row-7\">\n\t<td class=\"column-1\">30. Juli<\/td><td class=\"column-2\"><strong>Konzert<\/strong><\/td><td colspan=\"5\" class=\"column-3\">Gildehaus, Bad Bentheim<\/td>\n<\/tr>\n<tr class=\"row-8\">\n\t<td class=\"column-1\">24. August<\/td><td class=\"column-2\"><strong>Konzert<\/strong><\/td><td class=\"column-3\">Gr. Sendesaal des Landesfunkhauses Nds.<\/td><td class=\"column-4\"><a href=\"https:\/\/maedchenchor-hannover.de\/wp-content\/uploads\/Programm_950824.pdf\" class=\"programm-link foto-programm\" target=\"_blank\" rel=\"noopener noreferrer\"><\/a><\/td><td colspan=\"3\" class=\"column-5\"><a href=\"https:\/\/maedchenchor-hannover.de\/wp-content\/uploads\/950826-HAZ-Konzertkritik.pdf\" class=\"presse-link foto-presse\" rel=\"noopener noreferrer\" target=\"_blank\"> <\/a><\/td>\n<\/tr>\n<tr class=\"row-9\">\n\t<td class=\"column-1\">September<\/td><td class=\"column-2\"><strong>Konzerte bei Nds. Musiktagen<\/strong><\/td><td class=\"column-3\"><a href=\"https:\/\/maedchenchor-hannover.de\/wp-content\/uploads\/1995s.png\" class=\"konzerte1995s-link foto-konzerte1995s\" rel=\"noopener noreferrer\" target=\"_blank\"> <\/a><\/td><td class=\"column-4\"><a href=\"https:\/\/maedchenchor-hannover.de\/wp-content\/uploads\/NDS_MusiktageProgramm1995.pdf\" class=\"programm-link foto-programm\" target=\"_blank\" rel=\"noopener noreferrer\"><\/a><\/td><td class=\"column-5\"><a href=\"https:\/\/maedchenchor-hannover.de\/wp-content\/uploads\/950913-Konzertkritik-Konzert_Rotenburg.pdf\" class=\"presse-link foto-presse\" rel=\"noopener noreferrer\" target=\"_blank\"> <\/a><\/td><td colspan=\"2\" class=\"column-6\"><a href=\"https:\/\/maedchenchor-hannover.de\/wp-content\/uploads\/950919-Konzertkritik-KonzertOtterndorf.pdf\" class=\"presse-link foto-presse\" rel=\"noopener noreferrer\" target=\"_blank\"> <\/a><\/td>\n<\/tr>\n<tr class=\"row-10\">\n\t<td class=\"column-1\">29. September &#8211; 03. Oktober<\/td><td class=\"column-2\"><strong>Teilnahme Int. Smetana-Chorfestival<\/strong><\/td><td class=\"column-3\">Litomy\u0161l, Tschechien<\/td><td class=\"column-4\">2 Auftritte in Litomy\u0161l, ein Konzert in Policka<\/td><td colspan=\"3\" class=\"column-5\">1. Preis in der Kategorie Jugendch\u00f6re sowie <br \/>\nGesamtsieger aller Wettbewerbskategorien<\/td>\n<\/tr>\n<tr class=\"row-11\">\n\t<td class=\"column-1\">27. Oktober &#8211; 02. November<\/td><td class=\"column-2\"><strong>Teilnahme am Int. Chorwettbewerb<\/strong><\/td><td class=\"column-3\">Tolosa, Spanien<\/td><td class=\"column-4\">2 Konzerte in Tolosa, ein Konzert in Tafalla (Kirche)<\/td><td colspan=\"3\" class=\"column-5\">3. Preis<\/td>\n<\/tr>\n<tr class=\"row-12\">\n\t<td class=\"column-1\">01. u. 02. Dezember<\/td><td class=\"column-2\"><strong>Adventskonzert<\/strong><\/td><td class=\"column-3\">Marktkirche, Hannover<\/td><td class=\"column-4\"><a href=\"https:\/\/maedchenchor-hannover.de\/wp-content\/uploads\/Programm_95121.pdf\" class=\"programm-link foto-programm\" target=\"_blank\" rel=\"noopener noreferrer\"><\/a><\/td><td colspan=\"3\" class=\"column-5\"><a href=\"https:\/\/maedchenchor-hannover.de\/wp-content\/uploads\/951204-HAZ-Konzertkritik.pdf\" class=\"presse-link foto-presse\" rel=\"noopener noreferrer\" target=\"_blank\"> <\/a><\/td>\n<\/tr>\n<tr class=\"row-13\">\n\t<td class=\"column-1\">09. Dezember<\/td><td class=\"column-2\"><strong>Adventskonzert<\/strong><\/td><td class=\"column-3\">Petrikirche, Melle<\/td><td colspan=\"4\" class=\"column-4\"><a href=\"https:\/\/maedchenchor-hannover.de\/wp-content\/uploads\/951209-Rezension.jpg\" class=\"presse-link foto-presse\" rel=\"noopener noreferrer\" target=\"_blank\"> <\/a><\/td>\n<\/tr>\n<tr class=\"row-14\">\n\t<td class=\"column-1\">10. Dezember<\/td><td class=\"column-2\"><strong>Adventskonzert<\/strong><\/td><td class=\"column-3\">Schwarmstedt, Kirche<\/td><td colspan=\"4\" class=\"column-4\"><a href=\"https:\/\/maedchenchor-hannover.de\/wp-content\/uploads\/19951213.jpg\" class=\"presse-link foto-presse\" rel=\"noopener noreferrer\" target=\"_blank\"> <\/a><\/td>\n<\/tr>\n<tr class=\"row-15\">\n\t<td class=\"column-1\">25. Dezember<\/td><td class=\"column-2\"><strong>Gottesdienst<\/strong><\/td><td colspan=\"5\" class=\"column-3\">Marktkirche, Hannover<\/td>\n<\/tr>\n<\/tbody>\n<\/table>\n<!-- #tablepress-287 from cache --><h6>Konzertjahr 1994<\/h6>\n<table id=\"tablepress-288\" class=\"tablepress tablepress-id-288 tbody-has-connected-cells\">\n<tbody class=\"row-striping\">\n<tr class=\"row-1\">\n\t<td colspan=\"7\" class=\"column-1\"><\/td>\n<\/tr>\n<tr class=\"row-2\">\n\t<td class=\"column-1\">25. Februar<\/td><td class=\"column-2\"><strong>Konzert<\/strong><\/td><td colspan=\"5\" class=\"column-3\">Stadttheater Lingen<\/td>\n<\/tr>\n<tr class=\"row-3\">\n\t<td class=\"column-1\">27.\/28. Februar<\/td><td class=\"column-2\"><strong>Aufnahmepr\u00fcfungen<\/strong><\/td><td colspan=\"5\" class=\"column-3\">Kaiser-Wilhelm-Gymnasium, Hannover<\/td>\n<\/tr>\n<tr class=\"row-4\">\n\t<td class=\"column-1\">12. M\u00e4rz<\/td><td class=\"column-2\"><strong>Konzert<\/strong><\/td><td class=\"column-3\">Kreuzkirche, Hannover<\/td><td colspan=\"4\" class=\"column-4\">Southwest Missouri State University Choral als Gast beim M\u00e4dchenchor<\/td>\n<\/tr>\n<tr class=\"row-5\">\n\t<td class=\"column-1\">17. April<\/td><td class=\"column-2\"><strong>Konzert<\/strong><\/td><td class=\"column-3\">Kreuzkirche, Hannover<\/td><td colspan=\"4\" class=\"column-4\">M\u00e4dchenchor Lathi aus Finnland als Gast beim M\u00e4dchenchor<\/td>\n<\/tr>\n<tr class=\"row-6\">\n\t<td class=\"column-1\">01. Mai<\/td><td class=\"column-2\"><strong>Festkonzert<\/strong><\/td><td colspan=\"5\" class=\"column-3\">Henriettenstift, Hannover<\/td>\n<\/tr>\n<tr class=\"row-7\">\n\t<td class=\"column-1\">13. Mai<\/td><td class=\"column-2\"><strong>Sonderkonzert im Rahmen des <br \/>\nDeutschen Chorwettbewerbs<\/strong><\/td><td colspan=\"5\" class=\"column-3\">Fulda<\/td>\n<\/tr>\n<tr class=\"row-8\">\n\t<td class=\"column-1\">20. &#8211; 24. Mai<\/td><td class=\"column-2\"><strong>Konzertreise<\/strong><\/td><td class=\"column-3\">Rheinland-Pfalz<\/td><td class=\"column-4\">Konzerte im Kloster Machern, in Herxheim und in Klingelbach<\/td><td colspan=\"3\" class=\"column-5\"><a href=\"https:\/\/maedchenchor-hannover.de\/wp-content\/uploads\/9405_-Konzertkritik-Festhalle-Herxheim.pdf\" class=\"presse-link foto-presse\" rel=\"noopener noreferrer\" target=\"_blank\"> <\/a><\/td>\n<\/tr>\n<tr class=\"row-9\">\n\t<td class=\"column-1\">04. Juni<\/td><td class=\"column-2\"><strong>Konzert<\/strong><\/td><td colspan=\"5\" class=\"column-3\">Kloster Wienhausen<\/td>\n<\/tr>\n<tr class=\"row-10\">\n\t<td class=\"column-1\">11. &#8211; 12. Juni<\/td><td class=\"column-2\"><strong>Schallplattenaufnahmen<\/strong><\/td><td colspan=\"5\" class=\"column-3\">Gr. Sendesaal des NDR, Hannover<\/td>\n<\/tr>\n<tr class=\"row-11\">\n\t<td class=\"column-1\">09. Juli<\/td><td class=\"column-2\"><strong>Konzert<\/strong><\/td><td colspan=\"5\" class=\"column-3\">Immanuelkirche, Laatzen<\/td>\n<\/tr>\n<tr class=\"row-12\">\n\t<td class=\"column-1\">16. Juli<\/td><td class=\"column-2\"><strong>Konzert<\/strong><\/td><td class=\"column-3\">Gr. Sendesaal des NDR<\/td><td class=\"column-4\">mit dem Johannes Brahms Chor (10j\u00e4hriges Bestehen)<\/td><td colspan=\"3\" class=\"column-5\"><a href=\"https:\/\/maedchenchor-hannover.de\/wp-content\/uploads\/940716-Konzertprogramm.pdf\" class=\"programm-link foto-programm\" target=\"_blank\" rel=\"noopener noreferrer\"><\/a><\/td>\n<\/tr>\n<tr class=\"row-13\">\n\t<td class=\"column-1\">07.\/08. und 09. Oktober<\/td><td class=\"column-2\"><strong>Konzerte bei den Nds. Musiktagen<\/strong><\/td><td colspan=\"5\" class=\"column-3\">Neuhaus\/Elbe, Harsefeld, Duderstadt<\/td>\n<\/tr>\n<tr class=\"row-14\">\n\t<td class=\"column-1\">18. Oktober &#8211; 05. November<\/td><td class=\"column-2\"><strong>Konzertreise<\/strong><\/td><td class=\"column-3\">Chile<\/td><td colspan=\"4\" class=\"column-4\"><a href=\"https:\/\/maedchenchor-hannover.de\/wp-content\/uploads\/1994c.png\" class=\"konzerte1994c-link foto-konzerte1994c\" rel=\"noopener noreferrer\" target=\"_blank\"> <\/a><\/td>\n<\/tr>\n<tr class=\"row-15\">\n\t<td class=\"column-1\">02. und 03. Dezember<\/td><td class=\"column-2\"><strong>Adventskonzerte<\/strong><\/td><td class=\"column-3\">Marktkirche, Hannover<\/td><td colspan=\"4\" class=\"column-4\"><a href=\"https:\/\/maedchenchor-hannover.de\/wp-content\/uploads\/941206-HAZ-Konzertkritik.pdf\" class=\"presse-link foto-presse\" rel=\"noopener noreferrer\" target=\"_blank\"> <\/a><\/td>\n<\/tr>\n<tr class=\"row-16\">\n\t<td class=\"column-1\">10. Dezember<\/td><td class=\"column-2\"><strong>Adventskonzert<\/strong><\/td><td class=\"column-3\">Schloss Landestrost.  Neustadt<\/td><td colspan=\"4\" class=\"column-4\">Reihe \u201cKonzerte im Schlo\u00df Landestrost&#8220;<\/td>\n<\/tr>\n<tr class=\"row-17\">\n\t<td class=\"column-1\">25. Dezember<\/td><td class=\"column-2\"><strong>Singen beim Gottesdienst<\/strong><\/td><td colspan=\"5\" class=\"column-3\">Marktkirche, Hannover<\/td>\n<\/tr>\n<\/tbody>\n<\/table>\n<!-- #tablepress-288 from cache --><h6>Konzertjahr 1993<\/h6>\n<table id=\"tablepress-289\" class=\"tablepress tablepress-id-289 tbody-has-connected-cells\">\n<tbody class=\"row-striping\">\n<tr class=\"row-1\">\n\t<td colspan=\"7\" class=\"column-1\"><\/td>\n<\/tr>\n<tr class=\"row-2\">\n\t<td class=\"column-1\">10. Januar<\/td><td class=\"column-2\"><strong>Schallplattenaufnahmen <\/strong><\/td><td colspan=\"5\" class=\"column-3\">Musikhochschule Hannover<\/td>\n<\/tr>\n<tr class=\"row-3\">\n\t<td class=\"column-1\">06. &#8211; 12. Februar<\/td><td class=\"column-2\"><strong>Konzertreise<\/strong><\/td><td class=\"column-3\">Frankreich<\/td><td colspan=\"4\" class=\"column-4\">Teilnahme am Internationalen Chorfestival, Nantes mit Orchester \u201cConvivium Musicum&#8220;<\/td>\n<\/tr>\n<tr class=\"row-4\">\n\t<td class=\"column-1\">28. Februar \/ 08. M\u00e4rz<\/td><td class=\"column-2\"><strong>Aufnahmepr\u00fcfungen<\/strong><\/td><td colspan=\"5\" class=\"column-3\">Kaise-Wilhelm-Gymnasium, Hannover<\/td>\n<\/tr>\n<tr class=\"row-5\">\n\t<td class=\"column-1\">23. Mai<\/td><td class=\"column-2\"><strong>Singen im Gottesdienst<\/strong><\/td><td colspan=\"5\" class=\"column-3\">Marktkirche, Hannover<\/td>\n<\/tr>\n<tr class=\"row-6\">\n\t<td class=\"column-1\">15. Juni<\/td><td class=\"column-2\"><strong>Konzert<\/strong><\/td><td class=\"column-3\">Kreuzkirche, Hannover<\/td><td colspan=\"4\" class=\"column-4\">anl. Gegenbesuch Knabenchor Tampere\/Finnland in Hannover<\/td>\n<\/tr>\n<tr class=\"row-7\">\n\t<td class=\"column-1\">22. &#8211; 30. Juli<\/td><td class=\"column-2\"><strong>Singfreizeit<\/strong><\/td><td colspan=\"5\" class=\"column-3\">Kloster Frenswegen<\/td>\n<\/tr>\n<tr class=\"row-8\">\n\t<td class=\"column-1\">18. September<\/td><td class=\"column-2\"><strong>Konzert<\/strong><\/td><td colspan=\"5\" class=\"column-3\">Aula der Freien Waldorfschule Hannover<\/td>\n<\/tr>\n<tr class=\"row-9\">\n\t<td class=\"column-1\">24. September &#8211; 03. Oktober<\/td><td class=\"column-2\"><strong>Konzertreise<\/strong><\/td><td class=\"column-3\">Neue Bundesl\u00e4nder<\/td><td colspan=\"4\" class=\"column-4\">Konzerte in Leipzig (Gewandhaus), Dresden, Halle, Weimar<\/td>\n<\/tr>\n<tr class=\"row-10\">\n\t<td class=\"column-1\">08. Oktober<\/td><td class=\"column-2\"><strong>Singen im Kuppelsaal<\/strong><\/td><td colspan=\"5\" class=\"column-3\">Kuppelsaal, Hannover<\/td>\n<\/tr>\n<tr class=\"row-11\">\n\t<td class=\"column-1\">07. November<\/td><td class=\"column-2\"><strong>Singen im Gottesdienst<\/strong><\/td><td colspan=\"5\" class=\"column-3\">Marktkirche, Hannover<\/td>\n<\/tr>\n<tr class=\"row-12\">\n\t<td class=\"column-1\">17. November<\/td><td class=\"column-2\"><strong>Mitwirken beim War Requiem<\/strong><\/td><td colspan=\"5\" class=\"column-3\">Marktkirche, Hannover<\/td>\n<\/tr>\n<tr class=\"row-13\">\n\t<td class=\"column-1\">03. und 04. Dezember<\/td><td class=\"column-2\"><strong>Adventskonzerte<\/strong><\/td><td colspan=\"5\" class=\"column-3\">Marktkirche, Hannover<\/td>\n<\/tr>\n<tr class=\"row-14\">\n\t<td class=\"column-1\">25. Dezember<\/td><td class=\"column-2\"><strong>Singen im Gottesdienst<\/strong><\/td><td colspan=\"5\" class=\"column-3\">Marktkirche, Hannover<\/td>\n<\/tr>\n<\/tbody>\n<\/table>\n<!-- #tablepress-289 from cache --><h6>Konzertjahr 1992<\/h6>\n<table id=\"tablepress-290\" class=\"tablepress tablepress-id-290 tbody-has-connected-cells\">\n<tbody class=\"row-striping\">\n<tr class=\"row-1\">\n\t<td colspan=\"7\" class=\"column-1\"><\/td>\n<\/tr>\n<tr class=\"row-2\">\n\t<td class=\"column-1\">05. &#8211; 13. Januar<\/td><td class=\"column-2\"><strong>Gegenbesuch des M\u00e4dchen- und Frauenchors Incantatii<\/strong><\/td><td class=\"column-3\">aus Buzau\/Rum\u00e4nien<\/td><td colspan=\"4\" class=\"column-4\">Konzerte in Hannover, Celle, B. Harzburg<\/td>\n<\/tr>\n<tr class=\"row-3\">\n\t<td class=\"column-1\">16. Februar<\/td><td class=\"column-2\"><strong>Neujahrskonzert<\/strong><\/td><td colspan=\"5\" class=\"column-3\">Staatsoper, Hannover<\/td>\n<\/tr>\n<tr class=\"row-4\">\n\t<td class=\"column-1\">25. Februar<\/td><td class=\"column-2\"><strong>Pressekonferenz<\/strong><\/td><td class=\"column-3\">Hannover<\/td><td class=\"column-4\">anl\u00e4\u00dflich 40 Jahre MCH<\/td><td colspan=\"3\" class=\"column-5\"><a href=\"https:\/\/maedchenchor-hannover.de\/wp-content\/uploads\/40-Jahre-Maedchenchor-Hannover.pdf\" class=\"mehrinfo-link foto2\" rel=\"noopener noreferrer\" target=\"_blank\"><\/a><\/td>\n<\/tr>\n<tr class=\"row-5\">\n\t<td class=\"column-1\">Februar<\/td><td class=\"column-2\"><strong>Schallplattenaufnahmen<\/strong><\/td><td colspan=\"5\" class=\"column-3\">NDR, Gr. Sendesaal<\/td>\n<\/tr>\n<tr class=\"row-6\">\n\t<td class=\"column-1\">08. M\u00e4rz<\/td><td class=\"column-2\"><strong>Aufnahmepr\u00fcfungen<\/strong><\/td><td colspan=\"5\" class=\"column-3\">Kaiser-Wilhelm-Gymnasium<\/td>\n<\/tr>\n<tr class=\"row-7\">\n\t<td class=\"column-1\">04. April<\/td><td class=\"column-2\"><strong>Konzert<\/strong><\/td><td colspan=\"5\" class=\"column-3\">Isernhagen<\/td>\n<\/tr>\n<tr class=\"row-8\">\n\t<td class=\"column-1\">13. &#8211; 22. April<\/td><td class=\"column-2\"><strong>Konzertreise<\/strong><\/td><td class=\"column-3\">Israel<\/td><td class=\"column-4\"><a href=\"https:\/\/maedchenchor-hannover.de\/wp-content\/uploads\/1992i.png\" class=\"konzerte1992i-link foto-konzerte1992i\" rel=\"noopener noreferrer\" target=\"_blank\"> <\/a><\/td><td colspan=\"3\" class=\"column-5\"><a href=\"https:\/\/maedchenchor-hannover.de\/wp-content\/uploads\/ZimriyaFestivalIsrael-SonjaGreiner.jpg\" class=\"presse-link foto-presse\" rel=\"noopener noreferrer\" target=\"_blank\"> <\/a><\/td>\n<\/tr>\n<tr class=\"row-9\">\n\t<td class=\"column-1\">03. Mai<\/td><td class=\"column-2\"><strong>Konzert<\/strong><\/td><td class=\"column-3\">Stadthalle Braunschweig<\/td><td colspan=\"4\" class=\"column-4\">im Rahmen der Niders\u00e4chsischen Musiktage<\/td>\n<\/tr>\n<tr class=\"row-10\">\n\t<td class=\"column-1\">09. Mai<\/td><td class=\"column-2\"><strong>Konzert<\/strong><\/td><td class=\"column-3\">Marktkirche Hannover<\/td><td class=\"column-4\">anl\u00e4\u00dflich 40j\u00e4hrigen Jubil\u00e4ums<\/td><td colspan=\"3\" class=\"column-5\"><a href=\"https:\/\/maedchenchor-hannover.de\/wp-content\/uploads\/920513-HAZ-Konzertkritik.pdf\" class=\"presse-link foto-presse\" rel=\"noopener noreferrer\" target=\"_blank\"> <\/a><\/td>\n<\/tr>\n<tr class=\"row-11\">\n\t<td class=\"column-1\">20. Mai<\/td><td class=\"column-2\"><strong>Konzert<\/strong><\/td><td class=\"column-3\">Kreuzkirche Hannover<\/td><td colspan=\"4\" class=\"column-4\">mit Wayne State College Choir<\/td>\n<\/tr>\n<tr class=\"row-12\">\n\t<td class=\"column-1\">26. Mai<\/td><td class=\"column-2\"><strong>NDR III 20-21 Uhr<\/strong><\/td><td class=\"column-3\">Chormusik mit dem M\u00e4dchenchor Hannover<\/td><td colspan=\"4\" class=\"column-4\">anl\u00e4\u00dflich des 40j\u00e4hrigen Bestehens<\/td>\n<\/tr>\n<tr class=\"row-13\">\n\t<td class=\"column-1\">26. Juli &#8211; 03. August<\/td><td class=\"column-2\"><strong>Singfreizeit<\/strong><\/td><td colspan=\"5\" class=\"column-3\">Kloster Frenswegen<\/td>\n<\/tr>\n<tr class=\"row-14\">\n\t<td class=\"column-1\">30. August<\/td><td class=\"column-2\"><strong>Festkonzert<\/strong><\/td><td class=\"column-3\">Gr. Sendesaal NDR, Hannover<\/td><td class=\"column-4\">anl\u00e4\u00dflich des 40j\u00e4hrigen Bestehens<\/td><td colspan=\"3\" class=\"column-5\"><a href=\"https:\/\/maedchenchor-hannover.de\/wp-content\/uploads\/920901-HAZ-Konzertkritik.pdf\" class=\"presse-link foto-presse\" rel=\"noopener noreferrer\" target=\"_blank\"> <\/a><\/td>\n<\/tr>\n<tr class=\"row-15\">\n\t<td class=\"column-1\">18. September<\/td><td class=\"column-2\"><strong>Konzert bei Staatsempfang<\/strong><\/td><td class=\"column-3\">Herrenhausen, Hannover<\/td><td class=\"column-4\">Feier f\u00fcr Michael Gorbatschow zur  Deutschen Wiedervereinigung <\/td><td class=\"column-5\">unter Anwesenheit von Ministerpr\u00e4sident Gerhard Schr\u00f6der<\/td><td colspan=\"2\" class=\"column-6\"><a href=\"https:\/\/maedchenchor-hannover.de\/wp-content\/uploads\/Gorbatschow-Schroeder-MP-Schroefel1992-FeierWiedervereinigung.jpg\" class=\"fotos-link foto-fotos\" rel=\"noopener noreferrer\" target=\"_blank\"><\/a><\/td>\n<\/tr>\n<tr class=\"row-16\">\n\t<td class=\"column-1\">26. September &#8211; 05. Oktober<\/td><td class=\"column-2\"><strong>Konzertreise<\/strong><\/td><td class=\"column-3\">Finnland<\/td><td colspan=\"4\" class=\"column-4\">Konzerte in Turku, Tampere, Lahti, Helsinki<\/td>\n<\/tr>\n<tr class=\"row-17\">\n\t<td class=\"column-1\">15.\/16. Oktober<\/td><td class=\"column-2\"><strong>Reise nach Stra\u00dfburg<\/strong><\/td><td colspan=\"5\" class=\"column-3\">Konzert im Alber-Schweitzer-Saal des Congress Centrums<\/td>\n<\/tr>\n<tr class=\"row-18\">\n\t<td class=\"column-1\">17. Oktober<\/td><td class=\"column-2\"><strong>Hannover<\/strong><\/td><td colspan=\"5\" class=\"column-3\">Conti-Feier<\/td>\n<\/tr>\n<tr class=\"row-19\">\n\t<td class=\"column-1\">31. Oktober &#8211; 01. November<\/td><td class=\"column-2\"><strong>Schallplattenaufnahme<\/strong><\/td><td colspan=\"5\" class=\"column-3\">Musikhochschule Hannover<\/td>\n<\/tr>\n<tr class=\"row-20\">\n\t<td class=\"column-1\">27.\/28. November<\/td><td class=\"column-2\"><strong>Adventskonzerte<\/strong><\/td><td class=\"column-3\">Marktkirche Hannover<\/td><td class=\"column-4\"><a href=\"https:\/\/maedchenchor-hannover.de\/wp-content\/uploads\/921127-Konzertprogramm.pdf\" class=\"programm-link foto-programm\" target=\"_blank\" rel=\"noopener noreferrer\"><\/a><\/td><td colspan=\"3\" class=\"column-5\"><a href=\"https:\/\/maedchenchor-hannover.de\/wp-content\/uploads\/921201-HAZ-Konzertkritik.pdf\" class=\"presse-link foto-presse\" rel=\"noopener noreferrer\" target=\"_blank\"> <\/a><\/td>\n<\/tr>\n<tr class=\"row-21\">\n\t<td class=\"column-1\">01. Dezember<\/td><td class=\"column-2\"><strong>Konzert<\/strong><\/td><td colspan=\"5\" class=\"column-3\">im K\u00f6lner Dom<\/td>\n<\/tr>\n<tr class=\"row-22\">\n\t<td class=\"column-1\">25. Dezember<\/td><td class=\"column-2\"><strong>Singen<\/strong><\/td><td colspan=\"5\" class=\"column-3\">Weihnachtsgottesdienst Marktkirche Hannover<\/td>\n<\/tr>\n<\/tbody>\n<\/table>\n<!-- #tablepress-290 from cache --><h6>Konzertjahr 1991<\/h6>\n<table id=\"tablepress-291\" class=\"tablepress tablepress-id-291 tbody-has-connected-cells\">\n<tbody class=\"row-striping\">\n<tr class=\"row-1\">\n\t<td colspan=\"7\" class=\"column-1\"><\/td>\n<\/tr>\n<tr class=\"row-2\">\n\t<td class=\"column-1\">07. Februar<\/td><td class=\"column-2\"><strong>Benefizkonzert<\/strong><\/td><td class=\"column-3\">Kuppelsaal, Hannover<\/td><td colspan=\"4\" class=\"column-4\">mit Knabenchor, Figuralchor, JSO und Christian Quadflieg<\/td>\n<\/tr>\n<tr class=\"row-3\">\n\t<td class=\"column-1\">16. Februar<\/td><td class=\"column-2\"><strong>Workshop<\/strong><\/td><td colspan=\"5\" class=\"column-3\">Kaiser-Wilhelm-Gymnasium<\/td>\n<\/tr>\n<tr class=\"row-4\">\n\t<td class=\"column-1\">17. Februar<\/td><td class=\"column-2\"><strong>Aufnahmepr\u00fcfungen<\/strong><\/td><td colspan=\"5\" class=\"column-3\">Kaiser-Wilhelm-Gymnasium<\/td>\n<\/tr>\n<tr class=\"row-5\">\n\t<td class=\"column-1\">2. &#8211; 5. April<\/td><td class=\"column-2\"><strong>Singfreizeit<\/strong><\/td><td colspan=\"5\" class=\"column-3\">Braunlage\/Hohe Gei\u00df<\/td>\n<\/tr>\n<tr class=\"row-6\">\n\t<td class=\"column-1\">14. April<\/td><td class=\"column-2\"><strong>Tonaufnahmen<\/strong><\/td><td class=\"column-3\">Hamburg<\/td><td colspan=\"4\" class=\"column-4\">f\u00fcr Fernseh-Chor-Gala<\/td>\n<\/tr>\n<tr class=\"row-7\">\n\t<td class=\"column-1\">19. &#8211; 21. April<\/td><td class=\"column-2\"><strong>Hannover<\/strong><\/td><td class=\"column-3\">Gegenbesuch Kinder- und Jugenchor des Gewandhaus Leipzig<\/td><td colspan=\"4\" class=\"column-4\">Konzert Marktkirche, Hannover<\/td>\n<\/tr>\n<tr class=\"row-8\">\n\t<td class=\"column-1\">26. Mai<\/td><td class=\"column-2\"><strong>Mitwirkung Konzert<\/strong><\/td><td colspan=\"5\" class=\"column-3\">750-Jahr-Feier Opernhaus Hannover<\/td>\n<\/tr>\n<tr class=\"row-9\">\n\t<td class=\"column-1\">30. 5. &#8211; 01. Juni<\/td><td class=\"column-2\"><strong>Mitwirkung Konzert<\/strong><\/td><td class=\"column-3\">Offenburg, Schwazwald<\/td><td colspan=\"2\" class=\"column-4\">NDR Fernseh-Chor-Gala<\/td><td class=\"column-6\"><\/td><td class=\"column-7\"><\/td>\n<\/tr>\n<tr class=\"row-10\">\n\t<td class=\"column-1\">02. Juni<\/td><td class=\"column-2\"><strong>Konzert<\/strong><\/td><td colspan=\"2\" class=\"column-3\">Werl, Westfalen<\/td><td class=\"column-5\"><\/td><td class=\"column-6\"><\/td><td class=\"column-7\"><\/td>\n<\/tr>\n<tr class=\"row-11\">\n\t<td class=\"column-1\">04. &#8211; 12. August<\/td><td class=\"column-2\"><strong>Singfreizeit<\/strong><\/td><td colspan=\"2\" class=\"column-3\">Oekumenische Bildungst\u00e4tte Frenswegen<\/td><td class=\"column-5\"><\/td><td class=\"column-6\"><\/td><td class=\"column-7\"><\/td>\n<\/tr>\n<tr class=\"row-12\">\n\t<td class=\"column-1\">01. September<\/td><td class=\"column-2\"><strong>Konzert<\/strong><\/td><td class=\"column-3\">St. Petri Kirche, Buxtehude<\/td><td class=\"column-4\">im Rahmen der Nieders\u00e4chsischen Musiktage<\/td><td class=\"column-5\"><\/td><td class=\"column-6\"><\/td><td class=\"column-7\"><\/td>\n<\/tr>\n<tr class=\"row-13\">\n\t<td class=\"column-1\">15. September<\/td><td class=\"column-2\"><strong>Konzert<\/strong><\/td><td class=\"column-3\">St. Vizenziuskirche, Bersenbr\u00fcck<\/td><td class=\"column-4\">Nieders\u00e4chsische Musiktage<\/td><td class=\"column-5\"><\/td><td class=\"column-6\"><\/td><td class=\"column-7\"><\/td>\n<\/tr>\n<tr class=\"row-14\">\n\t<td class=\"column-1\">29. September<\/td><td class=\"column-2\"><strong>Konzert<\/strong><\/td><td class=\"column-3\">St. Jacobi Kirche, G\u00f6ttingen<\/td><td class=\"column-4\">Nieders\u00e4chsische Musiktage<\/td><td class=\"column-5\"><\/td><td class=\"column-6\"><\/td><td class=\"column-7\"><\/td>\n<\/tr>\n<tr class=\"row-15\">\n\t<td class=\"column-1\">09. &#8211; 16. Oktober<\/td><td class=\"column-2\"><strong>Konzertreise<\/strong><\/td><td class=\"column-3\">Rum\u00e4nien<\/td><td class=\"column-4\">mit Konzerten in Bukarest, Buzau<\/td><td class=\"column-5\"><\/td><td class=\"column-6\"><\/td><td class=\"column-7\"><\/td>\n<\/tr>\n<tr class=\"row-16\">\n\t<td class=\"column-1\">01. Dezember<\/td><td class=\"column-2\"><strong>Weihnachtskonzert<\/strong><\/td><td class=\"column-3\">Marktkirche, Hannover<\/td><td class=\"column-4\"><a href=\"https:\/\/maedchenchor-hannover.de\/wp-content\/uploads\/911201-Konzertprogramm-.pdf\" class=\"programm-link foto-programm\" target=\"_blank\" rel=\"noopener noreferrer\"><\/a><\/td><td colspan=\"3\" class=\"column-5\"><a href=\"https:\/\/maedchenchor-hannover.de\/wp-content\/uploads\/911203-HAZ-Konzertkritik.pdf\" class=\"presse-link foto-presse\" rel=\"noopener noreferrer\" target=\"_blank\"> <\/a><\/td>\n<\/tr>\n<\/tbody>\n<\/table>\n<!-- #tablepress-291 from cache --><h6>Konzertjahr 1991<\/h6>\n<table id=\"tablepress-292\" class=\"tablepress tablepress-id-292 tbody-has-connected-cells\">\n<tbody class=\"row-striping\">\n<tr class=\"row-1\">\n\t<td colspan=\"7\" class=\"column-1\"><\/td>\n<\/tr>\n<tr class=\"row-2\">\n\t<td class=\"column-1\">18. und 25. Februar<\/td><td class=\"column-2\"><strong>Aufnahmepr\u00fcfungen<\/strong><\/td><td colspan=\"5\" class=\"column-3\">Kaiser-Wilhelm-Gymnasium, Hannover<\/td>\n<\/tr>\n<tr class=\"row-3\">\n\t<td class=\"column-1\">24. M\u00e4rz<\/td><td class=\"column-2\"><strong>Konzert<\/strong><\/td><td class=\"column-3\">D\u00fcsseldorf<\/td><td colspan=\"4\" class=\"column-4\">Kurt-Weill-Konzert<\/td>\n<\/tr>\n<tr class=\"row-4\">\n\t<td class=\"column-1\">23. &#8211; 27. Mai<\/td><td class=\"column-2\"><strong>Teilnahme am 3. Deutschen Chorwettbewerb<\/strong><\/td><td class=\"column-3\">Stuttgart <\/td><td colspan=\"4\" class=\"column-4\">1. Preis in der Kategorie &#8222;M\u00e4dchench\u00f6re&#8220;<\/td>\n<\/tr>\n<tr class=\"row-5\">\n\t<td class=\"column-1\">10. Juni<\/td><td class=\"column-2\"><strong>Benefizkonzert f\u00fcr Leipzig<\/strong><\/td><td class=\"column-3\">Aula des Kaiser-Wilhelm-Gymnasiums, Hannover<\/td><td colspan=\"4\" class=\"column-4\"><a href=\"https:\/\/maedchenchor-hannover.de\/wp-content\/uploads\/900614-HAZ-Konzertkritik.pdf\" class=\"presse-link foto-presse\" rel=\"noopener noreferrer\" target=\"_blank\"> <\/a><\/td>\n<\/tr>\n<tr class=\"row-6\">\n\t<td class=\"column-1\">20.\/21. Juni<\/td><td colspan=\"6\" class=\"column-2\"><strong>Probe und Mitwirkung RTL Fernsehsendung<\/strong><\/td>\n<\/tr>\n<tr class=\"row-7\">\n\t<td class=\"column-1\">30. Juni \/ 01. Juli<\/td><td class=\"column-2\"><strong>Schallplattenaufnahme<\/strong><\/td><td class=\"column-3\">Hannover<\/td><td colspan=\"4\" class=\"column-4\">Britten\/Herzogenberg\/Eben<\/td>\n<\/tr>\n<tr class=\"row-8\">\n\t<td class=\"column-1\">12. &#8211; 31. August<\/td><td class=\"column-2\"><strong>Singfreizeit<\/strong><\/td><td colspan=\"5\" class=\"column-3\">Kloster Frenswegen<\/td>\n<\/tr>\n<tr class=\"row-9\">\n\t<td class=\"column-1\">30. September<\/td><td class=\"column-2\"><strong>Konzert<\/strong><\/td><td colspan=\"5\" class=\"column-3\">in Wetzlar<\/td>\n<\/tr>\n<tr class=\"row-10\">\n\t<td class=\"column-1\">06. Oktober<\/td><td class=\"column-2\"><strong>Konzert<\/strong><\/td><td class=\"column-3\">Leipzig (Gr. Saal des Gewandhauses)<\/td><td colspan=\"4\" class=\"column-4\"><a href=\"https:\/\/maedchenchor-hannover.de\/wp-content\/uploads\/901010-LeipzigerVolkszeitung-Konzertkritik.pdf\" class=\"presse-link foto-presse\" rel=\"noopener noreferrer\" target=\"_blank\"> <\/a><\/td>\n<\/tr>\n<tr class=\"row-11\">\n\t<td class=\"column-1\">18. Oktober<\/td><td class=\"column-2\"><strong>Mitwirkung Carmina Burana<\/strong><\/td><td class=\"column-3\">Herrenhausen, Hannover<\/td><td colspan=\"4\" class=\"column-4\">anl. des Treffens der Ministerpr\u00e4sidenten<\/td>\n<\/tr>\n<tr class=\"row-12\">\n\t<td class=\"column-1\">24. &#8211; 31. Oktober<\/td><td class=\"column-2\"><strong>Konzertreise<\/strong><\/td><td class=\"column-3\">UdSSR<\/td><td colspan=\"4\" class=\"column-4\">Konzerte in Moskau, Ivanovo (Kulturpalast), Wladimir, Susdal<\/td>\n<\/tr>\n<tr class=\"row-13\">\n\t<td class=\"column-1\">07. und 08. Dezember<\/td><td class=\"column-2\"><strong>Weihnachtskonzerte<\/strong><\/td><td colspan=\"5\" class=\"column-3\">Marktkirche, Hannover<\/td>\n<\/tr>\n<tr class=\"row-14\">\n\t<td class=\"column-1\">13. Dezember<\/td><td class=\"column-2\"><strong>Weihnachtskonzert<\/strong><\/td><td colspan=\"5\" class=\"column-3\">Bonner M\u00fcnster<\/td>\n<\/tr>\n<tr class=\"row-15\">\n\t<td class=\"column-1\">16. Dezember<\/td><td class=\"column-2\"><strong>Weihnachtskonzert<\/strong><\/td><td class=\"column-3\">Bad Harzburg<\/td><td colspan=\"4\" class=\"column-4\">mit M\u00e4dchenchor Wernigerode<\/td>\n<\/tr>\n<tr class=\"row-16\">\n\t<td class=\"column-1\">23. Dezember<\/td><td class=\"column-2\"><strong>Weihnachtskonzert<\/strong><\/td><td colspan=\"5\" class=\"column-3\">Dreifaltigkeitskirche Seelze<\/td>\n<\/tr>\n<tr class=\"row-17\">\n\t<td class=\"column-1\">25. Dezember<\/td><td class=\"column-2\"><strong>Singen im Gottesdienst<\/strong><\/td><td colspan=\"5\" class=\"column-3\">Marktkirche Hannover<\/td>\n<\/tr>\n<\/tbody>\n<\/table>\n<!-- #tablepress-292 from cache --><\/div>\n\t\t\t\t\t\t\t\t\t<div class=\"elementor-tab-title elementor-tab-mobile-title\" aria-selected=\"false\" data-tab=\"10\" role=\"tab\" tabindex=\"-1\" aria-controls=\"elementor-tab-content-71510\" aria-expanded=\"false\">1970 - 89<\/div>\n\t\t\t\t\t<div id=\"elementor-tab-content-71510\" class=\"elementor-tab-content elementor-clearfix\" data-tab=\"10\" role=\"tabpanel\" aria-labelledby=\"elementor-tab-title-71510\" tabindex=\"0\" hidden=\"hidden\"><h6>Konzertjahr 1989<\/h6>\n<table id=\"tablepress-245\" class=\"tablepress tablepress-id-245 tbody-has-connected-cells\">\n<tbody class=\"row-striping\">\n<tr class=\"row-1\">\n\t<td colspan=\"7\" class=\"column-1\"><\/td>\n<\/tr>\n<tr class=\"row-2\">\n\t<td class=\"column-1\">1989<\/td><td class=\"column-2\"><strong>Konzertreise<\/strong><\/td><td class=\"column-3\">S\u00fcddeutschland<\/td><td colspan=\"4\" class=\"column-4\">Konzerte in Marktoberdorf, Ulm, Kirchheim\/Teck und Heilbronn<\/td>\n<\/tr>\n<tr class=\"row-3\">\n\t<td class=\"column-1\">19. Mai<\/td><td class=\"column-2\"><strong>Konzert<\/strong><\/td><td class=\"column-3\">Kirchheim, Martinskirche<\/td><td colspan=\"4\" class=\"column-4\"><a href=\"https:\/\/maedchenchor-hannover.de\/wp-content\/uploads\/890519_Konzertprogramm.pdf\" class=\"programm-link foto-programm\" target=\"_blank\" rel=\"noopener noreferrer\"><\/a><\/td>\n<\/tr>\n<tr class=\"row-4\">\n\t<td class=\"column-1\">1989<\/td><td class=\"column-2\"><strong>Int. Kammerchorwettbewerb<\/strong><\/td><td class=\"column-3\">Marktoberdorf<\/td><td colspan=\"4\" class=\"column-4\">3. Preis in der Kategorie &#8222;Frauench\u00f6re&#8220;<\/td>\n<\/tr>\n<tr class=\"row-5\">\n\t<td class=\"column-1\">September<\/td><td class=\"column-2\"><strong>Konzert<\/strong><\/td><td class=\"column-3\">Gr. Sendesaal NDR, Hannover<\/td><td class=\"column-4\">anl\u00e4\u00dflich der Nieders\u00e4chsischen Musiktage<\/td><td colspan=\"3\" class=\"column-5\"><a href=\"https:\/\/maedchenchor-hannover.de\/wp-content\/uploads\/890904-HAZ-Konzertkritik.pdf\" class=\"presse-link foto-presse\" rel=\"noopener noreferrer\" target=\"_blank\"> <\/a><\/td>\n<\/tr>\n<tr class=\"row-6\">\n\t<td class=\"column-1\">1989<\/td><td class=\"column-2\"><strong>Konzertreise<\/strong><\/td><td class=\"column-3\">USA<\/td><td colspan=\"4\" class=\"column-4\"><a href=\"https:\/\/maedchenchor-hannover.de\/wp-content\/uploads\/1989u.png\" class=\"konzerte1989u-link foto-konzerte1989u\" rel=\"noopener noreferrer\" target=\"_blank\"> <\/a><\/td>\n<\/tr>\n<tr class=\"row-7\">\n\t<td class=\"column-1\">09. Dezember<\/td><td class=\"column-2\"><strong>Weihnachtskonzert<\/strong><\/td><td class=\"column-3\">Marktkirche, Hannover<\/td><td colspan=\"4\" class=\"column-4\"><a href=\"https:\/\/maedchenchor-hannover.de\/wp-content\/uploads\/Programm_891209.pdf\" class=\"programm-link foto-programm\" target=\"_blank\" rel=\"noopener noreferrer\"><\/a><\/td>\n<\/tr>\n<\/tbody>\n<\/table>\n<!-- #tablepress-245 from cache --><h6>Konzertjahr 1988<\/h6>\n<table id=\"tablepress-246\" class=\"tablepress tablepress-id-246 tbody-has-connected-cells\">\n<tbody class=\"row-striping\">\n<tr class=\"row-1\">\n\t<td colspan=\"7\" class=\"column-1\"><\/td>\n<\/tr>\n<tr class=\"row-2\">\n\t<td class=\"column-1\">1988<\/td><td class=\"column-2\"><strong>Konzertreise<\/strong><\/td><td class=\"column-3\">Berlin<br \/>\n<br \/>\n<\/td><td colspan=\"4\" class=\"column-4\">Konzert in der Lindenkirche, Funkaufnahmen beim SFB<\/td>\n<\/tr>\n<tr class=\"row-3\">\n\t<td class=\"column-1\">1988<\/td><td class=\"column-2\"><strong>Konzerte<\/strong><\/td><td colspan=\"5\" class=\"column-3\">in der Marktkirche Hannover,in  Bonn (M\u00fcnster), Wilhelmshaven, Wunstorf<\/td>\n<\/tr>\n<tr class=\"row-4\">\n\t<td class=\"column-1\">1988<\/td><td class=\"column-2\"><strong>Konzertreise<\/strong><\/td><td class=\"column-3\">Ungarn<\/td><td class=\"column-4\">drei Konzerte in Budapest<\/td><td colspan=\"3\" class=\"column-5\"><a href=\"https:\/\/maedchenchor-hannover.de\/wp-content\/uploads\/88-Okt-Budapest-Kritik.pdf\" class=\"presse-link foto-presse\" rel=\"noopener noreferrer\" target=\"_blank\"> <\/a><\/td>\n<\/tr>\n<tr class=\"row-5\">\n\t<td class=\"column-1\">1988<\/td><td class=\"column-2\"><strong>Auszeichnung<\/strong><\/td><td colspan=\"5\" class=\"column-3\">Ernennung Ludwig Rutts zum Ehrenb\u00fcrger<br \/>\n der Universit\u00e4t Hannover <\/td>\n<\/tr>\n<\/tbody>\n<\/table>\n<!-- #tablepress-246 from cache --><h6>Konzertjahr 1987<\/h6>\n<table id=\"tablepress-247\" class=\"tablepress tablepress-id-247 tbody-has-connected-cells\">\n<tbody class=\"row-striping\">\n<tr class=\"row-1\">\n\t<td colspan=\"7\" class=\"column-1\"><\/td>\n<\/tr>\n<tr class=\"row-2\">\n\t<td class=\"column-1\">ab 01. Februar <\/td><td colspan=\"6\" class=\"column-2\"><strong>Proben aller Chorgruppen im Kaiser-Wilhelm-Gymnasium<\/strong><\/td>\n<\/tr>\n<tr class=\"row-3\">\n\t<td class=\"column-1\">1987<\/td><td class=\"column-2\"><strong>Int. Chorwettbewerb<\/strong><\/td><td class=\"column-3\">Varna, Bulgarien<\/td><td colspan=\"4\" class=\"column-4\">1. Preis in der Kategorie &#8222;Frauench\u00f6re&#8220;<\/td>\n<\/tr>\n<tr class=\"row-4\">\n\t<td class=\"column-1\">27. Mai<\/td><td class=\"column-2\"><strong>Ehrung<\/strong><\/td><td class=\"column-3\">Galerie Herrenhausen, Hannover<\/td><td class=\"column-4\">Verleihung des Niedersachsen-Preises f\u00fcr Kultur an den M\u00e4dchenchor Hannover<\/td><td colspan=\"3\" class=\"column-5\"><a href=\"https:\/\/maedchenchor-hannover.de\/wp-content\/uploads\/870527_Einladung_Festkonzert.pdf\" class=\"programm-link foto-programm\" target=\"_blank\" rel=\"noopener noreferrer\"><\/a><\/td>\n<\/tr>\n<tr class=\"row-5\">\n\t<td class=\"column-1\">31. Oktober<\/td><td class=\"column-2\"><strong>Konzert<\/strong><\/td><td class=\"column-3\">Gr. Sendesaal des NDR, Hannover<\/td><td class=\"column-4\"><a href=\"https:\/\/maedchenchor-hannover.de\/wp-content\/uploads\/871031-KonzertGrSendesaalNDR.pdf\" class=\"programm-link foto-programm\" target=\"_blank\" rel=\"noopener noreferrer\"><\/a><\/td><td colspan=\"3\" class=\"column-5\"><a href=\"https:\/\/maedchenchor-hannover.de\/wp-content\/uploads\/871104-HAZ-Konzertkritik.pdf\" class=\"presse-link foto-presse\" rel=\"noopener noreferrer\" target=\"_blank\"> <\/a><\/td>\n<\/tr>\n<tr class=\"row-6\">\n\t<td class=\"column-1\">05. Dezember<\/td><td class=\"column-2\"><strong>Adventskonzert<\/strong><\/td><td class=\"column-3\">Marktkirche, Hannover<\/td><td colspan=\"4\" class=\"column-4\"><a href=\"https:\/\/maedchenchor-hannover.de\/wp-content\/uploads\/871205-Konzertprogramm.pdf\" class=\"programm-link foto-programm\" target=\"_blank\" rel=\"noopener noreferrer\"><\/a><\/td>\n<\/tr>\n<\/tbody>\n<\/table>\n<!-- #tablepress-247 from cache --><h6>Konzertjahr 1986<\/h6>\n<table id=\"tablepress-248\" class=\"tablepress tablepress-id-248 tbody-has-connected-cells\">\n<tbody class=\"row-striping\">\n<tr class=\"row-1\">\n\t<td colspan=\"7\" class=\"column-1\"><\/td>\n<\/tr>\n<tr class=\"row-2\">\n\t<td class=\"column-1\">Herbst<\/td><td class=\"column-2\"><strong>Konzertreise<\/strong><\/td><td class=\"column-3\">S\u00fcdfrankreich und Spanien<\/td><td colspan=\"4\" class=\"column-4\">Konzerte in Marseille, Barcelona und Madrid<\/td>\n<\/tr>\n<tr class=\"row-3\">\n\t<td class=\"column-1\">1986<\/td><td class=\"column-2\"><strong>Auszeichnung<\/strong><\/td><td colspan=\"5\" class=\"column-3\">Verleihung der Hannoverschen Stadtplakette<\/td>\n<\/tr>\n<tr class=\"row-4\">\n\t<td class=\"column-1\">22. Oktober<\/td><td class=\"column-2\"><strong>Konzert<\/strong><\/td><td class=\"column-3\">Hochschule f\u00fcr Musik u. Theater Hannover<\/td><td class=\"column-4\">anl\u00e4sslich des 60. Geb. von Alfred Koerppen<\/td><td colspan=\"3\" class=\"column-5\"><a href=\"https:\/\/maedchenchor-hannover.de\/wp-content\/uploads\/861022-Konzert-Hochschule-Programm.pdf\" class=\"programm-link foto-programm\" target=\"_blank\" rel=\"noopener noreferrer\"><\/a><\/td>\n<\/tr>\n<tr class=\"row-5\">\n\t<td class=\"column-1\">06. Dezember<\/td><td class=\"column-2\"><strong>Weihnachtskonzert<\/strong><\/td><td class=\"column-3\">Marktkirche, Hannover<\/td><td class=\"column-4\"><a href=\"https:\/\/maedchenchor-hannover.de\/wp-content\/uploads\/861206-Weihnachtskonzert-Programm.pdf\" class=\"programm-link foto-programm\" target=\"_blank\" rel=\"noopener noreferrer\"><\/a><\/td><td colspan=\"3\" class=\"column-5\"><a href=\"https:\/\/maedchenchor-hannover.de\/wp-content\/uploads\/861212-HAZ-Konzertkritik.pdf\" class=\"presse-link foto-presse\" rel=\"noopener noreferrer\" target=\"_blank\"> <\/a><\/td>\n<\/tr>\n<\/tbody>\n<\/table>\n<!-- #tablepress-248 from cache --><h6>Konzertjahr 1985<\/h6>\n<table id=\"tablepress-249\" class=\"tablepress tablepress-id-249 tbody-has-connected-cells\">\n<tbody class=\"row-striping\">\n<tr class=\"row-1\">\n\t<td colspan=\"7\" class=\"column-1\"><\/td>\n<\/tr>\n<tr class=\"row-2\">\n\t<td class=\"column-1\">28. April<\/td><td class=\"column-2\"><strong>Konzert<\/strong><\/td><td class=\"column-3\">Dreifaltigkeitskirche, Seelze<\/td><td class=\"column-4\"><a href=\"https:\/\/maedchenchor-hannover.de\/wp-content\/uploads\/850428-KonzertSeelzeProgramm.pdf\" class=\"programm-link foto-programm\" target=\"_blank\" rel=\"noopener noreferrer\"><\/a><\/td><td colspan=\"3\" class=\"column-5\"><\/td>\n<\/tr>\n<tr class=\"row-3\">\n\t<td class=\"column-1\">24. Mai<\/td><td class=\"column-2\"><strong>Konzert<\/strong><\/td><td class=\"column-3\">Gr. Sendesaal des NDR, Hannover<\/td><td colspan=\"4\" class=\"column-4\"><a href=\"https:\/\/maedchenchor-hannover.de\/wp-content\/uploads\/850524-SonderkonzertChorwettbewerbProgramm_1.pdf\" class=\"programm-link foto-programm\" target=\"_blank\" rel=\"noopener noreferrer\"><\/a><\/td>\n<\/tr>\n<tr class=\"row-4\">\n\t<td class=\"column-1\">2. Halbjahr<\/td><td class=\"column-2\"><strong>Konzertreise<\/strong><\/td><td class=\"column-3\">Venetien\/Italien<\/td><td colspan=\"4\" class=\"column-4\">Konzerte in  Venedig, Rovigo, Veneto und Rom<\/td>\n<\/tr>\n<tr class=\"row-5\">\n\t<td class=\"column-1\">16. September<\/td><td class=\"column-2\"><strong>Sommerkonzert<\/strong><\/td><td class=\"column-3\">Sozialp\u00e4driatisches Zentrum, Hannover<\/td><td colspan=\"4\" class=\"column-4\"><a href=\"https:\/\/maedchenchor-hannover.de\/wp-content\/uploads\/850916-SommerkonzertProgramm.pdf\" class=\"programm-link foto-programm\" target=\"_blank\" rel=\"noopener noreferrer\"><\/a><\/td>\n<\/tr>\n<tr class=\"row-6\">\n\t<td class=\"column-1\">2. Halbjahr<\/td><td class=\"column-2\"><strong>Konzertreise<\/strong><\/td><td class=\"column-3\">\u00d6sterreich und Tschechoslowakei<\/td><td colspan=\"4\" class=\"column-4\">Konzerte in Marktoberdorf, Linz, Gumpoldskirchen, Wien und Prag<\/td>\n<\/tr>\n<tr class=\"row-7\">\n\t<td class=\"column-1\">14. Dezember<\/td><td class=\"column-2\"><strong>Weihnachtskonzert<\/strong><\/td><td class=\"column-3\">St. Markus Kirche, Hannover<\/td><td class=\"column-4\"><a href=\"https:\/\/maedchenchor-hannover.de\/wp-content\/uploads\/851214-Konzert-StMarkusKirche.pdf\" class=\"programm-link foto-programm\" target=\"_blank\" rel=\"noopener noreferrer\"><\/a><\/td><td colspan=\"3\" class=\"column-5\"><a href=\"https:\/\/maedchenchor-hannover.de\/wp-content\/uploads\/851214-Konzert-StMarkusKirche_Artikel.pdf\" class=\"presse-link foto-presse\" rel=\"noopener noreferrer\" target=\"_blank\"> <\/a><\/td>\n<\/tr>\n<\/tbody>\n<\/table>\n<!-- #tablepress-249 from cache --><h6>Konzertjahr 1984<\/h6>\n<table id=\"tablepress-250\" class=\"tablepress tablepress-id-250 tbody-has-connected-cells\">\n<tbody class=\"row-striping\">\n<tr class=\"row-1\">\n\t<td colspan=\"7\" class=\"column-1\"><\/td>\n<\/tr>\n<tr class=\"row-2\">\n\t<td class=\"column-1\">15. Februar<\/td><td class=\"column-2\"><strong>Rundfunkaufnahme<\/strong><\/td><td class=\"column-3\">NDR, Hannover <\/td><td colspan=\"4\" class=\"column-4\">Brahms, Ges\u00e4nge f\u00fcr M\u00e4dchenchor, H\u00f6rner und Harfe<\/td>\n<\/tr>\n<tr class=\"row-3\">\n\t<td class=\"column-1\">28.\/29. April<\/td><td class=\"column-2\"><strong>Konzert<\/strong><\/td><td colspan=\"5\" class=\"column-3\">Marienkirche, Berlin<\/td>\n<\/tr>\n<tr class=\"row-4\">\n\t<td class=\"column-1\">12. Mai<\/td><td class=\"column-2\"><strong>Konzert<\/strong><\/td><td colspan=\"5\" class=\"column-3\">Kirche  St.Trinitatis, Wolfenb\u00fcttel<\/td>\n<\/tr>\n<tr class=\"row-5\">\n\t<td class=\"column-1\">08. Juni<\/td><td class=\"column-2\"><strong>Konzert<\/strong><\/td><td colspan=\"5\" class=\"column-3\">Saarbr\u00fccken<\/td>\n<\/tr>\n<tr class=\"row-6\">\n\t<td class=\"column-1\">14.-19. Juni<\/td><td class=\"column-2\"><strong>Teilnahme am Int. Chor-Festival in Fano<\/strong><\/td><td colspan=\"5\" class=\"column-3\">Italien<\/td>\n<\/tr>\n<tr class=\"row-7\">\n\t<td class=\"column-1\">1984<\/td><td class=\"column-2\"><strong>Konzerte<\/strong><\/td><td colspan=\"5\" class=\"column-3\">in Braunschweig und Bonn<\/td>\n<\/tr>\n<tr class=\"row-8\">\n\t<td class=\"column-1\">24. Oktober \u2013 3. November<\/td><td class=\"column-2\"><strong>Konzertreise<\/strong><\/td><td class=\"column-3\">Finnland<\/td><td colspan=\"4\" class=\"column-4\">Konzerte in Tampere, Lahti, Sein\u00e4joki<\/td>\n<\/tr>\n<tr class=\"row-9\">\n\t<td class=\"column-1\">08. Dezember<\/td><td class=\"column-2\"><strong>Adventskonzert<\/strong><\/td><td class=\"column-3\">St Markus-Kirche, Hannover<\/td><td class=\"column-4\"><a href=\"https:\/\/maedchenchor-hannover.de\/wp-content\/uploads\/841208-Konzertprogramm.pdf\" class=\"programm-link foto-programm\" target=\"_blank\" rel=\"noopener noreferrer\"><\/a><\/td><td colspan=\"3\" class=\"column-5\"><a href=\"https:\/\/maedchenchor-hannover.de\/wp-content\/uploads\/841210-HAZ-Konzertkritik.pdf\" class=\"presse-link foto-presse\" rel=\"noopener noreferrer\" target=\"_blank\"> <\/a><\/td>\n<\/tr>\n<\/tbody>\n<\/table>\n<!-- #tablepress-250 from cache --><h6>Konzertjahr 1983<\/h6>\n<table id=\"tablepress-251\" class=\"tablepress tablepress-id-251 tbody-has-connected-cells\">\n<tbody class=\"row-striping\">\n<tr class=\"row-1\">\n\t<td colspan=\"7\" class=\"column-1\"><\/td>\n<\/tr>\n<tr class=\"row-2\">\n\t<td class=\"column-1\">26. Januar<\/td><td class=\"column-2\"><strong>Konzert<\/strong><\/td><td class=\"column-3\">Hochschule f\u00fcr Musik und Theater Hannover<\/td><td class=\"column-4\">im Rahmen der <br \/>\n&#8222;Tage der Neuen Musik\u201d<\/td><td colspan=\"3\" class=\"column-5\"><a href=\"https:\/\/maedchenchor-hannover.de\/wp-content\/uploads\/830126-Hochschulkonzert-Presse.pdf\" class=\"presse-link foto-presse\" rel=\"noopener noreferrer\" target=\"_blank\"> <\/a><\/td>\n<\/tr>\n<tr class=\"row-3\">\n\t<td class=\"column-1\">05. Februar<\/td><td class=\"column-2\"><strong>Konzert<\/strong><\/td><td class=\"column-3\">Kaisersaal, R\u00f6mer, Frankfurt<\/td><td class=\"column-4\"><a href=\"https:\/\/maedchenchor-hannover.de\/wp-content\/uploads\/Kaisersaal-Konzert_830205.pdf\" class=\"programm-link foto-programm\" target=\"_blank\" rel=\"noopener noreferrer\"><\/a><\/td><td colspan=\"3\" class=\"column-5\"><a href=\"https:\/\/maedchenchor-hannover.de\/wp-content\/uploads\/830209-Rhein-Main-Blatt-Konzertkritik.pdf\" class=\"presse-link foto-presse\" rel=\"noopener noreferrer\" target=\"_blank\"> <\/a><\/td>\n<\/tr>\n<tr class=\"row-4\">\n\t<td class=\"column-1\">1983<\/td><td class=\"column-2\"><strong>Konzertreise<\/strong><\/td><td class=\"column-3\">Brasilien<\/td><td class=\"column-4\"><a href=\"https:\/\/maedchenchor-hannover.de\/wp-content\/uploads\/brasilien1983.png\" class=\"konzerte1983-link foto-konzerte1983\" rel=\"noopener noreferrer\" target=\"_blank\"> <\/a><\/td><td colspan=\"3\" class=\"column-5\"><a href=\"https:\/\/maedchenchor-hannover.de\/wp-content\/uploads\/830419-Brasilienreise-Artikel.pdf\" class=\"presse-link foto-presse\" rel=\"noopener noreferrer\" target=\"_blank\"> <\/a><\/td>\n<\/tr>\n<tr class=\"row-5\">\n\t<td class=\"column-1\">01. Mai<\/td><td class=\"column-2\"><strong>Konzert<\/strong><\/td><td class=\"column-3\">Henriettenstift, Hannover<\/td><td colspan=\"4\" class=\"column-4\"><a href=\"https:\/\/maedchenchor-hannover.de\/wp-content\/uploads\/830501-Chorkonzert-Programm.pdf\" class=\"programm-link foto-programm\" target=\"_blank\" rel=\"noopener noreferrer\"><\/a><\/td>\n<\/tr>\n<tr class=\"row-6\">\n\t<td class=\"column-1\">1983<\/td><td class=\"column-2\"><strong>Teilnahme am BBC-Wettbewerb <br \/>\nLet the Peoples Sing<\/strong><\/td><td class=\"column-3\">London<\/td><td class=\"column-4\">1. Preis<\/td><td colspan=\"3\" class=\"column-5\"><a href=\"https:\/\/maedchenchor-hannover.de\/wp-content\/uploads\/1983-ChorwettbewerbArtikel.pdf\" class=\"presse-link foto-presse\" rel=\"noopener noreferrer\" target=\"_blank\"> <\/a><\/td>\n<\/tr>\n<tr class=\"row-7\">\n\t<td class=\"column-1\">23. Oktober<\/td><td class=\"column-2\"><strong>Konzert<\/strong><\/td><td class=\"column-3\">Obere Halle des Bremer Rathauses<\/td><td class=\"column-4\">im Rahmen der <br \/>\nARD-CHOR-FORUMs<\/td><td colspan=\"3\" class=\"column-5\"><a href=\"https:\/\/maedchenchor-hannover.de\/wp-content\/uploads\/831026-BremerNachrichten-Konzertkritik.pdf\" class=\"presse-link foto-presse\" rel=\"noopener noreferrer\" target=\"_blank\"> <\/a><\/td>\n<\/tr>\n<tr class=\"row-8\">\n\t<td class=\"column-1\">1983<\/td><td class=\"column-2\"><strong>BRAHMS-Konzert<\/strong><\/td><td class=\"column-3\">Gr. Sendesaal des NDR, Hannover<\/td><td class=\"column-4\">M\u00e4dchen- und Knabenchor <\/td><td colspan=\"3\" class=\"column-5\">Klavier Karl Bergemann <br \/>\nund Andreas Kowalewitz<\/td>\n<\/tr>\n<\/tbody>\n<\/table>\n<!-- #tablepress-251 from cache --><h6>Konzertjahr 1982<\/h6>\n<table id=\"tablepress-252\" class=\"tablepress tablepress-id-252 tbody-has-connected-cells\">\n<tbody class=\"row-striping\">\n<tr class=\"row-1\">\n\t<td colspan=\"7\" class=\"column-1\"><\/td>\n<\/tr>\n<tr class=\"row-2\">\n\t<td class=\"column-1\">28. Februar<\/td><td class=\"column-2\"><strong>Konzert<\/strong><\/td><td class=\"column-3\">Neust\u00e4dtder Kirche<\/td><td colspan=\"4\" class=\"column-4\">Bach, Matth\u00e4uspassion  <\/td>\n<\/tr>\n<tr class=\"row-3\">\n\t<td class=\"column-1\">28. M\u00e4rz &#8211; 04. April<\/td><td class=\"column-2\"><strong>Konzertreise<\/strong><\/td><td class=\"column-3\">S\u00fcddeutschland<\/td><td colspan=\"4\" class=\"column-4\">Konzerte in Dillingen, Kempten, F\u00fcssen, Ettal, Kaufbeuren und M\u00fcnchen<\/td>\n<\/tr>\n<tr class=\"row-4\">\n\t<td class=\"column-1\">10. &#8211; 13. Juni<\/td><td class=\"column-2\"><strong>Teilnahme am 1. Deutschen Chorwettbewerb<\/strong><\/td><td class=\"column-3\">K\u00f6ln<\/td><td class=\"column-4\">1. Preis in der Kategorie &#8222;M\u00e4dchench\u00f6re&#8220;<\/td><td class=\"column-5\">Konzert im Gro\u00dfen Saal des G\u00fcrzenich<\/td><td colspan=\"2\" class=\"column-6\"><a href=\"https:\/\/www.youtube.com\/watch?v=l1e8lD0Bnxw\" rel=\"noopener\" target=\"_blank\"><u>Video Festakt des Chorwettbewerbs<\/u><\/a><\/td>\n<\/tr>\n<tr class=\"row-5\">\n\t<td class=\"column-1\">1982<\/td><td class=\"column-2\"><strong>Konzertreise<\/strong><\/td><td class=\"column-3\">Frankreich<\/td><td colspan=\"4\" class=\"column-4\">Konzerte, in Altenberger Dom, Paris, Caen und Rouen<\/td>\n<\/tr>\n<tr class=\"row-6\">\n\t<td class=\"column-1\">1982<\/td><td class=\"column-2\"><strong>Verleihung des Sprengel-Preises f\u00fcr Musik<\/strong><\/td><td class=\"column-3\">Hannover<\/td><td class=\"column-4\"><a href=\"https:\/\/maedchenchor-hannover.de\/wp-content\/uploads\/820209-Verleihung-B-Sprengel-Preis.pdf\" class=\"presse-link foto-presse\" rel=\"noopener noreferrer\" target=\"_blank\"> <\/a><\/td><td colspan=\"3\" class=\"column-5\"><a href=\"https:\/\/maedchenchor-hannover.de\/wp-content\/uploads\/820108-SprengelpreisAnMaedchenchor-1.pdf\" class=\"presse-link foto-presse\" rel=\"noopener noreferrer\" target=\"_blank\"> <\/a><\/td>\n<\/tr>\n<tr class=\"row-7\">\n\t<td class=\"column-1\">21. August<\/td><td class=\"column-2\"><strong>Festkonzert<\/strong><\/td><td class=\"column-3\">Galeriegeb\u00e4ude Herrenhausen<\/td><td class=\"column-4\">30j\u00e4hriges Jubil\u00e4um des <br \/>\nM\u00e4chenchor Hannover<\/td><td colspan=\"3\" class=\"column-5\"><a href=\"https:\/\/maedchenchor-hannover.de\/wp-content\/uploads\/820820-Pressbericht-Rutt.pdf\" class=\"presse-link foto-presse\" rel=\"noopener noreferrer\" target=\"_blank\"> <\/a><\/td>\n<\/tr>\n<tr class=\"row-8\">\n\t<td class=\"column-1\">1982<\/td><td class=\"column-2\"><strong>Schallplattenaufnahme<\/strong><\/td><td class=\"column-3\">Hannover<\/td><td colspan=\"4\" class=\"column-4\">\u201cNun stehen die Rosen in Bl\u00fcte\u201d<\/td>\n<\/tr>\n<tr class=\"row-9\">\n\t<td class=\"column-1\">27. November<\/td><td class=\"column-2\"><strong>Adventskonzert<\/strong><\/td><td class=\"column-3\">Marktkirche, Hannover<\/td><td class=\"column-4\"><a href=\"https:\/\/maedchenchor-hannover.de\/wp-content\/uploads\/821127-KonzertMarktkirche-Programm.pdf\" class=\"programm-link foto-programm\" target=\"_blank\" rel=\"noopener noreferrer\"><\/a><\/td><td colspan=\"3\" class=\"column-5\"><a href=\"https:\/\/maedchenchor-hannover.de\/wp-content\/uploads\/811210-HAZ-Konzertkritik.pdf\" class=\"presse-link foto-presse\" rel=\"noopener noreferrer\" target=\"_blank\"> <\/a><\/td>\n<\/tr>\n<tr class=\"row-10\">\n\t<td class=\"column-1\">20. Dezember<\/td><td class=\"column-2\"><strong>Weihnachtskonzert<\/strong><\/td><td colspan=\"5\" class=\"column-3\">Hamburg<\/td>\n<\/tr>\n<\/tbody>\n<\/table>\n<!-- #tablepress-252 from cache --><h6>Konzertjahr 1981<\/h6>\n<table id=\"tablepress-253\" class=\"tablepress tablepress-id-253 tbody-has-connected-cells\">\n<tbody class=\"row-striping\">\n<tr class=\"row-1\">\n\t<td colspan=\"7\" class=\"column-1\"><\/td>\n<\/tr>\n<tr class=\"row-2\">\n\t<td class=\"column-1\">08. Februar<\/td><td class=\"column-2\"><strong>Konzert<\/strong><\/td><td class=\"column-3\">Sendesaal des <br \/>\nDeutschlandfunks, Berlin<\/td><td class=\"column-4\">im Rahmen des ARD CHOR FORUMs<\/td><td colspan=\"3\" class=\"column-5\"><a href=\"https:\/\/maedchenchor-hannover.de\/wp-content\/uploads\/810208_KonzertDLF.pdf\" class=\"mehrinfo-link foto2\" rel=\"noopener noreferrer\" target=\"_blank\"><\/a><\/td>\n<\/tr>\n<tr class=\"row-3\">\n\t<td class=\"column-1\">07. M\u00e4rz<\/td><td class=\"column-2\"><strong>Konzert<\/strong><\/td><td colspan=\"5\" class=\"column-3\">Marktkirche, Hannover<\/td>\n<\/tr>\n<tr class=\"row-4\">\n\t<td class=\"column-1\">28. M\u00e4rz. &#8211; 06. April<\/td><td class=\"column-2\"><strong>Konzertreise<\/strong><\/td><td class=\"column-3\">Belgien<\/td><td colspan=\"4\" class=\"column-4\">Konzerte in Mechelen, Ranst, Lier, St. Niklaas, Antwerpen, Lokeren und Lede<\/td>\n<\/tr>\n<tr class=\"row-5\">\n\t<td class=\"column-1\">03. Mai<\/td><td class=\"column-2\"><strong>Konzert<\/strong><\/td><td colspan=\"5\" class=\"column-3\">Altwarmb\u00fcchen<\/td>\n<\/tr>\n<tr class=\"row-6\">\n\t<td class=\"column-1\">26. &#8211; 30. August<\/td><td class=\"column-2\"><strong>Teilnahme am Int. Chorwettbewerb Guido d&#8217;Arezzo<\/strong><\/td><td class=\"column-3\">Italien<\/td><td colspan=\"4\" class=\"column-4\">1. Preis in der Kategorie &#8222;Frauench\u00f6re&#8220;<\/td>\n<\/tr>\n<tr class=\"row-7\">\n\t<td class=\"column-1\">1981<\/td><td class=\"column-2\"><strong>Teilnahme Nieders\u00e4chsischer Chorwettbewerb<\/strong><\/td><td class=\"column-3\">Wolfsburg<\/td><td colspan=\"4\" class=\"column-4\">1. Preis<\/td>\n<\/tr>\n<tr class=\"row-8\">\n\t<td class=\"column-1\">28. November<\/td><td class=\"column-2\"><strong>Adventskonzert<\/strong><\/td><td class=\"column-3\">Marktkirche, Hannover<\/td><td colspan=\"4\" class=\"column-4\"><a href=\"https:\/\/maedchenchor-hannover.de\/wp-content\/uploads\/811128-KonzertMarktkirche-Programm.pdf\" class=\"programm-link foto-programm\" target=\"_blank\" rel=\"noopener noreferrer\"><\/a><\/td>\n<\/tr>\n<\/tbody>\n<\/table>\n<!-- #tablepress-253 from cache --><h6>Konzertjahr 1980<\/h6>\n<table id=\"tablepress-254\" class=\"tablepress tablepress-id-254 tbody-has-connected-cells\">\n<tbody class=\"row-striping\">\n<tr class=\"row-1\">\n\t<td colspan=\"7\" class=\"column-1\"><\/td>\n<\/tr>\n<tr class=\"row-2\">\n\t<td class=\"column-1\">27. Januar<\/td><td class=\"column-2\"><strong>Konzert<\/strong><\/td><td class=\"column-3\">Osterwald (Niedersachsen)<br \/>\n<br \/>\n<\/td><td colspan=\"4\" class=\"column-4\"><a href=\"https:\/\/maedchenchor-hannover.de\/wp-content\/uploads\/800131Konzertkritik_.pdf\" class=\"presse-link foto-presse\" rel=\"noopener noreferrer\" target=\"_blank\"> <\/a><\/td>\n<\/tr>\n<tr class=\"row-3\">\n\t<td class=\"column-1\">1980<\/td><td class=\"column-2\"><strong>Konzert<\/strong><\/td><td class=\"column-3\">Hannover<br \/>\n<br \/>\n<\/td><td colspan=\"4\" class=\"column-4\">Anl\u00e4\u00dflich der Sommerlichen Festwochen<br \/>\n Musik und Theater Herrenhausen<\/td>\n<\/tr>\n<tr class=\"row-4\">\n\t<td class=\"column-1\">24. M\u00e4rz &#8211; 12. April<\/td><td class=\"column-2\"><strong>Konzertreise<\/strong><\/td><td class=\"column-3\">Japan<\/td><td colspan=\"4\" class=\"column-4\"><a href=\"https:\/\/maedchenchor-hannover.de\/wp-content\/uploads\/japan1980.png\" class=\"konzerte1980-link foto-konzerte1980\" rel=\"noopener noreferrer\" target=\"_blank\"> <\/a><\/td>\n<\/tr>\n<tr class=\"row-5\">\n\t<td class=\"column-1\">1980<\/td><td class=\"column-2\"><strong>Konzertreise<\/strong><\/td><td class=\"column-3\">Polen<\/td><td colspan=\"4\" class=\"column-4\">zwei Konzerte in Posen<\/td>\n<\/tr>\n<tr class=\"row-6\">\n\t<td class=\"column-1\">1980<\/td><td class=\"column-2\"><strong>Teilnahme am BBC-Wettbewerb <br \/>\n\u201cLet the Peoples Sing\u201d<\/strong><\/td><td class=\"column-3\">London<\/td><td class=\"column-4\">2. Preis<\/td><td colspan=\"3\" class=\"column-5\"><a href=\"https:\/\/maedchenchor-hannover.de\/wp-content\/uploads\/1981-PressemitteilungChorwettbewerb.pdf\" class=\"presse-link foto-presse\" rel=\"noopener noreferrer\" target=\"_blank\"> <\/a><\/td>\n<\/tr>\n<tr class=\"row-7\">\n\t<td class=\"column-1\">1980<\/td><td class=\"column-2\"><strong>Schallplattenaufnahme<\/strong><\/td><td class=\"column-3\">Hannover<\/td><td colspan=\"4\" class=\"column-4\">Michael Haydn, Missa Sti. Aloysii \/ <br \/>\nFelix Mendelssohn-Bartholdi, 3 Motetten<\/td>\n<\/tr>\n<tr class=\"row-8\">\n\t<td class=\"column-1\">1980<\/td><td class=\"column-2\"><strong>Weihnachtskonzerte<\/strong><\/td><td class=\"column-3\">Hannover<\/td><td colspan=\"4\" class=\"column-4\">Beginn der regelm\u00e4\u00dfigen Weihnachts-<br \/>\nkonzerte in der Marktkirche<\/td>\n<\/tr>\n<\/tbody>\n<\/table>\n<!-- #tablepress-254 from cache --><h6>Konzertjahr 1979<\/h6>\n<table id=\"tablepress-255\" class=\"tablepress tablepress-id-255 tbody-has-connected-cells\">\n<tbody class=\"row-striping\">\n<tr class=\"row-1\">\n\t<td colspan=\"7\" class=\"column-1\"><\/td>\n<\/tr>\n<tr class=\"row-2\">\n\t<td class=\"column-1\">1979<\/td><td class=\"column-2\"><strong>Konzertreise<\/strong><\/td><td class=\"column-3\">England<\/td><td class=\"column-4\">London (Royal College of Music), Avon, Bristol,  Konzert und Aufnahme beim BBC<\/td><td colspan=\"3\" class=\"column-5\"><a href=\"https:\/\/maedchenchor-hannover.de\/wp-content\/uploads\/England1979-ReiseankuendigungNP.jpg\" class=\"presse-link foto-presse\" rel=\"noopener noreferrer\" target=\"_blank\"> <\/a><\/td>\n<\/tr>\n<tr class=\"row-3\">\n\t<td class=\"column-1\">25. November<\/td><td class=\"column-2\"><strong>Konzert<\/strong><\/td><td class=\"column-3\">Gro\u00dfer Sendesaal des NDR<\/td><td class=\"column-4\">Fritz von Bloh, <i>Max und Moritz<\/i><\/td><td colspan=\"3\" class=\"column-5\"><a href=\"https:\/\/maedchenchor-hannover.de\/wp-content\/uploads\/791126-Konzertkritiken.jpg\" class=\"presse-link foto-presse\" rel=\"noopener noreferrer\" target=\"_blank\"> <\/a><\/td>\n<\/tr>\n<tr class=\"row-4\">\n\t<td class=\"column-1\">30. November<\/td><td class=\"column-2\"><strong>Adventskonzert<\/strong><\/td><td class=\"column-3\">Berenbostel<\/td><td class=\"column-4\">mit Rudolf Schock<\/td><td colspan=\"3\" class=\"column-5\"><a href=\"https:\/\/maedchenchor-hannover.de\/wp-content\/uploads\/791202-Konzertkritik.pdf\" class=\"presse-link foto-presse\" rel=\"noopener noreferrer\" target=\"_blank\"> <\/a><\/td>\n<\/tr>\n<\/tbody>\n<\/table>\n<!-- #tablepress-255 from cache --><h6>Konzertjahr 1978<\/h6>\n<table id=\"tablepress-256\" class=\"tablepress tablepress-id-256 tbody-has-connected-cells\">\n<tbody class=\"row-striping\">\n<tr class=\"row-1\">\n\t<td colspan=\"7\" class=\"column-1\"><\/td>\n<\/tr>\n<tr class=\"row-2\">\n\t<td class=\"column-1\">1978<\/td><td class=\"column-2\"><strong>Konzertreise<\/strong><\/td><td class=\"column-3\">UdSSR<\/td><td colspan=\"4\" class=\"column-4\"> Konzerte in Riga, Leningrad, Moskau, <br \/>\n dort auch Fernsehaufnahmen<\/td>\n<\/tr>\n<tr class=\"row-3\">\n\t<td class=\"column-1\">1978<\/td><td class=\"column-2\"><strong>Schallplattenaufnahme<\/strong><\/td><td class=\"column-3\">Hannover<\/td><td colspan=\"4\" class=\"column-4\">Alfred Koerppen \u201cJoseph und seine Br\u00fcder&#8220;       <\/td>\n<\/tr>\n<tr class=\"row-4\">\n\t<td class=\"column-1\">01. Dezember<\/td><td class=\"column-2\"><strong>Adventskonzert<\/strong><\/td><td class=\"column-3\">Marktkirche, Hannover<\/td><td class=\"column-4\"><a href=\"https:\/\/maedchenchor-hannover.de\/wp-content\/uploads\/781201_AdventskonzertMarktkircheProgramm.pdf\" class=\"programm-link foto-programm\" target=\"_blank\" rel=\"noopener noreferrer\"><\/a><\/td><td class=\"column-5\"><a href=\"https:\/\/maedchenchor-hannover.de\/wp-content\/uploads\/781201_AdventskonzertMarktkirchePlakat.pdf\" class=\"mehrinfo-link foto2\" rel=\"noopener noreferrer\" target=\"_blank\"><\/a><\/td><td colspan=\"2\" class=\"column-6\"><a href=\"https:\/\/maedchenchor-hannover.de\/wp-content\/uploads\/781204_Konzertkritik-Adventskonzert.pdf\" class=\"presse-link foto-presse\" rel=\"noopener noreferrer\" target=\"_blank\"> <\/a><\/td>\n<\/tr>\n<\/tbody>\n<\/table>\n<!-- #tablepress-256 from cache --><h6>Konzertjahr 1977<\/h6>\n<table id=\"tablepress-257\" class=\"tablepress tablepress-id-257 tbody-has-connected-cells\">\n<tbody class=\"row-striping\">\n<tr class=\"row-1\">\n\t<td colspan=\"7\" class=\"column-1\"><\/td>\n<\/tr>\n<tr class=\"row-2\">\n\t<td class=\"column-1\">1977<\/td><td class=\"column-2\"><strong>Konzertreise<\/strong><\/td><td class=\"column-3\">Italien<\/td><td class=\"column-4\">Konzerte in Rom, San Felice, Mailand, Triest <\/td><td colspan=\"3\" class=\"column-5\"><a href=\"https:\/\/maedchenchor-hannover.de\/wp-content\/uploads\/771004_KonzertreiseArtikelAnkuendigung.jpg\" class=\"presse-link foto-presse\" rel=\"noopener noreferrer\" target=\"_blank\"> <\/a><\/td>\n<\/tr>\n<tr class=\"row-3\">\n\t<td class=\"column-1\">1977<\/td><td class=\"column-2\"><strong>Funkaufnahme<\/strong><\/td><td class=\"column-3\">M\u00fcnchen<\/td><td colspan=\"4\" class=\"column-4\">Konzerte in M\u00fcnchen, Bayreuth und Regensburg<\/td>\n<\/tr>\n<tr class=\"row-4\">\n\t<td class=\"column-1\">1977<\/td><td class=\"column-2\"><strong>Auszeichnung<\/strong><\/td><td class=\"column-3\">Hannover<\/td><td colspan=\"4\" class=\"column-4\">Bundesverdienstkreuz f\u00fcr Ludwig Rutt<\/td>\n<\/tr>\n<tr class=\"row-5\">\n\t<td class=\"column-1\">05. November<\/td><td class=\"column-2\"><strong>Festkonzert<\/strong><\/td><td class=\"column-3\">Gr. Sendesaal des NDR, Hannover<\/td><td class=\"column-4\">anl\u00e4\u00dflich des 25j\u00e4hrigen Bestehens <br \/>\ndes M\u00e4dchenchors Hannover<\/td><td class=\"column-5\"><a href=\"https:\/\/maedchenchor-hannover.de\/wp-content\/uploads\/Programmheft_25-Jahre-Maedchenchor-Hannover.pdf\" class=\"mehrinfo-link foto2\" rel=\"noopener noreferrer\" target=\"_blank\"><\/a><\/td><td class=\"column-6\"><a href=\"https:\/\/maedchenchor-hannover.de\/wp-content\/uploads\/771105-Konzertprogramm.pdf\" class=\"programm-link foto-programm\" target=\"_blank\" rel=\"noopener noreferrer\"><\/a><br \/>\n<\/td><td class=\"column-7\"><a href=\"https:\/\/maedchenchor-hannover.de\/wp-content\/uploads\/771107-HAZ-Konzertkritik.pdf\" class=\"presse-link foto-presse\" rel=\"noopener noreferrer\" target=\"_blank\"> <\/a><\/td>\n<\/tr>\n<tr class=\"row-6\">\n\t<td class=\"column-1\">1977<\/td><td class=\"column-2\"><strong>Empfang im Runden Saal der Stadthalle<\/strong><\/td><td class=\"column-3\">Hannover<\/td><td colspan=\"4\" class=\"column-4\">Kreis der Freunde des M\u00e4dchenchors entsteht<\/td>\n<\/tr>\n<\/tbody>\n<\/table>\n<!-- #tablepress-257 from cache --><h6>Konzertjahr 1976<\/h6>\n<table id=\"tablepress-258\" class=\"tablepress tablepress-id-258 tbody-has-connected-cells\">\n<tbody class=\"row-striping\">\n<tr class=\"row-1\">\n\t<td colspan=\"7\" class=\"column-1\"><\/td>\n<\/tr>\n<tr class=\"row-2\">\n\t<td class=\"column-1\">1976<\/td><td class=\"column-2\"><strong>Funkaufnahmen<\/strong><\/td><td colspan=\"5\" class=\"column-3\">M\u00fcnchen<\/td>\n<\/tr>\n<tr class=\"row-3\">\n\t<td class=\"column-1\">1976<\/td><td class=\"column-2\"><strong>Schallplattenaufnahme<\/strong><\/td><td class=\"column-3\">Hannover<\/td><td colspan=\"4\" class=\"column-4\">Ceremony of Carols (Britten)<\/td>\n<\/tr>\n<tr class=\"row-4\">\n\t<td class=\"column-1\">23. Februar<\/td><td class=\"column-2\"><strong>Konzert<\/strong><\/td><td class=\"column-3\">St. Clemens Kirche, Hannover<\/td><td class=\"column-4\"><a href=\"https:\/\/maedchenchor-hannover.de\/wp-content\/uploads\/1976kfpng\" class=\"konzerte1976f-link foto-konzerte1976f\" rel=\"noopener noreferrer\" target=\"_blank\"> <\/a><\/td><td colspan=\"3\" class=\"column-5\"><a href=\"https:\/\/maedchenchor-hannover.de\/wp-content\/uploads\/760223-Presse-Konzert.pdf\" class=\"presse-link foto-presse\" rel=\"noopener noreferrer\" target=\"_blank\"> <\/a><\/td>\n<\/tr>\n<tr class=\"row-5\">\n\t<td class=\"column-1\">02. Juli<\/td><td class=\"column-2\"><strong>Serenadenkonzert<\/strong><\/td><td class=\"column-3\">Espelkamp <\/td><td class=\"column-4\">im Anschlu\u00df an die Chor-Singfreizeit in Espelkamp <\/td><td colspan=\"3\" class=\"column-5\"><a href=\"https:\/\/maedchenchor-hannover.de\/wp-content\/uploads\/760701-PresseKonzertankuendigung.pdf\" class=\"presse-link foto-presse\" rel=\"noopener noreferrer\" target=\"_blank\"> <\/a><\/td>\n<\/tr>\n<tr class=\"row-6\">\n\t<td class=\"column-1\">03. Oktober<\/td><td class=\"column-2\"><strong>Er\u00f6ffnungskonzert \u201cTage Neuer Musik\u201d <\/strong><\/td><td colspan=\"5\" class=\"column-3\">Hannover<\/td>\n<\/tr>\n<tr class=\"row-7\">\n\t<td class=\"column-1\">06. November<\/td><td class=\"column-2\"><strong>Konzert <\/strong><\/td><td class=\"column-3\">Beethovensaal, Hannover<\/td><td colspan=\"4\" class=\"column-4\"><a href=\"https:\/\/maedchenchor-hannover.de\/wp-content\/uploads\/761106_Konzertprogramm.pdf\" class=\"programm-link foto-programm\" target=\"_blank\" rel=\"noopener noreferrer\"><\/a><\/td>\n<\/tr>\n<tr class=\"row-8\">\n\t<td class=\"column-1\">1976<\/td><td class=\"column-2\"><strong>Konzertreise<\/strong><\/td><td class=\"column-3\">T\u00fcrkei und Griechenland<\/td><td class=\"column-4\"><a href=\"https:\/\/maedchenchor-hannover.de\/wp-content\/uploads\/1976k.png\" class=\"konzerte1976k-link foto-konzerte1976k\" rel=\"noopener noreferrer\" target=\"_blank\"> <\/a><\/td><td colspan=\"3\" class=\"column-5\"><img decoding=\"async\" src=\"https:\/\/maedchenchor-hannover.de\/wp-content\/uploads\/transp34x34.png\" alt=\"\" width=\"34\" height=\"34\" class=\"alignnone size-full wp-image-13061\" \/><\/td>\n<\/tr>\n<\/tbody>\n<\/table>\n<!-- #tablepress-258 from cache --><h6>Konzertjahr 1975<\/h6>\n<table id=\"tablepress-259\" class=\"tablepress tablepress-id-259 tbody-has-connected-cells\">\n<tbody class=\"row-striping\">\n<tr class=\"row-1\">\n\t<td colspan=\"7\" class=\"column-1\"><\/td>\n<\/tr>\n<tr class=\"row-2\">\n\t<td class=\"column-1\">1975<\/td><td class=\"column-2\"><strong>Einrichtung des Nachwuchschors<\/strong><\/td><td class=\"column-3\">Hannover<\/td><td colspan=\"4\" class=\"column-4\">unter der Leitung von Georg Sch\u00f6nw\u00e4lder<\/td>\n<\/tr>\n<tr class=\"row-3\">\n\t<td class=\"column-1\">M\u00e4rz<\/td><td class=\"column-2\"><strong>Konzert<\/strong><\/td><td class=\"column-3\">S\u00fcdstadt-Volksschule, Burgdorf<\/td><td colspan=\"4\" class=\"column-4\"><a href=\"https:\/\/maedchenchor-hannover.de\/wp-content\/uploads\/1975-Maerz-BurgdorfkonzertPresse.pdf\" class=\"presse-link foto-presse\" rel=\"noopener noreferrer\" target=\"_blank\"> <\/a><\/td>\n<\/tr>\n<tr class=\"row-4\">\n\t<td class=\"column-1\">1975<\/td><td class=\"column-2\"><strong>Schallplattenaufnahme<\/strong><\/td><td class=\"column-3\">Hannover<\/td><td colspan=\"4\" class=\"column-4\">\u201cSag mir doch den Weg\u201d<\/td>\n<\/tr>\n<tr class=\"row-5\">\n\t<td class=\"column-1\">1975<\/td><td class=\"column-2\"><strong>Konzertreise<\/strong><\/td><td class=\"column-3\">Frankreich und Belgien<\/td><td class=\"column-4\"><a href=\"https:\/\/maedchenchor-hannover.de\/wp-content\/uploads\/1975r.png\" class=\"konzerte1975r-link foto-konzerte1975r\" rel=\"noopener noreferrer\" target=\"_blank\"> <\/a><\/td><td colspan=\"3\" class=\"column-5\"><a href=\"https:\/\/maedchenchor-hannover.de\/wp-content\/uploads\/1975-Presse-Konzertreise.pdf\" class=\"presse-link foto-presse\" rel=\"noopener noreferrer\" target=\"_blank\"> <\/a><\/td>\n<\/tr>\n<tr class=\"row-6\">\n\t<td class=\"column-1\">09. November<\/td><td class=\"column-2\"><strong>Konzert<\/strong><\/td><td class=\"column-3\">Gartenkirche, Hannover<\/td><td class=\"column-4\"><a href=\"https:\/\/maedchenchor-hannover.de\/wp-content\/uploads\/751109-Konzert-Gaetenkirche.pdf\" class=\"programm-link foto-programm\" target=\"_blank\" rel=\"noopener noreferrer\"><\/a><\/td><td colspan=\"3\" class=\"column-5\"><a href=\"https:\/\/maedchenchor-hannover.de\/wp-content\/uploads\/751109-Presse-KonzertGartenkirche.pdf\" class=\"presse-link foto-presse\" rel=\"noopener noreferrer\" target=\"_blank\"> <\/a><\/td>\n<\/tr>\n<\/tbody>\n<\/table>\n<!-- #tablepress-259 from cache --><h6>Konzertjahr 1974<\/h6>\n<table id=\"tablepress-260\" class=\"tablepress tablepress-id-260 tbody-has-connected-cells\">\n<tbody class=\"row-striping\">\n<tr class=\"row-1\">\n\t<td colspan=\"7\" class=\"column-1\"><\/td>\n<\/tr>\n<tr class=\"row-2\">\n\t<td class=\"column-1\">17. M\u00e4rz   <\/td><td class=\"column-2\"><strong>Konzert<\/strong><\/td><td class=\"column-3\">Immanuelkirche, Laatzen<\/td><td colspan=\"4\" class=\"column-4\"><a href=\"https:\/\/maedchenchor-hannover.de\/wp-content\/uploads\/740321-HAZ-Presse.pdf\" class=\"presse-link foto-presse\" rel=\"noopener noreferrer\" target=\"_blank\"> <\/a><\/td>\n<\/tr>\n<tr class=\"row-3\">\n\t<td class=\"column-1\">01. Oktober<br \/>\n<\/td><td class=\"column-2\"><strong>Er\u00f6ffnungskonzert<\/strong><\/td><td class=\"column-3\">Balkonsaal, Hannover<\/td><td class=\"column-4\">anl\u00e4\u00dflich der &#8222;Tage der Neuen Musik&#8220;<\/td><td colspan=\"3\" class=\"column-5\"><a href=\"https:\/\/maedchenchor-hannover.de\/wp-content\/uploads\/741003-KonzertTageNeuerMusikPresse.pdf\" class=\"presse-link foto-presse\" rel=\"noopener noreferrer\" target=\"_blank\"> <\/a><\/td>\n<\/tr>\n<tr class=\"row-4\">\n\t<td class=\"column-1\">12. Oktober<br \/>\n<\/td><td class=\"column-2\"><strong>Konzert<\/strong><\/td><td class=\"column-3\">Wertheim<\/td><td colspan=\"4\" class=\"column-4\"><a href=\"https:\/\/maedchenchor-hannover.de\/wp-content\/uploads\/741014-KonzertWertheim-Presse.pdf\" class=\"presse-link foto-presse\" rel=\"noopener noreferrer\" target=\"_blank\"> <\/a><\/td>\n<\/tr>\n<tr class=\"row-5\">\n\t<td class=\"column-1\">1974<\/td><td class=\"column-2\"><strong>Konzertreise<\/strong><\/td><td class=\"column-3\">\u00d6sterreich und Ungarn<\/td><td class=\"column-4\"><a href=\"https:\/\/maedchenchor-hannover.de\/wp-content\/uploads\/1974k.png\" class=\"konzerte1974k-link foto-konzerte1974k\" rel=\"noopener noreferrer\" target=\"_blank\"> <\/a><\/td><td colspan=\"3\" class=\"column-5\"><a href=\"https:\/\/maedchenchor-hannover.de\/wp-content\/uploads\/1974-Linzkonzert-Presse.pdf\" class=\"presse-link foto-presse\" rel=\"noopener noreferrer\" target=\"_blank\"> <\/a><\/td>\n<\/tr>\n<tr class=\"row-6\">\n\t<td class=\"column-1\">26. Oktober<br \/>\n<\/td><td class=\"column-2\"><strong>Konzert<\/strong><\/td><td class=\"column-3\">Beethovensaal (Kuppelsaal Hannover)<\/td><td class=\"column-4\"><a href=\"https:\/\/maedchenchor-hannover.de\/wp-content\/uploads\/741026-KonzertBeethovenhalle.pdf\" class=\"programm-link foto-programm\" target=\"_blank\" rel=\"noopener noreferrer\"><\/a><\/td><td colspan=\"3\" class=\"column-5\"><a href=\"https:\/\/maedchenchor-hannover.de\/wp-content\/uploads\/741126-HAZ-KonzertBeethovensaal.pdf\" class=\"presse-link foto-presse\" rel=\"noopener noreferrer\" target=\"_blank\"> <\/a><\/td>\n<\/tr>\n<\/tbody>\n<\/table>\n<!-- #tablepress-260 from cache --><h6>Konzertjahr 1973<\/h6>\n<table id=\"tablepress-261\" class=\"tablepress tablepress-id-261 tbody-has-connected-cells\">\n<tbody class=\"row-striping\">\n<tr class=\"row-1\">\n\t<td colspan=\"7\" class=\"column-1\"><\/td>\n<\/tr>\n<tr class=\"row-2\">\n\t<td class=\"column-1\">28. Januar<\/td><td class=\"column-2\"><strong>Konzert<\/strong><\/td><td class=\"column-3\">Immanuel-Kirche, Hannover<\/td><td colspan=\"4\" class=\"column-4\"><a href=\"https:\/\/maedchenchor-hannover.de\/wp-content\/uploads\/730131-Presse-Konzert.pdf\" class=\"presse-link foto-presse\" rel=\"noopener noreferrer\" target=\"_blank\"> <\/a><\/td>\n<\/tr>\n<tr class=\"row-3\">\n\t<td class=\"column-1\">1973<\/td><td class=\"column-2\"><strong>Konzertreise<\/strong><\/td><td class=\"column-3\">Spanien und Portugal<\/td><td colspan=\"4\" class=\"column-4\">Konzerte in Madrid, Lissabon, Porto und Beja<\/td>\n<\/tr>\n<tr class=\"row-4\">\n\t<td class=\"column-1\">25. November<\/td><td class=\"column-2\"><strong>Konzert<\/strong><\/td><td class=\"column-3\">Neust\u00e4dter Kirche, Hannover<\/td><td class=\"column-4\"><a href=\"https:\/\/maedchenchor-hannover.de\/wp-content\/uploads\/731125-KonzertNeustaedterKirche-Programm.pdf\" class=\"programm-link foto-programm\" target=\"_blank\" rel=\"noopener noreferrer\"><\/a><\/td><td colspan=\"3\" class=\"column-5\"><a href=\"https:\/\/maedchenchor-hannover.de\/wp-content\/uploads\/731127-KonzertNeustaedterKirche-Presse.pdf\" class=\"presse-link foto-presse\" rel=\"noopener noreferrer\" target=\"_blank\"> <\/a><\/td>\n<\/tr>\n<\/tbody>\n<\/table>\n<!-- #tablepress-261 from cache --><h6>Konzertjahr 1972<\/h6>\n<table id=\"tablepress-262\" class=\"tablepress tablepress-id-262 tbody-has-connected-cells\">\n<tbody class=\"row-striping\">\n<tr class=\"row-1\">\n\t<td colspan=\"7\" class=\"column-1\"><\/td>\n<\/tr>\n<tr class=\"row-2\">\n\t<td class=\"column-1\">1972<\/td><td class=\"column-2\"><strong>Konzertreise<\/strong><\/td><td class=\"column-3\"> Schweden<\/td><td colspan=\"4\" class=\"column-4\">Konzerte in Helsingborg, J\u00f6nk\u00f6ping, V\u00e4ster\u00e4s, Str\u00e4ngn\u00e4s, Stockholm und V\u00e4xj\u00f6<\/td>\n<\/tr>\n<tr class=\"row-3\">\n\t<td class=\"column-1\">10. Oktober<\/td><td class=\"column-2\"><strong>Konzert<\/strong><\/td><td class=\"column-3\"><strong>Beethovensaal Hannover<\/strong><\/td><td colspan=\"4\" class=\"column-4\"><a href=\"https:\/\/maedchenchor-hannover.de\/wp-content\/uploads\/1972-OktNov-Presse-Konzert.pdf\" class=\"presse-link foto-presse\" rel=\"noopener noreferrer\" target=\"_blank\"> <\/a><br \/>\n<\/td>\n<\/tr>\n<\/tbody>\n<\/table>\n<!-- #tablepress-262 from cache --><h6>Konzertjahr 1971<\/h6>\n<table id=\"tablepress-263\" class=\"tablepress tablepress-id-263 tbody-has-connected-cells\">\n<tbody class=\"row-striping\">\n<tr class=\"row-1\">\n\t<td colspan=\"7\" class=\"column-1\"><\/td>\n<\/tr>\n<tr class=\"row-2\">\n\t<td class=\"column-1\">1971<\/td><td class=\"column-2\"><strong>Konzert<\/strong><\/td><td class=\"column-3\">Clemenskirche, Hannover<\/td><td colspan=\"4\" class=\"column-4\"><a href=\"https:\/\/maedchenchor-hannover.de\/wp-content\/uploads\/1971u\" class=\"konzerte1971u-link foto-konzerte1971u\" rel=\"noopener noreferrer\" target=\"_blank\"> <\/a><\/td>\n<\/tr>\n<tr class=\"row-3\">\n\t<td class=\"column-1\">1971<\/td><td class=\"column-2\"><strong>Chorproben zweimal w\u00f6chentlich<\/strong><\/td><td colspan=\"5\" class=\"column-3\">mittwochs und sonnabends<\/td>\n<\/tr>\n<tr class=\"row-4\">\n\t<td class=\"column-1\">1971<\/td><td class=\"column-2\"><strong>Konzertreise<\/strong><\/td><td class=\"column-3\"> Berlin<\/td><td colspan=\"4\" class=\"column-4\">Konzerte im Centre Fran\u00e7ais Wedding und in der Dreifaltigkeitskirche Lankwitz<\/td>\n<\/tr>\n<tr class=\"row-5\">\n\t<td class=\"column-1\">1971<\/td><td class=\"column-2\"><strong>Chorproben zweimal w\u00f6chentlich<\/strong><\/td><td colspan=\"5\" class=\"column-3\">mittwochs und sonnabends<\/td>\n<\/tr>\n<tr class=\"row-6\">\n\t<td class=\"column-1\">16. November<\/td><td class=\"column-2\"><strong>Konzert<\/strong><\/td><td class=\"column-3\">Clemenskirche und Neust\u00e4dter Kirche<\/td><td colspan=\"4\" class=\"column-4\">UA  Alfred Koerppen,  Missa Commemoratione defunctorum f\u00fcr Frauenchor und Orgel <br \/>\nG.Schr\u00f6fel, Sopransolo<br \/>\nHans-Wilhelm Plate, Orgel<br \/>\n<\/td>\n<\/tr>\n<\/tbody>\n<\/table>\n<!-- #tablepress-263 from cache --><h6>Konzertjahr 1970<\/h6>\n<table id=\"tablepress-264\" class=\"tablepress tablepress-id-264 tbody-has-connected-cells\">\n<tbody class=\"row-striping\">\n<tr class=\"row-1\">\n\t<td colspan=\"7\" class=\"column-1\"><\/td>\n<\/tr>\n<tr class=\"row-2\">\n\t<td class=\"column-1\">1970<\/td><td class=\"column-2\"><strong>Konzertreise<\/strong><\/td><td class=\"column-3\">Finnland<\/td><td colspan=\"4\" class=\"column-4\">Konzerte in Lappeenranta, Mikkeli, Jyv\u00e4skyl\u00e4, Tampere, Tapiola, Hanko, Tammissan, Lahti und Helsinki<\/td>\n<\/tr>\n<\/tbody>\n<\/table>\n<!-- #tablepress-264 from cache --><\/div>\n\t\t\t\t\t\t\t\t\t<div class=\"elementor-tab-title elementor-tab-mobile-title\" aria-selected=\"false\" data-tab=\"11\" role=\"tab\" tabindex=\"-1\" aria-controls=\"elementor-tab-content-71511\" aria-expanded=\"false\">1952 - 69<\/div>\n\t\t\t\t\t<div id=\"elementor-tab-content-71511\" class=\"elementor-tab-content elementor-clearfix\" data-tab=\"11\" role=\"tabpanel\" aria-labelledby=\"elementor-tab-title-71511\" tabindex=\"0\" hidden=\"hidden\"><h6>Konzertjahr 1969<\/h6>\n<table id=\"tablepress-265\" class=\"tablepress tablepress-id-265 tbody-has-connected-cells\">\n<tbody class=\"row-striping\">\n<tr class=\"row-1\">\n\t<td colspan=\"7\" class=\"column-1\"><\/td>\n<\/tr>\n<tr class=\"row-2\">\n\t<td class=\"column-1\">1969<\/td><td class=\"column-2\"><strong>Erste Singfreizeit<\/strong><\/td><td colspan=\"5\" class=\"column-3\">Landheim der Leibniz Schule<\/td>\n<\/tr>\n<tr class=\"row-3\">\n\t<td class=\"column-1\">1969<\/td><td class=\"column-2\"><strong>Konzertreise<\/strong><\/td><td class=\"column-3\">Tschechoslowakei und \u00d6sterreich<\/td><td class=\"column-4\"><a href=\"https:\/\/maedchenchor-hannover.de\/wp-content\/uploads\/1969.png\" class=\"konzerte1969-link foto-konzerte1969\" rel=\"noopener noreferrer\" target=\"_blank\"> <\/a><\/td><td colspan=\"3\" class=\"column-5\"><img decoding=\"async\" src=\"https:\/\/maedchenchor-hannover.de\/wp-content\/uploads\/transp34x34.png\" alt=\"\" width=\"34\" height=\"34\" class=\"alignnone size-full wp-image-13061\" \/><\/td>\n<\/tr>\n<\/tbody>\n<\/table>\n<!-- #tablepress-265 from cache --><h6>Konzertjahr 1968<\/h6>\n<table id=\"tablepress-266\" class=\"tablepress tablepress-id-266 tbody-has-connected-cells\">\n<tbody class=\"row-striping\">\n<tr class=\"row-1\">\n\t<td colspan=\"7\" class=\"column-1\"><\/td>\n<\/tr>\n<tr class=\"row-2\">\n\t<td class=\"column-1\">1968<\/td><td class=\"column-2\"><strong>Konzertreise<\/strong><\/td><td class=\"column-3\">S\u00fcdfrankreich, Nordspanien, Schweiz<\/td><td class=\"column-4\">Konzerte in Grenobles, Antibes, Marseille, Perpignan, Barcelona, Toulouse und Z\u00fcrich<\/td><td colspan=\"3\" class=\"column-5\"><img decoding=\"async\" src=\"https:\/\/maedchenchor-hannover.de\/wp-content\/uploads\/transp34x34.png\" alt=\"\" width=\"34\" height=\"34\" class=\"alignnone size-full wp-image-13061\" \/><\/td>\n<\/tr>\n<\/tbody>\n<\/table>\n<!-- #tablepress-266 from cache --><h6>Konzertjahr 1967<\/h6>\n<table id=\"tablepress-267\" class=\"tablepress tablepress-id-267 tbody-has-connected-cells\">\n<tbody class=\"row-striping\">\n<tr class=\"row-1\">\n\t<td colspan=\"7\" class=\"column-1\"><\/td>\n<\/tr>\n<tr class=\"row-2\">\n\t<td class=\"column-1\">1967<\/td><td class=\"column-2\"><strong>Konzertreise<\/strong><\/td><td class=\"column-3\">England und Irland<\/td><td class=\"column-4\">Konzerte in Ostende, London, Bristol, Dublin, Limerick und Cork<\/td><td colspan=\"3\" class=\"column-5\">in London auch Funkaufnahmen bei der BBC<\/td>\n<\/tr>\n<tr class=\"row-3\">\n\t<td class=\"column-1\">1967<\/td><td colspan=\"6\" class=\"column-2\"><strong>Funkaufnahmen bei Radio Hilversum<\/strong><\/td>\n<\/tr>\n<tr class=\"row-4\">\n\t<td class=\"column-1\">1967<\/td><td colspan=\"6\" class=\"column-2\"><strong>Beginn chorischer Stimmbildung durch Gudrun Schr\u00f6fel<\/strong><\/td>\n<\/tr>\n<\/tbody>\n<\/table>\n<!-- #tablepress-267 from cache --><h6>Konzertjahr 1966<\/h6>\n<table id=\"tablepress-268\" class=\"tablepress tablepress-id-268 tbody-has-connected-cells\">\n<tbody class=\"row-striping\">\n<tr class=\"row-1\">\n\t<td colspan=\"7\" class=\"column-1\"><\/td>\n<\/tr>\n<tr class=\"row-2\">\n\t<td class=\"column-1\">1966<\/td><td class=\"column-2\"><strong>Konzert<\/strong><\/td><td class=\"column-3\">Galeriegeb\u00e4ude, Herrenhausen<\/td><td class=\"column-4\">mit dem NDR Symphonieorchester<\/td><td colspan=\"3\" class=\"column-5\">Monteverdi, Scherzi Musicali<\/td>\n<\/tr>\n<tr class=\"row-3\">\n\t<td class=\"column-1\">24. Juni<\/td><td class=\"column-2\"><strong>Konzert<\/strong><\/td><td class=\"column-3\">St. Michaeliskirche, Hildesheim<\/td><td colspan=\"4\" class=\"column-4\"><a href=\"https:\/\/maedchenchor-hannover.de\/wp-content\/uploads\/Program24Juni1966-Hildesheim.pdf\" class=\"programm-link foto-programm\" target=\"_blank\" rel=\"noopener noreferrer\"><\/a><\/td>\n<\/tr>\n<tr class=\"row-4\">\n\t<td class=\"column-1\">1966<\/td><td class=\"column-2\"><strong>Britten, War Requiem<\/strong><\/td><td class=\"column-3\">Kuppelsaal, Hannover<\/td><td colspan=\"4\" class=\"column-4\">Ltg. Fritz von Bloh<\/td>\n<\/tr>\n<tr class=\"row-5\">\n\t<td class=\"column-1\">1966<\/td><td class=\"column-2\"><strong>Konzertreise<\/strong><\/td><td class=\"column-3\">Schweiz und \u00d6sterreich<\/td><td colspan=\"4\" class=\"column-4\"><a href=\"https:\/\/maedchenchor-hannover.de\/wp-content\/uploads\/1966.png\" class=\"konzerte1966-link foto-konzerte1966\" rel=\"noopener noreferrer\" target=\"_blank\"> <\/a><\/td>\n<\/tr>\n<\/tbody>\n<\/table>\n<!-- #tablepress-268 from cache --><h6>Konzertjahr 1965<\/h6>\n<table id=\"tablepress-269\" class=\"tablepress tablepress-id-269 tbody-has-connected-cells\">\n<tbody class=\"row-striping\">\n<tr class=\"row-1\">\n\t<td colspan=\"7\" class=\"column-1\"><\/td>\n<\/tr>\n<tr class=\"row-2\">\n\t<td class=\"column-1\">2. Halbjahr<\/td><td class=\"column-2\"><strong>Konzertreise<\/strong><\/td><td class=\"column-3\">S\u00fcdfrankreich<\/td><td class=\"column-4\">Konzerte in Lyon, Chateauroux, Bordeaux, Toulouse, Perpignan, Marseille, Cannes und Monte Carlo<\/td><td class=\"column-5\"><a href=\"https:\/\/maedchenchor-hannover.de\/wp-content\/uploads\/Tournee-Programm_1965.pdf\" class=\"programm-link foto-programm\" target=\"_blank\" rel=\"noopener noreferrer\"><\/a><\/td><td colspan=\"2\" class=\"column-6\"><a href=\"https:\/\/maedchenchor-hannover.de\/wp-content\/uploads\/651015_ArtikelKonzertreise1965combined.jpg\" class=\"presse-link foto-presse\" rel=\"noopener noreferrer\" target=\"_blank\"> <\/a><\/td>\n<\/tr>\n<tr class=\"row-3\">\n\t<td class=\"column-1\">06. November<\/td><td class=\"column-2\"><strong>Konzert<\/strong><\/td><td class=\"column-3\">Neust\u00e4dter Kirche, Hannover<\/td><td colspan=\"4\" class=\"column-4\"><a href=\"https:\/\/maedchenchor-hannover.de\/wp-content\/uploads\/651106-Kritik-KonzertneustaedterKirche.pdf\" class=\"presse-link foto-presse\" rel=\"noopener noreferrer\" target=\"_blank\"> <\/a><\/td>\n<\/tr>\n<\/tbody>\n<\/table>\n<!-- #tablepress-269 from cache --><h6>Konzertjahr 1964<\/h6>\n<table id=\"tablepress-270\" class=\"tablepress tablepress-id-270 tbody-has-connected-cells\">\n<tbody class=\"row-striping\">\n<tr class=\"row-1\">\n\t<td colspan=\"7\" class=\"column-1\"><\/td>\n<\/tr>\n<tr class=\"row-2\">\n\t<td class=\"column-1\">1964<\/td><td class=\"column-2\"><strong>1. Preis in der Kategorie &#8222;M\u00e4dchench\u00f6re&#8220;<\/strong><\/td><td colspan=\"5\" class=\"column-3\">beim Festival in Neerpelt, Belgien<\/td>\n<\/tr>\n<tr class=\"row-3\">\n\t<td class=\"column-1\">01. &#8211; 14. Oktober<\/td><td class=\"column-2\"><strong>Konzertreise<\/strong><\/td><td class=\"column-3\">Nordfrankreich<\/td><td class=\"column-4\">Konzerte in Valendennes, Paris, Louviers, Rouen, Le Havre, Cambrais<\/td><td colspan=\"3\" class=\"column-5\"><a href=\"https:\/\/maedchenchor-hannover.de\/wp-content\/uploads\/programm_Konzertreise1964-Frankreich.pdf\" class=\"programm-link foto-programm\" target=\"_blank\" rel=\"noopener noreferrer\"><\/a><\/td>\n<\/tr>\n<\/tbody>\n<\/table>\n<!-- #tablepress-270 from cache --><h6>Konzertjahr 1963<\/h6>\n<table id=\"tablepress-271\" class=\"tablepress tablepress-id-271 tbody-has-connected-cells\">\n<tbody class=\"row-striping\">\n<tr class=\"row-1\">\n\t<td colspan=\"7\" class=\"column-1\"><\/td>\n<\/tr>\n<tr class=\"row-2\">\n\t<td class=\"column-1\">Herbst <\/td><td class=\"column-2\"><strong>Konzertreise<\/strong><\/td><td class=\"column-3\">England<\/td><td class=\"column-4\">Konzerte in London, Bristol, Oxford, Henley und Torquay<\/td><td colspan=\"3\" class=\"column-5\">in London auch Funkaufnahmen bei der BBC<\/td>\n<\/tr>\n<\/tbody>\n<\/table>\n<!-- #tablepress-271 from cache --><h6>Konzertjahr 1962<\/h6>\n<table id=\"tablepress-272\" class=\"tablepress tablepress-id-272 tbody-has-connected-cells\">\n<tbody class=\"row-striping\">\n<tr class=\"row-1\">\n\t<td colspan=\"7\" class=\"column-1\"><\/td>\n<\/tr>\n<tr class=\"row-2\">\n\t<td class=\"column-1\">April <\/td><td class=\"column-2\"><strong>Konzertreise<\/strong><\/td><td class=\"column-3\">Holland<\/td><td class=\"column-4\">Konzerte in Gronau, Apeldoorn, Deift und Greven<\/td><td class=\"column-5\">Funkaufnahmen bei Radio Hilversum<\/td><td colspan=\"2\" class=\"column-6\"><a href=\"https:\/\/maedchenchor-hannover.de\/wp-content\/uploads\/1962_Programmfolge_Hollandreise.pdf\" class=\"programm-link foto-programm\" target=\"_blank\" rel=\"noopener noreferrer\"><\/a><\/td>\n<\/tr>\n<tr class=\"row-3\">\n\t<td class=\"column-1\">18. Mai<\/td><td class=\"column-2\"><strong>Abschlusskonzert in Hannover<\/strong><\/td><td class=\"column-3\">Festkonzert zum 10j\u00e4hrigen Bestehen<\/td><td class=\"column-4\"><a href=\"https:\/\/maedchenchor-hannover.de\/wp-content\/uploads\/FestschriftuKonzert18Mai1962.pdf\" class=\"programm-link foto-programm\" target=\"_blank\" rel=\"noopener noreferrer\"><\/a><\/td><td colspan=\"3\" class=\"column-5\"><a href=\"https:\/\/maedchenchor-hannover.de\/wp-content\/uploads\/620521-VerschArtikel-10JahreMCH.pdf\" class=\"presse-link foto-presse\" rel=\"noopener noreferrer\" target=\"_blank\"> <\/a><\/td>\n<\/tr>\n<tr class=\"row-4\">\n\t<td class=\"column-1\">Herbst <\/td><td class=\"column-2\"><strong>Konzertreise<\/strong><\/td><td class=\"column-3\">Schweden<\/td><td class=\"column-4\"><a href=\"https:\/\/maedchenchor-hannover.de\/wp-content\/uploads\/1962.png\" class=\"konzerte1962-link foto-konzerte1962\" rel=\"noopener noreferrer\" target=\"_blank\"> <\/a><\/td><td class=\"column-5\"><a href=\"https:\/\/maedchenchor-hannover.de\/wp-content\/uploads\/1962-SchwedenGeistlProgramm.pdf\" class=\"programm-link foto-programm\" target=\"_blank\" rel=\"noopener noreferrer\"><\/a><\/td><td colspan=\"2\" class=\"column-6\"><a href=\"https:\/\/maedchenchor-hannover.de\/wp-content\/uploads\/1962-KonzertprogrammeSchwedenreise.pdf\" class=\"programm-link foto-programm\" target=\"_blank\" rel=\"noopener noreferrer\"><\/a><\/td>\n<\/tr>\n<tr class=\"row-5\">\n\t<td class=\"column-1\">Herbst <\/td><td class=\"column-2\"><strong>Proben-Neuregelung<\/strong><\/td><td colspan=\"5\" class=\"column-3\">Proben des Chors: Samstags von 16-19 Uhr, Vorklasse 15-16 Uhr, Haus der Jugend<\/td>\n<\/tr>\n<\/tbody>\n<\/table>\n<!-- #tablepress-272 from cache --><h6>Konzertjahr 1961<\/h6>\n<table id=\"tablepress-273\" class=\"tablepress tablepress-id-273 tbody-has-connected-cells\">\n<tbody class=\"row-striping\">\n<tr class=\"row-1\">\n\t<td colspan=\"7\" class=\"column-1\"><\/td>\n<\/tr>\n<tr class=\"row-2\">\n\t<td class=\"column-1\">11. Juni<\/td><td class=\"column-2\"><strong>Mitwirkung beim Tag des Liedes<\/strong><\/td><td class=\"column-3\">Niedersachsenhalle<\/td><td class=\"column-4\">mit Werken von Siegfried Strohbach<\/td><td colspan=\"3\" class=\"column-5\"><a href=\"https:\/\/maedchenchor-hannover.de\/wp-content\/uploads\/610611-TagDesLiedesPlakat.pdf\" class=\"mehrinfo-link foto2\" rel=\"noopener noreferrer\" target=\"_blank\"><\/a><\/td>\n<\/tr>\n<tr class=\"row-3\">\n\t<td class=\"column-1\">10. September<\/td><td class=\"column-2\"><strong>Konzert<\/strong><\/td><td class=\"column-3\">Theater am Aegi, Hannover<\/td><td colspan=\"4\" class=\"column-4\"><a href=\"https:\/\/maedchenchor-hannover.de\/wp-content\/uploads\/610910_KonzertZumTagDerHeimat.pdf\" class=\"rueckschau-link foto1\" target=\"_blank\" rel=\"noopener noreferrer\"><\/a><\/td>\n<\/tr>\n<tr class=\"row-4\">\n\t<td class=\"column-1\">02. &#8211; 11. Oktober<\/td><td class=\"column-2\"><strong>Erste Auslands-Konzertreise<\/strong><\/td><td class=\"column-3\">D\u00e4nemark<\/td><td class=\"column-4\"><a href=\"https:\/\/maedchenchor-hannover.de\/wp-content\/uploads\/1961d.png\" class=\"konzerte1961d-link foto-konzerte1961d\" rel=\"noopener noreferrer\" target=\"_blank\"> <\/a><\/td><td class=\"column-5\"><a href=\"https:\/\/maedchenchor-hannover.de\/wp-content\/uploads\/KonzertreiseDaenemark1961.pdf\" class=\"rueckschau-link foto1\" target=\"_blank\" rel=\"noopener noreferrer\"><\/a><\/td><td colspan=\"2\" class=\"column-6\"><a href=\"https:\/\/maedchenchor-hannover.de\/wp-content\/uploads\/611018-HAZ-RueckkehrausDaenemark.pdf\" class=\"presse-link foto-presse\" rel=\"noopener noreferrer\" target=\"_blank\"> <\/a><\/td>\n<\/tr>\n<tr class=\"row-5\">\n\t<td class=\"column-1\">05. November<\/td><td class=\"column-2\"><strong>Geistliches Konzert<\/strong><\/td><td class=\"column-3\">Christuskirche, Hannover<\/td><td colspan=\"4\" class=\"column-4\"><a href=\"https:\/\/maedchenchor-hannover.de\/wp-content\/uploads\/611105-Konzert-Kritik.pdf\" class=\"presse-link foto-presse\" rel=\"noopener noreferrer\" target=\"_blank\"> <\/a><\/td>\n<\/tr>\n<\/tbody>\n<\/table>\n<!-- #tablepress-273 from cache --><h6>Konzertjahr 1960<\/h6>\n<table id=\"tablepress-274\" class=\"tablepress tablepress-id-274 tbody-has-connected-cells\">\n<tbody class=\"row-striping\">\n<tr class=\"row-1\">\n\t<td colspan=\"7\" class=\"column-1\"><\/td>\n<\/tr>\n<tr class=\"row-2\">\n\t<td class=\"column-1\">M\u00e4rz <\/td><td colspan=\"6\" class=\"column-2\"><strong>Konzert in G\u00f6ttingen<\/strong><\/td>\n<\/tr>\n<tr class=\"row-3\">\n\t<td class=\"column-1\">Mai <\/td><td class=\"column-2\"><strong>Konzert<\/strong><\/td><td colspan=\"5\" class=\"column-3\">Galeriegeb\u00e4ude, Herrenhausen<\/td>\n<\/tr>\n<tr class=\"row-4\">\n\t<td class=\"column-1\">Herbst<\/td><td class=\"column-2\"><strong>Konzertreise<\/strong><\/td><td class=\"column-3\">S\u00fcddeutschland<\/td><td class=\"column-4\"><a href=\"https:\/\/maedchenchor-hannover.de\/wp-content\/uploads\/1960.png\" class=\"konzerte1960-link foto-konzerte1960\" rel=\"noopener noreferrer\" target=\"_blank\"> <\/a><\/td><td class=\"column-5\"><a href=\"https:\/\/maedchenchor-hannover.de\/wp-content\/uploads\/Info_Konzertreise1960-Goettingen_Programme.pdf\" class=\"programm-link foto-programm\" target=\"_blank\" rel=\"noopener noreferrer\"><\/a><\/td><td colspan=\"2\" class=\"column-6\"><a href=\"https:\/\/maedchenchor-hannover.de\/wp-content\/uploads\/Konzertreise1960-Ablauf.pdf\" class=\"reisebericht-link foto-reisebericht\" rel=\"noopener noreferrer\" target=\"_blank\"><\/a><\/td>\n<\/tr>\n<\/tbody>\n<\/table>\n<!-- #tablepress-274 from cache --><h6>Konzertjahr 1959<\/h6>\n<table id=\"tablepress-275\" class=\"tablepress tablepress-id-275 tbody-has-connected-cells\">\n<tbody class=\"row-striping\">\n<tr class=\"row-1\">\n\t<td colspan=\"7\" class=\"column-1\"><\/td>\n<\/tr>\n<tr class=\"row-2\">\n\t<td class=\"column-1\">1959<\/td><td class=\"column-2\"><strong>Konzert im St\u00e4dtischen Konservatorium<\/strong><\/td><td colspan=\"5\" class=\"column-3\">Berlin<\/td>\n<\/tr>\n<tr class=\"row-3\">\n\t<td class=\"column-1\">1959<\/td><td class=\"column-2\"><strong>Konzertreise<\/strong><\/td><td class=\"column-3\">Hessen<\/td><td class=\"column-4\"><a href=\"https:\/\/maedchenchor-hannover.de\/wp-content\/uploads\/1959h.png\" class=\"konzerte1959h-link foto-konzerte1959h\" rel=\"noopener noreferrer\" target=\"_blank\"> <\/a><\/td><td class=\"column-5\"><a href=\"https:\/\/maedchenchor-hannover.de\/wp-content\/uploads\/591010_ProgrammLauterbachKonzert.jpg\" class=\"programm-link foto-programm\" target=\"_blank\" rel=\"noopener noreferrer\"><\/a><\/td><td colspan=\"2\" class=\"column-6\"><a href=\"https:\/\/maedchenchor-hannover.de\/wp-content\/uploads\/Konzertreise1959.pdf\" class=\"rueckschau-link foto1\" target=\"_blank\" rel=\"noopener noreferrer\"><\/a><\/td>\n<\/tr>\n<tr class=\"row-4\">\n\t<td class=\"column-1\">1959<\/td><td class=\"column-2\"><strong>Mehrere Konzerte<\/strong><\/td><td colspan=\"5\" class=\"column-3\">in Hannover und Umgebung<\/td>\n<\/tr>\n<tr class=\"row-5\">\n\t<td class=\"column-1\">14. Oktober<\/td><td class=\"column-2\"><strong>Konzert<\/strong><\/td><td class=\"column-3\">Goetheschule, Wetzlar<\/td><td colspan=\"4\" class=\"column-4\"><a href=\"https:\/\/maedchenchor-hannover.de\/wp-content\/uploads\/591014-Chorkonzert.pdf\" class=\"rueckschau-link foto1\" target=\"_blank\" rel=\"noopener noreferrer\"><\/a><\/td>\n<\/tr>\n<tr class=\"row-6\">\n\t<td class=\"column-1\">08. November<\/td><td class=\"column-2\"><strong>Konzert<\/strong><\/td><td class=\"column-3\">Funkhaus NDR, Hannover<\/td><td colspan=\"4\" class=\"column-4\"><a href=\"https:\/\/maedchenchor-hannover.de\/wp-content\/uploads\/Kammerkonzert591108.jpg\" class=\"programm-link foto-programm\" target=\"_blank\" rel=\"noopener noreferrer\"><\/a><\/td>\n<\/tr>\n<\/tbody>\n<\/table>\n<!-- #tablepress-275 from cache --><h6>Konzertjahr 1958<\/h6>\n<table id=\"tablepress-276\" class=\"tablepress tablepress-id-276 tbody-has-connected-cells\">\n<tbody class=\"row-striping\">\n<tr class=\"row-1\">\n\t<td colspan=\"7\" class=\"column-1\"><\/td>\n<\/tr>\n<tr class=\"row-2\">\n\t<td class=\"column-1\">11. Mai <\/td><td class=\"column-2\"><strong>Konzert<\/strong><\/td><td class=\"column-3\">Bielefeld<\/td><td colspan=\"4\" class=\"column-4\"><a href=\"https:\/\/maedchenchor-hannover.de\/wp-content\/uploads\/580511_Konzert_Bielefeld.pdf\" class=\"mehrinfo-link foto2\" rel=\"noopener noreferrer\" target=\"_blank\"><\/a><\/td>\n<\/tr>\n<tr class=\"row-3\">\n\t<td class=\"column-1\">Herbst <\/td><td class=\"column-2\"><strong>Konzertreise<\/strong><\/td><td class=\"column-3\">Westfalen<\/td><td colspan=\"4\" class=\"column-4\">Konzerte in Bad Oeynhausen, Schwerte, Haan und Blomberg<\/td>\n<\/tr>\n<tr class=\"row-4\">\n\t<td class=\"column-1\">10. Oktober<\/td><td class=\"column-2\"><strong>Abschlu\u00dfkonzert<\/strong><\/td><td class=\"column-3\"> in der Aula der <br \/>\nTellkampf-Schule<\/td><td colspan=\"4\" class=\"column-4\"><a href=\"https:\/\/maedchenchor-hannover.de\/wp-content\/uploads\/581018-Konzertkritiken.pdf\" class=\"presse-link foto-presse\" rel=\"noopener noreferrer\" target=\"_blank\"> <\/a><\/td>\n<\/tr>\n<tr class=\"row-5\">\n\t<td class=\"column-1\">15. November<\/td><td class=\"column-2\"><strong>Konzert<\/strong><\/td><td class=\"column-3\">Stadthagen<\/td><td colspan=\"4\" class=\"column-4\"><a href=\"https:\/\/maedchenchor-hannover.de\/wp-content\/uploads\/581115_Programm_Konzert_Stadthagen.pdf\" class=\"programm-link foto-programm\" target=\"_blank\" rel=\"noopener noreferrer\"><\/a><\/td>\n<\/tr>\n<tr class=\"row-6\">\n\t<td class=\"column-1\">Dezember <\/td><td class=\"column-2\"><strong>Auszeichnung<\/strong><\/td><td class=\"column-3\">Hannover<\/td><td colspan=\"4\" class=\"column-4\">Verleihung des Stadtwappens durch Oberb\u00fcrgermeister Holweg<\/td>\n<\/tr>\n<tr class=\"row-7\">\n\t<td class=\"column-1\">Dezember <\/td><td class=\"column-2\"><strong>Beginn chorischer Stimmbildung<\/strong><\/td><td colspan=\"5\" class=\"column-3\">(Frau Junge, Frau Elisabeth Dimpfel-Apel)<\/td>\n<\/tr>\n<\/tbody>\n<\/table>\n<!-- #tablepress-276 from cache --><h6>Konzertjahr 1957<\/h6>\n<table id=\"tablepress-277\" class=\"tablepress tablepress-id-277 tbody-has-connected-cells\">\n<tbody class=\"row-striping\">\n<tr class=\"row-1\">\n\t<td colspan=\"7\" class=\"column-1\"><\/td>\n<\/tr>\n<tr class=\"row-2\">\n\t<td class=\"column-1\">26. Mai<\/td><td class=\"column-2\"><strong>Konzert<\/strong><\/td><td class=\"column-3\">Hannover<\/td><td class=\"column-4\">anl\u00e4\u00dflich der Chormusikwoche<\/td><td colspan=\"3\" class=\"column-5\"><a href=\"https:\/\/maedchenchor-hannover.de\/wp-content\/uploads\/1957_ProgrammeChormusikwoche_.pdf\" class=\"programm-link foto-programm\" target=\"_blank\" rel=\"noopener noreferrer\"><\/a><\/td>\n<\/tr>\n<tr class=\"row-3\">\n\t<td class=\"column-1\">02. Juni<\/td><td class=\"column-2\"><strong>Konzert<\/strong><\/td><td class=\"column-3\">Hannover<\/td><td class=\"column-4\">anl\u00e4\u00dflich der Chormusikwoche<\/td><td colspan=\"3\" class=\"column-5\"><a href=\"https:\/\/maedchenchor-hannover.de\/wp-content\/uploads\/1957_ProgrammeChormusikwoche_.pdf\" class=\"programm-link foto-programm\" target=\"_blank\" rel=\"noopener noreferrer\"><\/a><\/td>\n<\/tr>\n<tr class=\"row-4\">\n\t<td class=\"column-1\">1957<\/td><td class=\"column-2\"><strong>Konzertreise<\/strong><\/td><td class=\"column-3\">Norddeutschland<\/td><td class=\"column-4\"><a href=\"https:\/\/maedchenchor-hannover.de\/wp-content\/uploads\/1957k.png\" class=\"konzerte1957k-link foto-konzerte1957k\" rel=\"noopener noreferrer\" target=\"_blank\"> <\/a><\/td><td colspan=\"3\" class=\"column-5\"><a href=\"https:\/\/maedchenchor-hannover.de\/wp-content\/uploads\/Konzertreise1957.pdf\" class=\"rueckschau-link foto1\" target=\"_blank\" rel=\"noopener noreferrer\"><\/a><\/td>\n<\/tr>\n<tr class=\"row-5\">\n\t<td class=\"column-1\">Mai <\/td><td class=\"column-2\"><strong>Abschlu\u00dfkonzert<\/strong><\/td><td colspan=\"5\" class=\"column-3\">in der Akademie f\u00fcr Musik und Theater Hannover<\/td>\n<\/tr>\n<\/tbody>\n<\/table>\n<!-- #tablepress-277 from cache --><h6>Konzertjahr 1956<\/h6>\n<table id=\"tablepress-278\" class=\"tablepress tablepress-id-278 tbody-has-connected-cells\">\n<tbody class=\"row-striping\">\n<tr class=\"row-1\">\n\t<td colspan=\"7\" class=\"column-1\"><\/td>\n<\/tr>\n<tr class=\"row-2\">\n\t<td class=\"column-1\">1956 &#8211; 1961<\/td><td class=\"column-2\"><strong>Handgeschriebene Chorchronik <\/strong><\/td><td class=\"column-3\">von Chormitgliedern <\/td><td colspan=\"4\" class=\"column-4\">kann im Stadtarchiv eingesehen werden<\/td>\n<\/tr>\n<tr class=\"row-3\">\n\t<td class=\"column-1\">1956<\/td><td class=\"column-2\"><strong>Erste Konzertreise<\/strong><\/td><td class=\"column-3\">Hessen und Niedersachsen<\/td><td class=\"column-4\"><a href=\"https:\/\/maedchenchor-hannover.de\/wp-content\/uploads\/1956route.png\" class=\"konzerte1956-link foto-konzerte1956\" rel=\"noopener noreferrer\" target=\"_blank\"> <\/a><\/td><td class=\"column-5\"><a href=\"https:\/\/maedchenchor-hannover.de\/wp-content\/uploads\/Reisetagebuch1956-ErsteKonzertreiseStartseite.jpg\" class=\"fotos-link foto-fotos\" rel=\"noopener noreferrer\" target=\"_blank\"><\/a><\/td><td colspan=\"2\" class=\"column-6\"><a href=\"https:\/\/maedchenchor-hannover.de\/wp-content\/uploads\/560417-HannPresse-Konzertkritik.pdf\" class=\"presse-link foto-presse\" rel=\"noopener noreferrer\" target=\"_blank\"> <\/a><\/td>\n<\/tr>\n<tr class=\"row-4\">\n\t<td class=\"column-1\">1956<\/td><td class=\"column-2\"><strong>Erste Funkaufnahmen<\/strong><\/td><td class=\"column-3\">beim NDR Hannover<\/td><td colspan=\"4\" class=\"column-4\">Beginn regelm\u00e4\u00dfiger Funkaufnahmen<\/td>\n<\/tr>\n<\/tbody>\n<\/table>\n<!-- #tablepress-278 from cache --><h6>Konzertjahr 1955<\/h6>\n<table id=\"tablepress-279\" class=\"tablepress tablepress-id-279 tbody-has-connected-cells\">\n<tbody class=\"row-striping\">\n<tr class=\"row-1\">\n\t<td colspan=\"7\" class=\"column-1\"><\/td>\n<\/tr>\n<tr class=\"row-2\">\n\t<td class=\"column-1\">Juni <\/td><td class=\"column-2\"><strong>Konzert<\/strong><\/td><td class=\"column-3\">Galeriegeb\u00e4ude Herrenhausen<\/td><td colspan=\"4\" class=\"column-4\"> mit dem Jungen Chor Hannover <br \/>\nund dem Knabenchor Hannover<\/td>\n<\/tr>\n<tr class=\"row-3\">\n\t<td class=\"column-1\">Herbst<\/td><td class=\"column-2\"><strong>Mitwirkung<\/strong><\/td><td class=\"column-3\"> bei zahlreichen Veranstaltungen und Feiern hannoverscher Verb\u00e4nde und Vereine<\/td><td colspan=\"4\" class=\"column-4\">u. a. beim Blumenkorso und bei Lichterfesten in Herrenhausen<\/td>\n<\/tr>\n<\/tbody>\n<\/table>\n<!-- #tablepress-279 from cache --><h6>Konzertjahr 1954<\/h6>\n<table id=\"tablepress-280\" class=\"tablepress tablepress-id-280 tbody-has-connected-cells\">\n<tbody class=\"row-striping\">\n<tr class=\"row-1\">\n\t<td colspan=\"7\" class=\"column-1\"><\/td>\n<\/tr>\n<tr class=\"row-2\">\n\t<td class=\"column-1\">Sommer <\/td><td class=\"column-2\"><strong>Auff\u00fchrung Struwwelpeter-Kantate <br \/>\nvon Cesar Bresgen<\/strong><\/td><td colspan=\"5\" class=\"column-3\">Gartentheater Herrenhausen<\/td>\n<\/tr>\n<\/tbody>\n<\/table>\n<!-- #tablepress-280 from cache --><h6>Konzertjahr 1953<\/h6>\n<table id=\"tablepress-281\" class=\"tablepress tablepress-id-281 tbody-has-connected-cells\">\n<tbody class=\"row-striping\">\n<tr class=\"row-1\">\n\t<td colspan=\"7\" class=\"column-1\"><\/td>\n<\/tr>\n<tr class=\"row-2\">\n\t<td class=\"column-1\">25. April<\/td><td class=\"column-2\"><strong>Erstes Konzert des Chors<\/strong><\/td><td colspan=\"5\" class=\"column-3\">in der Aula der damaligen Akademie f\u00fcr Musik und Theater<\/td>\n<\/tr>\n<\/tbody>\n<\/table>\n<!-- #tablepress-281 from cache --><h6>1952<\/h6>\n<table id=\"tablepress-282\" class=\"tablepress tablepress-id-282 tbody-has-connected-cells\">\n<tbody class=\"row-striping\">\n<tr class=\"row-1\">\n\t<td colspan=\"7\" class=\"column-1\"><\/td>\n<\/tr>\n<tr class=\"row-2\">\n\t<td class=\"column-1\">Mai <\/td><td class=\"column-2\"><strong>Gr\u00fcndung des &#8222;M\u00e4dchenchor Hannover&#8220;<\/strong><\/td><td colspan=\"5\" class=\"column-3\"><\/td>\n<\/tr>\n<\/tbody>\n<\/table>\n<!-- #tablepress-282 from cache --><\/div>\n\t\t\t\t\t\t\t<\/div>\n\t\t<\/div>\n\t\t\t\t\t\t<\/div>\n\t\t\t\t<\/div>\n\t\t\t\t\t<\/div>\n\t\t<\/div>\n\t\t\t\t\t<\/div>\n\t\t<\/section>\n\t\t\t\t<\/div>\n\t\t","protected":false},"excerpt":{"rendered":"<p>Konzertchor Biographie Leitung Auszeichnungen Repertoire Reisen Ein R\u00fcckblick Chronik Hamburger [&hellip;]<\/p>\n","protected":false},"author":1,"featured_media":0,"parent":0,"menu_order":0,"comment_status":"closed","ping_status":"closed","template":"page-templates\/page_fullwidth.php","meta":{"footnotes":""},"class_list":["post-2194","page","type-page","status-publish","hentry"],"_links":{"self":[{"href":"https:\/\/maedchenchor-hannover.de\/index.php?rest_route=\/wp\/v2\/pages\/2194","targetHints":{"allow":["GET"]}}],"collection":[{"href":"https:\/\/maedchenchor-hannover.de\/index.php?rest_route=\/wp\/v2\/pages"}],"about":[{"href":"https:\/\/maedchenchor-hannover.de\/index.php?rest_route=\/wp\/v2\/types\/page"}],"author":[{"embeddable":true,"href":"https:\/\/maedchenchor-hannover.de\/index.php?rest_route=\/wp\/v2\/users\/1"}],"replies":[{"embeddable":true,"href":"https:\/\/maedchenchor-hannover.de\/index.php?rest_route=%2Fwp%2Fv2%2Fcomments&post=2194"}],"version-history":[{"count":888,"href":"https:\/\/maedchenchor-hannover.de\/index.php?rest_route=\/wp\/v2\/pages\/2194\/revisions"}],"predecessor-version":[{"id":43701,"href":"https:\/\/maedchenchor-hannover.de\/index.php?rest_route=\/wp\/v2\/pages\/2194\/revisions\/43701"}],"wp:attachment":[{"href":"https:\/\/maedchenchor-hannover.de\/index.php?rest_route=%2Fwp%2Fv2%2Fmedia&parent=2194"}],"curies":[{"name":"wp","href":"https:\/\/api.w.org\/{rel}","templated":true}]}}